{"id":7070,"date":"2015-12-17T09:48:14","date_gmt":"2015-12-17T09:48:14","guid":{"rendered":"https:\/\/onandia-abogados.com\/accidentes-de-trafico\/latigazo-cervical-cervicalgia\/"},"modified":"2025-12-12T12:27:48","modified_gmt":"2025-12-12T12:27:48","slug":"fuetada-cervical-cervicalgia","status":"publish","type":"page","link":"https:\/\/onandia-abogados.com\/ca\/accidents-de-transit\/fuetada-cervical-cervicalgia\/","title":{"rendered":"Fuetada Cervical"},"content":{"rendered":"<p><div class=\"fusion-fullwidth fullwidth-box fusion-builder-row-1 fusion-flex-container has-pattern-background has-mask-background hundred-percent-fullwidth non-hundred-percent-height-scrolling\" style=\"--awb-border-radius-top-left:0px;--awb-border-radius-top-right:0px;--awb-border-radius-bottom-right:0px;--awb-border-radius-bottom-left:0px;--awb-padding-top:0px;--awb-padding-right:0px;--awb-padding-bottom:0px;--awb-padding-left:0px;--awb-margin-top:0px;--awb-margin-bottom:0px;--awb-flex-wrap:wrap;\" ><div class=\"fusion-builder-row fusion-row fusion-flex-align-items-flex-start fusion-flex-content-wrap\" style=\"width:104% !important;max-width:104% !important;margin-left: calc(-4% \/ 2 );margin-right: calc(-4% \/ 2 );\"><div class=\"fusion-layout-column fusion_builder_column fusion-builder-column-0 fusion_builder_column_1_1 1_1 fusion-flex-column\" style=\"--awb-padding-top:0px;--awb-padding-right:0px;--awb-padding-bottom:0px;--awb-padding-left:0px;--awb-bg-size:cover;--awb-width-large:100%;--awb-margin-top-large:0px;--awb-spacing-right-large:1.92%;--awb-margin-bottom-large:0px;--awb-spacing-left-large:1.92%;--awb-width-medium:100%;--awb-order-medium:0;--awb-spacing-right-medium:1.92%;--awb-spacing-left-medium:1.92%;--awb-width-small:100%;--awb-order-small:0;--awb-spacing-right-small:1.92%;--awb-spacing-left-small:1.92%;\" data-scroll-devices=\"small-visibility,medium-visibility,large-visibility\"><div class=\"fusion-column-wrapper fusion-column-has-shadow fusion-flex-justify-content-flex-start fusion-content-layout-column\"><div class=\"fusion-image-element \" style=\"text-align:center;--awb-margin-top:0px;--awb-margin-right:0px;--awb-margin-bottom:0px;--awb-margin-left:0px;--awb-max-width:2560px;--awb-caption-title-font-family:var(--h2_typography-font-family);--awb-caption-title-font-weight:var(--h2_typography-font-weight);--awb-caption-title-font-style:var(--h2_typography-font-style);--awb-caption-title-size:var(--h2_typography-font-size);--awb-caption-title-transform:var(--h2_typography-text-transform);--awb-caption-title-line-height:var(--h2_typography-line-height);--awb-caption-title-letter-spacing:var(--h2_typography-letter-spacing);\"><span class=\" fusion-imageframe imageframe-none imageframe-1 hover-type-none\"><img decoding=\"async\" width=\"2560\" height=\"607\" alt=\"Passos a seguir per a la reclamaci\u00f3 d&#039;indemnitzacions per fuetada cervical\" title=\"Passos a seguir per a la reclamaci\u00f3 d&#8217;indemnitzacions per fuetada cervical\" src=\"https:\/\/onandia-abogados.com\/wp-content\/uploads\/2024\/07\/fuetada-cervical-2.jpg\" data-orig-src=\"https:\/\/onandia-abogados.com\/wp-content\/uploads\/2024\/07\/fuetada-cervical-2.jpg\" class=\"lazyload img-responsive wp-image-9021\" srcset=\"data:image\/svg+xml,%3Csvg%20xmlns%3D%27http%3A%2F%2Fwww.w3.org%2F2000%2Fsvg%27%20width%3D%272560%27%20height%3D%27607%27%20viewBox%3D%270%200%202560%20607%27%3E%3Crect%20width%3D%272560%27%20height%3D%27607%27%20fill-opacity%3D%220%22%2F%3E%3C%2Fsvg%3E\" data-srcset=\"https:\/\/onandia-abogados.com\/wp-content\/uploads\/2024\/07\/fuetada-cervical-2-200x47.jpg 200w, https:\/\/onandia-abogados.com\/wp-content\/uploads\/2024\/07\/fuetada-cervical-2-400x95.jpg 400w, https:\/\/onandia-abogados.com\/wp-content\/uploads\/2024\/07\/fuetada-cervical-2-600x142.jpg 600w, https:\/\/onandia-abogados.com\/wp-content\/uploads\/2024\/07\/fuetada-cervical-2-800x190.jpg 800w, https:\/\/onandia-abogados.com\/wp-content\/uploads\/2024\/07\/fuetada-cervical-2-1200x285.jpg 1200w, https:\/\/onandia-abogados.com\/wp-content\/uploads\/2024\/07\/fuetada-cervical-2.jpg 2560w\" data-sizes=\"auto\" data-orig-sizes=\"(max-width: 1024px) 100vw, (max-width: 640px) 100vw, 2560px\" \/><\/span><\/div><\/div><\/div><\/div><\/div><div class=\"fusion-fullwidth fullwidth-box fusion-builder-row-2 fusion-flex-container has-pattern-background has-mask-background nonhundred-percent-fullwidth non-hundred-percent-height-scrolling\" style=\"--awb-border-radius-top-left:0px;--awb-border-radius-top-right:0px;--awb-border-radius-bottom-right:0px;--awb-border-radius-bottom-left:0px;--awb-margin-bottom:60px;--awb-background-color:#314f69;--awb-flex-wrap:wrap;\" ><div class=\"fusion-builder-row fusion-row fusion-flex-align-items-flex-start fusion-flex-content-wrap\" style=\"max-width:1352px;margin-left: calc(-4% \/ 2 );margin-right: calc(-4% \/ 2 );\"><div class=\"fusion-layout-column fusion_builder_column fusion-builder-column-1 fusion_builder_column_1_1 1_1 fusion-flex-column\" style=\"--awb-padding-top:20px;--awb-bg-size:cover;--awb-width-large:100%;--awb-margin-top-large:0px;--awb-spacing-right-large:0px;--awb-margin-bottom-large:0px;--awb-spacing-left-large:0px;--awb-width-medium:100%;--awb-order-medium:0;--awb-spacing-right-medium:1.92%;--awb-spacing-left-medium:1.92%;--awb-width-small:100%;--awb-order-small:0;--awb-spacing-right-small:1.92%;--awb-spacing-left-small:1.92%;\" data-scroll-devices=\"small-visibility,medium-visibility,large-visibility\"><div class=\"fusion-column-wrapper fusion-column-has-shadow fusion-flex-justify-content-flex-start fusion-content-layout-column\"><div class=\"fusion-title title fusion-title-1 fusion-sep-none fusion-title-center fusion-title-text fusion-title-size-one\" style=\"--awb-text-color:var(--awb-color1);--awb-margin-top-small:10px;--awb-margin-right-small:0px;--awb-margin-bottom-small:10px;--awb-margin-left-small:0px;--awb-font-size:23px;\"><h1 class=\"fusion-title-heading title-heading-center\" style=\"margin:0;font-size:1em;\"><span style=\"color: #ffffff;\">Advocats especialistes en fuetada cervical i cervic\u00e0lgia per accident de tr\u00e0nsit<br \/>\n<\/span><\/h1><\/div><\/div><\/div><\/div><\/div><div class=\"fusion-fullwidth fullwidth-box fusion-builder-row-3 fusion-flex-container nonhundred-percent-fullwidth non-hundred-percent-height-scrolling\" style=\"--awb-border-radius-top-left:0px;--awb-border-radius-top-right:0px;--awb-border-radius-bottom-right:0px;--awb-border-radius-bottom-left:0px;--awb-flex-wrap:wrap;\" ><div class=\"fusion-builder-row fusion-row fusion-flex-align-items-flex-start fusion-flex-content-wrap\" style=\"max-width:1352px;margin-left: calc(-4% \/ 2 );margin-right: calc(-4% \/ 2 );\"><div class=\"fusion-layout-column fusion_builder_column fusion-builder-column-2 fusion_builder_column_2_3 2_3 fusion-flex-column\" style=\"--awb-bg-size:cover;--awb-width-large:66.666666666667%;--awb-margin-top-large:0px;--awb-spacing-right-large:2.88%;--awb-margin-bottom-large:20px;--awb-spacing-left-large:2.88%;--awb-width-medium:100%;--awb-spacing-right-medium:1.92%;--awb-spacing-left-medium:1.92%;--awb-width-small:100%;--awb-spacing-right-small:1.92%;--awb-spacing-left-small:1.92%;\"><div class=\"fusion-column-wrapper fusion-flex-justify-content-flex-start fusion-content-layout-column\"><div class=\"fusion-title title fusion-title-2 fusion-sep-none fusion-title-text fusion-title-size-two\" style=\"--awb-margin-bottom:30px;--awb-margin-top-small:10px;--awb-margin-right-small:0px;--awb-margin-bottom-small:10px;--awb-margin-left-small:0px;\"><h2 class=\"fusion-title-heading title-heading-left\" style=\"margin:0;\">T&#8217;assegurem la m\u00e0xima indemnitzaci\u00f3<\/h2><\/div><div class=\"fusion-text fusion-text-1\"><p>Som experts en la reclamaci\u00f3 d&#8217;indemnitzaci\u00f3 d&#8217;accidents de tr\u00e0nsit que ocasionen fuetada cervical, una de la lesions que es produeixen m\u00e9s recurrentment en cops entre vehicles.<\/p>\n<p>El primer que l&#8217;accidentat ha de saber \u00e9s que t\u00e9 dret a una indemnitzaci\u00f3 si sofreix esquin\u00e7 cervical o rectificaci\u00f3 cervical a causa d&#8217;un accident.<\/p>\n<p>En segon lloc, si despr\u00e9s de l&#8217;accident de tr\u00e0nsit la persona accidentada t\u00e9 s\u00edmptomes com a dolor o\u00a0cervic\u00e0lgia, marejos i vert\u00edgens, \u00e9s important acudir de manera immediata a urg\u00e8ncies per a confirmar un diagn\u00f2stic i el seu tractament. Per\u00f2 a m\u00e9s, per a aconseguir tota la indemnitzaci\u00f3 que li correspon el m\u00e9s aconsellable \u00e9s <strong>posar-se en contacte amb un advocat especialista en fuetada cervical per accident de tr\u00e0nsit<\/strong>, un advocat que sigui totalment independent i ali\u00e8 a les companyies d&#8217;assegurances.<\/p>\n<p>En\u00a0Onandia\u00a0Advocats, com a advocats independents, assessorem els nostres clients i assegurem la m\u00e0xima indemnitzaci\u00f3!<\/p>\n<p>Com? Amb un equip de perits m\u00e8dics que, sobre la base del grau de la lesi\u00f3 i de les seves seq\u00fceles, valoren els danys personals de manera objectiva i seguint el codi deontol\u00f2gic. Disposem dels millors <strong>professionals especialitzats en esquin\u00e7 cervical i rectificaci\u00f3 cervical,<\/strong> aix\u00ed com de perits reconstructors d&#8217;accidents, economistes que valoren tots els possibles perjudicis econ\u00f2mics soferts, etc.<\/p>\n<p>A m\u00e9s, estudiem les p\u00f2lisses d&#8217;asseguran\u00e7a dels vehicles accidentats ja que en molts casos cobreixen tamb\u00e9 les despeses de litigi. D&#8217;aquesta manera tanquem el cercle perqu\u00e8 l&#8217;accidentat rebi sempre la <strong>m\u00e0xima indemnitzaci\u00f3 per la comuna fuetada cervical<\/strong>.<\/p>\n<\/div><div class=\"fusion-title title fusion-title-3 fusion-sep-none fusion-title-text fusion-title-size-two\" style=\"--awb-margin-bottom:30px;--awb-margin-top-small:10px;--awb-margin-right-small:0px;--awb-margin-bottom-small:10px;--awb-margin-left-small:0px;\"><h2 class=\"fusion-title-heading title-heading-left\" style=\"margin:0;\">Esquin\u00e7 cervical: graus i s\u00edmptomes<\/h2><\/div><div class=\"fusion-text fusion-text-2\"><p><strong>L&#8217;esquin\u00e7 o fuetada cervical \u00e9s la lesi\u00f3 m\u00e9s usual en els accidents de tr\u00e0nsit<\/strong>. L&#8217;impacte del vehicle genera un mecanisme d&#8217;extensi\u00f3-flexi\u00f3 for\u00e7ada del coll que es transmet directament a la nostra columna vertebral, podent afectar els segments cervicals, dorsals, lumbars, sacre i c\u00f2ccix. At\u00e8s que el segment cervical \u00e9s el m\u00e9s feble, sol ser el m\u00e9s afectat en aquesta mena de col\u00b7lisions, per aix\u00f2 tamb\u00e9 el m\u00e9s conegut.<\/p>\n<p>La classificaci\u00f3 de Quebec, creada per a maneig de les lesions cervicals produ\u00efdes per mecanisme d&#8217;acceleraci\u00f3-desacceleraci\u00f3, considera diferents graus de lesi\u00f3 cervical:<\/p>\n<ul>\n<li>Grau 0: a penes hi ha s\u00edmptomes cervicals ni signes f\u00edsics.<\/li>\n<li>Graus 1: pacients amb s\u00edmptomes cervicals com a dolor i rigidesa, sense signes f\u00edsics.<\/li>\n<li>Grau 2: pacients amb s\u00edmptomes en el sistema musculoesquel\u00e8tic amb limitaci\u00f3 de mobilitat.<\/li>\n<li>Grau 3: pacients amb s\u00edmptomes cervicals i signes neurol\u00f2gics com a d\u00e8ficit sensitiu, perduda de reflexos tendinosos profunds i feblesa.<\/li>\n<li>Grau 4: pacients amb s\u00edmptomes cervicals i fractura o luxaci\u00f3 cervical.<\/li>\n<\/ul>\n<p><strong>Els s\u00edmptomes m\u00e9s freq\u00fcents associats a la fuetada cervical s\u00f3n el dolor o cervic\u00e0lgia, rigidesa del coll, cefalees, marejos, vert\u00edgens, parest\u00e8sia, dificultat per a dormir, problemes de concentraci\u00f3 i fatiga.<\/strong><\/p>\n<p>El tractament m\u00e9s habitual per a de la fuetada cervical sol ser rep\u00f2s, miorelaxants, fisioter\u00e0pia i rehabilitaci\u00f3. Aquest tractament ha de seguir-se amb exhaustivitat i seguint les recomanacions dels metges per a intentar que els s\u00edmptomes desapareguin o reduir al m\u00ednim les seq\u00fceles, evitant que es cronifiquin.<\/p>\n<p>Les possibilitats de sofrir una fuetada cervical i la seva evoluci\u00f3 depenen de l&#8217;anatomia de cadascun, perqu\u00e8 no \u00e9s el mateix el coll d&#8217;un boxador que el d&#8217;un anci\u00e0 o persona sedent\u00e0ria, que sofrir\u00e0 m\u00e9s les conseq\u00fc\u00e8ncies.<\/p>\n<p>Normalment les asseguradores valoren l&#8217;exist\u00e8ncia d&#8217;un esquin\u00e7 cervical en funci\u00f3 dels danys materials dels vehicles involucrats en l&#8217;accident sense tenir en compte les caracter\u00edstiques f\u00edsiques i funcionals dels ocupants del vehicle afectat. Aquesta valoraci\u00f3 manca de cap fonament i aix\u00ed ho demostren la majoria de resolucions judicials que neguen la relaci\u00f3 entre danys en els vehicles i la fuetada cervical.<\/p>\n<p>En definitiva, si som v\u00edctimes d&#8217;un accident de tr\u00e0nsit i patim esquin\u00e7 cervical o rectificaci\u00f3 cervical, hem de seguir escrupolosament els criteris dels professionals sanitaris aliens a les asseguradores, fins a aconseguir la m\u00e0xima recuperaci\u00f3.<\/p>\n<\/div><\/div><\/div><div class=\"fusion-layout-column fusion_builder_column fusion-builder-column-3 fusion_builder_column_1_3 1_3 fusion-flex-column nueva-columna-derecha\" style=\"--awb-bg-size:cover;--awb-width-large:33.333333333333%;--awb-margin-top-large:0px;--awb-spacing-right-large:5.76%;--awb-margin-bottom-large:20px;--awb-spacing-left-large:5.76%;--awb-width-medium:100%;--awb-order-medium:0;--awb-spacing-right-medium:1.92%;--awb-spacing-left-medium:1.92%;--awb-width-small:100%;--awb-order-small:0;--awb-spacing-right-small:1.92%;--awb-spacing-left-small:1.92%;\" data-scroll-devices=\"small-visibility,medium-visibility,large-visibility\"><div class=\"fusion-column-wrapper fusion-column-has-shadow fusion-flex-justify-content-flex-start fusion-content-layout-column\"><div class=\"fusion-image-element \" style=\"text-align:center;--awb-margin-bottom:20px;--awb-max-width:250px;--awb-caption-title-font-family:var(--h2_typography-font-family);--awb-caption-title-font-weight:var(--h2_typography-font-weight);--awb-caption-title-font-style:var(--h2_typography-font-style);--awb-caption-title-size:var(--h2_typography-font-size);--awb-caption-title-transform:var(--h2_typography-text-transform);--awb-caption-title-line-height:var(--h2_typography-line-height);--awb-caption-title-letter-spacing:var(--h2_typography-letter-spacing);\"><span class=\" fusion-imageframe imageframe-none imageframe-2 hover-type-none\"><img decoding=\"async\" width=\"600\" height=\"600\" title=\"CTA-solo-cobramos-si-tu-cobras_CAT\" src=\"https:\/\/onandia-abogados.com\/wp-content\/uploads\/2025\/12\/CTA-solo-cobramos-si-tu-cobras_CAT.png\" data-orig-src=\"https:\/\/onandia-abogados.com\/wp-content\/uploads\/2025\/12\/CTA-solo-cobramos-si-tu-cobras_CAT.png\" alt class=\"lazyload img-responsive wp-image-109715\" srcset=\"data:image\/svg+xml,%3Csvg%20xmlns%3D%27http%3A%2F%2Fwww.w3.org%2F2000%2Fsvg%27%20width%3D%27600%27%20height%3D%27600%27%20viewBox%3D%270%200%20600%20600%27%3E%3Crect%20width%3D%27600%27%20height%3D%27600%27%20fill-opacity%3D%220%22%2F%3E%3C%2Fsvg%3E\" data-srcset=\"https:\/\/onandia-abogados.com\/wp-content\/uploads\/2025\/12\/CTA-solo-cobramos-si-tu-cobras_CAT-200x200.png 200w, https:\/\/onandia-abogados.com\/wp-content\/uploads\/2025\/12\/CTA-solo-cobramos-si-tu-cobras_CAT-400x400.png 400w, https:\/\/onandia-abogados.com\/wp-content\/uploads\/2025\/12\/CTA-solo-cobramos-si-tu-cobras_CAT.png 600w\" data-sizes=\"auto\" data-orig-sizes=\"(max-width: 1024px) 100vw, (max-width: 640px) 100vw, 400px\" \/><\/span><\/div><div class=\"fusion-builder-row fusion-builder-row-inner fusion-row fusion-flex-align-items-flex-start fusion-flex-content-wrap\" style=\"--awb-flex-grow:0;--awb-flex-grow-medium:0;--awb-flex-grow-small:0;--awb-flex-shrink:0;--awb-flex-shrink-medium:0;--awb-flex-shrink-small:0;width:104% !important;max-width:104% !important;margin-left: calc(-4% \/ 2 );margin-right: calc(-4% \/ 2 );\"><div class=\"fusion-layout-column fusion_builder_column_inner fusion-builder-nested-column-0 fusion_builder_column_inner_2_3 2_3 fusion-flex-column\" style=\"--awb-bg-size:cover;--awb-width-large:66.666666666667%;--awb-margin-top-large:0px;--awb-spacing-right-large:2.88%;--awb-margin-bottom-large:20px;--awb-spacing-left-large:2.88%;--awb-width-medium:100%;--awb-order-medium:0;--awb-spacing-right-medium:1.92%;--awb-spacing-left-medium:1.92%;--awb-width-small:100%;--awb-order-small:0;--awb-spacing-right-small:1.92%;--awb-spacing-left-small:1.92%;\" data-scroll-devices=\"small-visibility,medium-visibility,large-visibility\"><div class=\"fusion-column-wrapper fusion-column-has-shadow fusion-flex-justify-content-flex-start fusion-content-layout-column\"><div class=\"fusion-text fusion-text-3\" style=\"--awb-font-size:30px;--awb-text-color:#ffffff;--awb-margin-left:15px;--awb-text-font-family:&quot;Open Sans&quot;;--awb-text-font-style:normal;--awb-text-font-weight:700;\"><p style=\"text-align: right;\">Et truquem<\/p>\n<\/div><\/div><\/div><div class=\"fusion-layout-column fusion_builder_column_inner fusion-builder-nested-column-1 fusion_builder_column_inner_1_3 1_3 fusion-flex-column\" style=\"--awb-bg-size:cover;--awb-width-large:33.333333333333%;--awb-margin-top-large:0px;--awb-spacing-right-large:5.76%;--awb-margin-bottom-large:20px;--awb-spacing-left-large:5.76%;--awb-width-medium:100%;--awb-order-medium:0;--awb-spacing-right-medium:1.92%;--awb-spacing-left-medium:1.92%;--awb-width-small:100%;--awb-order-small:0;--awb-spacing-right-small:1.92%;--awb-spacing-left-small:1.92%;\"><div class=\"fusion-column-wrapper fusion-column-has-shadow fusion-flex-justify-content-flex-start fusion-content-layout-column\"><div class=\"fusion-image-element \" style=\"text-align:right;--awb-caption-title-font-family:var(--h2_typography-font-family);--awb-caption-title-font-weight:var(--h2_typography-font-weight);--awb-caption-title-font-style:var(--h2_typography-font-style);--awb-caption-title-size:var(--h2_typography-font-size);--awb-caption-title-transform:var(--h2_typography-text-transform);--awb-caption-title-line-height:var(--h2_typography-line-height);--awb-caption-title-letter-spacing:var(--h2_typography-letter-spacing);\"><span class=\" fusion-imageframe imageframe-none imageframe-3 hover-type-none\"><img decoding=\"async\" width=\"133\" height=\"119\" alt=\"Truca ara\" title=\"Truca ara\" src=\"data:image\/svg+xml,%3Csvg%20xmlns%3D%27http%3A%2F%2Fwww.w3.org%2F2000%2Fsvg%27%20width%3D%27133%27%20height%3D%27119%27%20viewBox%3D%270%200%20133%20119%27%3E%3Crect%20width%3D%27133%27%20height%3D%27119%27%20fill-opacity%3D%220%22%2F%3E%3C%2Fsvg%3E\" data-orig-src=\"https:\/\/onandia-abogados.com\/wp-content\/uploads\/2024\/06\/truca.png\" class=\"lazyload img-responsive wp-image-7676\"\/><\/span><\/div><\/div><\/div><div class=\"fusion-layout-column fusion_builder_column_inner fusion-builder-nested-column-2 fusion_builder_column_inner_1_1 1_1 fusion-flex-column\" style=\"--awb-bg-size:cover;--awb-width-large:100%;--awb-margin-top-large:0px;--awb-spacing-right-large:1.92%;--awb-margin-bottom-large:20px;--awb-spacing-left-large:1.92%;--awb-width-medium:100%;--awb-order-medium:0;--awb-spacing-right-medium:1.92%;--awb-spacing-left-medium:1.92%;--awb-width-small:100%;--awb-order-small:0;--awb-spacing-right-small:1.92%;--awb-spacing-left-small:1.92%;\"><div class=\"fusion-column-wrapper fusion-column-has-shadow fusion-flex-justify-content-flex-start fusion-content-layout-column\">\n<div class=\"wpcf7 no-js\" id=\"wpcf7-f7877-o1\" lang=\"es-ES\" dir=\"ltr\" data-wpcf7-id=\"7877\">\n<div class=\"screen-reader-response\"><p role=\"status\" aria-live=\"polite\" aria-atomic=\"true\"><\/p> <ul><\/ul><\/div>\n<form action=\"\/ca\/wp-json\/wp\/v2\/pages\/7070#wpcf7-f7877-o1\" method=\"post\" class=\"wpcf7-form init\" aria-label=\"Formulario de contacto\" novalidate=\"novalidate\" data-status=\"init\">\n<fieldset class=\"hidden-fields-container\"><input type=\"hidden\" name=\"_wpcf7\" value=\"7877\" \/><input type=\"hidden\" name=\"_wpcf7_version\" value=\"6.1.5\" \/><input type=\"hidden\" name=\"_wpcf7_locale\" value=\"es_ES\" \/><input type=\"hidden\" name=\"_wpcf7_unit_tag\" value=\"wpcf7-f7877-o1\" \/><input type=\"hidden\" name=\"_wpcf7_container_post\" value=\"0\" \/><input type=\"hidden\" name=\"_wpcf7_posted_data_hash\" value=\"\" \/><input type=\"hidden\" name=\"_wpcf7_recaptcha_response\" value=\"\" \/>\n<\/fieldset>\n<div class=\"col-md-12\" class=\"fondo-form-2-home\">\n\t<p><span class=\"wpcf7-form-control-wrap\" data-name=\"your-name\"><input size=\"40\" maxlength=\"400\" class=\"wpcf7-form-control wpcf7-text wpcf7-validates-as-required\" aria-required=\"true\" aria-invalid=\"false\" placeholder=\"Nom*\" value=\"\" type=\"text\" name=\"your-name\" \/><\/span>\n\t<\/p>\n<\/div>\n<div class=\"col-md-12\" class=\"fondo-form-2-home\">\n\t<p><span class=\"wpcf7-form-control-wrap\" data-name=\"telefono\"><input size=\"40\" maxlength=\"400\" class=\"wpcf7-form-control wpcf7-tel wpcf7-validates-as-required wpcf7-text wpcf7-validates-as-tel\" aria-required=\"true\" aria-invalid=\"false\" placeholder=\"Tel\u00e8fon*\" value=\"\" type=\"tel\" name=\"telefono\" \/><\/span>\n\t<\/p>\n<\/div>\n<div class=\"col-md-12\" class=\"fondo-form-2-home\">\n\t<p><span class=\"wpcf7-form-control-wrap\" data-name=\"your-email\"><input size=\"40\" maxlength=\"400\" class=\"wpcf7-form-control wpcf7-email wpcf7-validates-as-required wpcf7-text wpcf7-validates-as-email\" aria-required=\"true\" aria-invalid=\"false\" placeholder=\"Email*\" value=\"\" type=\"email\" name=\"your-email\" \/><\/span>\n\t<\/p>\n<\/div>\n<div class=\"col-md-12\" style=\"margin:auto auto; text-align:left;\">\n\t<div class=\"col-md-12\" style=\"font-size: 9px; line-height: 110%; color:#fff; text-align:justify; padding: 0px; height: 60px; overflow: scroll; overflow-x:hidden; border:1px solid white; padding: 5px;\">\n\t\t<p>En compliment de la normativa vigent de Protecci\u00f3 de Dades de Car\u00e0cter Personal, li comuniquem que les dades recollides en el present formulari quedaran incorporats i seran tractats en el fitxer denominat Usuaris Web sota la responsabilitat de RAM\u00d3N ONANDIA ALSIUS amb la finalitat de poder prestar els seus serveis, aix\u00ed com per a mantenir-me informat sobre q\u00fcestions relatives a l'activitat de l'empresa.<br \/>\nL'informem que les dades que ens faciliti seran tractats de forma lleial, transparent, adequada, pertinent, limitada, exacta i actualitzada i no es comunicaran o cediran a tercers, exceptuant que aquesta comunicaci\u00f3 sigui necess\u00e0ria o pugui suposar una millora per a la finalitat d'aquests, sempre concorde a la normativa vigent en mat\u00e8ria de protecci\u00f3 de dades, Reglament General de Protecci\u00f3 de Dades.<br \/>\nEn el cas que es produeixin canvis en algunes de les dades facilitades, amb la finalitat de mantenir el nostre fitxer actualitzat, li preguem, ens el comuniqui per escrit.<br \/>\nL'informem de la possibilitat que t\u00e9 d'exercir els drets d'acc\u00e9s, rectificaci\u00f3, supressi\u00f3, oposici\u00f3, limitaci\u00f3 del tractament i portabilitat de les seves dades de car\u00e0cter personal de forma presencial en les oficines de RAM\u00d3N ONANDIA ALSIUS, acompanyant c\u00f2pia de DNI, o b\u00e9 mitjan\u00e7ant correu postal a RAMBLA CATALUNYA 87 2n D de BARCELONA, 08008 BARCELONA, o correu electr\u00f2nic roa@onandia.com.\n\t\t<\/p>\n\t<\/div>\n<\/div>\n<div class=\"col-md-12 politicas\" style=\"margin-bottom:0px;padding-bottom: 3px; padding-top: 3px; font-size: 12px;color:white;\">\n\t<p><span class=\"wpcf7-form-control-wrap\" data-name=\"politicas\"><span class=\"wpcf7-form-control wpcf7-acceptance\"><span class=\"wpcf7-list-item\"><input type=\"checkbox\" name=\"politicas\" value=\"1\" aria-invalid=\"false\" \/><\/span><\/span><\/span>He llegit i accepto la <a href=\"\/ca\/politica-de-privacitat\/\" target=\"_blank\" style=\"color:#FFF;\">pol\u00edtica de privacitat<\/a>\n\t<\/p>\n<\/div>\n<div class=\"col-md-12\" class=\"fondo-form-2-home\" style=\"padding-top: 15px; text-align: right;\">\n\t<p><input class=\"wpcf7-form-control wpcf7-submit has-spinner form_2_enviar\" type=\"submit\" value=\"Enviar\" \/>\n\t<\/p>\n<\/div><div class=\"fusion-alert alert custom alert-custom fusion-alert-center wpcf7-response-output awb-alert-native-link-color alert-dismissable awb-alert-close-boxed\" style=\"--awb-border-size:1px;--awb-border-top-left-radius:0px;--awb-border-top-right-radius:0px;--awb-border-bottom-left-radius:0px;--awb-border-bottom-right-radius:0px;\" role=\"alert\"><div class=\"fusion-alert-content-wrapper\"><span class=\"fusion-alert-content\"><\/span><\/div><button type=\"button\" class=\"close toggle-alert\" data-dismiss=\"alert\" aria-label=\"Close\">&times;<\/button><\/div>\n<\/form>\n<\/div>\n<\/div><\/div><\/div><div class=\"fusion-builder-row fusion-builder-row-inner fusion-row fusion-flex-align-items-flex-start fusion-flex-content-wrap\" style=\"--awb-flex-grow:0;--awb-flex-grow-medium:0;--awb-flex-grow-small:0;--awb-flex-shrink:0;--awb-flex-shrink-medium:0;--awb-flex-shrink-small:0;width:104% !important;max-width:104% !important;margin-left: calc(-4% \/ 2 );margin-right: calc(-4% \/ 2 );\"><div class=\"fusion-layout-column fusion_builder_column_inner fusion-builder-nested-column-3 fusion_builder_column_inner_2_3 2_3 fusion-flex-column\" style=\"--awb-bg-size:cover;--awb-width-large:66.666666666667%;--awb-margin-top-large:0px;--awb-spacing-right-large:2.88%;--awb-margin-bottom-large:20px;--awb-spacing-left-large:2.88%;--awb-width-medium:100%;--awb-order-medium:0;--awb-spacing-right-medium:1.92%;--awb-spacing-left-medium:1.92%;--awb-width-small:100%;--awb-order-small:0;--awb-spacing-right-small:1.92%;--awb-spacing-left-small:1.92%;\"><div class=\"fusion-column-wrapper fusion-column-has-shadow fusion-flex-justify-content-flex-start fusion-content-layout-column\"><div class=\"fusion-text fusion-text-4\" style=\"--awb-font-size:30px;--awb-text-color:#fff5f5;--awb-margin-left:15px;--awb-text-font-family:&quot;Open Sans&quot;;--awb-text-font-style:normal;--awb-text-font-weight:400;\"><p style=\"text-align: right;\">Has tingut<br \/>\nun accident de tr\u00e0nsit o laboral?<\/p>\n<\/div><\/div><\/div><div class=\"fusion-layout-column fusion_builder_column_inner fusion-builder-nested-column-4 fusion_builder_column_inner_1_3 1_3 fusion-flex-column\" style=\"--awb-bg-size:cover;--awb-width-large:33.333333333333%;--awb-margin-top-large:0px;--awb-spacing-right-large:5.76%;--awb-margin-bottom-large:20px;--awb-spacing-left-large:5.76%;--awb-width-medium:100%;--awb-order-medium:0;--awb-spacing-right-medium:1.92%;--awb-spacing-left-medium:1.92%;--awb-width-small:100%;--awb-order-small:0;--awb-spacing-right-small:1.92%;--awb-spacing-left-small:1.92%;\"><div class=\"fusion-column-wrapper fusion-column-has-shadow fusion-flex-justify-content-flex-start fusion-content-layout-column\"><div class=\"fusion-image-element \" style=\"--awb-caption-title-font-family:var(--h2_typography-font-family);--awb-caption-title-font-weight:var(--h2_typography-font-weight);--awb-caption-title-font-style:var(--h2_typography-font-style);--awb-caption-title-size:var(--h2_typography-font-size);--awb-caption-title-transform:var(--h2_typography-text-transform);--awb-caption-title-line-height:var(--h2_typography-line-height);--awb-caption-title-letter-spacing:var(--h2_typography-letter-spacing);\"><span class=\" fusion-imageframe imageframe-none imageframe-4 hover-type-none\"><img decoding=\"async\" width=\"133\" height=\"119\" alt=\"Picto informaci\u00f3\" title=\"Picto informaci\u00f3\" src=\"data:image\/svg+xml,%3Csvg%20xmlns%3D%27http%3A%2F%2Fwww.w3.org%2F2000%2Fsvg%27%20width%3D%27133%27%20height%3D%27119%27%20viewBox%3D%270%200%20133%20119%27%3E%3Crect%20width%3D%27133%27%20height%3D%27119%27%20fill-opacity%3D%220%22%2F%3E%3C%2Fsvg%3E\" data-orig-src=\"https:\/\/onandia-abogados.com\/wp-content\/uploads\/2024\/06\/informacio.png\" class=\"lazyload img-responsive wp-image-7679\"\/><\/span><\/div><\/div><\/div><div class=\"fusion-layout-column fusion_builder_column_inner fusion-builder-nested-column-5 fusion_builder_column_inner_1_1 1_1 fusion-flex-column\" style=\"--awb-bg-size:cover;--awb-width-large:100%;--awb-margin-top-large:0px;--awb-spacing-right-large:1.92%;--awb-margin-bottom-large:20px;--awb-spacing-left-large:1.92%;--awb-width-medium:100%;--awb-order-medium:0;--awb-spacing-right-medium:1.92%;--awb-spacing-left-medium:1.92%;--awb-width-small:100%;--awb-order-small:0;--awb-spacing-right-small:1.92%;--awb-spacing-left-small:1.92%;\"><div class=\"fusion-column-wrapper fusion-column-has-shadow fusion-flex-justify-content-flex-start fusion-content-layout-column\"><div class=\"fusion-text fusion-text-5\" style=\"--awb-text-color:#ffffff;\"><p style=\"text-align: center; font-weight: 600; font-size: 28px;\">T\u2019informem GRATIS<\/p>\n<p style=\"text-align: center; font-weight: 600; font-size: 50px;\"><span style=\"color: #ffffff;\"><a id=\"link-columna-derecha-segundo-bloque\" style=\"color: #ffffff;\" href=\"tel:+34934881125\">934 881 125<\/a><\/span><\/p>\n<p style=\"text-align: center; font-size: 20px;\">De 9 a 20h de dilluns a divendres<\/p>\n<\/div><\/div><\/div><\/div><div class=\"fusion-builder-row fusion-builder-row-inner fusion-row fusion-flex-align-items-flex-start fusion-flex-content-wrap\" style=\"--awb-flex-grow:0;--awb-flex-grow-medium:0;--awb-flex-grow-small:0;--awb-flex-shrink:0;--awb-flex-shrink-medium:0;--awb-flex-shrink-small:0;width:104% !important;max-width:104% !important;margin-left: calc(-4% \/ 2 );margin-right: calc(-4% \/ 2 );\"><div class=\"fusion-layout-column fusion_builder_column_inner fusion-builder-nested-column-6 fusion_builder_column_inner_2_3 2_3 fusion-flex-column\" style=\"--awb-bg-size:cover;--awb-width-large:66.666666666667%;--awb-margin-top-large:0px;--awb-spacing-right-large:2.88%;--awb-margin-bottom-large:20px;--awb-spacing-left-large:2.88%;--awb-width-medium:100%;--awb-order-medium:0;--awb-spacing-right-medium:1.92%;--awb-spacing-left-medium:1.92%;--awb-width-small:100%;--awb-order-small:0;--awb-spacing-right-small:1.92%;--awb-spacing-left-small:1.92%;\"><div class=\"fusion-column-wrapper fusion-column-has-shadow fusion-flex-justify-content-flex-start fusion-content-layout-column\"><div class=\"fusion-text fusion-text-6\" style=\"--awb-font-size:30px;--awb-line-height:30px;--awb-text-color:#ffffff;--awb-margin-left:15px;--awb-text-font-family:&quot;Open Sans&quot;;--awb-text-font-style:normal;--awb-text-font-weight:700;\"><p style=\"text-align: right;\">Fes la teva<br \/>\nreclamaci\u00f3<br \/>\nd\u2019accident<br \/>\nGRATIS<\/p>\n<\/div><\/div><\/div><div class=\"fusion-layout-column fusion_builder_column_inner fusion-builder-nested-column-7 fusion_builder_column_inner_1_3 1_3 fusion-flex-column\" style=\"--awb-bg-size:cover;--awb-width-large:33.333333333333%;--awb-margin-top-large:0px;--awb-spacing-right-large:5.76%;--awb-margin-bottom-large:20px;--awb-spacing-left-large:5.76%;--awb-width-medium:100%;--awb-order-medium:0;--awb-spacing-right-medium:1.92%;--awb-spacing-left-medium:1.92%;--awb-width-small:100%;--awb-order-small:0;--awb-spacing-right-small:1.92%;--awb-spacing-left-small:1.92%;\"><div class=\"fusion-column-wrapper fusion-column-has-shadow fusion-flex-justify-content-flex-start fusion-content-layout-column\"><div class=\"fusion-image-element \" style=\"--awb-caption-title-font-family:var(--h2_typography-font-family);--awb-caption-title-font-weight:var(--h2_typography-font-weight);--awb-caption-title-font-style:var(--h2_typography-font-style);--awb-caption-title-size:var(--h2_typography-font-size);--awb-caption-title-transform:var(--h2_typography-text-transform);--awb-caption-title-line-height:var(--h2_typography-line-height);--awb-caption-title-letter-spacing:var(--h2_typography-letter-spacing);\"><span class=\" fusion-imageframe imageframe-none imageframe-5 hover-type-none\"><img decoding=\"async\" width=\"150\" height=\"150\" title=\"24h\" src=\"data:image\/svg+xml,%3Csvg%20xmlns%3D%27http%3A%2F%2Fwww.w3.org%2F2000%2Fsvg%27%20width%3D%27150%27%20height%3D%27150%27%20viewBox%3D%270%200%20150%20150%27%3E%3Crect%20width%3D%27150%27%20height%3D%27150%27%20fill-opacity%3D%220%22%2F%3E%3C%2Fsvg%3E\" data-orig-src=\"https:\/\/onandia-abogados.com\/wp-content\/uploads\/2024\/06\/24h.png\" alt class=\"lazyload img-responsive wp-image-7684\"\/><\/span><\/div><\/div><\/div><div class=\"fusion-layout-column fusion_builder_column_inner fusion-builder-nested-column-8 fusion_builder_column_inner_1_1 1_1 fusion-flex-column\" style=\"--awb-bg-size:cover;--awb-width-large:100%;--awb-margin-top-large:0px;--awb-spacing-right-large:1.92%;--awb-margin-bottom-large:20px;--awb-spacing-left-large:1.92%;--awb-width-medium:100%;--awb-order-medium:0;--awb-spacing-right-medium:1.92%;--awb-spacing-left-medium:1.92%;--awb-width-small:100%;--awb-order-small:0;--awb-spacing-right-small:1.92%;--awb-spacing-left-small:1.92%;\"><div class=\"fusion-column-wrapper fusion-column-has-shadow fusion-flex-justify-content-flex-start fusion-content-layout-column\"><div class=\"fusion-text fusion-text-7\" style=\"--awb-font-size:30px;--awb-line-height:30px;--awb-text-color:#ffffff;--awb-margin-left:15px;--awb-text-font-family:&quot;Open Sans&quot;;--awb-text-font-style:normal;--awb-text-font-weight:400;\"><p>Resposta r\u00e0pida en 24h<\/p>\n<\/div><\/div><\/div><div class=\"fusion-layout-column fusion_builder_column_inner fusion-builder-nested-column-9 fusion_builder_column_inner_1_1 1_1 fusion-flex-column\" style=\"--awb-bg-size:cover;--awb-width-large:100%;--awb-margin-top-large:0px;--awb-spacing-right-large:1.92%;--awb-margin-bottom-large:20px;--awb-spacing-left-large:1.92%;--awb-width-medium:100%;--awb-order-medium:0;--awb-spacing-right-medium:1.92%;--awb-spacing-left-medium:1.92%;--awb-width-small:100%;--awb-order-small:0;--awb-spacing-right-small:1.92%;--awb-spacing-left-small:1.92%;\"><div class=\"fusion-column-wrapper fusion-column-has-shadow fusion-flex-justify-content-flex-start fusion-content-layout-column\">\n<div class=\"wpcf7 no-js\" id=\"wpcf7-f7874-o2\" lang=\"es-ES\" dir=\"ltr\" data-wpcf7-id=\"7874\">\n<div class=\"screen-reader-response\"><p role=\"status\" aria-live=\"polite\" aria-atomic=\"true\"><\/p> <ul><\/ul><\/div>\n<form action=\"\/ca\/wp-json\/wp\/v2\/pages\/7070#wpcf7-f7874-o2\" method=\"post\" class=\"wpcf7-form init\" aria-label=\"Formulario de contacto\" novalidate=\"novalidate\" data-status=\"init\">\n<fieldset class=\"hidden-fields-container\"><input type=\"hidden\" name=\"_wpcf7\" value=\"7874\" \/><input type=\"hidden\" name=\"_wpcf7_version\" value=\"6.1.5\" \/><input type=\"hidden\" name=\"_wpcf7_locale\" value=\"es_ES\" \/><input type=\"hidden\" name=\"_wpcf7_unit_tag\" value=\"wpcf7-f7874-o2\" \/><input type=\"hidden\" name=\"_wpcf7_container_post\" value=\"0\" \/><input type=\"hidden\" name=\"_wpcf7_posted_data_hash\" value=\"\" \/><input type=\"hidden\" name=\"_wpcf7_recaptcha_response\" value=\"\" \/>\n<\/fieldset>\n<div class=\"col-md-12\">\n\t<p><span class=\"wpcf7-form-control-wrap\" data-name=\"your-name\"><input size=\"40\" maxlength=\"400\" class=\"wpcf7-form-control wpcf7-text wpcf7-validates-as-required\" aria-required=\"true\" aria-invalid=\"false\" placeholder=\"Nom*\" value=\"\" type=\"text\" name=\"your-name\" \/><\/span>\n\t<\/p>\n<\/div>\n<div class=\"col-md-12\">\n\t<p><span class=\"wpcf7-form-control-wrap\" data-name=\"telefono\"><input size=\"40\" maxlength=\"400\" class=\"wpcf7-form-control wpcf7-tel wpcf7-validates-as-required wpcf7-text wpcf7-validates-as-tel\" aria-required=\"true\" aria-invalid=\"false\" placeholder=\"Tel\u00e8fon*\" value=\"\" type=\"tel\" name=\"telefono\" \/><\/span>\n\t<\/p>\n<\/div>\n<div class=\"col-md-12\">\n\t<p><span class=\"wpcf7-form-control-wrap\" data-name=\"your-email\"><input size=\"40\" maxlength=\"400\" class=\"wpcf7-form-control wpcf7-email wpcf7-validates-as-required wpcf7-text wpcf7-validates-as-email\" aria-required=\"true\" aria-invalid=\"false\" placeholder=\"E-mail*\" value=\"\" type=\"email\" name=\"your-email\" \/><\/span>\n\t<\/p>\n<\/div>\n<div class=\"col-md-12\">\n\t<p><span class=\"wpcf7-form-control-wrap\" data-name=\"consultas\"><textarea cols=\"40\" rows=\"10\" maxlength=\"2000\" class=\"wpcf7-form-control wpcf7-textarea\" aria-invalid=\"false\" placeholder=\"Quina \u00e9s la teva consulta?\" name=\"consultas\"><\/textarea><\/span>\n\t<\/p>\n<\/div>\n<div class=\"col-md-12\" style=\"margin:10px 0px; text-align:left;\">\n\t<div class=\"col-md-12\" style=\"font-size: 9px; line-height: 110%; color:#fff; text-align:justify; padding: 0px; height: 60px; overflow: scroll; overflow-x:hidden; border:1px solid #314F69; padding: 5px;\">\n\t\t<p>En compliment de la normativa vigent de Protecci\u00f3 de Dades de Car\u00e0cter Personal, li comuniquem que les dades recollides en el present formulari quedaran incorporats i seran tractats en el fitxer denominat Usuaris Web sota la responsabilitat de RAM\u00d3N ONANDIA ALSIUS amb la finalitat de poder prestar els seus serveis, aix\u00ed com per a mantenir-me informat sobre q\u00fcestions relatives a l'activitat de l'empresa.<br \/>\nL'informem que les dades que ens faciliti seran tractats de forma lleial, transparent, adequada, pertinent, limitada, exacta i actualitzada i no es comunicaran o cediran a tercers, exceptuant que aquesta comunicaci\u00f3 sigui necess\u00e0ria o pugui suposar una millora per a la finalitat d'aquests, sempre concorde a la normativa vigent en mat\u00e8ria de protecci\u00f3 de dades, Reglament General de Protecci\u00f3 de Dades.<br \/>\nEn el cas que es produeixin canvis en algunes de les dades facilitades, amb la finalitat de mantenir el nostre fitxer actualitzat, li preguem, ens el comuniqui per escrit.<br \/>\nL'informem de la possibilitat que t\u00e9 d'exercir els drets d'acc\u00e9s, rectificaci\u00f3, supressi\u00f3, oposici\u00f3, limitaci\u00f3 del tractament i portabilitat de les seves dades de car\u00e0cter personal de forma presencial en les oficines de RAM\u00d3N ONANDIA ALSIUS, acompanyant c\u00f2pia de DNI, o b\u00e9 mitjan\u00e7ant correu postal a RAMBLA CATALUNYA 87 2n D de BARCELONA, 08008 BARCELONA, o correu electr\u00f2nic roa@onandia.com.\n\t\t<\/p>\n\t<\/div>\n<\/div>\n<div class=\"col-md-12 politicas\">\n\t<p><span class=\"wpcf7-form-control-wrap\" data-name=\"politicas\"><span class=\"wpcf7-form-control wpcf7-acceptance\"><span class=\"wpcf7-list-item\"><input type=\"checkbox\" name=\"politicas\" value=\"1\" aria-invalid=\"false\" \/><\/span><\/span><\/span> He llegit i accepto <a href=\"\/ca\/politica-de-privacitat\/\" target=\"_blank\" style=\"color:#FFF;\">pol\u00edtica de privacitat<\/a>\n\t<\/p>\n<\/div>\n<div class=\"col-md-12\" style=\"text-align:center;\">\n\n<\/div>\n<div class=\"col-md-12\" style=\"text-align:center; padding-top: 15px; text-align: right;\">\n\t<p><input class=\"wpcf7-form-control wpcf7-submit has-spinner btn-enviar-form\" type=\"submit\" value=\"ENVIAR\" \/>\n\t<\/p>\n<\/div><div class=\"fusion-alert alert custom alert-custom fusion-alert-center wpcf7-response-output awb-alert-native-link-color alert-dismissable awb-alert-close-boxed\" style=\"--awb-border-size:1px;--awb-border-top-left-radius:0px;--awb-border-top-right-radius:0px;--awb-border-bottom-left-radius:0px;--awb-border-bottom-right-radius:0px;\" role=\"alert\"><div class=\"fusion-alert-content-wrapper\"><span class=\"fusion-alert-content\"><\/span><\/div><button type=\"button\" class=\"close toggle-alert\" data-dismiss=\"alert\" aria-label=\"Close\">&times;<\/button><\/div>\n<\/form>\n<\/div>\n\n\n\n\n\n\n\n<\/div><\/div><\/div><\/div><\/div>\n<\/div><\/div><div class=\"fusion-fullwidth fullwidth-box fusion-builder-row-4 fusion-flex-container nonhundred-percent-fullwidth non-hundred-percent-height-scrolling\" style=\"--awb-border-radius-top-left:0px;--awb-border-radius-top-right:0px;--awb-border-radius-bottom-right:0px;--awb-border-radius-bottom-left:0px;--awb-flex-wrap:wrap;\" ><div class=\"fusion-builder-row fusion-row fusion-flex-align-items-flex-start fusion-flex-content-wrap\" style=\"max-width:1352px;margin-left: calc(-4% \/ 2 );margin-right: calc(-4% \/ 2 );\"><div class=\"fusion-layout-column fusion_builder_column fusion-builder-column-4 fusion_builder_column_1_1 1_1 fusion-flex-column\" style=\"--awb-bg-size:cover;--awb-width-large:100%;--awb-margin-top-large:0px;--awb-spacing-right-large:1.92%;--awb-margin-bottom-large:20px;--awb-spacing-left-large:1.92%;--awb-width-medium:100%;--awb-spacing-right-medium:1.92%;--awb-spacing-left-medium:1.92%;--awb-width-small:100%;--awb-spacing-right-small:1.92%;--awb-spacing-left-small:1.92%;\"><div class=\"fusion-column-wrapper fusion-column-has-shadow fusion-flex-justify-content-flex-start fusion-content-layout-column\"><div class=\"fusion-separator fusion-full-width-sep\" style=\"align-self: center;margin-left: auto;margin-right: auto;margin-top:15px;margin-bottom:15px;width:100%;\"><div class=\"fusion-separator-border sep-single sep-dashed\" style=\"--awb-height:20px;--awb-amount:20px;--awb-sep-color:#314f69;border-color:#314f69;border-top-width:2px;\"><\/div><\/div><\/div><\/div><div class=\"fusion-layout-column fusion_builder_column fusion-builder-column-5 fusion_builder_column_1_3 1_3 fusion-flex-column\" style=\"--awb-bg-size:cover;--awb-width-large:33.333333333333%;--awb-margin-top-large:0px;--awb-spacing-right-large:5.76%;--awb-margin-bottom-large:20px;--awb-spacing-left-large:5.76%;--awb-width-medium:100%;--awb-spacing-right-medium:1.92%;--awb-spacing-left-medium:1.92%;--awb-width-small:100%;--awb-spacing-right-small:1.92%;--awb-spacing-left-small:1.92%;\"><div class=\"fusion-column-wrapper fusion-column-has-shadow fusion-flex-justify-content-flex-start fusion-content-layout-column\"><div class=\"fusion-title title fusion-title-4 fusion-sep-none fusion-title-text fusion-title-size-two\" style=\"--awb-text-color:#00a7d8;--awb-margin-top-small:10px;--awb-margin-right-small:0px;--awb-margin-bottom-small:10px;--awb-margin-left-small:0px;--awb-font-size:21px;\"><h2 class=\"fusion-title-heading title-heading-left\" style=\"font-family:&quot;Open Sans&quot;;font-style:normal;font-weight:700;margin:0;font-size:1em;\"><p style=\"text-align: right;\">Casos d&#8217;\u00e8xit<br \/>\nfuetada cervical<\/p><\/h2><\/div><\/div><\/div><div class=\"fusion-layout-column fusion_builder_column fusion-builder-column-6 fusion_builder_column_1_6 1_6 fusion-flex-column\" style=\"--awb-bg-size:cover;--awb-width-large:16.666666666667%;--awb-margin-top-large:0px;--awb-spacing-right-large:11.52%;--awb-margin-bottom-large:20px;--awb-spacing-left-large:11.52%;--awb-width-medium:100%;--awb-spacing-right-medium:1.92%;--awb-spacing-left-medium:1.92%;--awb-width-small:100%;--awb-spacing-right-small:1.92%;--awb-spacing-left-small:1.92%;\"><div class=\"fusion-column-wrapper fusion-column-has-shadow fusion-flex-justify-content-flex-start fusion-content-layout-column\"><i class=\"fb-icon-element-1 fb-icon-element fontawesome-icon fa-hand-point-right fas circle-yes fusion-text-flow\" style=\"--awb-circlecolor:#00a7d8;--awb-circlecolor-hover:#f8ce4c;--awb-circlebordercolor:#00a7d8;--awb-circlebordercolor-hover:#f8ce4c;--awb-circlebordersize:1px;--awb-font-size:28.16px;--awb-width:56.32px;--awb-height:56.32px;--awb-line-height:54.32px;--awb-margin-right:16px;\"><\/i><\/div><\/div><div class=\"fusion-layout-column fusion_builder_column fusion-builder-column-7 fusion_builder_column_1_2 1_2 fusion-flex-column\" style=\"--awb-bg-size:cover;--awb-width-large:50%;--awb-margin-top-large:0px;--awb-spacing-right-large:3.84%;--awb-margin-bottom-large:20px;--awb-spacing-left-large:3.84%;--awb-width-medium:100%;--awb-spacing-right-medium:1.92%;--awb-spacing-left-medium:1.92%;--awb-width-small:100%;--awb-spacing-right-small:1.92%;--awb-spacing-left-small:1.92%;\"><div class=\"fusion-column-wrapper fusion-column-has-shadow fusion-flex-justify-content-flex-start fusion-content-layout-column\"><div class=\"fusion-text fusion-text-8\"><p>\u2022 <a href=\"https:\/\/onandia-abogados.com\/ca\/blog\/indemnitzacio-per-fuetada-cervical-en-una-collisio-a-baixa-velocitat\/\"><u>Indemnitzaci\u00f3 per fuetada cervical en una col\u00b7lisi\u00f3 a baixa velocitat<\/u><\/a><br \/>\n\u2022 <a href=\"https:\/\/onandia-abogados.com\/ca\/blog\/accident-de-transit-lleu-amb-danys-personals-en-el-qual-lasseguradora-allegava-falta-de-nexe-causal\/\"><u>Indemnitzaci\u00f3 per accident de tr\u00e0nsit lleu amb danys personals en la qual l&#8217;asseguradora al\u00b7legava falta de nexe causal<\/u><\/a><br \/>\n\u2022 <a href=\"https:\/\/onandia-abogados.com\/ca\/blog\/indemnitzacio-per-sequeles-i-fuetada-cervical\/\"><u>Indemnitzaci\u00f3 per seq\u00fceles i fuetada cervical<\/u><\/a><br \/>\n\u2022 <a href=\"https:\/\/onandia-abogados.com\/ca\/blog\/indemnitzacio-per-accident-de-transit-de-baixa-intensitat-o-lleu\/\"><u>Indemnitzaci\u00f3 per un accident de tr\u00e0nsit de baixa intensitat o lleu<\/u><\/a><\/p>\n<\/div><\/div><\/div><div class=\"fusion-layout-column fusion_builder_column fusion-builder-column-8 fusion_builder_column_1_1 1_1 fusion-flex-column\" style=\"--awb-bg-size:cover;--awb-width-large:100%;--awb-margin-top-large:0px;--awb-spacing-right-large:1.92%;--awb-margin-bottom-large:20px;--awb-spacing-left-large:1.92%;--awb-width-medium:100%;--awb-spacing-right-medium:1.92%;--awb-spacing-left-medium:1.92%;--awb-width-small:100%;--awb-spacing-right-small:1.92%;--awb-spacing-left-small:1.92%;\"><div class=\"fusion-column-wrapper fusion-column-has-shadow fusion-flex-justify-content-flex-start fusion-content-layout-column\"><div class=\"fusion-separator fusion-full-width-sep\" style=\"align-self: center;margin-left: auto;margin-right: auto;margin-top:15px;margin-bottom:15px;width:100%;\"><div class=\"fusion-separator-border sep-single sep-dashed\" style=\"--awb-height:20px;--awb-amount:20px;--awb-sep-color:#314f69;border-color:#314f69;border-top-width:2px;\"><\/div><\/div><\/div><\/div><\/div><\/div><div class=\"fusion-fullwidth fullwidth-box fusion-builder-row-5 fusion-flex-container has-pattern-background has-mask-background nonhundred-percent-fullwidth non-hundred-percent-height-scrolling\" style=\"--awb-border-color:#f4f4f4;--awb-border-radius-top-left:0px;--awb-border-radius-top-right:0px;--awb-border-radius-bottom-right:0px;--awb-border-radius-bottom-left:0px;--awb-padding-left:20px;--awb-background-color:#00a7d8;--awb-flex-wrap:wrap;\" ><div class=\"fusion-builder-row fusion-row fusion-flex-align-items-flex-start fusion-flex-content-wrap\" style=\"max-width:1352px;margin-left: calc(-4% \/ 2 );margin-right: calc(-4% \/ 2 );\"><div class=\"fusion-layout-column fusion_builder_column fusion-builder-column-9 fusion_builder_column_1_1 1_1 fusion-flex-column\" style=\"--awb-padding-top:20px;--awb-bg-size:cover;--awb-width-large:100%;--awb-margin-top-large:20px;--awb-spacing-right-large:1.92%;--awb-margin-bottom-large:20px;--awb-spacing-left-large:1.92%;--awb-width-medium:100%;--awb-order-medium:0;--awb-spacing-right-medium:1.92%;--awb-spacing-left-medium:1.92%;--awb-width-small:100%;--awb-order-small:0;--awb-spacing-right-small:1.92%;--awb-spacing-left-small:1.92%;\" data-scroll-devices=\"small-visibility,medium-visibility,large-visibility\"><div class=\"fusion-column-wrapper fusion-column-has-shadow fusion-flex-justify-content-flex-start fusion-content-layout-column\"><div class=\"fusion-title title fusion-title-5 fusion-sep-none fusion-title-center fusion-title-text fusion-title-size-two\" style=\"--awb-margin-top-small:10px;--awb-margin-right-small:0px;--awb-margin-bottom-small:10px;--awb-margin-left-small:0px;\"><h2 class=\"fusion-title-heading title-heading-center\" style=\"margin:0;\"><h2 style=\"color: #413e3b; text-align: center;\">Preguntes freq\u00fcents<\/h2><\/h2><\/div><\/div><\/div><div class=\"fusion-layout-column fusion_builder_column fusion-builder-column-10 fusion_builder_column_1_2 1_2 fusion-flex-column\" style=\"--awb-bg-size:cover;--awb-width-large:50%;--awb-margin-top-large:0px;--awb-spacing-right-large:3.84%;--awb-margin-bottom-large:20px;--awb-spacing-left-large:3.84%;--awb-width-medium:100%;--awb-spacing-right-medium:1.92%;--awb-spacing-left-medium:1.92%;--awb-width-small:100%;--awb-spacing-right-small:1.92%;--awb-spacing-left-small:1.92%;\"><div class=\"fusion-column-wrapper fusion-column-has-shadow fusion-flex-justify-content-flex-start fusion-content-layout-column\"><div class=\"accordian fusion-accordian\" style=\"--awb-border-size:1px;--awb-icon-size:16px;--awb-content-font-size:16px;--awb-icon-alignment:left;--awb-hover-color:#f9f9f9;--awb-border-color:#cccccc;--awb-background-color:#ffffff;--awb-divider-color:#ffffff;--awb-divider-hover-color:#ffffff;--awb-icon-color:#ffffff;--awb-title-color:#585149;--awb-content-color:#585149;--awb-icon-box-color:var(--awb-custom_color_2);--awb-toggle-hover-accent-color:var(--awb-custom_color_1);--awb-title-font-family:&quot;Open Sans&quot;;--awb-title-font-weight:600;--awb-title-font-style:normal;--awb-title-font-size:13px;--awb-content-font-family:&quot;Open Sans&quot;;--awb-content-font-style:normal;--awb-content-font-weight:400;\"><div class=\"panel-group fusion-toggle-icon-boxed\" id=\"accordion-7070-1\"><div class=\"fusion-panel panel-default panel-08738edafd32edcdf fusion-toggle-has-divider\" style=\"--awb-title-color:#585149;--awb-content-color:#585149;\"><div class=\"panel-heading\"><h4 class=\"panel-title toggle\" id=\"toggle_08738edafd32edcdf\"><a aria-expanded=\"false\" aria-controls=\"08738edafd32edcdf\" role=\"button\" data-toggle=\"collapse\" data-parent=\"#accordion-7070-1\" data-target=\"#08738edafd32edcdf\" href=\"#08738edafd32edcdf\"><span class=\"fusion-toggle-icon-wrapper\" aria-hidden=\"true\"><i class=\"fa-fusion-box active-icon awb-icon-minus\" aria-hidden=\"true\"><\/i><i class=\"fa-fusion-box inactive-icon awb-icon-plus\" aria-hidden=\"true\"><\/i><\/span><span class=\"fusion-toggle-heading\">Quines difer\u00e8ncies hi ha entre fuetada cervical, esquin\u00e7 cervical, cervic\u00e0lgia i rectificaci\u00f3 cervical? <\/span><\/a><\/h4><\/div><div id=\"08738edafd32edcdf\" class=\"panel-collapse collapse \" aria-labelledby=\"toggle_08738edafd32edcdf\"><div class=\"panel-body toggle-content fusion-clearfix\">\n<p>Totes s\u00f3n patologies t\u00edpiques d&#8217;un accident de tr\u00e0nsit per col\u00b7lisi\u00f3 en la part posterior, encara que poden ser causades per altres tipus de mecanismes. La Llei les engloba sota l&#8217;ep\u00edgraf de \u201cindemnitzacions per traumatismes menors de columna cervical\u201d, encara que per a valorar adequadament totes les seq\u00fceles tamb\u00e9 cal valorar altres ep\u00edgrafs com les \u00e0lgies, dolor, artrosi pr\u00e8via, tipus de fractura, exist\u00e8ncies d&#8217;h\u00e8rnies i limitaci\u00f3 de la mobilitat.<\/p>\n<\/div><\/div><\/div><div class=\"fusion-panel panel-default panel-df55c0b52cf9852ca fusion-toggle-has-divider\" style=\"--awb-title-color:#585149;--awb-content-color:#585149;\"><div class=\"panel-heading\"><h4 class=\"panel-title toggle\" id=\"toggle_df55c0b52cf9852ca\"><a aria-expanded=\"false\" aria-controls=\"df55c0b52cf9852ca\" role=\"button\" data-toggle=\"collapse\" data-parent=\"#accordion-7070-1\" data-target=\"#df55c0b52cf9852ca\" href=\"#df55c0b52cf9852ca\"><span class=\"fusion-toggle-icon-wrapper\" aria-hidden=\"true\"><i class=\"fa-fusion-box active-icon awb-icon-minus\" aria-hidden=\"true\"><\/i><i class=\"fa-fusion-box inactive-icon awb-icon-plus\" aria-hidden=\"true\"><\/i><\/span><span class=\"fusion-toggle-heading\">El grau de lesi\u00f3 en la fuetada cervical influeix en la indemnitzaci\u00f3?<\/span><\/a><\/h4><\/div><div id=\"df55c0b52cf9852ca\" class=\"panel-collapse collapse \" aria-labelledby=\"toggle_df55c0b52cf9852ca\"><div class=\"panel-body toggle-content fusion-clearfix\">\n<p>Segons la classificaci\u00f3 de Quebec per a trastorns associats a la fuetada cervical, merament orientativa, existeixen diferents graus de lesi\u00f3:<\/p>\n<ul>\n<li>Grau 0: a penes hi ha s\u00edmptomes cervicals.<\/li>\n<li>Graus 1 i 2: presenten s\u00edmptomes cervicals i en el sistema musculoesquel\u00e8tic com a dolor, rigidesa, amb o sense signes f\u00edsics i limitaci\u00f3 de la mobilitat.<\/li>\n<li>Grau 3: presenta s\u00edmptomes cervicals i signes neurol\u00f2gics com a d\u00e8ficit sensorial, disminuci\u00f3 o abs\u00e8ncia de reflexos tendinosos profunds i feblesa.<\/li>\n<li>Grau 4: presenta s\u00edmptomes cervicals i fractura o luxaci\u00f3.<\/li>\n<\/ul>\n<p>En funci\u00f3 del grau de lesi\u00f3 d&#8217;esquin\u00e7 cervical les conseq\u00fc\u00e8ncies per al lesionat s\u00f3n diferents i per tant la indemnitzaci\u00f3 per fuetada cervical tamb\u00e9 variar\u00e0 substancialment.<\/p>\n<\/div><\/div><\/div><div class=\"fusion-panel panel-default panel-ec9a188360a96008d fusion-toggle-has-divider\" style=\"--awb-title-color:#585149;--awb-content-color:#585149;\"><div class=\"panel-heading\"><h4 class=\"panel-title toggle\" id=\"toggle_ec9a188360a96008d\"><a aria-expanded=\"false\" aria-controls=\"ec9a188360a96008d\" role=\"button\" data-toggle=\"collapse\" data-parent=\"#accordion-7070-1\" data-target=\"#ec9a188360a96008d\" href=\"#ec9a188360a96008d\"><span class=\"fusion-toggle-icon-wrapper\" aria-hidden=\"true\"><i class=\"fa-fusion-box active-icon awb-icon-minus\" aria-hidden=\"true\"><\/i><i class=\"fa-fusion-box inactive-icon awb-icon-plus\" aria-hidden=\"true\"><\/i><\/span><span class=\"fusion-toggle-heading\">Quant se sol cobrar d'indemnitzaci\u00f3 per una fuetada cervical?<\/span><\/a><\/h4><\/div><div id=\"ec9a188360a96008d\" class=\"panel-collapse collapse \" aria-labelledby=\"toggle_ec9a188360a96008d\"><div class=\"panel-body toggle-content fusion-clearfix\">\n<p>La d&#8217;indemnitzaci\u00f3 per fuetada cervical sol estar entre els 3.000\u20ac per una fuetada cervical lleu als 50.000\u20ac en cas de fractura. A aquesta indemnitzaci\u00f3 caldr\u00e0 afegir altres variables indemnitzat\u00f2ries com: dies de baixa, altres seq\u00fceles, p\u00e8rdua de qualitat de vida, incapacitats, lucre cessant i despeses.<\/p>\n<\/div><\/div><\/div><\/div><\/div><\/div><\/div><div class=\"fusion-layout-column fusion_builder_column fusion-builder-column-11 fusion_builder_column_1_2 1_2 fusion-flex-column\" style=\"--awb-bg-size:cover;--awb-width-large:50%;--awb-margin-top-large:0px;--awb-spacing-right-large:3.84%;--awb-margin-bottom-large:20px;--awb-spacing-left-large:3.84%;--awb-width-medium:100%;--awb-spacing-right-medium:1.92%;--awb-spacing-left-medium:1.92%;--awb-width-small:100%;--awb-spacing-right-small:1.92%;--awb-spacing-left-small:1.92%;\"><div class=\"fusion-column-wrapper fusion-column-has-shadow fusion-flex-justify-content-flex-start fusion-content-layout-column\"><div class=\"accordian fusion-accordian\" style=\"--awb-border-size:1px;--awb-icon-size:16px;--awb-content-font-size:16px;--awb-icon-alignment:left;--awb-hover-color:#f9f9f9;--awb-border-color:#cccccc;--awb-background-color:#ffffff;--awb-divider-color:#ffffff;--awb-divider-hover-color:#ffffff;--awb-icon-color:#ffffff;--awb-title-color:var(--awb-custom_color_1);--awb-content-color:#585149;--awb-icon-box-color:var(--awb-custom_color_2);--awb-toggle-hover-accent-color:var(--awb-custom_color_1);--awb-title-font-family:&quot;Open Sans&quot;;--awb-title-font-weight:600;--awb-title-font-style:normal;--awb-title-font-size:13px;--awb-content-font-family:&quot;Open Sans&quot;;--awb-content-font-style:normal;--awb-content-font-weight:400;\"><div class=\"panel-group fusion-toggle-icon-boxed\" id=\"accordion-7070-2\"><div class=\"fusion-panel panel-default panel-8772835391fd08a72 fusion-toggle-has-divider\" style=\"--awb-title-color:var(--awb-custom_color_1);--awb-content-color:#585149;\"><div class=\"panel-heading\"><h4 class=\"panel-title toggle\" id=\"toggle_8772835391fd08a72\"><a aria-expanded=\"false\" aria-controls=\"8772835391fd08a72\" role=\"button\" data-toggle=\"collapse\" data-parent=\"#accordion-7070-2\" data-target=\"#8772835391fd08a72\" href=\"#8772835391fd08a72\"><span class=\"fusion-toggle-icon-wrapper\" aria-hidden=\"true\"><i class=\"fa-fusion-box active-icon awb-icon-minus\" aria-hidden=\"true\"><\/i><i class=\"fa-fusion-box inactive-icon awb-icon-plus\" aria-hidden=\"true\"><\/i><\/span><span class=\"fusion-toggle-heading\">Quant es cobra per dia de baixa despr\u00e9s d'una fuetada cervical?<\/span><\/a><\/h4><\/div><div id=\"8772835391fd08a72\" class=\"panel-collapse collapse \" aria-labelledby=\"toggle_8772835391fd08a72\"><div class=\"panel-body toggle-content fusion-clearfix\">\n<p>L&#8217;actual barem d&#8217;accidents de tr\u00e0nsit, Llei 35\/2015, contempla quatre circumst\u00e0ncies possibles d&#8217;indemnitzaci\u00f3 per cada dia de baixa:<\/p>\n<ul>\n<li>*105,35 \u20ac en cas d&#8217;estades hospital\u00e0ria a uci.<\/li>\n<li>*79,02 \u20ac en cas d&#8217;estades hospital\u00e0ries a l&#8217;habitaci\u00f3.<\/li>\n<li>*54,78 \u20ac en els sup\u00f2sits de baixa laboral per la Seguretat Social o M\u00fatua, o situaci\u00f3 an\u00e0loga, per estar el lesionat impedit per fer les tasques o ocupacions habituals.<\/li>\n<li>*31,61 \u20ac en cas d&#8217;acudir a rehabilitaci\u00f3 fins a l&#8217;alta m\u00e8dica.<\/li>\n<\/ul>\n<\/div><\/div><\/div><div class=\"fusion-panel panel-default panel-54cdd7595778bcea6 fusion-toggle-has-divider\" style=\"--awb-title-color:var(--awb-custom_color_1);--awb-content-color:#585149;\"><div class=\"panel-heading\"><h4 class=\"panel-title toggle\" id=\"toggle_54cdd7595778bcea6\"><a aria-expanded=\"false\" aria-controls=\"54cdd7595778bcea6\" role=\"button\" data-toggle=\"collapse\" data-parent=\"#accordion-7070-2\" data-target=\"#54cdd7595778bcea6\" href=\"#54cdd7595778bcea6\"><span class=\"fusion-toggle-icon-wrapper\" aria-hidden=\"true\"><i class=\"fa-fusion-box active-icon awb-icon-minus\" aria-hidden=\"true\"><\/i><i class=\"fa-fusion-box inactive-icon awb-icon-plus\" aria-hidden=\"true\"><\/i><\/span><span class=\"fusion-toggle-heading\">Es cobra indemnitzaci\u00f3 des que tinc l'accident fins que comen\u00e7o la rehabilitaci\u00f3 de l'esquin\u00e7 cervical?<\/span><\/a><\/h4><\/div><div id=\"54cdd7595778bcea6\" class=\"panel-collapse collapse \" aria-labelledby=\"toggle_54cdd7595778bcea6\"><div class=\"panel-body toggle-content fusion-clearfix\">\n<p>S\u00ed, la indemnitzaci\u00f3 inclou des de la data de l&#8217;accident de tr\u00e0nsit fins a la data de l&#8217;alta m\u00e8dica, independentment de la data en qu\u00e8 comenci la rehabilitaci\u00f3 per criteri m\u00e8dic.<\/p>\n<\/div><\/div><\/div><\/div><\/div><\/div><\/div><div class=\"fusion-layout-column fusion_builder_column fusion-builder-column-12 fusion_builder_column_1_1 1_1 fusion-flex-column\" style=\"--awb-bg-size:cover;--awb-width-large:100%;--awb-margin-top-large:0px;--awb-spacing-right-large:1.92%;--awb-margin-bottom-large:40px;--awb-spacing-left-large:1.92%;--awb-width-medium:100%;--awb-order-medium:0;--awb-spacing-right-medium:1.92%;--awb-spacing-left-medium:1.92%;--awb-width-small:100%;--awb-order-small:0;--awb-spacing-right-small:1.92%;--awb-spacing-left-small:1.92%;\" data-scroll-devices=\"small-visibility,medium-visibility,large-visibility\"><div class=\"fusion-column-wrapper fusion-column-has-shadow fusion-flex-justify-content-flex-start fusion-content-layout-column\"><script type=\"application\/ld+json\">{\"@context\":\"https:\/\/schema.org\",\"@type\":\"FAQPage\",\"mainEntity\":[{\"@type\":\"Question\",\"name\":\"Quines difer\u00e8ncies hi ha entre fuetada cervical, esquin\u00e7 cervical, cervic\u00e0lgia i rectificaci\u00f3 cervical? \",\"acceptedAnswer\":{\"@type\":\"Answer\",\"text\":\"Totes s\u00f3n patologies t\u00edpiques d'un accident de tr\u00e0nsit per col\u00b7lisi\u00f3 en la part posterior, encara que poden ser causades per altres tipus de mecanismes. La Llei les engloba sota l'ep\u00edgraf de \u201cindemnitzacions per traumatismes menors de columna cervical\u201d, encara que per a valorar adequadament totes les seq\u00fceles tamb\u00e9 cal valorar altres ep\u00edgrafs com les \u00e0lgies, dolor, artrosi pr\u00e8via, tipus de fractura, exist\u00e8ncies d'h\u00e8rnies i limitaci\u00f3 de la mobilitat.\"}},{\"@type\":\"Question\",\"name\":\"El grau de lesi\u00f3 en la fuetada cervical influeix en la indemnitzaci\u00f3?\",\"acceptedAnswer\":{\"@type\":\"Answer\",\"text\":\"Segons la classificaci\u00f3 de Quebec per a trastorns associats a la fuetada cervical, merament orientativa, existeixen diferents graus de lesi\u00f3:\\n\\nGrau 0: a penes hi ha s\u00edmptomes cervicals.\\nGraus 1 i 2: presenten s\u00edmptomes cervicals i en el sistema musculoesquel\u00e8tic com a dolor, rigidesa, amb o sense signes f\u00edsics i limitaci\u00f3 de la mobilitat.\\nGrau 3: presenta s\u00edmptomes cervicals i signes neurol\u00f2gics com a d\u00e8ficit sensorial, disminuci\u00f3 o abs\u00e8ncia de reflexos tendinosos profunds i feblesa.\\nGrau 4: presenta s\u00edmptomes cervicals i fractura o luxaci\u00f3.\\nEn funci\u00f3 del grau de lesi\u00f3 d'esquin\u00e7 cervical les conseq\u00fc\u00e8ncies per al lesionat s\u00f3n diferents i per tant la indemnitzaci\u00f3 per fuetada cervical tamb\u00e9 variar\u00e0 substancialment.\"}},{\"@type\":\"Question\",\"name\":\"Quant se sol cobrar d'indemnitzaci\u00f3 per una fuetada cervical?\",\"acceptedAnswer\":{\"@type\":\"Answer\",\"text\":\"La d'indemnitzaci\u00f3 per fuetada cervical sol estar entre els 3.000\u20ac per una fuetada cervical lleu als 50.000\u20ac en cas de fractura. A aquesta indemnitzaci\u00f3 caldr\u00e0 afegir altres variables indemnitzat\u00f2ries com: dies de baixa, altres seq\u00fceles, p\u00e8rdua de qualitat de vida, incapacitats, lucre cessant i despeses.\"}},{\"@type\":\"Question\",\"name\":\"Quant es cobra per dia de baixa despr\u00e9s d'una fuetada cervical?\",\"acceptedAnswer\":{\"@type\":\"Answer\",\"text\":\"\\nL'actual barem d'accidents de tr\u00e0nsit, Llei 35\/2015, contempla quatre circumst\u00e0ncies possibles d'indemnitzaci\u00f3 per cada dia de baixa:\\n\\n*105,35 \u20ac en cas d'estades hospital\u00e0ria a uci.\\n*79,02 \u20ac en cas d'estades hospital\u00e0ries a l'habitaci\u00f3.\\n*54,78 \u20ac en els sup\u00f2sits de baixa laboral per la Seguretat Social o M\u00fatua, o situaci\u00f3 an\u00e0loga, per estar el lesionat impedit per fer les tasques o ocupacions habituals.\\n*31,61 \u20ac en cas d'acudir a rehabilitaci\u00f3 fins a l'alta m\u00e8dica.\"}},{\"@type\":\"Question\",\"name\":\"Es cobra indemnitzaci\u00f3 des que tinc l'accident fins que comen\u00e7o la rehabilitaci\u00f3 de l'esquin\u00e7 cervical?\",\"acceptedAnswer\":{\"@type\":\"Answer\",\"text\":\"S\u00ed, la indemnitzaci\u00f3 inclou des de la data de l'accident de tr\u00e0nsit fins a la data de l'alta m\u00e8dica, independentment de la data en qu\u00e8 comenci la rehabilitaci\u00f3 per criteri m\u00e8dic.\"}}]}<\/script><\/div><\/div><\/div><\/div><div class=\"fusion-fullwidth fullwidth-box fusion-builder-row-6 fusion-flex-container nonhundred-percent-fullwidth non-hundred-percent-height-scrolling\" style=\"--awb-border-radius-top-left:0px;--awb-border-radius-top-right:0px;--awb-border-radius-bottom-right:0px;--awb-border-radius-bottom-left:0px;--awb-flex-wrap:wrap;\" ><div class=\"fusion-builder-row fusion-row fusion-flex-align-items-flex-start fusion-flex-content-wrap\" style=\"max-width:1352px;margin-left: calc(-4% \/ 2 );margin-right: calc(-4% \/ 2 );\"><div class=\"fusion-layout-column fusion_builder_column fusion-builder-column-13 fusion_builder_column_1_1 1_1 fusion-flex-column\" style=\"--awb-bg-size:cover;--awb-width-large:100%;--awb-margin-top-large:0px;--awb-spacing-right-large:1.92%;--awb-margin-bottom-large:20px;--awb-spacing-left-large:1.92%;--awb-width-medium:100%;--awb-spacing-right-medium:1.92%;--awb-spacing-left-medium:1.92%;--awb-width-small:100%;--awb-spacing-right-small:1.92%;--awb-spacing-left-small:1.92%;\"><div class=\"fusion-column-wrapper fusion-column-has-shadow fusion-flex-justify-content-flex-start fusion-content-layout-column\"><\/div><\/div><\/div><\/div><div class=\"fusion-fullwidth fullwidth-box fusion-builder-row-7 fusion-flex-container nonhundred-percent-fullwidth non-hundred-percent-height-scrolling\" style=\"--awb-border-radius-top-left:0px;--awb-border-radius-top-right:0px;--awb-border-radius-bottom-right:0px;--awb-border-radius-bottom-left:0px;--awb-flex-wrap:wrap;\" ><div class=\"fusion-builder-row fusion-row fusion-flex-align-items-flex-start fusion-flex-content-wrap\" style=\"max-width:1352px;margin-left: calc(-4% \/ 2 );margin-right: calc(-4% \/ 2 );\"><div class=\"fusion-layout-column fusion_builder_column fusion-builder-column-14 fusion_builder_column_1_2 1_2 fusion-flex-column\" style=\"--awb-bg-size:cover;--awb-width-large:50%;--awb-margin-top-large:0px;--awb-spacing-right-large:3.84%;--awb-margin-bottom-large:20px;--awb-spacing-left-large:3.84%;--awb-width-medium:100%;--awb-spacing-right-medium:1.92%;--awb-spacing-left-medium:1.92%;--awb-width-small:100%;--awb-spacing-right-small:1.92%;--awb-spacing-left-small:1.92%;\"><div class=\"fusion-column-wrapper fusion-column-has-shadow fusion-flex-justify-content-flex-start fusion-content-layout-column\"><div class=\"fusion-text fusion-text-9\"><div id=\"pointer\" class=\"col-md-6 col-xs-12\">\n<div class=\"cnt\">Et garantim la<\/div>\n<div class=\"cnt groc\">m\u00e0xima indemnizaci\u00f3<\/div>\n<\/div>\n<div id=\"pointer\" class=\"col-md-6 col-xs-12\">\n<div class=\"cnt\">Contactar amb nosaltres<\/div>\n<div class=\"cnt groc\">no et costar\u00e0 res<\/div>\n<\/div>\n<div id=\"pointer\" class=\"col-md-6 col-xs-12\">\n<div class=\"cnt\">Nomes pagar\u00e0s<\/div>\n<div class=\"cnt groc\">si reps una indemnizaci\u00f3<\/div>\n<\/div>\n<div id=\"pointer\" class=\"col-md-6 col-xs-12\">\n<div class=\"cnt\">Tindr\u00e1s un<\/div>\n<div class=\"cnt groc\">tracte personal<\/div>\n<\/div>\n<\/div><\/div><\/div><div class=\"fusion-layout-column fusion_builder_column fusion-builder-column-15 fusion_builder_column_1_2 1_2 fusion-flex-column\" style=\"--awb-bg-size:cover;--awb-width-large:50%;--awb-margin-top-large:0px;--awb-spacing-right-large:3.84%;--awb-margin-bottom-large:20px;--awb-spacing-left-large:3.84%;--awb-width-medium:100%;--awb-spacing-right-medium:1.92%;--awb-spacing-left-medium:1.92%;--awb-width-small:100%;--awb-spacing-right-small:1.92%;--awb-spacing-left-small:1.92%;\"><div class=\"fusion-column-wrapper fusion-column-has-shadow fusion-flex-justify-content-flex-start fusion-content-layout-column\"><div class=\"fusion-text fusion-text-10 sombra-pie-interno\"><div class=\"fusion-one-sixth fusion-layout-column fusion-spacing-yes\" style=\"margin-top: 0px; margin-bottom: 20px;\">\n<div class=\"fusion-column-wrapper\">\n<p><img decoding=\"async\" class=\"lazyload size-full wp-image-5167 aligncenter\" src=\"data:image\/svg+xml,%3Csvg%20xmlns%3D%27http%3A%2F%2Fwww.w3.org%2F2000%2Fsvg%27%20width%3D%2741%27%20height%3D%2745%27%20viewBox%3D%270%200%2041%2045%27%3E%3Crect%20width%3D%2741%27%20height%3D%2745%27%20fill-opacity%3D%220%22%2F%3E%3C%2Fsvg%3E\" data-orig-src=\"https:\/\/onandia-abogados.com\/wp-content\/uploads\/2023\/05\/picto-mano.png\" alt=\"Picto Mano\" width=\"41\" height=\"45\" \/><\/p>\n<\/div>\n<\/div>\n<div class=\"fusion-five-sixth fusion-layout-column fusion-column-last fusion-spacing-yes\" style=\"margin-top: 20px; margin-bottom: 20px;\">\n<div class=\"fusion-column-wrapper\">\n<p class=\"tit-amarillo\">Et recomanem<\/p>\n<p>Que abans d\u2019acceptar qualsevol tipus d\u2019indemnitzaci\u00f3 per accident que t\u2019ofereixin les companyies d\u2019assegurances o la part contr\u00e0ria:<br class=\"vacio\" \/><br class=\"vacio\" \/><strong class=\"tit-amarillo\">1.<\/strong>\u00a0No signis cap document.<br \/>\n<strong class=\"tit-amarillo\">2.<\/strong>\u00a0Consultis amb el teu advocat, ja que la quantitat molt possiblement sigui inferior a la que podries rebre.<\/p>\n<div class=\"fusion-clearfix\"><\/div>\n<\/div>\n<\/div>\n<\/div><\/div><\/div><\/div><\/div><\/p>\n","protected":false},"excerpt":{"rendered":"","protected":false},"author":1,"featured_media":0,"parent":7068,"menu_order":0,"comment_status":"closed","ping_status":"closed","template":"100-width.php","meta":{"footnotes":""},"class_list":["post-7070","page","type-page","status-publish","hentry"],"yoast_head":"<!-- This site is optimized with the Yoast SEO plugin v27.4 - https:\/\/yoast.com\/product\/yoast-seo-wordpress\/ -->\n<title>\u2705 Advocats Indemnitzaci\u00f3 per Fuetada Cervical | Onandia<\/title>\n<meta name=\"description\" content=\"Has sofert un esquin\u00e7 o fuetada cervical per accident de tr\u00e0nsit? T&#039;assessorem sobre com aconseguir la m\u00e0xima indemnitzaci\u00f3 Consulta&#039;ns gratis!\" \/>\n<meta name=\"robots\" content=\"index, follow, max-snippet:-1, max-image-preview:large, max-video-preview:-1\" \/>\n<link rel=\"canonical\" href=\"https:\/\/onandia-abogados.com\/ca\/accidents-de-transit\/fuetada-cervical-cervicalgia\/\" \/>\n<meta property=\"og:locale\" content=\"ca_ES\" \/>\n<meta property=\"og:type\" content=\"article\" \/>\n<meta property=\"og:title\" content=\"\u2705 Advocats Indemnitzaci\u00f3 per Fuetada Cervical | Onandia\" \/>\n<meta property=\"og:description\" content=\"Has sofert un esquin\u00e7 o fuetada cervical per accident de tr\u00e0nsit? T&#039;assessorem sobre com aconseguir la m\u00e0xima indemnitzaci\u00f3 Consulta&#039;ns gratis!\" \/>\n<meta property=\"og:url\" content=\"https:\/\/onandia-abogados.com\/ca\/accidents-de-transit\/fuetada-cervical-cervicalgia\/\" \/>\n<meta property=\"og:site_name\" content=\"\u2705 Abogados especialistas en Accidentes Barcelona | Onandia\" \/>\n<meta property=\"og:image\" content=\"https:\/\/onandia-abogados.com\/wp-content\/uploads\/2023\/05\/picto-mano.png\" \/>\n<script type=\"application\/ld+json\" class=\"yoast-schema-graph\">{\"@context\":\"https:\\\/\\\/schema.org\",\"@graph\":[{\"@type\":\"WebPage\",\"@id\":\"https:\\\/\\\/onandia-abogados.com\\\/ca\\\/accidents-de-transit\\\/fuetada-cervical-cervicalgia\\\/\",\"url\":\"https:\\\/\\\/onandia-abogados.com\\\/ca\\\/accidents-de-transit\\\/fuetada-cervical-cervicalgia\\\/\",\"name\":\"\u2705 Advocats Indemnitzaci\u00f3 per Fuetada Cervical | Onandia\",\"isPartOf\":{\"@id\":\"https:\\\/\\\/onandia-abogados.com\\\/ca\\\/#website\"},\"primaryImageOfPage\":{\"@id\":\"https:\\\/\\\/onandia-abogados.com\\\/ca\\\/accidents-de-transit\\\/fuetada-cervical-cervicalgia\\\/#primaryimage\"},\"image\":{\"@id\":\"https:\\\/\\\/onandia-abogados.com\\\/ca\\\/accidents-de-transit\\\/fuetada-cervical-cervicalgia\\\/#primaryimage\"},\"thumbnailUrl\":\"https:\\\/\\\/onandia-abogados.com\\\/wp-content\\\/uploads\\\/2023\\\/05\\\/picto-mano.png\",\"description\":\"Has sofert un esquin\u00e7 o fuetada cervical per accident de tr\u00e0nsit? T'assessorem sobre com aconseguir la m\u00e0xima indemnitzaci\u00f3 Consulta'ns gratis!\",\"breadcrumb\":{\"@id\":\"https:\\\/\\\/onandia-abogados.com\\\/ca\\\/accidents-de-transit\\\/fuetada-cervical-cervicalgia\\\/#breadcrumb\"},\"inLanguage\":\"ca\",\"potentialAction\":[{\"@type\":\"ReadAction\",\"target\":[\"https:\\\/\\\/onandia-abogados.com\\\/ca\\\/accidents-de-transit\\\/fuetada-cervical-cervicalgia\\\/\"]}]},{\"@type\":\"ImageObject\",\"inLanguage\":\"ca\",\"@id\":\"https:\\\/\\\/onandia-abogados.com\\\/ca\\\/accidents-de-transit\\\/fuetada-cervical-cervicalgia\\\/#primaryimage\",\"url\":\"https:\\\/\\\/onandia-abogados.com\\\/wp-content\\\/uploads\\\/2023\\\/05\\\/picto-mano.png\",\"contentUrl\":\"https:\\\/\\\/onandia-abogados.com\\\/wp-content\\\/uploads\\\/2023\\\/05\\\/picto-mano.png\"},{\"@type\":\"BreadcrumbList\",\"@id\":\"https:\\\/\\\/onandia-abogados.com\\\/ca\\\/accidents-de-transit\\\/fuetada-cervical-cervicalgia\\\/#breadcrumb\",\"itemListElement\":[{\"@type\":\"ListItem\",\"position\":1,\"name\":\"Portada\",\"item\":\"https:\\\/\\\/onandia-abogados.com\\\/ca\\\/\"},{\"@type\":\"ListItem\",\"position\":2,\"name\":\"Accidents de Tr\u00e0nsit\",\"item\":\"https:\\\/\\\/onandia-abogados.com\\\/ca\\\/accidents-de-transit\\\/\"},{\"@type\":\"ListItem\",\"position\":3,\"name\":\"Fuetada Cervical\"}]},{\"@type\":\"WebSite\",\"@id\":\"https:\\\/\\\/onandia-abogados.com\\\/ca\\\/#website\",\"url\":\"https:\\\/\\\/onandia-abogados.com\\\/ca\\\/\",\"name\":\"Abogados Onandia Barcelona\",\"description\":\"Advocats especialistes en accidents de tr\u00e0nsit\",\"publisher\":{\"@id\":\"https:\\\/\\\/onandia-abogados.com\\\/ca\\\/#organization\"},\"potentialAction\":[{\"@type\":\"SearchAction\",\"target\":{\"@type\":\"EntryPoint\",\"urlTemplate\":\"https:\\\/\\\/onandia-abogados.com\\\/ca\\\/?s={search_term_string}\"},\"query-input\":{\"@type\":\"PropertyValueSpecification\",\"valueRequired\":true,\"valueName\":\"search_term_string\"}}],\"inLanguage\":\"ca\"},{\"@type\":\"Organization\",\"@id\":\"https:\\\/\\\/onandia-abogados.com\\\/ca\\\/#organization\",\"name\":\"Onandia Abogados\",\"url\":\"https:\\\/\\\/onandia-abogados.com\\\/ca\\\/\",\"logo\":{\"@type\":\"ImageObject\",\"inLanguage\":\"ca\",\"@id\":\"https:\\\/\\\/onandia-abogados.com\\\/ca\\\/#\\\/schema\\\/logo\\\/image\\\/\",\"url\":\"https:\\\/\\\/onandia-abogados.com\\\/wp-content\\\/uploads\\\/2023\\\/05\\\/abogados-onandia.svg\",\"contentUrl\":\"https:\\\/\\\/onandia-abogados.com\\\/wp-content\\\/uploads\\\/2023\\\/05\\\/abogados-onandia.svg\",\"width\":751,\"height\":262,\"caption\":\"Onandia Abogados\"},\"image\":{\"@id\":\"https:\\\/\\\/onandia-abogados.com\\\/ca\\\/#\\\/schema\\\/logo\\\/image\\\/\"}}]}<\/script>\n<!-- \/ Yoast SEO plugin. -->","yoast_head_json":{"title":"\u2705 Advocats Indemnitzaci\u00f3 per Fuetada Cervical | Onandia","description":"Has sofert un esquin\u00e7 o fuetada cervical per accident de tr\u00e0nsit? T'assessorem sobre com aconseguir la m\u00e0xima indemnitzaci\u00f3 Consulta'ns gratis!","robots":{"index":"index","follow":"follow","max-snippet":"max-snippet:-1","max-image-preview":"max-image-preview:large","max-video-preview":"max-video-preview:-1"},"canonical":"https:\/\/onandia-abogados.com\/ca\/accidents-de-transit\/fuetada-cervical-cervicalgia\/","og_locale":"ca_ES","og_type":"article","og_title":"\u2705 Advocats Indemnitzaci\u00f3 per Fuetada Cervical | Onandia","og_description":"Has sofert un esquin\u00e7 o fuetada cervical per accident de tr\u00e0nsit? T'assessorem sobre com aconseguir la m\u00e0xima indemnitzaci\u00f3 Consulta'ns gratis!","og_url":"https:\/\/onandia-abogados.com\/ca\/accidents-de-transit\/fuetada-cervical-cervicalgia\/","og_site_name":"\u2705 Abogados especialistas en Accidentes Barcelona | Onandia","og_image":[{"url":"https:\/\/onandia-abogados.com\/wp-content\/uploads\/2023\/05\/picto-mano.png","type":"","width":"","height":""}],"schema":{"@context":"https:\/\/schema.org","@graph":[{"@type":"WebPage","@id":"https:\/\/onandia-abogados.com\/ca\/accidents-de-transit\/fuetada-cervical-cervicalgia\/","url":"https:\/\/onandia-abogados.com\/ca\/accidents-de-transit\/fuetada-cervical-cervicalgia\/","name":"\u2705 Advocats Indemnitzaci\u00f3 per Fuetada Cervical | Onandia","isPartOf":{"@id":"https:\/\/onandia-abogados.com\/ca\/#website"},"primaryImageOfPage":{"@id":"https:\/\/onandia-abogados.com\/ca\/accidents-de-transit\/fuetada-cervical-cervicalgia\/#primaryimage"},"image":{"@id":"https:\/\/onandia-abogados.com\/ca\/accidents-de-transit\/fuetada-cervical-cervicalgia\/#primaryimage"},"thumbnailUrl":"https:\/\/onandia-abogados.com\/wp-content\/uploads\/2023\/05\/picto-mano.png","description":"Has sofert un esquin\u00e7 o fuetada cervical per accident de tr\u00e0nsit? T'assessorem sobre com aconseguir la m\u00e0xima indemnitzaci\u00f3 Consulta'ns gratis!","breadcrumb":{"@id":"https:\/\/onandia-abogados.com\/ca\/accidents-de-transit\/fuetada-cervical-cervicalgia\/#breadcrumb"},"inLanguage":"ca","potentialAction":[{"@type":"ReadAction","target":["https:\/\/onandia-abogados.com\/ca\/accidents-de-transit\/fuetada-cervical-cervicalgia\/"]}]},{"@type":"ImageObject","inLanguage":"ca","@id":"https:\/\/onandia-abogados.com\/ca\/accidents-de-transit\/fuetada-cervical-cervicalgia\/#primaryimage","url":"https:\/\/onandia-abogados.com\/wp-content\/uploads\/2023\/05\/picto-mano.png","contentUrl":"https:\/\/onandia-abogados.com\/wp-content\/uploads\/2023\/05\/picto-mano.png"},{"@type":"BreadcrumbList","@id":"https:\/\/onandia-abogados.com\/ca\/accidents-de-transit\/fuetada-cervical-cervicalgia\/#breadcrumb","itemListElement":[{"@type":"ListItem","position":1,"name":"Portada","item":"https:\/\/onandia-abogados.com\/ca\/"},{"@type":"ListItem","position":2,"name":"Accidents de Tr\u00e0nsit","item":"https:\/\/onandia-abogados.com\/ca\/accidents-de-transit\/"},{"@type":"ListItem","position":3,"name":"Fuetada Cervical"}]},{"@type":"WebSite","@id":"https:\/\/onandia-abogados.com\/ca\/#website","url":"https:\/\/onandia-abogados.com\/ca\/","name":"Abogados Onandia Barcelona","description":"Advocats especialistes en accidents de tr\u00e0nsit","publisher":{"@id":"https:\/\/onandia-abogados.com\/ca\/#organization"},"potentialAction":[{"@type":"SearchAction","target":{"@type":"EntryPoint","urlTemplate":"https:\/\/onandia-abogados.com\/ca\/?s={search_term_string}"},"query-input":{"@type":"PropertyValueSpecification","valueRequired":true,"valueName":"search_term_string"}}],"inLanguage":"ca"},{"@type":"Organization","@id":"https:\/\/onandia-abogados.com\/ca\/#organization","name":"Onandia Abogados","url":"https:\/\/onandia-abogados.com\/ca\/","logo":{"@type":"ImageObject","inLanguage":"ca","@id":"https:\/\/onandia-abogados.com\/ca\/#\/schema\/logo\/image\/","url":"https:\/\/onandia-abogados.com\/wp-content\/uploads\/2023\/05\/abogados-onandia.svg","contentUrl":"https:\/\/onandia-abogados.com\/wp-content\/uploads\/2023\/05\/abogados-onandia.svg","width":751,"height":262,"caption":"Onandia Abogados"},"image":{"@id":"https:\/\/onandia-abogados.com\/ca\/#\/schema\/logo\/image\/"}}]}},"_links":{"self":[{"href":"https:\/\/onandia-abogados.com\/ca\/wp-json\/wp\/v2\/pages\/7070","targetHints":{"allow":["GET"]}}],"collection":[{"href":"https:\/\/onandia-abogados.com\/ca\/wp-json\/wp\/v2\/pages"}],"about":[{"href":"https:\/\/onandia-abogados.com\/ca\/wp-json\/wp\/v2\/types\/page"}],"author":[{"embeddable":true,"href":"https:\/\/onandia-abogados.com\/ca\/wp-json\/wp\/v2\/users\/1"}],"replies":[{"embeddable":true,"href":"https:\/\/onandia-abogados.com\/ca\/wp-json\/wp\/v2\/comments?post=7070"}],"version-history":[{"count":1,"href":"https:\/\/onandia-abogados.com\/ca\/wp-json\/wp\/v2\/pages\/7070\/revisions"}],"predecessor-version":[{"id":110825,"href":"https:\/\/onandia-abogados.com\/ca\/wp-json\/wp\/v2\/pages\/7070\/revisions\/110825"}],"up":[{"embeddable":true,"href":"https:\/\/onandia-abogados.com\/ca\/wp-json\/wp\/v2\/pages\/7068"}],"wp:attachment":[{"href":"https:\/\/onandia-abogados.com\/ca\/wp-json\/wp\/v2\/media?parent=7070"}],"curies":[{"name":"wp","href":"https:\/\/api.w.org\/{rel}","templated":true}]}}