{"id":7077,"date":"2015-12-11T11:49:33","date_gmt":"2015-12-11T11:49:33","guid":{"rendered":"https:\/\/onandia-abogados.com\/accidente-de-trabajo-laboral\/"},"modified":"2025-12-15T16:02:09","modified_gmt":"2025-12-15T16:02:09","slug":"accident-de-treball-laboral","status":"publish","type":"page","link":"https:\/\/onandia-abogados.com\/ca\/accident-de-treball-laboral\/","title":{"rendered":"Accidents Laborals"},"content":{"rendered":"<p><div class=\"fusion-fullwidth fullwidth-box fusion-builder-row-1 fusion-flex-container has-pattern-background has-mask-background hundred-percent-fullwidth non-hundred-percent-height-scrolling\" style=\"--awb-border-radius-top-left:0px;--awb-border-radius-top-right:0px;--awb-border-radius-bottom-right:0px;--awb-border-radius-bottom-left:0px;--awb-padding-top:0px;--awb-padding-right:0px;--awb-padding-bottom:0px;--awb-padding-left:0px;--awb-margin-top:0px;--awb-margin-bottom:0px;--awb-flex-wrap:wrap;\" ><div class=\"fusion-builder-row fusion-row fusion-flex-align-items-flex-start fusion-flex-content-wrap\" style=\"width:104% !important;max-width:104% !important;margin-left: calc(-4% \/ 2 );margin-right: calc(-4% \/ 2 );\"><div class=\"fusion-layout-column fusion_builder_column fusion-builder-column-0 fusion_builder_column_1_1 1_1 fusion-flex-column\" style=\"--awb-padding-top:0px;--awb-padding-right:0px;--awb-padding-bottom:0px;--awb-padding-left:0px;--awb-bg-size:cover;--awb-width-large:100%;--awb-margin-top-large:0px;--awb-spacing-right-large:1.92%;--awb-margin-bottom-large:0px;--awb-spacing-left-large:1.92%;--awb-width-medium:100%;--awb-order-medium:0;--awb-spacing-right-medium:1.92%;--awb-spacing-left-medium:1.92%;--awb-width-small:100%;--awb-order-small:0;--awb-spacing-right-small:1.92%;--awb-spacing-left-small:1.92%;\" data-scroll-devices=\"small-visibility,medium-visibility,large-visibility\"><div class=\"fusion-column-wrapper fusion-column-has-shadow fusion-flex-justify-content-flex-start fusion-content-layout-column\"><div class=\"fusion-image-element \" style=\"text-align:center;--awb-margin-top:0px;--awb-margin-right:0px;--awb-margin-bottom:0px;--awb-margin-left:0px;--awb-max-width:2560px;--awb-caption-title-font-family:var(--h2_typography-font-family);--awb-caption-title-font-weight:var(--h2_typography-font-weight);--awb-caption-title-font-style:var(--h2_typography-font-style);--awb-caption-title-size:var(--h2_typography-font-size);--awb-caption-title-transform:var(--h2_typography-text-transform);--awb-caption-title-line-height:var(--h2_typography-line-height);--awb-caption-title-letter-spacing:var(--h2_typography-letter-spacing);\"><span class=\" fusion-imageframe imageframe-none imageframe-1 hover-type-none\"><img decoding=\"async\" width=\"2560\" height=\"607\" alt=\"En Onandia Advocats Barcelona som experts a obtenir indemnitzacions per accidents de treball i incapacitats laborals\" title=\"En Onandia Advocats Barcelona som experts a obtenir indemnitzacions per accidents de treball i incapacitats laborals\" src=\"https:\/\/onandia-abogados.com\/wp-content\/uploads\/2024\/07\/onandia-advocats-de-barcelona-slide-accidents-laborals.jpg\" data-orig-src=\"https:\/\/onandia-abogados.com\/wp-content\/uploads\/2024\/07\/onandia-advocats-de-barcelona-slide-accidents-laborals.jpg\" class=\"lazyload img-responsive wp-image-8978\" srcset=\"data:image\/svg+xml,%3Csvg%20xmlns%3D%27http%3A%2F%2Fwww.w3.org%2F2000%2Fsvg%27%20width%3D%272560%27%20height%3D%27607%27%20viewBox%3D%270%200%202560%20607%27%3E%3Crect%20width%3D%272560%27%20height%3D%27607%27%20fill-opacity%3D%220%22%2F%3E%3C%2Fsvg%3E\" data-srcset=\"https:\/\/onandia-abogados.com\/wp-content\/uploads\/2024\/07\/onandia-advocats-de-barcelona-slide-accidents-laborals-200x47.jpg 200w, https:\/\/onandia-abogados.com\/wp-content\/uploads\/2024\/07\/onandia-advocats-de-barcelona-slide-accidents-laborals-400x95.jpg 400w, https:\/\/onandia-abogados.com\/wp-content\/uploads\/2024\/07\/onandia-advocats-de-barcelona-slide-accidents-laborals-600x142.jpg 600w, https:\/\/onandia-abogados.com\/wp-content\/uploads\/2024\/07\/onandia-advocats-de-barcelona-slide-accidents-laborals-800x190.jpg 800w, https:\/\/onandia-abogados.com\/wp-content\/uploads\/2024\/07\/onandia-advocats-de-barcelona-slide-accidents-laborals-1200x285.jpg 1200w, https:\/\/onandia-abogados.com\/wp-content\/uploads\/2024\/07\/onandia-advocats-de-barcelona-slide-accidents-laborals.jpg 2560w\" data-sizes=\"auto\" data-orig-sizes=\"(max-width: 1024px) 100vw, (max-width: 640px) 100vw, 2560px\" \/><\/span><\/div><\/div><\/div><\/div><\/div><div class=\"fusion-fullwidth fullwidth-box fusion-builder-row-2 fusion-flex-container has-pattern-background has-mask-background nonhundred-percent-fullwidth non-hundred-percent-height-scrolling\" style=\"--awb-border-radius-top-left:0px;--awb-border-radius-top-right:0px;--awb-border-radius-bottom-right:0px;--awb-border-radius-bottom-left:0px;--awb-margin-bottom:60px;--awb-background-color:#314f69;--awb-flex-wrap:wrap;\" ><div class=\"fusion-builder-row fusion-row fusion-flex-align-items-flex-start fusion-flex-content-wrap\" style=\"max-width:1352px;margin-left: calc(-4% \/ 2 );margin-right: calc(-4% \/ 2 );\"><div class=\"fusion-layout-column fusion_builder_column fusion-builder-column-1 fusion_builder_column_1_1 1_1 fusion-flex-column\" style=\"--awb-padding-top:20px;--awb-bg-size:cover;--awb-width-large:100%;--awb-margin-top-large:0px;--awb-spacing-right-large:0px;--awb-margin-bottom-large:0px;--awb-spacing-left-large:0px;--awb-width-medium:100%;--awb-order-medium:0;--awb-spacing-right-medium:1.92%;--awb-spacing-left-medium:1.92%;--awb-width-small:100%;--awb-order-small:0;--awb-spacing-right-small:1.92%;--awb-spacing-left-small:1.92%;\" data-scroll-devices=\"small-visibility,medium-visibility,large-visibility\"><div class=\"fusion-column-wrapper fusion-column-has-shadow fusion-flex-justify-content-flex-start fusion-content-layout-column\"><div class=\"fusion-title title fusion-title-1 fusion-sep-none fusion-title-center fusion-title-text fusion-title-size-one\" style=\"--awb-text-color:var(--awb-color1);--awb-margin-top-small:10px;--awb-margin-right-small:0px;--awb-margin-bottom-small:10px;--awb-margin-left-small:0px;--awb-font-size:23px;\"><h1 class=\"fusion-title-heading title-heading-center\" style=\"margin:0;font-size:1em;\"><span style=\"color: #ffffff;\">Advocats d&#8217;accidents laborals<\/span><\/h1><\/div><\/div><\/div><\/div><\/div><div class=\"fusion-fullwidth fullwidth-box fusion-builder-row-3 fusion-flex-container nonhundred-percent-fullwidth non-hundred-percent-height-scrolling\" style=\"--awb-border-radius-top-left:0px;--awb-border-radius-top-right:0px;--awb-border-radius-bottom-right:0px;--awb-border-radius-bottom-left:0px;--awb-flex-wrap:wrap;\" ><div class=\"fusion-builder-row fusion-row fusion-flex-align-items-flex-start fusion-flex-content-wrap\" style=\"max-width:1352px;margin-left: calc(-4% \/ 2 );margin-right: calc(-4% \/ 2 );\"><div class=\"fusion-layout-column fusion_builder_column fusion-builder-column-2 fusion_builder_column_2_3 2_3 fusion-flex-column\" style=\"--awb-bg-size:cover;--awb-width-large:66.666666666667%;--awb-margin-top-large:0px;--awb-spacing-right-large:2.88%;--awb-margin-bottom-large:20px;--awb-spacing-left-large:2.88%;--awb-width-medium:100%;--awb-spacing-right-medium:1.92%;--awb-spacing-left-medium:1.92%;--awb-width-small:100%;--awb-spacing-right-small:1.92%;--awb-spacing-left-small:1.92%;\"><div class=\"fusion-column-wrapper fusion-flex-justify-content-flex-start fusion-content-layout-column\"><div class=\"fusion-title title fusion-title-2 fusion-sep-none fusion-title-text fusion-title-size-two\" style=\"--awb-margin-top-small:10px;--awb-margin-right-small:0px;--awb-margin-bottom-small:10px;--awb-margin-left-small:0px;\"><h2 class=\"fusion-title-heading title-heading-left\" style=\"margin:0;\">T&#8217;assegurem la m\u00e0xima indemnitzaci\u00f3 per accident laboral<\/h2><\/div><div class=\"fusion-text fusion-text-1\"><p>A\u00a0<a title=\"home web onandia advocats\" href=\"https:\/\/onandia-advocats.cat\/\"><b>Onandia Advocats de Barcelona<\/b><\/a>\u00a0tenim una dilatada experi\u00e8ncia en la reclamaci\u00f3 d\u2019<b>indemnitzaci\u00f3<\/b>\u00a0<b>per accident de treball<\/b>\u00a0i en la possible\u00a0<b>incapacitat laboral<\/b>.<\/p>\n<p>Les persones que han tingut un accident laboral acudeixen al nostre despatx per assessorar-se, sense comprom\u00eds, sobre si ha existit responsabilitat de l\u2019empresa per falta de mesures de seguretat laboral i per avaluar la possibilitat d\u2019iniciar un expedient d\u2019invalidesa.<\/p>\n<p>Segons Ram\u00f3n Onandia, \u201cassessorar al treballador que ha sofert un accident laboral requereix un tracte molt hum\u00e0, m\u00e9s encara en casos que tenen com a conseq\u00fc\u00e8ncia alguna minusvalidesa o incapacitat. Amb nosaltres estar\u00e0s a gust en tot moment i, per descomptat, t\u2019ajudem a aconseguir la millor indemnitzaci\u00f3\u201d.<\/p>\n<\/div><div class=\"fusion-title title fusion-title-3 fusion-sep-none fusion-title-text fusion-title-size-two\" style=\"--awb-margin-top-small:10px;--awb-margin-right-small:0px;--awb-margin-bottom-small:10px;--awb-margin-left-small:0px;\"><h2 class=\"fusion-title-heading title-heading-left\" style=\"margin:0;\">Equip d&#8217;experts per a valorar els danys<\/h2><\/div><div class=\"fusion-text fusion-text-2\"><p>Disposem dels professionals necessaris per valorar tots els aspectes de l\u2019accident de treball i les seves conseq\u00fc\u00e8ncies: perits m\u00e8dics que avaluen les lesions patides, perits especialistes en la reconstrucci\u00f3 de l\u2019accident, t\u00e8cnics en la prevenci\u00f3 de riscos laborals, economistes experts en el c\u00e0lcul de tots els perjudicis econ\u00f2mics i de la indemnitzaci\u00f3 per accident de treball\u2026<\/p>\n<\/div><div class=\"fusion-text fusion-text-3 awb-text-cols fusion-text-columns-2\" style=\"--awb-columns:2;--awb-column-spacing:2em;--awb-column-min-width:100px;\"><div id=\"pointer\" class=\"col-md-6 col-xs-12\">\n<div class=\"cnt\">Et garantim la<\/div>\n<div class=\"cnt groc\">m\u00e0xima indemnitzaci\u00f3<\/div>\n<\/div>\n<div id=\"pointer\" class=\"col-md-6 col-xs-12\">\n<div class=\"cnt\">Contactar amb nosaltres<\/div>\n<div class=\"cnt groc\">no et costar\u00e0 res<\/div>\n<\/div>\n<div id=\"pointer\" class=\"col-md-6 col-xs-12\">\n<div class=\"cnt\">Nom\u00e9s pagar\u00e0s<\/div>\n<div class=\"cnt groc\">si reps una indemnitzaci\u00f3<\/div>\n<\/div>\n<div id=\"pointer\" class=\"col-md-6 col-xs-12\">\n<div class=\"cnt\">Tindr\u00e0s un<\/div>\n<div class=\"cnt groc\">tracte personal<\/div>\n<\/div>\n<div class=\"pb-50\"><\/div>\n<\/div><div class=\"fusion-text fusion-text-4 sombra-pie-interno\"><div class=\"fusion-one-sixth fusion-layout-column fusion-spacing-yes\" style=\"margin-top: 0px; margin-bottom: 20px;\">\n<div class=\"fusion-column-wrapper\">\n<p><img decoding=\"async\" class=\"lazyload size-full wp-image-5167 aligncenter\" src=\"data:image\/svg+xml,%3Csvg%20xmlns%3D%27http%3A%2F%2Fwww.w3.org%2F2000%2Fsvg%27%20width%3D%2741%27%20height%3D%2745%27%20viewBox%3D%270%200%2041%2045%27%3E%3Crect%20width%3D%2741%27%20height%3D%2745%27%20fill-opacity%3D%220%22%2F%3E%3C%2Fsvg%3E\" data-orig-src=\"https:\/\/onandia-abogados.com\/wp-content\/uploads\/2023\/05\/picto-mano.png\" alt=\"Picto Mano\" width=\"41\" height=\"45\" \/><\/p>\n<\/div>\n<\/div>\n<div class=\"fusion-five-sixth fusion-layout-column fusion-column-last fusion-spacing-yes\" style=\"margin-top: 20px; margin-bottom: 20px;\">\n<div class=\"fusion-column-wrapper\">\n<p class=\"tit-amarillo\">Et recomanem<\/p>\n<p>Que abans d\u2019acceptar qualsevol tipus d\u2019indemnitzaci\u00f3 per accident que t\u2019ofereixin les companyies d\u2019assegurances o la part contr\u00e0ria:<br class=\"vacio\" \/><br class=\"vacio\" \/><strong class=\"tit-amarillo\">1.<\/strong>\u00a0No signis cap document.<br \/>\n<strong class=\"tit-amarillo\">2.<\/strong>\u00a0Consultis amb el teu advocat, ja que la quantitat molt possiblement sigui inferior a la que podries rebre.<\/p>\n<div class=\"fusion-clearfix\"><\/div>\n<\/div>\n<\/div>\n<\/div><\/div><\/div><div class=\"fusion-layout-column fusion_builder_column fusion-builder-column-3 fusion_builder_column_1_3 1_3 fusion-flex-column nueva-columna-derecha\" style=\"--awb-bg-size:cover;--awb-width-large:33.333333333333%;--awb-margin-top-large:0px;--awb-spacing-right-large:5.76%;--awb-margin-bottom-large:20px;--awb-spacing-left-large:5.76%;--awb-width-medium:100%;--awb-order-medium:0;--awb-spacing-right-medium:1.92%;--awb-spacing-left-medium:1.92%;--awb-width-small:100%;--awb-order-small:0;--awb-spacing-right-small:1.92%;--awb-spacing-left-small:1.92%;\" data-scroll-devices=\"small-visibility,medium-visibility,large-visibility\"><div class=\"fusion-column-wrapper fusion-column-has-shadow fusion-flex-justify-content-flex-start fusion-content-layout-column\"><div class=\"fusion-image-element \" style=\"text-align:center;--awb-margin-bottom:20px;--awb-max-width:250px;--awb-caption-title-font-family:var(--h2_typography-font-family);--awb-caption-title-font-weight:var(--h2_typography-font-weight);--awb-caption-title-font-style:var(--h2_typography-font-style);--awb-caption-title-size:var(--h2_typography-font-size);--awb-caption-title-transform:var(--h2_typography-text-transform);--awb-caption-title-line-height:var(--h2_typography-line-height);--awb-caption-title-letter-spacing:var(--h2_typography-letter-spacing);\"><span class=\" fusion-imageframe imageframe-none imageframe-2 hover-type-none\"><img decoding=\"async\" width=\"600\" height=\"600\" title=\"CTA-solo-cobramos-si-tu-cobras_CAT\" src=\"https:\/\/onandia-abogados.com\/wp-content\/uploads\/2025\/12\/CTA-solo-cobramos-si-tu-cobras_CAT.png\" data-orig-src=\"https:\/\/onandia-abogados.com\/wp-content\/uploads\/2025\/12\/CTA-solo-cobramos-si-tu-cobras_CAT.png\" alt class=\"lazyload img-responsive wp-image-109715\" srcset=\"data:image\/svg+xml,%3Csvg%20xmlns%3D%27http%3A%2F%2Fwww.w3.org%2F2000%2Fsvg%27%20width%3D%27600%27%20height%3D%27600%27%20viewBox%3D%270%200%20600%20600%27%3E%3Crect%20width%3D%27600%27%20height%3D%27600%27%20fill-opacity%3D%220%22%2F%3E%3C%2Fsvg%3E\" data-srcset=\"https:\/\/onandia-abogados.com\/wp-content\/uploads\/2025\/12\/CTA-solo-cobramos-si-tu-cobras_CAT-200x200.png 200w, https:\/\/onandia-abogados.com\/wp-content\/uploads\/2025\/12\/CTA-solo-cobramos-si-tu-cobras_CAT-400x400.png 400w, https:\/\/onandia-abogados.com\/wp-content\/uploads\/2025\/12\/CTA-solo-cobramos-si-tu-cobras_CAT.png 600w\" data-sizes=\"auto\" data-orig-sizes=\"(max-width: 1024px) 100vw, (max-width: 640px) 100vw, 400px\" \/><\/span><\/div><div class=\"fusion-builder-row fusion-builder-row-inner fusion-row fusion-flex-align-items-flex-start fusion-flex-content-wrap\" style=\"--awb-flex-grow:0;--awb-flex-grow-medium:0;--awb-flex-grow-small:0;--awb-flex-shrink:0;--awb-flex-shrink-medium:0;--awb-flex-shrink-small:0;width:104% !important;max-width:104% !important;margin-left: calc(-4% \/ 2 );margin-right: calc(-4% \/ 2 );\"><div class=\"fusion-layout-column fusion_builder_column_inner fusion-builder-nested-column-0 fusion_builder_column_inner_2_3 2_3 fusion-flex-column\" style=\"--awb-bg-size:cover;--awb-width-large:66.666666666667%;--awb-margin-top-large:0px;--awb-spacing-right-large:2.88%;--awb-margin-bottom-large:20px;--awb-spacing-left-large:2.88%;--awb-width-medium:100%;--awb-order-medium:0;--awb-spacing-right-medium:1.92%;--awb-spacing-left-medium:1.92%;--awb-width-small:100%;--awb-order-small:0;--awb-spacing-right-small:1.92%;--awb-spacing-left-small:1.92%;\" data-scroll-devices=\"small-visibility,medium-visibility,large-visibility\"><div class=\"fusion-column-wrapper fusion-column-has-shadow fusion-flex-justify-content-flex-start fusion-content-layout-column\"><div class=\"fusion-text fusion-text-5\" style=\"--awb-font-size:30px;--awb-text-color:#ffffff;--awb-margin-left:15px;--awb-text-font-family:&quot;Open Sans&quot;;--awb-text-font-style:normal;--awb-text-font-weight:700;\"><p style=\"text-align: right;\">Et truquem<\/p>\n<\/div><\/div><\/div><div class=\"fusion-layout-column fusion_builder_column_inner fusion-builder-nested-column-1 fusion_builder_column_inner_1_3 1_3 fusion-flex-column\" style=\"--awb-bg-size:cover;--awb-width-large:33.333333333333%;--awb-margin-top-large:0px;--awb-spacing-right-large:5.76%;--awb-margin-bottom-large:20px;--awb-spacing-left-large:5.76%;--awb-width-medium:100%;--awb-order-medium:0;--awb-spacing-right-medium:1.92%;--awb-spacing-left-medium:1.92%;--awb-width-small:100%;--awb-order-small:0;--awb-spacing-right-small:1.92%;--awb-spacing-left-small:1.92%;\"><div class=\"fusion-column-wrapper fusion-column-has-shadow fusion-flex-justify-content-flex-start fusion-content-layout-column\"><div class=\"fusion-image-element \" style=\"text-align:right;--awb-caption-title-font-family:var(--h2_typography-font-family);--awb-caption-title-font-weight:var(--h2_typography-font-weight);--awb-caption-title-font-style:var(--h2_typography-font-style);--awb-caption-title-size:var(--h2_typography-font-size);--awb-caption-title-transform:var(--h2_typography-text-transform);--awb-caption-title-line-height:var(--h2_typography-line-height);--awb-caption-title-letter-spacing:var(--h2_typography-letter-spacing);\"><span class=\" fusion-imageframe imageframe-none imageframe-3 hover-type-none\"><img decoding=\"async\" width=\"133\" height=\"119\" alt=\"Truca ara\" title=\"Truca ara\" src=\"data:image\/svg+xml,%3Csvg%20xmlns%3D%27http%3A%2F%2Fwww.w3.org%2F2000%2Fsvg%27%20width%3D%27133%27%20height%3D%27119%27%20viewBox%3D%270%200%20133%20119%27%3E%3Crect%20width%3D%27133%27%20height%3D%27119%27%20fill-opacity%3D%220%22%2F%3E%3C%2Fsvg%3E\" data-orig-src=\"https:\/\/onandia-abogados.com\/wp-content\/uploads\/2024\/06\/truca.png\" class=\"lazyload img-responsive wp-image-7676\"\/><\/span><\/div><\/div><\/div><div class=\"fusion-layout-column fusion_builder_column_inner fusion-builder-nested-column-2 fusion_builder_column_inner_1_1 1_1 fusion-flex-column\" style=\"--awb-bg-size:cover;--awb-width-large:100%;--awb-margin-top-large:0px;--awb-spacing-right-large:1.92%;--awb-margin-bottom-large:20px;--awb-spacing-left-large:1.92%;--awb-width-medium:100%;--awb-order-medium:0;--awb-spacing-right-medium:1.92%;--awb-spacing-left-medium:1.92%;--awb-width-small:100%;--awb-order-small:0;--awb-spacing-right-small:1.92%;--awb-spacing-left-small:1.92%;\"><div class=\"fusion-column-wrapper fusion-column-has-shadow fusion-flex-justify-content-flex-start fusion-content-layout-column\">\n<div class=\"wpcf7 no-js\" id=\"wpcf7-f7877-o1\" lang=\"es-ES\" dir=\"ltr\" data-wpcf7-id=\"7877\">\n<div class=\"screen-reader-response\"><p role=\"status\" aria-live=\"polite\" aria-atomic=\"true\"><\/p> <ul><\/ul><\/div>\n<form action=\"\/ca\/wp-json\/wp\/v2\/pages\/7077#wpcf7-f7877-o1\" method=\"post\" class=\"wpcf7-form init\" aria-label=\"Formulario de contacto\" novalidate=\"novalidate\" data-status=\"init\">\n<fieldset class=\"hidden-fields-container\"><input type=\"hidden\" name=\"_wpcf7\" value=\"7877\" \/><input type=\"hidden\" name=\"_wpcf7_version\" value=\"6.1.5\" \/><input type=\"hidden\" name=\"_wpcf7_locale\" value=\"es_ES\" \/><input type=\"hidden\" name=\"_wpcf7_unit_tag\" value=\"wpcf7-f7877-o1\" \/><input type=\"hidden\" name=\"_wpcf7_container_post\" value=\"0\" \/><input type=\"hidden\" name=\"_wpcf7_posted_data_hash\" value=\"\" \/><input type=\"hidden\" name=\"_wpcf7_recaptcha_response\" value=\"\" \/>\n<\/fieldset>\n<div class=\"col-md-12\" class=\"fondo-form-2-home\">\n\t<p><span class=\"wpcf7-form-control-wrap\" data-name=\"your-name\"><input size=\"40\" maxlength=\"400\" class=\"wpcf7-form-control wpcf7-text wpcf7-validates-as-required\" aria-required=\"true\" aria-invalid=\"false\" placeholder=\"Nom*\" value=\"\" type=\"text\" name=\"your-name\" \/><\/span>\n\t<\/p>\n<\/div>\n<div class=\"col-md-12\" class=\"fondo-form-2-home\">\n\t<p><span class=\"wpcf7-form-control-wrap\" data-name=\"telefono\"><input size=\"40\" maxlength=\"400\" class=\"wpcf7-form-control wpcf7-tel wpcf7-validates-as-required wpcf7-text wpcf7-validates-as-tel\" aria-required=\"true\" aria-invalid=\"false\" placeholder=\"Tel\u00e8fon*\" value=\"\" type=\"tel\" name=\"telefono\" \/><\/span>\n\t<\/p>\n<\/div>\n<div class=\"col-md-12\" class=\"fondo-form-2-home\">\n\t<p><span class=\"wpcf7-form-control-wrap\" data-name=\"your-email\"><input size=\"40\" maxlength=\"400\" class=\"wpcf7-form-control wpcf7-email wpcf7-validates-as-required wpcf7-text wpcf7-validates-as-email\" aria-required=\"true\" aria-invalid=\"false\" placeholder=\"Email*\" value=\"\" type=\"email\" name=\"your-email\" \/><\/span>\n\t<\/p>\n<\/div>\n<div class=\"col-md-12\" style=\"margin:auto auto; text-align:left;\">\n\t<div class=\"col-md-12\" style=\"font-size: 9px; line-height: 110%; color:#fff; text-align:justify; padding: 0px; height: 60px; overflow: scroll; overflow-x:hidden; border:1px solid white; padding: 5px;\">\n\t\t<p>En compliment de la normativa vigent de Protecci\u00f3 de Dades de Car\u00e0cter Personal, li comuniquem que les dades recollides en el present formulari quedaran incorporats i seran tractats en el fitxer denominat Usuaris Web sota la responsabilitat de RAM\u00d3N ONANDIA ALSIUS amb la finalitat de poder prestar els seus serveis, aix\u00ed com per a mantenir-me informat sobre q\u00fcestions relatives a l'activitat de l'empresa.<br \/>\nL'informem que les dades que ens faciliti seran tractats de forma lleial, transparent, adequada, pertinent, limitada, exacta i actualitzada i no es comunicaran o cediran a tercers, exceptuant que aquesta comunicaci\u00f3 sigui necess\u00e0ria o pugui suposar una millora per a la finalitat d'aquests, sempre concorde a la normativa vigent en mat\u00e8ria de protecci\u00f3 de dades, Reglament General de Protecci\u00f3 de Dades.<br \/>\nEn el cas que es produeixin canvis en algunes de les dades facilitades, amb la finalitat de mantenir el nostre fitxer actualitzat, li preguem, ens el comuniqui per escrit.<br \/>\nL'informem de la possibilitat que t\u00e9 d'exercir els drets d'acc\u00e9s, rectificaci\u00f3, supressi\u00f3, oposici\u00f3, limitaci\u00f3 del tractament i portabilitat de les seves dades de car\u00e0cter personal de forma presencial en les oficines de RAM\u00d3N ONANDIA ALSIUS, acompanyant c\u00f2pia de DNI, o b\u00e9 mitjan\u00e7ant correu postal a RAMBLA CATALUNYA 87 2n D de BARCELONA, 08008 BARCELONA, o correu electr\u00f2nic roa@onandia.com.\n\t\t<\/p>\n\t<\/div>\n<\/div>\n<div class=\"col-md-12 politicas\" style=\"margin-bottom:0px;padding-bottom: 3px; padding-top: 3px; font-size: 12px;color:white;\">\n\t<p><span class=\"wpcf7-form-control-wrap\" data-name=\"politicas\"><span class=\"wpcf7-form-control wpcf7-acceptance\"><span class=\"wpcf7-list-item\"><input type=\"checkbox\" name=\"politicas\" value=\"1\" aria-invalid=\"false\" \/><\/span><\/span><\/span>He llegit i accepto la <a href=\"\/ca\/politica-de-privacitat\/\" target=\"_blank\" style=\"color:#FFF;\">pol\u00edtica de privacitat<\/a>\n\t<\/p>\n<\/div>\n<div class=\"col-md-12\" class=\"fondo-form-2-home\" style=\"padding-top: 15px; text-align: right;\">\n\t<p><input class=\"wpcf7-form-control wpcf7-submit has-spinner form_2_enviar\" type=\"submit\" value=\"Enviar\" \/>\n\t<\/p>\n<\/div><div class=\"fusion-alert alert custom alert-custom fusion-alert-center wpcf7-response-output awb-alert-native-link-color alert-dismissable awb-alert-close-boxed\" style=\"--awb-border-size:1px;--awb-border-top-left-radius:0px;--awb-border-top-right-radius:0px;--awb-border-bottom-left-radius:0px;--awb-border-bottom-right-radius:0px;\" role=\"alert\"><div class=\"fusion-alert-content-wrapper\"><span class=\"fusion-alert-content\"><\/span><\/div><button type=\"button\" class=\"close toggle-alert\" data-dismiss=\"alert\" aria-label=\"Close\">&times;<\/button><\/div>\n<\/form>\n<\/div>\n<\/div><\/div><\/div><div class=\"fusion-builder-row fusion-builder-row-inner fusion-row fusion-flex-align-items-flex-start fusion-flex-content-wrap\" style=\"--awb-flex-grow:0;--awb-flex-grow-medium:0;--awb-flex-grow-small:0;--awb-flex-shrink:0;--awb-flex-shrink-medium:0;--awb-flex-shrink-small:0;width:104% !important;max-width:104% !important;margin-left: calc(-4% \/ 2 );margin-right: calc(-4% \/ 2 );\"><div class=\"fusion-layout-column fusion_builder_column_inner fusion-builder-nested-column-3 fusion_builder_column_inner_2_3 2_3 fusion-flex-column\" style=\"--awb-bg-size:cover;--awb-width-large:66.666666666667%;--awb-margin-top-large:0px;--awb-spacing-right-large:2.88%;--awb-margin-bottom-large:20px;--awb-spacing-left-large:2.88%;--awb-width-medium:100%;--awb-order-medium:0;--awb-spacing-right-medium:1.92%;--awb-spacing-left-medium:1.92%;--awb-width-small:100%;--awb-order-small:0;--awb-spacing-right-small:1.92%;--awb-spacing-left-small:1.92%;\"><div class=\"fusion-column-wrapper fusion-column-has-shadow fusion-flex-justify-content-flex-start fusion-content-layout-column\"><div class=\"fusion-text fusion-text-6\" style=\"--awb-font-size:30px;--awb-text-color:#fff5f5;--awb-margin-left:15px;--awb-text-font-family:&quot;Open Sans&quot;;--awb-text-font-style:normal;--awb-text-font-weight:400;\"><p style=\"text-align: right;\">Has tingut<br \/>\nun accident de tr\u00e0nsit o laboral?<\/p>\n<\/div><\/div><\/div><div class=\"fusion-layout-column fusion_builder_column_inner fusion-builder-nested-column-4 fusion_builder_column_inner_1_3 1_3 fusion-flex-column\" style=\"--awb-bg-size:cover;--awb-width-large:33.333333333333%;--awb-margin-top-large:0px;--awb-spacing-right-large:5.76%;--awb-margin-bottom-large:20px;--awb-spacing-left-large:5.76%;--awb-width-medium:100%;--awb-order-medium:0;--awb-spacing-right-medium:1.92%;--awb-spacing-left-medium:1.92%;--awb-width-small:100%;--awb-order-small:0;--awb-spacing-right-small:1.92%;--awb-spacing-left-small:1.92%;\"><div class=\"fusion-column-wrapper fusion-column-has-shadow fusion-flex-justify-content-flex-start fusion-content-layout-column\"><div class=\"fusion-image-element \" style=\"--awb-caption-title-font-family:var(--h2_typography-font-family);--awb-caption-title-font-weight:var(--h2_typography-font-weight);--awb-caption-title-font-style:var(--h2_typography-font-style);--awb-caption-title-size:var(--h2_typography-font-size);--awb-caption-title-transform:var(--h2_typography-text-transform);--awb-caption-title-line-height:var(--h2_typography-line-height);--awb-caption-title-letter-spacing:var(--h2_typography-letter-spacing);\"><span class=\" fusion-imageframe imageframe-none imageframe-4 hover-type-none\"><img decoding=\"async\" width=\"133\" height=\"119\" alt=\"Picto informaci\u00f3\" title=\"Picto informaci\u00f3\" src=\"data:image\/svg+xml,%3Csvg%20xmlns%3D%27http%3A%2F%2Fwww.w3.org%2F2000%2Fsvg%27%20width%3D%27133%27%20height%3D%27119%27%20viewBox%3D%270%200%20133%20119%27%3E%3Crect%20width%3D%27133%27%20height%3D%27119%27%20fill-opacity%3D%220%22%2F%3E%3C%2Fsvg%3E\" data-orig-src=\"https:\/\/onandia-abogados.com\/wp-content\/uploads\/2024\/06\/informacio.png\" class=\"lazyload img-responsive wp-image-7679\"\/><\/span><\/div><\/div><\/div><div class=\"fusion-layout-column fusion_builder_column_inner fusion-builder-nested-column-5 fusion_builder_column_inner_1_1 1_1 fusion-flex-column\" style=\"--awb-bg-size:cover;--awb-width-large:100%;--awb-margin-top-large:0px;--awb-spacing-right-large:1.92%;--awb-margin-bottom-large:20px;--awb-spacing-left-large:1.92%;--awb-width-medium:100%;--awb-order-medium:0;--awb-spacing-right-medium:1.92%;--awb-spacing-left-medium:1.92%;--awb-width-small:100%;--awb-order-small:0;--awb-spacing-right-small:1.92%;--awb-spacing-left-small:1.92%;\"><div class=\"fusion-column-wrapper fusion-column-has-shadow fusion-flex-justify-content-flex-start fusion-content-layout-column\"><div class=\"fusion-text fusion-text-7\" style=\"--awb-text-color:#ffffff;\"><p style=\"text-align: center; font-weight: 600; font-size: 28px;\">T\u2019informem GRATIS<\/p>\n<p style=\"text-align: center; font-weight: 600; font-size: 50px;\"><span style=\"color: #ffffff;\"><a id=\"link-columna-derecha-segundo-bloque\" style=\"color: #ffffff;\" href=\"tel:+34934881125\">934 881 125<\/a><\/span><\/p>\n<p style=\"text-align: center; font-size: 20px;\">De 9 a 20h de dilluns a divendres<\/p>\n<\/div><\/div><\/div><\/div><div class=\"fusion-builder-row fusion-builder-row-inner fusion-row fusion-flex-align-items-flex-start fusion-flex-content-wrap\" style=\"--awb-flex-grow:0;--awb-flex-grow-medium:0;--awb-flex-grow-small:0;--awb-flex-shrink:0;--awb-flex-shrink-medium:0;--awb-flex-shrink-small:0;width:104% !important;max-width:104% !important;margin-left: calc(-4% \/ 2 );margin-right: calc(-4% \/ 2 );\"><div class=\"fusion-layout-column fusion_builder_column_inner fusion-builder-nested-column-6 fusion_builder_column_inner_2_3 2_3 fusion-flex-column\" style=\"--awb-bg-size:cover;--awb-width-large:66.666666666667%;--awb-margin-top-large:0px;--awb-spacing-right-large:2.88%;--awb-margin-bottom-large:20px;--awb-spacing-left-large:2.88%;--awb-width-medium:100%;--awb-order-medium:0;--awb-spacing-right-medium:1.92%;--awb-spacing-left-medium:1.92%;--awb-width-small:100%;--awb-order-small:0;--awb-spacing-right-small:1.92%;--awb-spacing-left-small:1.92%;\"><div class=\"fusion-column-wrapper fusion-column-has-shadow fusion-flex-justify-content-flex-start fusion-content-layout-column\"><div class=\"fusion-text fusion-text-8\" style=\"--awb-font-size:30px;--awb-line-height:30px;--awb-text-color:#ffffff;--awb-margin-left:15px;--awb-text-font-family:&quot;Open Sans&quot;;--awb-text-font-style:normal;--awb-text-font-weight:700;\"><p style=\"text-align: right;\">Fes la teva<br \/>\nreclamaci\u00f3<br \/>\nd\u2019accident<br \/>\nGRATIS<\/p>\n<\/div><\/div><\/div><div class=\"fusion-layout-column fusion_builder_column_inner fusion-builder-nested-column-7 fusion_builder_column_inner_1_3 1_3 fusion-flex-column\" style=\"--awb-bg-size:cover;--awb-width-large:33.333333333333%;--awb-margin-top-large:0px;--awb-spacing-right-large:5.76%;--awb-margin-bottom-large:20px;--awb-spacing-left-large:5.76%;--awb-width-medium:100%;--awb-order-medium:0;--awb-spacing-right-medium:1.92%;--awb-spacing-left-medium:1.92%;--awb-width-small:100%;--awb-order-small:0;--awb-spacing-right-small:1.92%;--awb-spacing-left-small:1.92%;\"><div class=\"fusion-column-wrapper fusion-column-has-shadow fusion-flex-justify-content-flex-start fusion-content-layout-column\"><div class=\"fusion-image-element \" style=\"--awb-caption-title-font-family:var(--h2_typography-font-family);--awb-caption-title-font-weight:var(--h2_typography-font-weight);--awb-caption-title-font-style:var(--h2_typography-font-style);--awb-caption-title-size:var(--h2_typography-font-size);--awb-caption-title-transform:var(--h2_typography-text-transform);--awb-caption-title-line-height:var(--h2_typography-line-height);--awb-caption-title-letter-spacing:var(--h2_typography-letter-spacing);\"><span class=\" fusion-imageframe imageframe-none imageframe-5 hover-type-none\"><img decoding=\"async\" width=\"150\" height=\"150\" title=\"24h\" src=\"data:image\/svg+xml,%3Csvg%20xmlns%3D%27http%3A%2F%2Fwww.w3.org%2F2000%2Fsvg%27%20width%3D%27150%27%20height%3D%27150%27%20viewBox%3D%270%200%20150%20150%27%3E%3Crect%20width%3D%27150%27%20height%3D%27150%27%20fill-opacity%3D%220%22%2F%3E%3C%2Fsvg%3E\" data-orig-src=\"https:\/\/onandia-abogados.com\/wp-content\/uploads\/2024\/06\/24h.png\" alt class=\"lazyload img-responsive wp-image-7684\"\/><\/span><\/div><\/div><\/div><div class=\"fusion-layout-column fusion_builder_column_inner fusion-builder-nested-column-8 fusion_builder_column_inner_1_1 1_1 fusion-flex-column\" style=\"--awb-bg-size:cover;--awb-width-large:100%;--awb-margin-top-large:0px;--awb-spacing-right-large:1.92%;--awb-margin-bottom-large:20px;--awb-spacing-left-large:1.92%;--awb-width-medium:100%;--awb-order-medium:0;--awb-spacing-right-medium:1.92%;--awb-spacing-left-medium:1.92%;--awb-width-small:100%;--awb-order-small:0;--awb-spacing-right-small:1.92%;--awb-spacing-left-small:1.92%;\"><div class=\"fusion-column-wrapper fusion-column-has-shadow fusion-flex-justify-content-flex-start fusion-content-layout-column\"><div class=\"fusion-text fusion-text-9\" style=\"--awb-font-size:30px;--awb-line-height:30px;--awb-text-color:#ffffff;--awb-margin-left:15px;--awb-text-font-family:&quot;Open Sans&quot;;--awb-text-font-style:normal;--awb-text-font-weight:400;\"><p>Resposta r\u00e0pida en 24h<\/p>\n<\/div><\/div><\/div><div class=\"fusion-layout-column fusion_builder_column_inner fusion-builder-nested-column-9 fusion_builder_column_inner_1_1 1_1 fusion-flex-column\" style=\"--awb-bg-size:cover;--awb-width-large:100%;--awb-margin-top-large:0px;--awb-spacing-right-large:1.92%;--awb-margin-bottom-large:20px;--awb-spacing-left-large:1.92%;--awb-width-medium:100%;--awb-order-medium:0;--awb-spacing-right-medium:1.92%;--awb-spacing-left-medium:1.92%;--awb-width-small:100%;--awb-order-small:0;--awb-spacing-right-small:1.92%;--awb-spacing-left-small:1.92%;\"><div class=\"fusion-column-wrapper fusion-column-has-shadow fusion-flex-justify-content-flex-start fusion-content-layout-column\">\n<div class=\"wpcf7 no-js\" id=\"wpcf7-f7874-o2\" lang=\"es-ES\" dir=\"ltr\" data-wpcf7-id=\"7874\">\n<div class=\"screen-reader-response\"><p role=\"status\" aria-live=\"polite\" aria-atomic=\"true\"><\/p> <ul><\/ul><\/div>\n<form action=\"\/ca\/wp-json\/wp\/v2\/pages\/7077#wpcf7-f7874-o2\" method=\"post\" class=\"wpcf7-form init\" aria-label=\"Formulario de contacto\" novalidate=\"novalidate\" data-status=\"init\">\n<fieldset class=\"hidden-fields-container\"><input type=\"hidden\" name=\"_wpcf7\" value=\"7874\" \/><input type=\"hidden\" name=\"_wpcf7_version\" value=\"6.1.5\" \/><input type=\"hidden\" name=\"_wpcf7_locale\" value=\"es_ES\" \/><input type=\"hidden\" name=\"_wpcf7_unit_tag\" value=\"wpcf7-f7874-o2\" \/><input type=\"hidden\" name=\"_wpcf7_container_post\" value=\"0\" \/><input type=\"hidden\" name=\"_wpcf7_posted_data_hash\" value=\"\" \/><input type=\"hidden\" name=\"_wpcf7_recaptcha_response\" value=\"\" \/>\n<\/fieldset>\n<div class=\"col-md-12\">\n\t<p><span class=\"wpcf7-form-control-wrap\" data-name=\"your-name\"><input size=\"40\" maxlength=\"400\" class=\"wpcf7-form-control wpcf7-text wpcf7-validates-as-required\" aria-required=\"true\" aria-invalid=\"false\" placeholder=\"Nom*\" value=\"\" type=\"text\" name=\"your-name\" \/><\/span>\n\t<\/p>\n<\/div>\n<div class=\"col-md-12\">\n\t<p><span class=\"wpcf7-form-control-wrap\" data-name=\"telefono\"><input size=\"40\" maxlength=\"400\" class=\"wpcf7-form-control wpcf7-tel wpcf7-validates-as-required wpcf7-text wpcf7-validates-as-tel\" aria-required=\"true\" aria-invalid=\"false\" placeholder=\"Tel\u00e8fon*\" value=\"\" type=\"tel\" name=\"telefono\" \/><\/span>\n\t<\/p>\n<\/div>\n<div class=\"col-md-12\">\n\t<p><span class=\"wpcf7-form-control-wrap\" data-name=\"your-email\"><input size=\"40\" maxlength=\"400\" class=\"wpcf7-form-control wpcf7-email wpcf7-validates-as-required wpcf7-text wpcf7-validates-as-email\" aria-required=\"true\" aria-invalid=\"false\" placeholder=\"E-mail*\" value=\"\" type=\"email\" name=\"your-email\" \/><\/span>\n\t<\/p>\n<\/div>\n<div class=\"col-md-12\">\n\t<p><span class=\"wpcf7-form-control-wrap\" data-name=\"consultas\"><textarea cols=\"40\" rows=\"10\" maxlength=\"2000\" class=\"wpcf7-form-control wpcf7-textarea\" aria-invalid=\"false\" placeholder=\"Quina \u00e9s la teva consulta?\" name=\"consultas\"><\/textarea><\/span>\n\t<\/p>\n<\/div>\n<div class=\"col-md-12\" style=\"margin:10px 0px; text-align:left;\">\n\t<div class=\"col-md-12\" style=\"font-size: 9px; line-height: 110%; color:#fff; text-align:justify; padding: 0px; height: 60px; overflow: scroll; overflow-x:hidden; border:1px solid #314F69; padding: 5px;\">\n\t\t<p>En compliment de la normativa vigent de Protecci\u00f3 de Dades de Car\u00e0cter Personal, li comuniquem que les dades recollides en el present formulari quedaran incorporats i seran tractats en el fitxer denominat Usuaris Web sota la responsabilitat de RAM\u00d3N ONANDIA ALSIUS amb la finalitat de poder prestar els seus serveis, aix\u00ed com per a mantenir-me informat sobre q\u00fcestions relatives a l'activitat de l'empresa.<br \/>\nL'informem que les dades que ens faciliti seran tractats de forma lleial, transparent, adequada, pertinent, limitada, exacta i actualitzada i no es comunicaran o cediran a tercers, exceptuant que aquesta comunicaci\u00f3 sigui necess\u00e0ria o pugui suposar una millora per a la finalitat d'aquests, sempre concorde a la normativa vigent en mat\u00e8ria de protecci\u00f3 de dades, Reglament General de Protecci\u00f3 de Dades.<br \/>\nEn el cas que es produeixin canvis en algunes de les dades facilitades, amb la finalitat de mantenir el nostre fitxer actualitzat, li preguem, ens el comuniqui per escrit.<br \/>\nL'informem de la possibilitat que t\u00e9 d'exercir els drets d'acc\u00e9s, rectificaci\u00f3, supressi\u00f3, oposici\u00f3, limitaci\u00f3 del tractament i portabilitat de les seves dades de car\u00e0cter personal de forma presencial en les oficines de RAM\u00d3N ONANDIA ALSIUS, acompanyant c\u00f2pia de DNI, o b\u00e9 mitjan\u00e7ant correu postal a RAMBLA CATALUNYA 87 2n D de BARCELONA, 08008 BARCELONA, o correu electr\u00f2nic roa@onandia.com.\n\t\t<\/p>\n\t<\/div>\n<\/div>\n<div class=\"col-md-12 politicas\">\n\t<p><span class=\"wpcf7-form-control-wrap\" data-name=\"politicas\"><span class=\"wpcf7-form-control wpcf7-acceptance\"><span class=\"wpcf7-list-item\"><input type=\"checkbox\" name=\"politicas\" value=\"1\" aria-invalid=\"false\" \/><\/span><\/span><\/span> He llegit i accepto <a href=\"\/ca\/politica-de-privacitat\/\" target=\"_blank\" style=\"color:#FFF;\">pol\u00edtica de privacitat<\/a>\n\t<\/p>\n<\/div>\n<div class=\"col-md-12\" style=\"text-align:center;\">\n\n<\/div>\n<div class=\"col-md-12\" style=\"text-align:center; padding-top: 15px; text-align: right;\">\n\t<p><input class=\"wpcf7-form-control wpcf7-submit has-spinner btn-enviar-form\" type=\"submit\" value=\"ENVIAR\" \/>\n\t<\/p>\n<\/div><div class=\"fusion-alert alert custom alert-custom fusion-alert-center wpcf7-response-output awb-alert-native-link-color alert-dismissable awb-alert-close-boxed\" style=\"--awb-border-size:1px;--awb-border-top-left-radius:0px;--awb-border-top-right-radius:0px;--awb-border-bottom-left-radius:0px;--awb-border-bottom-right-radius:0px;\" role=\"alert\"><div class=\"fusion-alert-content-wrapper\"><span class=\"fusion-alert-content\"><\/span><\/div><button type=\"button\" class=\"close toggle-alert\" data-dismiss=\"alert\" aria-label=\"Close\">&times;<\/button><\/div>\n<\/form>\n<\/div>\n\n\n\n\n\n\n\n<\/div><\/div><\/div><\/div><\/div>\n<\/div><\/div><div class=\"fusion-fullwidth fullwidth-box fusion-builder-row-4 fusion-flex-container has-pattern-background has-mask-background nonhundred-percent-fullwidth non-hundred-percent-height-scrolling\" style=\"--awb-border-color:#f4f4f4;--awb-border-radius-top-left:0px;--awb-border-radius-top-right:0px;--awb-border-radius-bottom-right:0px;--awb-border-radius-bottom-left:0px;--awb-background-color:#00a7d8;--awb-flex-wrap:wrap;\" ><div class=\"fusion-builder-row fusion-row fusion-flex-align-items-flex-start fusion-flex-content-wrap\" style=\"max-width:1352px;margin-left: calc(-4% \/ 2 );margin-right: calc(-4% \/ 2 );\"><div class=\"fusion-layout-column fusion_builder_column fusion-builder-column-4 fusion_builder_column_1_1 1_1 fusion-flex-column\" style=\"--awb-padding-top:20px;--awb-bg-size:cover;--awb-width-large:100%;--awb-margin-top-large:20px;--awb-spacing-right-large:1.92%;--awb-margin-bottom-large:20px;--awb-spacing-left-large:1.92%;--awb-width-medium:100%;--awb-order-medium:0;--awb-spacing-right-medium:1.92%;--awb-spacing-left-medium:1.92%;--awb-width-small:100%;--awb-order-small:0;--awb-spacing-right-small:1.92%;--awb-spacing-left-small:1.92%;\" data-scroll-devices=\"small-visibility,medium-visibility,large-visibility\"><div class=\"fusion-column-wrapper fusion-column-has-shadow fusion-flex-justify-content-flex-start fusion-content-layout-column\"><div class=\"fusion-title title fusion-title-4 fusion-sep-none fusion-title-center fusion-title-text fusion-title-size-two\" style=\"--awb-margin-top-small:10px;--awb-margin-right-small:0px;--awb-margin-bottom-small:10px;--awb-margin-left-small:0px;\"><h2 class=\"fusion-title-heading title-heading-center\" style=\"margin:0;\"><h2 style=\"color: #413e3b; text-align: center;\"><span style=\"color: #ffffff;\">Preguntes freq\u00fcents<\/span><\/h2><\/h2><\/div><\/div><\/div><div class=\"fusion-layout-column fusion_builder_column fusion-builder-column-5 fusion_builder_column_1_2 1_2 fusion-flex-column\" style=\"--awb-bg-size:cover;--awb-width-large:50%;--awb-margin-top-large:0px;--awb-spacing-right-large:3.84%;--awb-margin-bottom-large:20px;--awb-spacing-left-large:3.84%;--awb-width-medium:100%;--awb-spacing-right-medium:1.92%;--awb-spacing-left-medium:1.92%;--awb-width-small:100%;--awb-spacing-right-small:1.92%;--awb-spacing-left-small:1.92%;\"><div class=\"fusion-column-wrapper fusion-column-has-shadow fusion-flex-justify-content-flex-start fusion-content-layout-column\"><div class=\"accordian fusion-accordian\" style=\"--awb-border-size:1px;--awb-icon-size:16px;--awb-content-font-size:16px;--awb-icon-alignment:left;--awb-hover-color:#f9f9f9;--awb-border-color:#cccccc;--awb-background-color:#ffffff;--awb-divider-color:#ffffff;--awb-divider-hover-color:#ffffff;--awb-icon-color:#ffffff;--awb-title-color:#585149;--awb-content-color:#585149;--awb-icon-box-color:var(--awb-custom_color_2);--awb-toggle-hover-accent-color:var(--awb-custom_color_1);--awb-title-font-family:&quot;Open Sans&quot;;--awb-title-font-weight:600;--awb-title-font-style:normal;--awb-title-font-size:13px;--awb-content-font-family:&quot;Open Sans&quot;;--awb-content-font-style:normal;--awb-content-font-weight:400;\"><div class=\"panel-group fusion-toggle-icon-boxed\" id=\"accordion-7077-1\"><div class=\"fusion-panel panel-default panel-64ce9daa061c12316 fusion-toggle-has-divider\" style=\"--awb-title-color:#585149;--awb-content-color:#585149;\"><div class=\"panel-heading\"><h4 class=\"panel-title toggle\" id=\"toggle_64ce9daa061c12316\"><a aria-expanded=\"false\" aria-controls=\"64ce9daa061c12316\" role=\"button\" data-toggle=\"collapse\" data-parent=\"#accordion-7077-1\" data-target=\"#64ce9daa061c12316\" href=\"#64ce9daa061c12316\"><span class=\"fusion-toggle-icon-wrapper\" aria-hidden=\"true\"><i class=\"fa-fusion-box active-icon awb-icon-minus\" aria-hidden=\"true\"><\/i><i class=\"fa-fusion-box inactive-icon awb-icon-plus\" aria-hidden=\"true\"><\/i><\/span><span class=\"fusion-toggle-heading\">Qu\u00e8 es considera un accident de treball?<\/span><\/a><\/h4><\/div><div id=\"64ce9daa061c12316\" class=\"panel-collapse collapse \" aria-labelledby=\"toggle_64ce9daa061c12316\"><div class=\"panel-body toggle-content fusion-clearfix\">\n<p>Accident laboral \u00e9s tota lesi\u00f3 corporal que el treballador sofreixi durant la realitzaci\u00f3 de la seva feina.<\/p>\n<\/div><\/div><\/div><div class=\"fusion-panel panel-default panel-5c860e79a5156faa4 fusion-toggle-has-divider\" style=\"--awb-title-color:#585149;--awb-content-color:#585149;\"><div class=\"panel-heading\"><h4 class=\"panel-title toggle\" id=\"toggle_5c860e79a5156faa4\"><a aria-expanded=\"false\" aria-controls=\"5c860e79a5156faa4\" role=\"button\" data-toggle=\"collapse\" data-parent=\"#accordion-7077-1\" data-target=\"#5c860e79a5156faa4\" href=\"#5c860e79a5156faa4\"><span class=\"fusion-toggle-icon-wrapper\" aria-hidden=\"true\"><i class=\"fa-fusion-box active-icon awb-icon-minus\" aria-hidden=\"true\"><\/i><i class=\"fa-fusion-box inactive-icon awb-icon-plus\" aria-hidden=\"true\"><\/i><\/span><span class=\"fusion-toggle-heading\">A qu\u00e8 t\u00e9 dret la persona que ha sofert l'accident?<\/span><\/a><\/h4><\/div><div id=\"5c860e79a5156faa4\" class=\"panel-collapse collapse \" aria-labelledby=\"toggle_5c860e79a5156faa4\"><div class=\"panel-body toggle-content fusion-clearfix\">\n<p>Si has tingut un accident laboral amb lesions tens dret a la corresponent indemnitzaci\u00f3 per danys i perjudicis derivats de l&#8217;accident de treball, sempre que la causa de l&#8217;accident no sigui culpa del treballador accidentat.<\/p>\n<\/div><\/div><\/div><div class=\"fusion-panel panel-default panel-523ed6da6cd51d6bb fusion-toggle-has-divider\" style=\"--awb-title-color:#585149;--awb-content-color:#585149;\"><div class=\"panel-heading\"><h4 class=\"panel-title toggle\" id=\"toggle_523ed6da6cd51d6bb\"><a aria-expanded=\"false\" aria-controls=\"523ed6da6cd51d6bb\" role=\"button\" data-toggle=\"collapse\" data-parent=\"#accordion-7077-1\" data-target=\"#523ed6da6cd51d6bb\" href=\"#523ed6da6cd51d6bb\"><span class=\"fusion-toggle-icon-wrapper\" aria-hidden=\"true\"><i class=\"fa-fusion-box active-icon awb-icon-minus\" aria-hidden=\"true\"><\/i><i class=\"fa-fusion-box inactive-icon awb-icon-plus\" aria-hidden=\"true\"><\/i><\/span><span class=\"fusion-toggle-heading\">Qu\u00e8 succeeix si l'accident laboral \u00e9s culpa de l'accidentat?<\/span><\/a><\/h4><\/div><div id=\"523ed6da6cd51d6bb\" class=\"panel-collapse collapse \" aria-labelledby=\"toggle_523ed6da6cd51d6bb\"><div class=\"panel-body toggle-content fusion-clearfix\">\n<p>En aquest cas l&#8217;accidentat no tindr\u00e0 dret a la indemnitzaci\u00f3 per danys i perjudicis derivats d&#8217;accident de treball.<\/p>\n<\/div><\/div><\/div><div class=\"fusion-panel panel-default panel-19bbc3668db96f7f9 fusion-toggle-has-divider\" style=\"--awb-title-color:#585149;--awb-content-color:#585149;\"><div class=\"panel-heading\"><h4 class=\"panel-title toggle\" id=\"toggle_19bbc3668db96f7f9\"><a aria-expanded=\"false\" aria-controls=\"19bbc3668db96f7f9\" role=\"button\" data-toggle=\"collapse\" data-parent=\"#accordion-7077-1\" data-target=\"#19bbc3668db96f7f9\" href=\"#19bbc3668db96f7f9\"><span class=\"fusion-toggle-icon-wrapper\" aria-hidden=\"true\"><i class=\"fa-fusion-box active-icon awb-icon-minus\" aria-hidden=\"true\"><\/i><i class=\"fa-fusion-box inactive-icon awb-icon-plus\" aria-hidden=\"true\"><\/i><\/span><span class=\"fusion-toggle-heading\">Quan prescriu un accident laboral?<\/span><\/a><\/h4><\/div><div id=\"19bbc3668db96f7f9\" class=\"panel-collapse collapse \" aria-labelledby=\"toggle_19bbc3668db96f7f9\"><div class=\"panel-body toggle-content fusion-clearfix\">\n<p>Per reclamar a l&#8217;empresa la indemnitzaci\u00f3 de danys i perjudicis derivats de l&#8217;accident de treball generalment hi ha un termini d&#8217;un any des que les seq\u00fceles per accident laboral estan estabilitzades.<\/p>\n<\/div><\/div><\/div><\/div><\/div><\/div><\/div><div class=\"fusion-layout-column fusion_builder_column fusion-builder-column-6 fusion_builder_column_1_2 1_2 fusion-flex-column\" style=\"--awb-bg-size:cover;--awb-width-large:50%;--awb-margin-top-large:0px;--awb-spacing-right-large:3.84%;--awb-margin-bottom-large:20px;--awb-spacing-left-large:3.84%;--awb-width-medium:100%;--awb-spacing-right-medium:1.92%;--awb-spacing-left-medium:1.92%;--awb-width-small:100%;--awb-spacing-right-small:1.92%;--awb-spacing-left-small:1.92%;\"><div class=\"fusion-column-wrapper fusion-column-has-shadow fusion-flex-justify-content-flex-start fusion-content-layout-column\"><div class=\"accordian fusion-accordian\" style=\"--awb-border-size:1px;--awb-icon-size:16px;--awb-content-font-size:16px;--awb-icon-alignment:left;--awb-hover-color:#f9f9f9;--awb-border-color:#cccccc;--awb-background-color:#ffffff;--awb-divider-color:#ffffff;--awb-divider-hover-color:#ffffff;--awb-icon-color:#ffffff;--awb-title-color:#585149;--awb-content-color:#585149;--awb-icon-box-color:var(--awb-custom_color_2);--awb-toggle-hover-accent-color:var(--awb-custom_color_1);--awb-title-font-family:&quot;Open Sans&quot;;--awb-title-font-weight:600;--awb-title-font-style:normal;--awb-title-font-size:13px;--awb-content-font-family:&quot;Open Sans&quot;;--awb-content-font-style:normal;--awb-content-font-weight:400;\"><div class=\"panel-group fusion-toggle-icon-boxed\" id=\"accordion-7077-2\"><div class=\"fusion-panel panel-default panel-e651a452607b721ba fusion-toggle-has-divider\" style=\"--awb-title-color:#585149;--awb-content-color:#585149;\"><div class=\"panel-heading\"><h4 class=\"panel-title toggle\" id=\"toggle_e651a452607b721ba\"><a aria-expanded=\"false\" aria-controls=\"e651a452607b721ba\" role=\"button\" data-toggle=\"collapse\" data-parent=\"#accordion-7077-2\" data-target=\"#e651a452607b721ba\" href=\"#e651a452607b721ba\"><span class=\"fusion-toggle-icon-wrapper\" aria-hidden=\"true\"><i class=\"fa-fusion-box active-icon awb-icon-minus\" aria-hidden=\"true\"><\/i><i class=\"fa-fusion-box inactive-icon awb-icon-plus\" aria-hidden=\"true\"><\/i><\/span><span class=\"fusion-toggle-heading\">Es considera accident laboral el trajecte que recorro de casa al treball i viceversa?<\/span><\/a><\/h4><\/div><div id=\"e651a452607b721ba\" class=\"panel-collapse collapse \" aria-labelledby=\"toggle_e651a452607b721ba\"><div class=\"panel-body toggle-content fusion-clearfix\">\n<p>L&#8217;accident \u2018in itinere\u2019 es considera accident de treball si succeeix durant el despla\u00e7ament del treballador des del seu domicili fins al seu lloc de treball, i viceversa; sempre que l&#8217;accident succeeixi en un temps raonable pr\u00f2xim a les hores d&#8217;entrada o sortida del treball i el mitj\u00e0 de transport i el trajecte siguin raonables.<\/p>\n<\/div><\/div><\/div><div class=\"fusion-panel panel-default panel-096099ab615d8f63d fusion-toggle-has-divider\" style=\"--awb-title-color:#585149;--awb-content-color:#585149;\"><div class=\"panel-heading\"><h4 class=\"panel-title toggle\" id=\"toggle_096099ab615d8f63d\"><a aria-expanded=\"false\" aria-controls=\"096099ab615d8f63d\" role=\"button\" data-toggle=\"collapse\" data-parent=\"#accordion-7077-2\" data-target=\"#096099ab615d8f63d\" href=\"#096099ab615d8f63d\"><span class=\"fusion-toggle-icon-wrapper\" aria-hidden=\"true\"><i class=\"fa-fusion-box active-icon awb-icon-minus\" aria-hidden=\"true\"><\/i><i class=\"fa-fusion-box inactive-icon awb-icon-plus\" aria-hidden=\"true\"><\/i><\/span><span class=\"fusion-toggle-heading\">Qu\u00e8 succeeix si l'accidentat estava fent tasques que no eren pr\u00f2pies del treball?<\/span><\/a><\/h4><\/div><div id=\"096099ab615d8f63d\" class=\"panel-collapse collapse \" aria-labelledby=\"toggle_096099ab615d8f63d\"><div class=\"panel-body toggle-content fusion-clearfix\">\n<p>En principi no es considera accident de treball, encara que a causa de la gran varietat de matisos que existeixen t&#8217;aconsellem contactis amb un advocat especialista en accidents laborals per a que t&#8217;assessori.<\/p>\n<\/div><\/div><\/div><div class=\"fusion-panel panel-default panel-cb4e7d2a25fb8c5ee fusion-toggle-has-divider\" style=\"--awb-title-color:#585149;--awb-content-color:#585149;\"><div class=\"panel-heading\"><h4 class=\"panel-title toggle\" id=\"toggle_cb4e7d2a25fb8c5ee\"><a aria-expanded=\"false\" aria-controls=\"cb4e7d2a25fb8c5ee\" role=\"button\" data-toggle=\"collapse\" data-parent=\"#accordion-7077-2\" data-target=\"#cb4e7d2a25fb8c5ee\" href=\"#cb4e7d2a25fb8c5ee\"><span class=\"fusion-toggle-icon-wrapper\" aria-hidden=\"true\"><i class=\"fa-fusion-box active-icon awb-icon-minus\" aria-hidden=\"true\"><\/i><i class=\"fa-fusion-box inactive-icon awb-icon-plus\" aria-hidden=\"true\"><\/i><\/span><span class=\"fusion-toggle-heading\">Els aut\u00f2noms poden tenir accidents laborals?<\/span><\/a><\/h4><\/div><div id=\"cb4e7d2a25fb8c5ee\" class=\"panel-collapse collapse \" aria-labelledby=\"toggle_cb4e7d2a25fb8c5ee\"><div class=\"panel-body toggle-content fusion-clearfix\">\n<p>Si, els treballadors aut\u00f2noms poden tenir accidents laborals igual que els treballadors per compte d&#8217;altri.<\/p>\n<\/div><\/div><\/div><div class=\"fusion-panel panel-default panel-8141b05ca21b49448 fusion-toggle-has-divider\" style=\"--awb-title-color:#585149;--awb-content-color:#585149;\"><div class=\"panel-heading\"><h4 class=\"panel-title toggle\" id=\"toggle_8141b05ca21b49448\"><a aria-expanded=\"false\" aria-controls=\"8141b05ca21b49448\" role=\"button\" data-toggle=\"collapse\" data-parent=\"#accordion-7077-2\" data-target=\"#8141b05ca21b49448\" href=\"#8141b05ca21b49448\"><span class=\"fusion-toggle-icon-wrapper\" aria-hidden=\"true\"><i class=\"fa-fusion-box active-icon awb-icon-minus\" aria-hidden=\"true\"><\/i><i class=\"fa-fusion-box inactive-icon awb-icon-plus\" aria-hidden=\"true\"><\/i><\/span><span class=\"fusion-toggle-heading\">Es considera accident laboral una malaltia generada pel treball realitzat?<\/span><\/a><\/h4><\/div><div id=\"8141b05ca21b49448\" class=\"panel-collapse collapse \" aria-labelledby=\"toggle_8141b05ca21b49448\"><div class=\"panel-body toggle-content fusion-clearfix\">\n<p>Si, sempre que la malaltia generada pel treball realitzat es confirmi mitjan\u00e7ant informes certificats de la sanitat p\u00fablica.<\/p>\n<\/div><\/div><\/div><\/div><\/div><\/div><\/div><div class=\"fusion-layout-column fusion_builder_column fusion-builder-column-7 fusion_builder_column_1_1 1_1 fusion-flex-column\" style=\"--awb-bg-size:cover;--awb-width-large:100%;--awb-margin-top-large:0px;--awb-spacing-right-large:1.92%;--awb-margin-bottom-large:40px;--awb-spacing-left-large:1.92%;--awb-width-medium:100%;--awb-order-medium:0;--awb-spacing-right-medium:1.92%;--awb-spacing-left-medium:1.92%;--awb-width-small:100%;--awb-order-small:0;--awb-spacing-right-small:1.92%;--awb-spacing-left-small:1.92%;\" data-scroll-devices=\"small-visibility,medium-visibility,large-visibility\"><div class=\"fusion-column-wrapper fusion-column-has-shadow fusion-flex-justify-content-flex-start fusion-content-layout-column\"><script type=\"application\/ld+json\">{\"@context\":\"https:\/\/schema.org\",\"@type\":\"FAQPage\",\"mainEntity\":[{\"@type\":\"Question\",\"name\":\"Qu\u00e8 es considera un accident de treball?\",\"acceptedAnswer\":{\"@type\":\"Answer\",\"text\":\"Accident laboral \u00e9s tota lesi\u00f3 corporal que el treballador sofreixi durant la realitzaci\u00f3 de la seva feina.\"}},{\"@type\":\"Question\",\"name\":\"A qu\u00e8 t\u00e9 dret la persona que ha sofert l'accident?\",\"acceptedAnswer\":{\"@type\":\"Answer\",\"text\":\"Si has tingut un accident laboral amb lesions tens dret a la corresponent indemnitzaci\u00f3 per danys i perjudicis derivats de l\u2019accident de treball, sempre que la causa de l\u2019accident no sigui culpa del treballador accidentat.\"}},{\"@type\":\"Question\",\"name\":\"Qu\u00e8 succeeix si l'accident laboral \u00e9s culpa de l'accidentat?\",\"acceptedAnswer\":{\"@type\":\"Answer\",\"text\":\"En aquest cas l\u2019accidentat no tindr\u00e0 dret a la indemnitzaci\u00f3 per danys i perjudicis derivats d\u2019accident de treball.\"}},{\"@type\":\"Question\",\"name\":\"Quan prescriu un accident laboral?\",\"acceptedAnswer\":{\"@type\":\"Answer\",\"text\":\"Per reclamar a l\u2019empresa la indemnitzaci\u00f3 de danys i perjudicis derivats de l\u2019accident de treball generalment hi ha un termini d\u2019un any des que les seq\u00fceles per accident laboral estan estabilitzades.\"}},{\"@type\":\"Question\",\"name\":\"Es considera accident laboral el trajecte que recorro de casa al treball i viceversa?\",\"acceptedAnswer\":{\"@type\":\"Answer\",\"text\":\"L\u2019accident \u2018in itinere\u2019 es considera accident de treball si succeeix durant el despla\u00e7ament del treballador des del seu domicili fins al seu lloc de treball, i viceversa; sempre que l\u2019accident succeeixi en un temps raonable pr\u00f2xim a les hores d\u2019entrada o sortida del treball i el mitj\u00e0 de transport i el trajecte siguin raonables\"}},{\"@type\":\"Question\",\"name\":\"Qu\u00e8 succeeix si l'accidentat estava fent tasques que no eren pr\u00f2pies del treball?\",\"acceptedAnswer\":{\"@type\":\"Answer\",\"text\":\"En principi no es considera accident de treball, encara que a causa de la gran varietat de matisos que existeixen t\u2019aconsellem contactis amb un advocat especialista en accidents laborals per a que t\u2019assessori.\"}},{\"@type\":\"Question\",\"name\":\"Els aut\u00f2noms poden tenir accidents laborals?\",\"acceptedAnswer\":{\"@type\":\"Answer\",\"text\":\"Si, els treballadors aut\u00f2noms poden tenir accidents laborals igual que els treballadors per compte d\u2019altri.\"}},{\"@type\":\"Question\",\"name\":\"Es considera accident laboral una malaltia generada pel treball realitzat?\",\"acceptedAnswer\":{\"@type\":\"Answer\",\"text\":\"Si, sempre que la malaltia generada pel treball realitzat es confirmi mitjan\u00e7ant informes certificats de la sanitat p\u00fablica.\"}}]}<\/script><\/div><\/div><\/div><\/div><\/p>\n","protected":false},"excerpt":{"rendered":"","protected":false},"author":1,"featured_media":0,"parent":0,"menu_order":0,"comment_status":"closed","ping_status":"closed","template":"100-width.php","meta":{"footnotes":""},"class_list":["post-7077","page","type-page","status-publish","hentry"],"yoast_head":"<!-- This site is optimized with the Yoast SEO plugin v27.4 - https:\/\/yoast.com\/product\/yoast-seo-wordpress\/ -->\n<title>\u2705 Advocats Indemnitzaci\u00f3 Accident Laboral i Treball | Onandia<\/title>\n<meta name=\"description\" content=\"Has sofert un accident laboral i necessites assessorament? En Onandia som Advocats experts en indemnitzacions per accidents de treball Consulta&#039;ns!\" \/>\n<meta name=\"robots\" content=\"index, follow, max-snippet:-1, max-image-preview:large, max-video-preview:-1\" \/>\n<link rel=\"canonical\" href=\"https:\/\/onandia-abogados.com\/ca\/accident-de-treball-laboral\/\" \/>\n<meta property=\"og:locale\" content=\"ca_ES\" \/>\n<meta property=\"og:type\" content=\"article\" \/>\n<meta property=\"og:title\" content=\"\u2705 Advocats Indemnitzaci\u00f3 Accident Laboral i Treball | Onandia\" \/>\n<meta property=\"og:description\" content=\"Has sofert un accident laboral i necessites assessorament? En Onandia som Advocats experts en indemnitzacions per accidents de treball Consulta&#039;ns!\" \/>\n<meta property=\"og:url\" content=\"https:\/\/onandia-abogados.com\/ca\/accident-de-treball-laboral\/\" \/>\n<meta property=\"og:site_name\" content=\"\u2705 Abogados especialistas en Accidentes Barcelona | Onandia\" \/>\n<meta property=\"og:image\" content=\"https:\/\/onandia-abogados.com\/wp-content\/uploads\/2023\/05\/picto-mano.png\" \/>\n<script type=\"application\/ld+json\" class=\"yoast-schema-graph\">{\"@context\":\"https:\\\/\\\/schema.org\",\"@graph\":[{\"@type\":\"WebPage\",\"@id\":\"https:\\\/\\\/onandia-abogados.com\\\/ca\\\/accident-de-treball-laboral\\\/\",\"url\":\"https:\\\/\\\/onandia-abogados.com\\\/ca\\\/accident-de-treball-laboral\\\/\",\"name\":\"\u2705 Advocats Indemnitzaci\u00f3 Accident Laboral i Treball | Onandia\",\"isPartOf\":{\"@id\":\"https:\\\/\\\/onandia-abogados.com\\\/ca\\\/#website\"},\"primaryImageOfPage\":{\"@id\":\"https:\\\/\\\/onandia-abogados.com\\\/ca\\\/accident-de-treball-laboral\\\/#primaryimage\"},\"image\":{\"@id\":\"https:\\\/\\\/onandia-abogados.com\\\/ca\\\/accident-de-treball-laboral\\\/#primaryimage\"},\"thumbnailUrl\":\"https:\\\/\\\/onandia-abogados.com\\\/wp-content\\\/uploads\\\/2023\\\/05\\\/picto-mano.png\",\"description\":\"Has sofert un accident laboral i necessites assessorament? En Onandia som Advocats experts en indemnitzacions per accidents de treball Consulta'ns!\",\"breadcrumb\":{\"@id\":\"https:\\\/\\\/onandia-abogados.com\\\/ca\\\/accident-de-treball-laboral\\\/#breadcrumb\"},\"inLanguage\":\"ca\",\"potentialAction\":[{\"@type\":\"ReadAction\",\"target\":[\"https:\\\/\\\/onandia-abogados.com\\\/ca\\\/accident-de-treball-laboral\\\/\"]}]},{\"@type\":\"ImageObject\",\"inLanguage\":\"ca\",\"@id\":\"https:\\\/\\\/onandia-abogados.com\\\/ca\\\/accident-de-treball-laboral\\\/#primaryimage\",\"url\":\"https:\\\/\\\/onandia-abogados.com\\\/wp-content\\\/uploads\\\/2023\\\/05\\\/picto-mano.png\",\"contentUrl\":\"https:\\\/\\\/onandia-abogados.com\\\/wp-content\\\/uploads\\\/2023\\\/05\\\/picto-mano.png\"},{\"@type\":\"BreadcrumbList\",\"@id\":\"https:\\\/\\\/onandia-abogados.com\\\/ca\\\/accident-de-treball-laboral\\\/#breadcrumb\",\"itemListElement\":[{\"@type\":\"ListItem\",\"position\":1,\"name\":\"Portada\",\"item\":\"https:\\\/\\\/onandia-abogados.com\\\/ca\\\/\"},{\"@type\":\"ListItem\",\"position\":2,\"name\":\"Accidents Laborals\"}]},{\"@type\":\"WebSite\",\"@id\":\"https:\\\/\\\/onandia-abogados.com\\\/ca\\\/#website\",\"url\":\"https:\\\/\\\/onandia-abogados.com\\\/ca\\\/\",\"name\":\"Abogados Onandia Barcelona\",\"description\":\"Advocats especialistes en accidents de tr\u00e0nsit\",\"publisher\":{\"@id\":\"https:\\\/\\\/onandia-abogados.com\\\/ca\\\/#organization\"},\"potentialAction\":[{\"@type\":\"SearchAction\",\"target\":{\"@type\":\"EntryPoint\",\"urlTemplate\":\"https:\\\/\\\/onandia-abogados.com\\\/ca\\\/?s={search_term_string}\"},\"query-input\":{\"@type\":\"PropertyValueSpecification\",\"valueRequired\":true,\"valueName\":\"search_term_string\"}}],\"inLanguage\":\"ca\"},{\"@type\":\"Organization\",\"@id\":\"https:\\\/\\\/onandia-abogados.com\\\/ca\\\/#organization\",\"name\":\"Onandia Abogados\",\"url\":\"https:\\\/\\\/onandia-abogados.com\\\/ca\\\/\",\"logo\":{\"@type\":\"ImageObject\",\"inLanguage\":\"ca\",\"@id\":\"https:\\\/\\\/onandia-abogados.com\\\/ca\\\/#\\\/schema\\\/logo\\\/image\\\/\",\"url\":\"https:\\\/\\\/onandia-abogados.com\\\/wp-content\\\/uploads\\\/2023\\\/05\\\/abogados-onandia.svg\",\"contentUrl\":\"https:\\\/\\\/onandia-abogados.com\\\/wp-content\\\/uploads\\\/2023\\\/05\\\/abogados-onandia.svg\",\"width\":751,\"height\":262,\"caption\":\"Onandia Abogados\"},\"image\":{\"@id\":\"https:\\\/\\\/onandia-abogados.com\\\/ca\\\/#\\\/schema\\\/logo\\\/image\\\/\"}}]}<\/script>\n<!-- \/ Yoast SEO plugin. -->","yoast_head_json":{"title":"\u2705 Advocats Indemnitzaci\u00f3 Accident Laboral i Treball | Onandia","description":"Has sofert un accident laboral i necessites assessorament? En Onandia som Advocats experts en indemnitzacions per accidents de treball Consulta'ns!","robots":{"index":"index","follow":"follow","max-snippet":"max-snippet:-1","max-image-preview":"max-image-preview:large","max-video-preview":"max-video-preview:-1"},"canonical":"https:\/\/onandia-abogados.com\/ca\/accident-de-treball-laboral\/","og_locale":"ca_ES","og_type":"article","og_title":"\u2705 Advocats Indemnitzaci\u00f3 Accident Laboral i Treball | Onandia","og_description":"Has sofert un accident laboral i necessites assessorament? En Onandia som Advocats experts en indemnitzacions per accidents de treball Consulta'ns!","og_url":"https:\/\/onandia-abogados.com\/ca\/accident-de-treball-laboral\/","og_site_name":"\u2705 Abogados especialistas en Accidentes Barcelona | Onandia","og_image":[{"url":"https:\/\/onandia-abogados.com\/wp-content\/uploads\/2023\/05\/picto-mano.png","type":"","width":"","height":""}],"schema":{"@context":"https:\/\/schema.org","@graph":[{"@type":"WebPage","@id":"https:\/\/onandia-abogados.com\/ca\/accident-de-treball-laboral\/","url":"https:\/\/onandia-abogados.com\/ca\/accident-de-treball-laboral\/","name":"\u2705 Advocats Indemnitzaci\u00f3 Accident Laboral i Treball | Onandia","isPartOf":{"@id":"https:\/\/onandia-abogados.com\/ca\/#website"},"primaryImageOfPage":{"@id":"https:\/\/onandia-abogados.com\/ca\/accident-de-treball-laboral\/#primaryimage"},"image":{"@id":"https:\/\/onandia-abogados.com\/ca\/accident-de-treball-laboral\/#primaryimage"},"thumbnailUrl":"https:\/\/onandia-abogados.com\/wp-content\/uploads\/2023\/05\/picto-mano.png","description":"Has sofert un accident laboral i necessites assessorament? En Onandia som Advocats experts en indemnitzacions per accidents de treball Consulta'ns!","breadcrumb":{"@id":"https:\/\/onandia-abogados.com\/ca\/accident-de-treball-laboral\/#breadcrumb"},"inLanguage":"ca","potentialAction":[{"@type":"ReadAction","target":["https:\/\/onandia-abogados.com\/ca\/accident-de-treball-laboral\/"]}]},{"@type":"ImageObject","inLanguage":"ca","@id":"https:\/\/onandia-abogados.com\/ca\/accident-de-treball-laboral\/#primaryimage","url":"https:\/\/onandia-abogados.com\/wp-content\/uploads\/2023\/05\/picto-mano.png","contentUrl":"https:\/\/onandia-abogados.com\/wp-content\/uploads\/2023\/05\/picto-mano.png"},{"@type":"BreadcrumbList","@id":"https:\/\/onandia-abogados.com\/ca\/accident-de-treball-laboral\/#breadcrumb","itemListElement":[{"@type":"ListItem","position":1,"name":"Portada","item":"https:\/\/onandia-abogados.com\/ca\/"},{"@type":"ListItem","position":2,"name":"Accidents Laborals"}]},{"@type":"WebSite","@id":"https:\/\/onandia-abogados.com\/ca\/#website","url":"https:\/\/onandia-abogados.com\/ca\/","name":"Abogados Onandia Barcelona","description":"Advocats especialistes en accidents de tr\u00e0nsit","publisher":{"@id":"https:\/\/onandia-abogados.com\/ca\/#organization"},"potentialAction":[{"@type":"SearchAction","target":{"@type":"EntryPoint","urlTemplate":"https:\/\/onandia-abogados.com\/ca\/?s={search_term_string}"},"query-input":{"@type":"PropertyValueSpecification","valueRequired":true,"valueName":"search_term_string"}}],"inLanguage":"ca"},{"@type":"Organization","@id":"https:\/\/onandia-abogados.com\/ca\/#organization","name":"Onandia Abogados","url":"https:\/\/onandia-abogados.com\/ca\/","logo":{"@type":"ImageObject","inLanguage":"ca","@id":"https:\/\/onandia-abogados.com\/ca\/#\/schema\/logo\/image\/","url":"https:\/\/onandia-abogados.com\/wp-content\/uploads\/2023\/05\/abogados-onandia.svg","contentUrl":"https:\/\/onandia-abogados.com\/wp-content\/uploads\/2023\/05\/abogados-onandia.svg","width":751,"height":262,"caption":"Onandia Abogados"},"image":{"@id":"https:\/\/onandia-abogados.com\/ca\/#\/schema\/logo\/image\/"}}]}},"_links":{"self":[{"href":"https:\/\/onandia-abogados.com\/ca\/wp-json\/wp\/v2\/pages\/7077","targetHints":{"allow":["GET"]}}],"collection":[{"href":"https:\/\/onandia-abogados.com\/ca\/wp-json\/wp\/v2\/pages"}],"about":[{"href":"https:\/\/onandia-abogados.com\/ca\/wp-json\/wp\/v2\/types\/page"}],"author":[{"embeddable":true,"href":"https:\/\/onandia-abogados.com\/ca\/wp-json\/wp\/v2\/users\/1"}],"replies":[{"embeddable":true,"href":"https:\/\/onandia-abogados.com\/ca\/wp-json\/wp\/v2\/comments?post=7077"}],"version-history":[{"count":0,"href":"https:\/\/onandia-abogados.com\/ca\/wp-json\/wp\/v2\/pages\/7077\/revisions"}],"wp:attachment":[{"href":"https:\/\/onandia-abogados.com\/ca\/wp-json\/wp\/v2\/media?parent=7077"}],"curies":[{"name":"wp","href":"https:\/\/api.w.org\/{rel}","templated":true}]}}