{"id":7078,"date":"2015-12-11T11:48:53","date_gmt":"2015-12-11T11:48:53","guid":{"rendered":"https:\/\/onandia-abogados.com\/incapacidad-laboral\/"},"modified":"2025-12-15T16:15:39","modified_gmt":"2025-12-15T16:15:39","slug":"incapacitat-laboral","status":"publish","type":"page","link":"https:\/\/onandia-abogados.com\/ca\/incapacitat-laboral\/","title":{"rendered":"Incapacitats Laborals"},"content":{"rendered":"<p><div class=\"fusion-fullwidth fullwidth-box fusion-builder-row-1 fusion-flex-container has-pattern-background has-mask-background hundred-percent-fullwidth non-hundred-percent-height-scrolling\" style=\"--awb-border-radius-top-left:0px;--awb-border-radius-top-right:0px;--awb-border-radius-bottom-right:0px;--awb-border-radius-bottom-left:0px;--awb-padding-top:0px;--awb-padding-right:0px;--awb-padding-bottom:0px;--awb-padding-left:0px;--awb-margin-top:0px;--awb-margin-bottom:0px;--awb-flex-wrap:wrap;\" ><div class=\"fusion-builder-row fusion-row fusion-flex-align-items-flex-start fusion-flex-content-wrap\" style=\"width:104% !important;max-width:104% !important;margin-left: calc(-4% \/ 2 );margin-right: calc(-4% \/ 2 );\"><div class=\"fusion-layout-column fusion_builder_column fusion-builder-column-0 fusion_builder_column_1_1 1_1 fusion-flex-column\" style=\"--awb-padding-top:0px;--awb-padding-right:0px;--awb-padding-bottom:0px;--awb-padding-left:0px;--awb-bg-size:cover;--awb-width-large:100%;--awb-margin-top-large:0px;--awb-spacing-right-large:1.92%;--awb-margin-bottom-large:0px;--awb-spacing-left-large:1.92%;--awb-width-medium:100%;--awb-order-medium:0;--awb-spacing-right-medium:1.92%;--awb-spacing-left-medium:1.92%;--awb-width-small:100%;--awb-order-small:0;--awb-spacing-right-small:1.92%;--awb-spacing-left-small:1.92%;\" data-scroll-devices=\"small-visibility,medium-visibility,large-visibility\"><div class=\"fusion-column-wrapper fusion-column-has-shadow fusion-flex-justify-content-flex-start fusion-content-layout-column\"><div class=\"fusion-image-element \" style=\"text-align:center;--awb-margin-top:0px;--awb-margin-right:0px;--awb-margin-bottom:0px;--awb-margin-left:0px;--awb-max-width:2560px;--awb-caption-title-font-family:var(--h2_typography-font-family);--awb-caption-title-font-weight:var(--h2_typography-font-weight);--awb-caption-title-font-style:var(--h2_typography-font-style);--awb-caption-title-size:var(--h2_typography-font-size);--awb-caption-title-transform:var(--h2_typography-text-transform);--awb-caption-title-line-height:var(--h2_typography-line-height);--awb-caption-title-letter-spacing:var(--h2_typography-letter-spacing);\"><span class=\" fusion-imageframe imageframe-none imageframe-1 hover-type-none\"><img decoding=\"async\" width=\"2560\" height=\"607\" alt=\"Onandia Advocats especialistes en la reclamaci\u00f3 d&#039;incapacitats davant la Seguretat Social i M\u00fatues: baixa per incapacitat laboral, invalidesa absoluta\" title=\"Onandia Advocats especialistes en la reclamaci\u00f3 d&#8217;incapacitats davant la Seguretat Social i M\u00fatues: baixa per incapacitat laboral, invalidesa absoluta\" src=\"https:\/\/onandia-abogados.com\/wp-content\/uploads\/2024\/07\/onandia-advocats-de-barcelona-slide-incapacitats-laborals.jpg\" data-orig-src=\"https:\/\/onandia-abogados.com\/wp-content\/uploads\/2024\/07\/onandia-advocats-de-barcelona-slide-incapacitats-laborals.jpg\" class=\"lazyload img-responsive wp-image-8990\" srcset=\"data:image\/svg+xml,%3Csvg%20xmlns%3D%27http%3A%2F%2Fwww.w3.org%2F2000%2Fsvg%27%20width%3D%272560%27%20height%3D%27607%27%20viewBox%3D%270%200%202560%20607%27%3E%3Crect%20width%3D%272560%27%20height%3D%27607%27%20fill-opacity%3D%220%22%2F%3E%3C%2Fsvg%3E\" data-srcset=\"https:\/\/onandia-abogados.com\/wp-content\/uploads\/2024\/07\/onandia-advocats-de-barcelona-slide-incapacitats-laborals-200x47.jpg 200w, https:\/\/onandia-abogados.com\/wp-content\/uploads\/2024\/07\/onandia-advocats-de-barcelona-slide-incapacitats-laborals-400x95.jpg 400w, https:\/\/onandia-abogados.com\/wp-content\/uploads\/2024\/07\/onandia-advocats-de-barcelona-slide-incapacitats-laborals-600x142.jpg 600w, https:\/\/onandia-abogados.com\/wp-content\/uploads\/2024\/07\/onandia-advocats-de-barcelona-slide-incapacitats-laborals-800x190.jpg 800w, https:\/\/onandia-abogados.com\/wp-content\/uploads\/2024\/07\/onandia-advocats-de-barcelona-slide-incapacitats-laborals-1200x285.jpg 1200w, https:\/\/onandia-abogados.com\/wp-content\/uploads\/2024\/07\/onandia-advocats-de-barcelona-slide-incapacitats-laborals.jpg 2560w\" data-sizes=\"auto\" data-orig-sizes=\"(max-width: 1024px) 100vw, (max-width: 640px) 100vw, 2560px\" \/><\/span><\/div><\/div><\/div><\/div><\/div><div class=\"fusion-fullwidth fullwidth-box fusion-builder-row-2 fusion-flex-container has-pattern-background has-mask-background nonhundred-percent-fullwidth non-hundred-percent-height-scrolling\" style=\"--awb-border-radius-top-left:0px;--awb-border-radius-top-right:0px;--awb-border-radius-bottom-right:0px;--awb-border-radius-bottom-left:0px;--awb-margin-bottom:60px;--awb-background-color:#314f69;--awb-flex-wrap:wrap;\" ><div class=\"fusion-builder-row fusion-row fusion-flex-align-items-flex-start fusion-flex-content-wrap\" style=\"max-width:1352px;margin-left: calc(-4% \/ 2 );margin-right: calc(-4% \/ 2 );\"><div class=\"fusion-layout-column fusion_builder_column fusion-builder-column-1 fusion_builder_column_1_1 1_1 fusion-flex-column\" style=\"--awb-padding-top:20px;--awb-bg-size:cover;--awb-width-large:100%;--awb-margin-top-large:0px;--awb-spacing-right-large:0px;--awb-margin-bottom-large:0px;--awb-spacing-left-large:0px;--awb-width-medium:100%;--awb-order-medium:0;--awb-spacing-right-medium:1.92%;--awb-spacing-left-medium:1.92%;--awb-width-small:100%;--awb-order-small:0;--awb-spacing-right-small:1.92%;--awb-spacing-left-small:1.92%;\" data-scroll-devices=\"small-visibility,medium-visibility,large-visibility\"><div class=\"fusion-column-wrapper fusion-column-has-shadow fusion-flex-justify-content-flex-start fusion-content-layout-column\"><div class=\"fusion-title title fusion-title-1 fusion-sep-none fusion-title-center fusion-title-text fusion-title-size-one\" style=\"--awb-text-color:var(--awb-color1);--awb-margin-top-small:10px;--awb-margin-right-small:0px;--awb-margin-bottom-small:10px;--awb-margin-left-small:0px;--awb-font-size:23px;\"><h1 class=\"fusion-title-heading title-heading-center\" style=\"margin:0;font-size:1em;\"><span style=\"color: #ffffff;\">Advocats especialistes en incapacitat temporal i permanent<\/span><\/h1><\/div><\/div><\/div><\/div><\/div><div class=\"fusion-fullwidth fullwidth-box fusion-builder-row-3 fusion-flex-container nonhundred-percent-fullwidth non-hundred-percent-height-scrolling\" style=\"--awb-background-position:center top;--awb-background-repeat:repeat-y;--awb-border-sizes-top:0px;--awb-border-sizes-bottom:0px;--awb-border-sizes-left:0px;--awb-border-sizes-right:0px;--awb-border-radius-top-left:0px;--awb-border-radius-top-right:0px;--awb-border-radius-bottom-right:0px;--awb-border-radius-bottom-left:0px;--awb-padding-top:20px;--awb-padding-bottom:20px;--awb-flex-wrap:wrap;\" ><div class=\"fusion-builder-row fusion-row fusion-flex-align-items-flex-start fusion-flex-content-wrap\" style=\"max-width:1352px;margin-left: calc(-4% \/ 2 );margin-right: calc(-4% \/ 2 );\"><div class=\"fusion-layout-column fusion_builder_column fusion-builder-column-2 fusion_builder_column_2_3 2_3 fusion-flex-column\" style=\"--awb-bg-size:cover;--awb-width-large:66.666666666667%;--awb-margin-top-large:0px;--awb-spacing-right-large:2.88%;--awb-margin-bottom-large:20px;--awb-spacing-left-large:2.88%;--awb-width-medium:100%;--awb-spacing-right-medium:1.92%;--awb-spacing-left-medium:1.92%;--awb-width-small:100%;--awb-spacing-right-small:1.92%;--awb-spacing-left-small:1.92%;\"><div class=\"fusion-column-wrapper fusion-flex-justify-content-flex-start fusion-content-layout-column\"><div class=\"fusion-title title fusion-title-2 fusion-sep-none fusion-title-text fusion-title-size-two\" style=\"--awb-margin-top-small:10px;--awb-margin-right-small:0px;--awb-margin-bottom-small:10px;--awb-margin-left-small:0px;\"><h2 class=\"fusion-title-heading title-heading-left\" style=\"margin:0;\">Tramitem la teva incapacitat, baixa laboral o invalidesa<\/h2><\/div><div class=\"fusion-text fusion-text-1\"><p>El\u00a0nostre despatx\u00a0t\u00e9 una llarga experi\u00e8ncia en la tramitaci\u00f3 davant la Seguretat Social o les M\u00fatues de la\u00a0<b>baixa per incapacitat laboral<\/b>\u00a0o de la\u00a0<b>invalidesa permanent parcial<\/b>,\u00a0<b>total o absoluta\u00a0<\/b>derivada d\u2019accidents o malaltia. En aquest sentit, ens ocupem d\u2019avaluar el grau d\u2019invalidesa, incapacitat, minusvalidesa o depend\u00e8ncia i, segons el cas, de preparar tota la documentaci\u00f3 precisa per tramitar la incapacitat corresponent.<\/p>\n<\/div><div class=\"fusion-title title fusion-title-3 fusion-sep-none fusion-title-text fusion-title-size-two\" style=\"--awb-margin-top-small:10px;--awb-margin-right-small:0px;--awb-margin-bottom-small:10px;--awb-margin-left-small:0px;\"><h2 class=\"fusion-title-heading title-heading-left\" style=\"margin:0;\">Estudiem cada cas de baixa o incapacitat laboral de manera exhaustiva<\/h2><\/div><div class=\"fusion-text fusion-text-2\"><p>Estudiem cada cas minuciosament des del punt de vista jur\u00eddic i metge per realitzar les reclamacions judicials pertinents amb les m\u00e0ximes garanties d\u2019\u00e8xit. La nostra preocupaci\u00f3 \u00e9s que el client obtingui la incapacitat que li correspongui amb la certesa i tranquil\u00b7litat que est\u00e0 ben assessorat.<\/p>\n<p>Segons paraules de Ram\u00f3n Onandia \u201cassessorar al treballador que ha patit un accident laboral requereix un tracte molt hum\u00e0, m\u00e9s encara en casos que tenen com a conseq\u00fc\u00e8ncia alguna minusvalidesa o incapacitat. Amb nosaltres et sentir\u00e0s b\u00e9 en tot moment i, per descomptat, t\u2019ajudem a aconseguir el reconeixement de la incapacitat laboral que et correspon\u201d.<\/p>\n<\/div><div class=\"fusion-title title fusion-title-4 fusion-sep-none fusion-title-text fusion-title-size-two\" style=\"--awb-margin-top-small:10px;--awb-margin-right-small:0px;--awb-margin-bottom-small:10px;--awb-margin-left-small:0px;\"><h2 class=\"fusion-title-heading title-heading-left\" style=\"margin:0;\">Equip especialitzat a tramitar baixes per incapacitats<\/h2><\/div><div class=\"fusion-text fusion-text-3\"><p>Per a garantir la millor resoluci\u00f3 de cada cas disposem de tots els professionals necessaris per a valorar les lesions f\u00edsiques i ps\u00edquiques produ\u00efdes per l&#8217;accident de treball o per la malaltia que pateix el nostre client: perits m\u00e8dics que avaluen les lesions patides, especialistes en la prevenci\u00f3 de riscos laborals\u2026<\/p>\n<p>Confia en advocats experts en incapacitats laborals que s&#8217;ocupen des de la tramitaci\u00f3 i revisi\u00f3 del grau d&#8217;incapacitat laboral fins a l&#8217;an\u00e0lisi de conting\u00e8ncies, malalties i altes indegudes.<\/p>\n<\/div><div class=\"fusion-text fusion-text-4 awb-text-cols fusion-text-columns-2\" style=\"--awb-columns:2;--awb-column-spacing:2em;--awb-column-min-width:100px;\"><div id=\"pointer\" class=\"col-md-6 col-xs-12\">\n<div class=\"cnt\">Et garantim la<\/div>\n<div class=\"cnt groc\">m\u00e0xima indemnitzaci\u00f3<\/div>\n<\/div>\n<div id=\"pointer\" class=\"col-md-6 col-xs-12\">\n<div class=\"cnt\">Contactar amb nosaltres<\/div>\n<div class=\"cnt groc\">no et costar\u00e0 res<\/div>\n<\/div>\n<div id=\"pointer\" class=\"col-md-6 col-xs-12\">\n<div class=\"cnt\">Nom\u00e9s pagar\u00e0s<\/div>\n<div class=\"cnt groc\">si reps una indemnitzaci\u00f3<\/div>\n<\/div>\n<div id=\"pointer\" class=\"col-md-6 col-xs-12\">\n<div class=\"cnt\">Tindr\u00e0s un<\/div>\n<div class=\"cnt groc\">tracte personal<\/div>\n<\/div>\n<\/div><div class=\"fusion-text fusion-text-5 sombra-pie-interno\"><div class=\"fusion-one-sixth fusion-layout-column fusion-spacing-yes\" style=\"margin-top: 0px; margin-bottom: 20px;\">\n<div class=\"fusion-column-wrapper\">\n<p><img decoding=\"async\" class=\"lazyload size-full wp-image-5167 aligncenter\" src=\"data:image\/svg+xml,%3Csvg%20xmlns%3D%27http%3A%2F%2Fwww.w3.org%2F2000%2Fsvg%27%20width%3D%2741%27%20height%3D%2745%27%20viewBox%3D%270%200%2041%2045%27%3E%3Crect%20width%3D%2741%27%20height%3D%2745%27%20fill-opacity%3D%220%22%2F%3E%3C%2Fsvg%3E\" data-orig-src=\"https:\/\/onandia-abogados.com\/wp-content\/uploads\/2023\/05\/picto-mano.png\" alt=\"Picto Mano\" width=\"41\" height=\"45\" \/><\/p>\n<\/div>\n<\/div>\n<div class=\"fusion-five-sixth fusion-layout-column fusion-column-last fusion-spacing-yes\" style=\"margin-top: 20px; margin-bottom: 20px;\">\n<div class=\"fusion-column-wrapper\">\n<p class=\"tit-amarillo\">Et recomanem<\/p>\n<p>Que abans d\u2019acceptar qualsevol tipus d\u2019indemnitzaci\u00f3 per accident que t\u2019ofereixin les companyies d\u2019assegurances o la part contr\u00e0ria:<br class=\"vacio\" \/><br class=\"vacio\" \/><strong class=\"tit-amarillo\">1.<\/strong>\u00a0No signis cap document.<br \/>\n<strong class=\"tit-amarillo\">2.<\/strong>\u00a0Consultis amb el teu advocat, ja que la quantitat molt possiblement sigui inferior a la que podries rebre.<\/p>\n<div class=\"fusion-clearfix\"><\/div>\n<\/div>\n<\/div>\n<\/div><\/div><\/div><div class=\"fusion-layout-column fusion_builder_column fusion-builder-column-3 fusion_builder_column_1_3 1_3 fusion-flex-column nueva-columna-derecha\" style=\"--awb-bg-size:cover;--awb-width-large:33.333333333333%;--awb-margin-top-large:0px;--awb-spacing-right-large:5.76%;--awb-margin-bottom-large:20px;--awb-spacing-left-large:5.76%;--awb-width-medium:100%;--awb-order-medium:0;--awb-spacing-right-medium:1.92%;--awb-spacing-left-medium:1.92%;--awb-width-small:100%;--awb-order-small:0;--awb-spacing-right-small:1.92%;--awb-spacing-left-small:1.92%;\" data-scroll-devices=\"small-visibility,medium-visibility,large-visibility\"><div class=\"fusion-column-wrapper fusion-column-has-shadow fusion-flex-justify-content-flex-start fusion-content-layout-column\"><div class=\"fusion-image-element \" style=\"text-align:center;--awb-margin-bottom:20px;--awb-max-width:250px;--awb-caption-title-font-family:var(--h2_typography-font-family);--awb-caption-title-font-weight:var(--h2_typography-font-weight);--awb-caption-title-font-style:var(--h2_typography-font-style);--awb-caption-title-size:var(--h2_typography-font-size);--awb-caption-title-transform:var(--h2_typography-text-transform);--awb-caption-title-line-height:var(--h2_typography-line-height);--awb-caption-title-letter-spacing:var(--h2_typography-letter-spacing);\"><span class=\" fusion-imageframe imageframe-none imageframe-2 hover-type-none\"><img decoding=\"async\" width=\"600\" height=\"600\" title=\"CTA-solo-cobramos-si-tu-cobras_CAT\" src=\"https:\/\/onandia-abogados.com\/wp-content\/uploads\/2025\/12\/CTA-solo-cobramos-si-tu-cobras_CAT.png\" data-orig-src=\"https:\/\/onandia-abogados.com\/wp-content\/uploads\/2025\/12\/CTA-solo-cobramos-si-tu-cobras_CAT.png\" alt class=\"lazyload img-responsive wp-image-109715\" srcset=\"data:image\/svg+xml,%3Csvg%20xmlns%3D%27http%3A%2F%2Fwww.w3.org%2F2000%2Fsvg%27%20width%3D%27600%27%20height%3D%27600%27%20viewBox%3D%270%200%20600%20600%27%3E%3Crect%20width%3D%27600%27%20height%3D%27600%27%20fill-opacity%3D%220%22%2F%3E%3C%2Fsvg%3E\" data-srcset=\"https:\/\/onandia-abogados.com\/wp-content\/uploads\/2025\/12\/CTA-solo-cobramos-si-tu-cobras_CAT-200x200.png 200w, https:\/\/onandia-abogados.com\/wp-content\/uploads\/2025\/12\/CTA-solo-cobramos-si-tu-cobras_CAT-400x400.png 400w, https:\/\/onandia-abogados.com\/wp-content\/uploads\/2025\/12\/CTA-solo-cobramos-si-tu-cobras_CAT.png 600w\" data-sizes=\"auto\" data-orig-sizes=\"(max-width: 1024px) 100vw, (max-width: 640px) 100vw, 400px\" \/><\/span><\/div><div class=\"fusion-builder-row fusion-builder-row-inner fusion-row fusion-flex-align-items-flex-start fusion-flex-content-wrap\" style=\"--awb-flex-grow:0;--awb-flex-grow-medium:0;--awb-flex-grow-small:0;--awb-flex-shrink:0;--awb-flex-shrink-medium:0;--awb-flex-shrink-small:0;width:104% !important;max-width:104% !important;margin-left: calc(-4% \/ 2 );margin-right: calc(-4% \/ 2 );\"><div class=\"fusion-layout-column fusion_builder_column_inner fusion-builder-nested-column-0 fusion_builder_column_inner_2_3 2_3 fusion-flex-column\" style=\"--awb-bg-size:cover;--awb-width-large:66.666666666667%;--awb-margin-top-large:0px;--awb-spacing-right-large:2.88%;--awb-margin-bottom-large:20px;--awb-spacing-left-large:2.88%;--awb-width-medium:100%;--awb-order-medium:0;--awb-spacing-right-medium:1.92%;--awb-spacing-left-medium:1.92%;--awb-width-small:100%;--awb-order-small:0;--awb-spacing-right-small:1.92%;--awb-spacing-left-small:1.92%;\" data-scroll-devices=\"small-visibility,medium-visibility,large-visibility\"><div class=\"fusion-column-wrapper fusion-column-has-shadow fusion-flex-justify-content-flex-start fusion-content-layout-column\"><div class=\"fusion-text fusion-text-6\" style=\"--awb-font-size:30px;--awb-text-color:#ffffff;--awb-margin-left:15px;--awb-text-font-family:&quot;Open Sans&quot;;--awb-text-font-style:normal;--awb-text-font-weight:700;\"><p style=\"text-align: right;\">Et truquem<\/p>\n<\/div><\/div><\/div><div class=\"fusion-layout-column fusion_builder_column_inner fusion-builder-nested-column-1 fusion_builder_column_inner_1_3 1_3 fusion-flex-column\" style=\"--awb-bg-size:cover;--awb-width-large:33.333333333333%;--awb-margin-top-large:0px;--awb-spacing-right-large:5.76%;--awb-margin-bottom-large:20px;--awb-spacing-left-large:5.76%;--awb-width-medium:100%;--awb-order-medium:0;--awb-spacing-right-medium:1.92%;--awb-spacing-left-medium:1.92%;--awb-width-small:100%;--awb-order-small:0;--awb-spacing-right-small:1.92%;--awb-spacing-left-small:1.92%;\"><div class=\"fusion-column-wrapper fusion-column-has-shadow fusion-flex-justify-content-flex-start fusion-content-layout-column\"><div class=\"fusion-image-element \" style=\"text-align:right;--awb-caption-title-font-family:var(--h2_typography-font-family);--awb-caption-title-font-weight:var(--h2_typography-font-weight);--awb-caption-title-font-style:var(--h2_typography-font-style);--awb-caption-title-size:var(--h2_typography-font-size);--awb-caption-title-transform:var(--h2_typography-text-transform);--awb-caption-title-line-height:var(--h2_typography-line-height);--awb-caption-title-letter-spacing:var(--h2_typography-letter-spacing);\"><span class=\" fusion-imageframe imageframe-none imageframe-3 hover-type-none\"><img decoding=\"async\" width=\"133\" height=\"119\" alt=\"Truca ara\" title=\"Truca ara\" src=\"data:image\/svg+xml,%3Csvg%20xmlns%3D%27http%3A%2F%2Fwww.w3.org%2F2000%2Fsvg%27%20width%3D%27133%27%20height%3D%27119%27%20viewBox%3D%270%200%20133%20119%27%3E%3Crect%20width%3D%27133%27%20height%3D%27119%27%20fill-opacity%3D%220%22%2F%3E%3C%2Fsvg%3E\" data-orig-src=\"https:\/\/onandia-abogados.com\/wp-content\/uploads\/2024\/06\/truca.png\" class=\"lazyload img-responsive wp-image-7676\"\/><\/span><\/div><\/div><\/div><div class=\"fusion-layout-column fusion_builder_column_inner fusion-builder-nested-column-2 fusion_builder_column_inner_1_1 1_1 fusion-flex-column\" style=\"--awb-bg-size:cover;--awb-width-large:100%;--awb-margin-top-large:0px;--awb-spacing-right-large:1.92%;--awb-margin-bottom-large:20px;--awb-spacing-left-large:1.92%;--awb-width-medium:100%;--awb-order-medium:0;--awb-spacing-right-medium:1.92%;--awb-spacing-left-medium:1.92%;--awb-width-small:100%;--awb-order-small:0;--awb-spacing-right-small:1.92%;--awb-spacing-left-small:1.92%;\"><div class=\"fusion-column-wrapper fusion-column-has-shadow fusion-flex-justify-content-flex-start fusion-content-layout-column\">\n<div class=\"wpcf7 no-js\" id=\"wpcf7-f7877-o1\" lang=\"es-ES\" dir=\"ltr\" data-wpcf7-id=\"7877\">\n<div class=\"screen-reader-response\"><p role=\"status\" aria-live=\"polite\" aria-atomic=\"true\"><\/p> <ul><\/ul><\/div>\n<form action=\"\/ca\/wp-json\/wp\/v2\/pages\/7078#wpcf7-f7877-o1\" method=\"post\" class=\"wpcf7-form init\" aria-label=\"Formulario de contacto\" novalidate=\"novalidate\" data-status=\"init\">\n<fieldset class=\"hidden-fields-container\"><input type=\"hidden\" name=\"_wpcf7\" value=\"7877\" \/><input type=\"hidden\" name=\"_wpcf7_version\" value=\"6.1.5\" \/><input type=\"hidden\" name=\"_wpcf7_locale\" value=\"es_ES\" \/><input type=\"hidden\" name=\"_wpcf7_unit_tag\" value=\"wpcf7-f7877-o1\" \/><input type=\"hidden\" name=\"_wpcf7_container_post\" value=\"0\" \/><input type=\"hidden\" name=\"_wpcf7_posted_data_hash\" value=\"\" \/><input type=\"hidden\" name=\"_wpcf7_recaptcha_response\" value=\"\" \/>\n<\/fieldset>\n<div class=\"col-md-12\" class=\"fondo-form-2-home\">\n\t<p><span class=\"wpcf7-form-control-wrap\" data-name=\"your-name\"><input size=\"40\" maxlength=\"400\" class=\"wpcf7-form-control wpcf7-text wpcf7-validates-as-required\" aria-required=\"true\" aria-invalid=\"false\" placeholder=\"Nom*\" value=\"\" type=\"text\" name=\"your-name\" \/><\/span>\n\t<\/p>\n<\/div>\n<div class=\"col-md-12\" class=\"fondo-form-2-home\">\n\t<p><span class=\"wpcf7-form-control-wrap\" data-name=\"telefono\"><input size=\"40\" maxlength=\"400\" class=\"wpcf7-form-control wpcf7-tel wpcf7-validates-as-required wpcf7-text wpcf7-validates-as-tel\" aria-required=\"true\" aria-invalid=\"false\" placeholder=\"Tel\u00e8fon*\" value=\"\" type=\"tel\" name=\"telefono\" \/><\/span>\n\t<\/p>\n<\/div>\n<div class=\"col-md-12\" class=\"fondo-form-2-home\">\n\t<p><span class=\"wpcf7-form-control-wrap\" data-name=\"your-email\"><input size=\"40\" maxlength=\"400\" class=\"wpcf7-form-control wpcf7-email wpcf7-validates-as-required wpcf7-text wpcf7-validates-as-email\" aria-required=\"true\" aria-invalid=\"false\" placeholder=\"Email*\" value=\"\" type=\"email\" name=\"your-email\" \/><\/span>\n\t<\/p>\n<\/div>\n<div class=\"col-md-12\" style=\"margin:auto auto; text-align:left;\">\n\t<div class=\"col-md-12\" style=\"font-size: 9px; line-height: 110%; color:#fff; text-align:justify; padding: 0px; height: 60px; overflow: scroll; overflow-x:hidden; border:1px solid white; padding: 5px;\">\n\t\t<p>En compliment de la normativa vigent de Protecci\u00f3 de Dades de Car\u00e0cter Personal, li comuniquem que les dades recollides en el present formulari quedaran incorporats i seran tractats en el fitxer denominat Usuaris Web sota la responsabilitat de RAM\u00d3N ONANDIA ALSIUS amb la finalitat de poder prestar els seus serveis, aix\u00ed com per a mantenir-me informat sobre q\u00fcestions relatives a l'activitat de l'empresa.<br \/>\nL'informem que les dades que ens faciliti seran tractats de forma lleial, transparent, adequada, pertinent, limitada, exacta i actualitzada i no es comunicaran o cediran a tercers, exceptuant que aquesta comunicaci\u00f3 sigui necess\u00e0ria o pugui suposar una millora per a la finalitat d'aquests, sempre concorde a la normativa vigent en mat\u00e8ria de protecci\u00f3 de dades, Reglament General de Protecci\u00f3 de Dades.<br \/>\nEn el cas que es produeixin canvis en algunes de les dades facilitades, amb la finalitat de mantenir el nostre fitxer actualitzat, li preguem, ens el comuniqui per escrit.<br \/>\nL'informem de la possibilitat que t\u00e9 d'exercir els drets d'acc\u00e9s, rectificaci\u00f3, supressi\u00f3, oposici\u00f3, limitaci\u00f3 del tractament i portabilitat de les seves dades de car\u00e0cter personal de forma presencial en les oficines de RAM\u00d3N ONANDIA ALSIUS, acompanyant c\u00f2pia de DNI, o b\u00e9 mitjan\u00e7ant correu postal a RAMBLA CATALUNYA 87 2n D de BARCELONA, 08008 BARCELONA, o correu electr\u00f2nic roa@onandia.com.\n\t\t<\/p>\n\t<\/div>\n<\/div>\n<div class=\"col-md-12 politicas\" style=\"margin-bottom:0px;padding-bottom: 3px; padding-top: 3px; font-size: 12px;color:white;\">\n\t<p><span class=\"wpcf7-form-control-wrap\" data-name=\"politicas\"><span class=\"wpcf7-form-control wpcf7-acceptance\"><span class=\"wpcf7-list-item\"><input type=\"checkbox\" name=\"politicas\" value=\"1\" aria-invalid=\"false\" \/><\/span><\/span><\/span>He llegit i accepto la <a href=\"\/ca\/politica-de-privacitat\/\" target=\"_blank\" style=\"color:#FFF;\">pol\u00edtica de privacitat<\/a>\n\t<\/p>\n<\/div>\n<div class=\"col-md-12\" class=\"fondo-form-2-home\" style=\"padding-top: 15px; text-align: right;\">\n\t<p><input class=\"wpcf7-form-control wpcf7-submit has-spinner form_2_enviar\" type=\"submit\" value=\"Enviar\" \/>\n\t<\/p>\n<\/div><div class=\"fusion-alert alert custom alert-custom fusion-alert-center wpcf7-response-output awb-alert-native-link-color alert-dismissable awb-alert-close-boxed\" style=\"--awb-border-size:1px;--awb-border-top-left-radius:0px;--awb-border-top-right-radius:0px;--awb-border-bottom-left-radius:0px;--awb-border-bottom-right-radius:0px;\" role=\"alert\"><div class=\"fusion-alert-content-wrapper\"><span class=\"fusion-alert-content\"><\/span><\/div><button type=\"button\" class=\"close toggle-alert\" data-dismiss=\"alert\" aria-label=\"Close\">&times;<\/button><\/div>\n<\/form>\n<\/div>\n<\/div><\/div><\/div><div class=\"fusion-builder-row fusion-builder-row-inner fusion-row fusion-flex-align-items-flex-start fusion-flex-content-wrap\" style=\"--awb-flex-grow:0;--awb-flex-grow-medium:0;--awb-flex-grow-small:0;--awb-flex-shrink:0;--awb-flex-shrink-medium:0;--awb-flex-shrink-small:0;width:104% !important;max-width:104% !important;margin-left: calc(-4% \/ 2 );margin-right: calc(-4% \/ 2 );\"><div class=\"fusion-layout-column fusion_builder_column_inner fusion-builder-nested-column-3 fusion_builder_column_inner_2_3 2_3 fusion-flex-column\" style=\"--awb-bg-size:cover;--awb-width-large:66.666666666667%;--awb-margin-top-large:0px;--awb-spacing-right-large:2.88%;--awb-margin-bottom-large:20px;--awb-spacing-left-large:2.88%;--awb-width-medium:100%;--awb-order-medium:0;--awb-spacing-right-medium:1.92%;--awb-spacing-left-medium:1.92%;--awb-width-small:100%;--awb-order-small:0;--awb-spacing-right-small:1.92%;--awb-spacing-left-small:1.92%;\"><div class=\"fusion-column-wrapper fusion-column-has-shadow fusion-flex-justify-content-flex-start fusion-content-layout-column\"><div class=\"fusion-text fusion-text-7\" style=\"--awb-font-size:30px;--awb-text-color:#fff5f5;--awb-margin-left:15px;--awb-text-font-family:&quot;Open Sans&quot;;--awb-text-font-style:normal;--awb-text-font-weight:400;\"><p style=\"text-align: right;\">Has tingut<br \/>\nun accident de tr\u00e0nsit o laboral?<\/p>\n<\/div><\/div><\/div><div class=\"fusion-layout-column fusion_builder_column_inner fusion-builder-nested-column-4 fusion_builder_column_inner_1_3 1_3 fusion-flex-column\" style=\"--awb-bg-size:cover;--awb-width-large:33.333333333333%;--awb-margin-top-large:0px;--awb-spacing-right-large:5.76%;--awb-margin-bottom-large:20px;--awb-spacing-left-large:5.76%;--awb-width-medium:100%;--awb-order-medium:0;--awb-spacing-right-medium:1.92%;--awb-spacing-left-medium:1.92%;--awb-width-small:100%;--awb-order-small:0;--awb-spacing-right-small:1.92%;--awb-spacing-left-small:1.92%;\"><div class=\"fusion-column-wrapper fusion-column-has-shadow fusion-flex-justify-content-flex-start fusion-content-layout-column\"><div class=\"fusion-image-element \" style=\"--awb-caption-title-font-family:var(--h2_typography-font-family);--awb-caption-title-font-weight:var(--h2_typography-font-weight);--awb-caption-title-font-style:var(--h2_typography-font-style);--awb-caption-title-size:var(--h2_typography-font-size);--awb-caption-title-transform:var(--h2_typography-text-transform);--awb-caption-title-line-height:var(--h2_typography-line-height);--awb-caption-title-letter-spacing:var(--h2_typography-letter-spacing);\"><span class=\" fusion-imageframe imageframe-none imageframe-4 hover-type-none\"><img decoding=\"async\" width=\"133\" height=\"119\" alt=\"Picto informaci\u00f3\" title=\"Picto informaci\u00f3\" src=\"data:image\/svg+xml,%3Csvg%20xmlns%3D%27http%3A%2F%2Fwww.w3.org%2F2000%2Fsvg%27%20width%3D%27133%27%20height%3D%27119%27%20viewBox%3D%270%200%20133%20119%27%3E%3Crect%20width%3D%27133%27%20height%3D%27119%27%20fill-opacity%3D%220%22%2F%3E%3C%2Fsvg%3E\" data-orig-src=\"https:\/\/onandia-abogados.com\/wp-content\/uploads\/2024\/06\/informacio.png\" class=\"lazyload img-responsive wp-image-7679\"\/><\/span><\/div><\/div><\/div><div class=\"fusion-layout-column fusion_builder_column_inner fusion-builder-nested-column-5 fusion_builder_column_inner_1_1 1_1 fusion-flex-column\" style=\"--awb-bg-size:cover;--awb-width-large:100%;--awb-margin-top-large:0px;--awb-spacing-right-large:1.92%;--awb-margin-bottom-large:20px;--awb-spacing-left-large:1.92%;--awb-width-medium:100%;--awb-order-medium:0;--awb-spacing-right-medium:1.92%;--awb-spacing-left-medium:1.92%;--awb-width-small:100%;--awb-order-small:0;--awb-spacing-right-small:1.92%;--awb-spacing-left-small:1.92%;\"><div class=\"fusion-column-wrapper fusion-column-has-shadow fusion-flex-justify-content-flex-start fusion-content-layout-column\"><div class=\"fusion-text fusion-text-8\" style=\"--awb-text-color:#ffffff;\"><p style=\"text-align: center; font-weight: 600; font-size: 28px;\">T\u2019informem GRATIS<\/p>\n<p style=\"text-align: center; font-weight: 600; font-size: 50px;\"><span style=\"color: #ffffff;\"><a id=\"link-columna-derecha-segundo-bloque\" style=\"color: #ffffff;\" href=\"tel:+34934881125\">934 881 125<\/a><\/span><\/p>\n<p style=\"text-align: center; font-size: 20px;\">De 9 a 20h de dilluns a divendres<\/p>\n<\/div><\/div><\/div><\/div><div class=\"fusion-builder-row fusion-builder-row-inner fusion-row fusion-flex-align-items-flex-start fusion-flex-content-wrap\" style=\"--awb-flex-grow:0;--awb-flex-grow-medium:0;--awb-flex-grow-small:0;--awb-flex-shrink:0;--awb-flex-shrink-medium:0;--awb-flex-shrink-small:0;width:104% !important;max-width:104% !important;margin-left: calc(-4% \/ 2 );margin-right: calc(-4% \/ 2 );\"><div class=\"fusion-layout-column fusion_builder_column_inner fusion-builder-nested-column-6 fusion_builder_column_inner_2_3 2_3 fusion-flex-column\" style=\"--awb-bg-size:cover;--awb-width-large:66.666666666667%;--awb-margin-top-large:0px;--awb-spacing-right-large:2.88%;--awb-margin-bottom-large:20px;--awb-spacing-left-large:2.88%;--awb-width-medium:100%;--awb-order-medium:0;--awb-spacing-right-medium:1.92%;--awb-spacing-left-medium:1.92%;--awb-width-small:100%;--awb-order-small:0;--awb-spacing-right-small:1.92%;--awb-spacing-left-small:1.92%;\"><div class=\"fusion-column-wrapper fusion-column-has-shadow fusion-flex-justify-content-flex-start fusion-content-layout-column\"><div class=\"fusion-text fusion-text-9\" style=\"--awb-font-size:30px;--awb-line-height:30px;--awb-text-color:#ffffff;--awb-margin-left:15px;--awb-text-font-family:&quot;Open Sans&quot;;--awb-text-font-style:normal;--awb-text-font-weight:700;\"><p style=\"text-align: right;\">Fes la teva<br \/>\nreclamaci\u00f3<br \/>\nd\u2019accident<br \/>\nGRATIS<\/p>\n<\/div><\/div><\/div><div class=\"fusion-layout-column fusion_builder_column_inner fusion-builder-nested-column-7 fusion_builder_column_inner_1_3 1_3 fusion-flex-column\" style=\"--awb-bg-size:cover;--awb-width-large:33.333333333333%;--awb-margin-top-large:0px;--awb-spacing-right-large:5.76%;--awb-margin-bottom-large:20px;--awb-spacing-left-large:5.76%;--awb-width-medium:100%;--awb-order-medium:0;--awb-spacing-right-medium:1.92%;--awb-spacing-left-medium:1.92%;--awb-width-small:100%;--awb-order-small:0;--awb-spacing-right-small:1.92%;--awb-spacing-left-small:1.92%;\"><div class=\"fusion-column-wrapper fusion-column-has-shadow fusion-flex-justify-content-flex-start fusion-content-layout-column\"><div class=\"fusion-image-element \" style=\"--awb-caption-title-font-family:var(--h2_typography-font-family);--awb-caption-title-font-weight:var(--h2_typography-font-weight);--awb-caption-title-font-style:var(--h2_typography-font-style);--awb-caption-title-size:var(--h2_typography-font-size);--awb-caption-title-transform:var(--h2_typography-text-transform);--awb-caption-title-line-height:var(--h2_typography-line-height);--awb-caption-title-letter-spacing:var(--h2_typography-letter-spacing);\"><span class=\" fusion-imageframe imageframe-none imageframe-5 hover-type-none\"><img decoding=\"async\" width=\"150\" height=\"150\" title=\"24h\" src=\"data:image\/svg+xml,%3Csvg%20xmlns%3D%27http%3A%2F%2Fwww.w3.org%2F2000%2Fsvg%27%20width%3D%27150%27%20height%3D%27150%27%20viewBox%3D%270%200%20150%20150%27%3E%3Crect%20width%3D%27150%27%20height%3D%27150%27%20fill-opacity%3D%220%22%2F%3E%3C%2Fsvg%3E\" data-orig-src=\"https:\/\/onandia-abogados.com\/wp-content\/uploads\/2024\/06\/24h.png\" alt class=\"lazyload img-responsive wp-image-7684\"\/><\/span><\/div><\/div><\/div><div class=\"fusion-layout-column fusion_builder_column_inner fusion-builder-nested-column-8 fusion_builder_column_inner_1_1 1_1 fusion-flex-column\" style=\"--awb-bg-size:cover;--awb-width-large:100%;--awb-margin-top-large:0px;--awb-spacing-right-large:1.92%;--awb-margin-bottom-large:20px;--awb-spacing-left-large:1.92%;--awb-width-medium:100%;--awb-order-medium:0;--awb-spacing-right-medium:1.92%;--awb-spacing-left-medium:1.92%;--awb-width-small:100%;--awb-order-small:0;--awb-spacing-right-small:1.92%;--awb-spacing-left-small:1.92%;\"><div class=\"fusion-column-wrapper fusion-column-has-shadow fusion-flex-justify-content-flex-start fusion-content-layout-column\"><div class=\"fusion-text fusion-text-10\" style=\"--awb-font-size:30px;--awb-line-height:30px;--awb-text-color:#ffffff;--awb-margin-left:15px;--awb-text-font-family:&quot;Open Sans&quot;;--awb-text-font-style:normal;--awb-text-font-weight:400;\"><p>Resposta r\u00e0pida en 24h<\/p>\n<\/div><\/div><\/div><div class=\"fusion-layout-column fusion_builder_column_inner fusion-builder-nested-column-9 fusion_builder_column_inner_1_1 1_1 fusion-flex-column\" style=\"--awb-bg-size:cover;--awb-width-large:100%;--awb-margin-top-large:0px;--awb-spacing-right-large:1.92%;--awb-margin-bottom-large:20px;--awb-spacing-left-large:1.92%;--awb-width-medium:100%;--awb-order-medium:0;--awb-spacing-right-medium:1.92%;--awb-spacing-left-medium:1.92%;--awb-width-small:100%;--awb-order-small:0;--awb-spacing-right-small:1.92%;--awb-spacing-left-small:1.92%;\"><div class=\"fusion-column-wrapper fusion-column-has-shadow fusion-flex-justify-content-flex-start fusion-content-layout-column\">\n<div class=\"wpcf7 no-js\" id=\"wpcf7-f7874-o2\" lang=\"es-ES\" dir=\"ltr\" data-wpcf7-id=\"7874\">\n<div class=\"screen-reader-response\"><p role=\"status\" aria-live=\"polite\" aria-atomic=\"true\"><\/p> <ul><\/ul><\/div>\n<form action=\"\/ca\/wp-json\/wp\/v2\/pages\/7078#wpcf7-f7874-o2\" method=\"post\" class=\"wpcf7-form init\" aria-label=\"Formulario de contacto\" novalidate=\"novalidate\" data-status=\"init\">\n<fieldset class=\"hidden-fields-container\"><input type=\"hidden\" name=\"_wpcf7\" value=\"7874\" \/><input type=\"hidden\" name=\"_wpcf7_version\" value=\"6.1.5\" \/><input type=\"hidden\" name=\"_wpcf7_locale\" value=\"es_ES\" \/><input type=\"hidden\" name=\"_wpcf7_unit_tag\" value=\"wpcf7-f7874-o2\" \/><input type=\"hidden\" name=\"_wpcf7_container_post\" value=\"0\" \/><input type=\"hidden\" name=\"_wpcf7_posted_data_hash\" value=\"\" \/><input type=\"hidden\" name=\"_wpcf7_recaptcha_response\" value=\"\" \/>\n<\/fieldset>\n<div class=\"col-md-12\">\n\t<p><span class=\"wpcf7-form-control-wrap\" data-name=\"your-name\"><input size=\"40\" maxlength=\"400\" class=\"wpcf7-form-control wpcf7-text wpcf7-validates-as-required\" aria-required=\"true\" aria-invalid=\"false\" placeholder=\"Nom*\" value=\"\" type=\"text\" name=\"your-name\" \/><\/span>\n\t<\/p>\n<\/div>\n<div class=\"col-md-12\">\n\t<p><span class=\"wpcf7-form-control-wrap\" data-name=\"telefono\"><input size=\"40\" maxlength=\"400\" class=\"wpcf7-form-control wpcf7-tel wpcf7-validates-as-required wpcf7-text wpcf7-validates-as-tel\" aria-required=\"true\" aria-invalid=\"false\" placeholder=\"Tel\u00e8fon*\" value=\"\" type=\"tel\" name=\"telefono\" \/><\/span>\n\t<\/p>\n<\/div>\n<div class=\"col-md-12\">\n\t<p><span class=\"wpcf7-form-control-wrap\" data-name=\"your-email\"><input size=\"40\" maxlength=\"400\" class=\"wpcf7-form-control wpcf7-email wpcf7-validates-as-required wpcf7-text wpcf7-validates-as-email\" aria-required=\"true\" aria-invalid=\"false\" placeholder=\"E-mail*\" value=\"\" type=\"email\" name=\"your-email\" \/><\/span>\n\t<\/p>\n<\/div>\n<div class=\"col-md-12\">\n\t<p><span class=\"wpcf7-form-control-wrap\" data-name=\"consultas\"><textarea cols=\"40\" rows=\"10\" maxlength=\"2000\" class=\"wpcf7-form-control wpcf7-textarea\" aria-invalid=\"false\" placeholder=\"Quina \u00e9s la teva consulta?\" name=\"consultas\"><\/textarea><\/span>\n\t<\/p>\n<\/div>\n<div class=\"col-md-12\" style=\"margin:10px 0px; text-align:left;\">\n\t<div class=\"col-md-12\" style=\"font-size: 9px; line-height: 110%; color:#fff; text-align:justify; padding: 0px; height: 60px; overflow: scroll; overflow-x:hidden; border:1px solid #314F69; padding: 5px;\">\n\t\t<p>En compliment de la normativa vigent de Protecci\u00f3 de Dades de Car\u00e0cter Personal, li comuniquem que les dades recollides en el present formulari quedaran incorporats i seran tractats en el fitxer denominat Usuaris Web sota la responsabilitat de RAM\u00d3N ONANDIA ALSIUS amb la finalitat de poder prestar els seus serveis, aix\u00ed com per a mantenir-me informat sobre q\u00fcestions relatives a l'activitat de l'empresa.<br \/>\nL'informem que les dades que ens faciliti seran tractats de forma lleial, transparent, adequada, pertinent, limitada, exacta i actualitzada i no es comunicaran o cediran a tercers, exceptuant que aquesta comunicaci\u00f3 sigui necess\u00e0ria o pugui suposar una millora per a la finalitat d'aquests, sempre concorde a la normativa vigent en mat\u00e8ria de protecci\u00f3 de dades, Reglament General de Protecci\u00f3 de Dades.<br \/>\nEn el cas que es produeixin canvis en algunes de les dades facilitades, amb la finalitat de mantenir el nostre fitxer actualitzat, li preguem, ens el comuniqui per escrit.<br \/>\nL'informem de la possibilitat que t\u00e9 d'exercir els drets d'acc\u00e9s, rectificaci\u00f3, supressi\u00f3, oposici\u00f3, limitaci\u00f3 del tractament i portabilitat de les seves dades de car\u00e0cter personal de forma presencial en les oficines de RAM\u00d3N ONANDIA ALSIUS, acompanyant c\u00f2pia de DNI, o b\u00e9 mitjan\u00e7ant correu postal a RAMBLA CATALUNYA 87 2n D de BARCELONA, 08008 BARCELONA, o correu electr\u00f2nic roa@onandia.com.\n\t\t<\/p>\n\t<\/div>\n<\/div>\n<div class=\"col-md-12 politicas\">\n\t<p><span class=\"wpcf7-form-control-wrap\" data-name=\"politicas\"><span class=\"wpcf7-form-control wpcf7-acceptance\"><span class=\"wpcf7-list-item\"><input type=\"checkbox\" name=\"politicas\" value=\"1\" aria-invalid=\"false\" \/><\/span><\/span><\/span> He llegit i accepto <a href=\"\/ca\/politica-de-privacitat\/\" target=\"_blank\" style=\"color:#FFF;\">pol\u00edtica de privacitat<\/a>\n\t<\/p>\n<\/div>\n<div class=\"col-md-12\" style=\"text-align:center;\">\n\n<\/div>\n<div class=\"col-md-12\" style=\"text-align:center; padding-top: 15px; text-align: right;\">\n\t<p><input class=\"wpcf7-form-control wpcf7-submit has-spinner btn-enviar-form\" type=\"submit\" value=\"ENVIAR\" \/>\n\t<\/p>\n<\/div><div class=\"fusion-alert alert custom alert-custom fusion-alert-center wpcf7-response-output awb-alert-native-link-color alert-dismissable awb-alert-close-boxed\" style=\"--awb-border-size:1px;--awb-border-top-left-radius:0px;--awb-border-top-right-radius:0px;--awb-border-bottom-left-radius:0px;--awb-border-bottom-right-radius:0px;\" role=\"alert\"><div class=\"fusion-alert-content-wrapper\"><span class=\"fusion-alert-content\"><\/span><\/div><button type=\"button\" class=\"close toggle-alert\" data-dismiss=\"alert\" aria-label=\"Close\">&times;<\/button><\/div>\n<\/form>\n<\/div>\n\n\n\n\n\n\n\n<\/div><\/div><\/div><\/div><\/div>\n<\/div><\/div><div class=\"fusion-fullwidth fullwidth-box fusion-builder-row-4 fusion-flex-container has-pattern-background has-mask-background nonhundred-percent-fullwidth non-hundred-percent-height-scrolling\" style=\"--awb-border-color:#f4f4f4;--awb-border-radius-top-left:0px;--awb-border-radius-top-right:0px;--awb-border-radius-bottom-right:0px;--awb-border-radius-bottom-left:0px;--awb-padding-left:20px;--awb-background-color:#00a7d8;--awb-flex-wrap:wrap;\" ><div class=\"fusion-builder-row fusion-row fusion-flex-align-items-flex-start fusion-flex-content-wrap\" style=\"max-width:1352px;margin-left: calc(-4% \/ 2 );margin-right: calc(-4% \/ 2 );\"><div class=\"fusion-layout-column fusion_builder_column fusion-builder-column-4 fusion_builder_column_1_1 1_1 fusion-flex-column\" style=\"--awb-padding-top:20px;--awb-bg-size:cover;--awb-width-large:100%;--awb-margin-top-large:20px;--awb-spacing-right-large:1.92%;--awb-margin-bottom-large:20px;--awb-spacing-left-large:1.92%;--awb-width-medium:100%;--awb-order-medium:0;--awb-spacing-right-medium:1.92%;--awb-spacing-left-medium:1.92%;--awb-width-small:100%;--awb-order-small:0;--awb-spacing-right-small:1.92%;--awb-spacing-left-small:1.92%;\" data-scroll-devices=\"small-visibility,medium-visibility,large-visibility\"><div class=\"fusion-column-wrapper fusion-column-has-shadow fusion-flex-justify-content-flex-start fusion-content-layout-column\"><div class=\"fusion-title title fusion-title-5 fusion-sep-none fusion-title-center fusion-title-text fusion-title-size-two\" style=\"--awb-margin-top-small:10px;--awb-margin-right-small:0px;--awb-margin-bottom-small:10px;--awb-margin-left-small:0px;\"><h2 class=\"fusion-title-heading title-heading-center\" style=\"margin:0;\"><h2 style=\"color: #413e3b; text-align: center;\"><span style=\"color: #ffffff;\">Preguntes freq\u00fcents<\/span><\/h2><\/h2><\/div><\/div><\/div><div class=\"fusion-layout-column fusion_builder_column fusion-builder-column-5 fusion_builder_column_1_2 1_2 fusion-flex-column\" style=\"--awb-bg-size:cover;--awb-width-large:50%;--awb-margin-top-large:0px;--awb-spacing-right-large:3.84%;--awb-margin-bottom-large:20px;--awb-spacing-left-large:3.84%;--awb-width-medium:100%;--awb-spacing-right-medium:1.92%;--awb-spacing-left-medium:1.92%;--awb-width-small:100%;--awb-spacing-right-small:1.92%;--awb-spacing-left-small:1.92%;\"><div class=\"fusion-column-wrapper fusion-column-has-shadow fusion-flex-justify-content-flex-start fusion-content-layout-column\"><div class=\"accordian fusion-accordian\" style=\"--awb-border-size:1px;--awb-icon-size:16px;--awb-content-font-size:16px;--awb-icon-alignment:left;--awb-hover-color:#f9f9f9;--awb-border-color:#cccccc;--awb-background-color:#ffffff;--awb-divider-color:#ffffff;--awb-divider-hover-color:#ffffff;--awb-icon-color:#ffffff;--awb-title-color:#585149;--awb-content-color:#585149;--awb-icon-box-color:var(--awb-custom_color_2);--awb-toggle-hover-accent-color:var(--awb-custom_color_1);--awb-title-font-family:&quot;Open Sans&quot;;--awb-title-font-weight:600;--awb-title-font-style:normal;--awb-title-font-size:13px;--awb-content-font-family:&quot;Open Sans&quot;;--awb-content-font-style:normal;--awb-content-font-weight:400;\"><div class=\"panel-group fusion-toggle-icon-boxed\" id=\"accordion-7078-1\"><div class=\"fusion-panel panel-default panel-1484d5d5b38266833 fusion-toggle-has-divider\" style=\"--awb-title-color:#585149;--awb-content-color:#585149;\"><div class=\"panel-heading\"><h4 class=\"panel-title toggle\" id=\"toggle_1484d5d5b38266833\"><a aria-expanded=\"false\" aria-controls=\"1484d5d5b38266833\" role=\"button\" data-toggle=\"collapse\" data-parent=\"#accordion-7078-1\" data-target=\"#1484d5d5b38266833\" href=\"#1484d5d5b38266833\"><span class=\"fusion-toggle-icon-wrapper\" aria-hidden=\"true\"><i class=\"fa-fusion-box active-icon awb-icon-minus\" aria-hidden=\"true\"><\/i><i class=\"fa-fusion-box inactive-icon awb-icon-plus\" aria-hidden=\"true\"><\/i><\/span><span class=\"fusion-toggle-heading\"> Quants tipus o graus d'incapacitat laboral existeixen?<\/span><\/a><\/h4><\/div><div id=\"1484d5d5b38266833\" class=\"panel-collapse collapse \" aria-labelledby=\"toggle_1484d5d5b38266833\"><div class=\"panel-body toggle-content fusion-clearfix\">\n<p>Depenent de les limitacions que pateixi l&#8217;afectat, existeixen diferents graus d&#8217;incapacitat laboral:<\/p>\n<ul>\n<li><strong>Incapacitat parcial<\/strong>: disminuci\u00f3 del rendiment no inferior al 33% per a la seva professi\u00f3 habitual.<\/li>\n<li><strong>Incapacitat total<\/strong>: disminuci\u00f3 del rendiment superior al 33% per a la seva professi\u00f3 habitual i impossibilitat per a realitzar la seva professi\u00f3.<\/li>\n<li><strong>Incapacitat absoluta<\/strong>: quan el treballador est\u00e0 impossibilitat per complet per a fer qualsevol treball o professi\u00f3.<\/li>\n<li><strong>Gran invalidesa<\/strong>: per a sup\u00f2sits excepcionals de grans invalidats que, a m\u00e9s, necessiten ajuda de tercera persona.<\/li>\n<\/ul>\n<\/div><\/div><\/div><div class=\"fusion-panel panel-default panel-bd8dec0ad43a9a2d6 fusion-toggle-has-divider\" style=\"--awb-title-color:#585149;--awb-content-color:#585149;\"><div class=\"panel-heading\"><h4 class=\"panel-title toggle\" id=\"toggle_bd8dec0ad43a9a2d6\"><a aria-expanded=\"false\" aria-controls=\"bd8dec0ad43a9a2d6\" role=\"button\" data-toggle=\"collapse\" data-parent=\"#accordion-7078-1\" data-target=\"#bd8dec0ad43a9a2d6\" href=\"#bd8dec0ad43a9a2d6\"><span class=\"fusion-toggle-icon-wrapper\" aria-hidden=\"true\"><i class=\"fa-fusion-box active-icon awb-icon-minus\" aria-hidden=\"true\"><\/i><i class=\"fa-fusion-box inactive-icon awb-icon-plus\" aria-hidden=\"true\"><\/i><\/span><span class=\"fusion-toggle-heading\">Quins requisits s'han de complir per a accedir a les prestacions per incapacitat laboral?<\/span><\/a><\/h4><\/div><div id=\"bd8dec0ad43a9a2d6\" class=\"panel-collapse collapse \" aria-labelledby=\"toggle_bd8dec0ad43a9a2d6\"><div class=\"panel-body toggle-content fusion-clearfix\">\n<p>Els requisits serien estar donat d&#8217;alta en la Seguretat Social i haver cotitzat el m\u00ednim previst legalment.<\/p>\n<\/div><\/div><\/div><div class=\"fusion-panel panel-default panel-a1e356692628e22fa fusion-toggle-has-divider\" style=\"--awb-title-color:#585149;--awb-content-color:#585149;\"><div class=\"panel-heading\"><h4 class=\"panel-title toggle\" id=\"toggle_a1e356692628e22fa\"><a aria-expanded=\"false\" aria-controls=\"a1e356692628e22fa\" role=\"button\" data-toggle=\"collapse\" data-parent=\"#accordion-7078-1\" data-target=\"#a1e356692628e22fa\" href=\"#a1e356692628e22fa\"><span class=\"fusion-toggle-icon-wrapper\" aria-hidden=\"true\"><i class=\"fa-fusion-box active-icon awb-icon-minus\" aria-hidden=\"true\"><\/i><i class=\"fa-fusion-box inactive-icon awb-icon-plus\" aria-hidden=\"true\"><\/i><\/span><span class=\"fusion-toggle-heading\">\u00c9s millor tramitar una baixa laboral amb incapacitat amb un advocat? per qu\u00e8?<\/span><\/a><\/h4><\/div><div id=\"a1e356692628e22fa\" class=\"panel-collapse collapse \" aria-labelledby=\"toggle_a1e356692628e22fa\"><div class=\"panel-body toggle-content fusion-clearfix\">\n<p>\u00c9s fonamental estar assessorat per un advocat especialitzat ja que \u00e9s qui coneix el tema i pot assessorar-te dels passos a seguir per a aconseguir la incapacitat.<\/p>\n<\/div><\/div><\/div><div class=\"fusion-panel panel-default panel-e2c637758d31097b4 fusion-toggle-has-divider\" style=\"--awb-title-color:#585149;--awb-content-color:#585149;\"><div class=\"panel-heading\"><h4 class=\"panel-title toggle\" id=\"toggle_e2c637758d31097b4\"><a aria-expanded=\"false\" aria-controls=\"e2c637758d31097b4\" role=\"button\" data-toggle=\"collapse\" data-parent=\"#accordion-7078-1\" data-target=\"#e2c637758d31097b4\" href=\"#e2c637758d31097b4\"><span class=\"fusion-toggle-icon-wrapper\" aria-hidden=\"true\"><i class=\"fa-fusion-box active-icon awb-icon-minus\" aria-hidden=\"true\"><\/i><i class=\"fa-fusion-box inactive-icon awb-icon-plus\" aria-hidden=\"true\"><\/i><\/span><span class=\"fusion-toggle-heading\">Si tens una incapacitat laboral permanent, l'empresa t'ha de guardar el lloc de treball?<\/span><\/a><\/h4><\/div><div id=\"e2c637758d31097b4\" class=\"panel-collapse collapse \" aria-labelledby=\"toggle_e2c637758d31097b4\"><div class=\"panel-body toggle-content fusion-clearfix\">\n<p>Dep\u00e8n del cas i del conveni. En termes generals, per una incapacitat permanent la relaci\u00f3 laboral amb l&#8217;empresa pot quedar en suspens durant dos anys, tenint el treballador dret a reserva del lloc de treball.<\/p>\n<\/div><\/div><\/div><\/div><\/div><\/div><\/div><div class=\"fusion-layout-column fusion_builder_column fusion-builder-column-6 fusion_builder_column_1_2 1_2 fusion-flex-column\" style=\"--awb-bg-size:cover;--awb-width-large:50%;--awb-margin-top-large:0px;--awb-spacing-right-large:3.84%;--awb-margin-bottom-large:20px;--awb-spacing-left-large:3.84%;--awb-width-medium:100%;--awb-spacing-right-medium:1.92%;--awb-spacing-left-medium:1.92%;--awb-width-small:100%;--awb-spacing-right-small:1.92%;--awb-spacing-left-small:1.92%;\"><div class=\"fusion-column-wrapper fusion-column-has-shadow fusion-flex-justify-content-flex-start fusion-content-layout-column\"><div class=\"accordian fusion-accordian\" style=\"--awb-border-size:1px;--awb-icon-size:16px;--awb-content-font-size:16px;--awb-icon-alignment:left;--awb-hover-color:#f9f9f9;--awb-border-color:#cccccc;--awb-background-color:#ffffff;--awb-divider-color:#ffffff;--awb-divider-hover-color:#ffffff;--awb-icon-color:#ffffff;--awb-title-color:#585149;--awb-content-color:#585149;--awb-icon-box-color:var(--awb-custom_color_2);--awb-toggle-hover-accent-color:var(--awb-custom_color_1);--awb-title-font-family:&quot;Open Sans&quot;;--awb-title-font-weight:600;--awb-title-font-style:normal;--awb-title-font-size:13px;--awb-content-font-family:&quot;Open Sans&quot;;--awb-content-font-style:normal;--awb-content-font-weight:400;\"><div class=\"panel-group fusion-toggle-icon-boxed\" id=\"accordion-7078-2\"><div class=\"fusion-panel panel-default panel-3d90d109c429a178b fusion-toggle-has-divider\" style=\"--awb-title-color:#585149;--awb-content-color:#585149;\"><div class=\"panel-heading\"><h4 class=\"panel-title toggle\" id=\"toggle_3d90d109c429a178b\"><a aria-expanded=\"false\" aria-controls=\"3d90d109c429a178b\" role=\"button\" data-toggle=\"collapse\" data-parent=\"#accordion-7078-2\" data-target=\"#3d90d109c429a178b\" href=\"#3d90d109c429a178b\"><span class=\"fusion-toggle-icon-wrapper\" aria-hidden=\"true\"><i class=\"fa-fusion-box active-icon awb-icon-minus\" aria-hidden=\"true\"><\/i><i class=\"fa-fusion-box inactive-icon awb-icon-plus\" aria-hidden=\"true\"><\/i><\/span><span class=\"fusion-toggle-heading\">Quant \u00e9s el m\u00e0xim que es pot estar de baixa laboral per incapacitat?<\/span><\/a><\/h4><\/div><div id=\"3d90d109c429a178b\" class=\"panel-collapse collapse \" aria-labelledby=\"toggle_3d90d109c429a178b\"><div class=\"panel-body toggle-content fusion-clearfix\">\n<p>El temps m\u00e0xim de durada de la baixa laboral \u00e9s de 365 dies, amb la possibilitat de prorrogar-los 180 dies m\u00e9s quan durant aquest temps no es preveu la curaci\u00f3 del treballador.<\/p>\n<\/div><\/div><\/div><div class=\"fusion-panel panel-default panel-e8d130934d75ff254 fusion-toggle-has-divider\" style=\"--awb-title-color:#585149;--awb-content-color:#585149;\"><div class=\"panel-heading\"><h4 class=\"panel-title toggle\" id=\"toggle_e8d130934d75ff254\"><a aria-expanded=\"false\" aria-controls=\"e8d130934d75ff254\" role=\"button\" data-toggle=\"collapse\" data-parent=\"#accordion-7078-2\" data-target=\"#e8d130934d75ff254\" href=\"#e8d130934d75ff254\"><span class=\"fusion-toggle-icon-wrapper\" aria-hidden=\"true\"><i class=\"fa-fusion-box active-icon awb-icon-minus\" aria-hidden=\"true\"><\/i><i class=\"fa-fusion-box inactive-icon awb-icon-plus\" aria-hidden=\"true\"><\/i><\/span><span class=\"fusion-toggle-heading\">Quan un empleat t\u00e9 la baixa laboral per incapacitat cobra el sou \u00edntegre?<\/span><\/a><\/h4><\/div><div id=\"e8d130934d75ff254\" class=\"panel-collapse collapse \" aria-labelledby=\"toggle_e8d130934d75ff254\"><div class=\"panel-body toggle-content fusion-clearfix\">\n<p>En el cas que la baixa laboral per incapacitat sigui causada per un accident de treball es cobra el sou \u00edntegre per\u00f2 si la causa \u00e9s una malaltia comuna dependr\u00e0 del conveni que se li aplica al treballador.<\/p>\n<\/div><\/div><\/div><div class=\"fusion-panel panel-default panel-27e4e3aa078bd1036 fusion-toggle-has-divider\" style=\"--awb-title-color:#585149;--awb-content-color:#585149;\"><div class=\"panel-heading\"><h4 class=\"panel-title toggle\" id=\"toggle_27e4e3aa078bd1036\"><a aria-expanded=\"false\" aria-controls=\"27e4e3aa078bd1036\" role=\"button\" data-toggle=\"collapse\" data-parent=\"#accordion-7078-2\" data-target=\"#27e4e3aa078bd1036\" href=\"#27e4e3aa078bd1036\"><span class=\"fusion-toggle-icon-wrapper\" aria-hidden=\"true\"><i class=\"fa-fusion-box active-icon awb-icon-minus\" aria-hidden=\"true\"><\/i><i class=\"fa-fusion-box inactive-icon awb-icon-plus\" aria-hidden=\"true\"><\/i><\/span><span class=\"fusion-toggle-heading\">Es considera accident laboral una malaltia generada pel treball realitzat?<\/span><\/a><\/h4><\/div><div id=\"27e4e3aa078bd1036\" class=\"panel-collapse collapse \" aria-labelledby=\"toggle_27e4e3aa078bd1036\"><div class=\"panel-body toggle-content fusion-clearfix\">\n<p>Si, sempre que la malaltia generada pel treball realitzat es confirmi mitjan\u00e7ant informes certificats de la sanitat p\u00fablica.<\/p>\n<\/div><\/div><\/div><div class=\"fusion-panel panel-default panel-7c914ba0a60a1ec38 fusion-toggle-has-divider\" style=\"--awb-title-color:#585149;--awb-content-color:#585149;\"><div class=\"panel-heading\"><h4 class=\"panel-title toggle\" id=\"toggle_7c914ba0a60a1ec38\"><a aria-expanded=\"false\" aria-controls=\"7c914ba0a60a1ec38\" role=\"button\" data-toggle=\"collapse\" data-parent=\"#accordion-7078-2\" data-target=\"#7c914ba0a60a1ec38\" href=\"#7c914ba0a60a1ec38\"><span class=\"fusion-toggle-icon-wrapper\" aria-hidden=\"true\"><i class=\"fa-fusion-box active-icon awb-icon-minus\" aria-hidden=\"true\"><\/i><i class=\"fa-fusion-box inactive-icon awb-icon-plus\" aria-hidden=\"true\"><\/i><\/span><span class=\"fusion-toggle-heading\">Es pot perdre en algun cas el dret a la prestaci\u00f3 per incapacitat laboral?<\/span><\/a><\/h4><\/div><div id=\"7c914ba0a60a1ec38\" class=\"panel-collapse collapse \" aria-labelledby=\"toggle_7c914ba0a60a1ec38\"><div class=\"panel-body toggle-content fusion-clearfix\">\n<p>Si, si s&#8217;incompleixen els requisits establerts com treballar en el mateix que va motivar la incapacitat laboral.<\/p>\n<\/div><\/div><\/div><\/div><\/div><\/div><\/div><div class=\"fusion-layout-column fusion_builder_column fusion-builder-column-7 fusion_builder_column_1_1 1_1 fusion-flex-column\" style=\"--awb-bg-size:cover;--awb-width-large:100%;--awb-margin-top-large:0px;--awb-spacing-right-large:1.92%;--awb-margin-bottom-large:40px;--awb-spacing-left-large:1.92%;--awb-width-medium:100%;--awb-order-medium:0;--awb-spacing-right-medium:1.92%;--awb-spacing-left-medium:1.92%;--awb-width-small:100%;--awb-order-small:0;--awb-spacing-right-small:1.92%;--awb-spacing-left-small:1.92%;\" data-scroll-devices=\"small-visibility,medium-visibility,large-visibility\"><div class=\"fusion-column-wrapper fusion-column-has-shadow fusion-flex-justify-content-flex-start fusion-content-layout-column\"><script type=\"application\/ld+json\">{\"@context\":\"https:\/\/schema.org\",\"@type\":\"FAQPage\",\"mainEntity\":[{\"@type\":\"Question\",\"name\":\"Quants tipus o graus d'incapacitat laboral existeixen?\",\"acceptedAnswer\":{\"@type\":\"Answer\",\"text\":\"Depenent de les limitacions que pateixi l\u2019afectat, existeixen diferents graus d\u2019incapacitat laboral:\\n\\nIncapacitat parcial: disminuci\u00f3 del rendiment no inferior al 33% per a la seva professi\u00f3 habitual.\\nIncapacitat total: disminuci\u00f3 del rendiment superior al 33% per a la seva professi\u00f3 habitual i impossibilitat per a realitzar la seva professi\u00f3.\\nIncapacitat absoluta: quan el treballador est\u00e0 impossibilitat per complet per a fer qualsevol treball o professi\u00f3.\\nGran invalidesa: per a sup\u00f2sits excepcionals de grans invalidats que, a m\u00e9s, necessiten ajuda de tercera persona.\"}},{\"@type\":\"Question\",\"name\":\"Quins requisits s'han de complir per a accedir a les prestacions per incapacitat laboral?\",\"acceptedAnswer\":{\"@type\":\"Answer\",\"text\":\"Els requisits serien estar donat d\u2019alta en la Seguretat Social i haver cotitzat el m\u00ednim previst legalment.\"}},{\"@type\":\"Question\",\"name\":\"\u00c9s millor tramitar una baixa laboral amb incapacitat amb un advocat? per qu\u00e8?\",\"acceptedAnswer\":{\"@type\":\"Answer\",\"text\":\"\u00c9s fonamental estar assessorat per un advocat especialitzat ja que \u00e9s qui coneix el tema i pot assessorar-te dels passos a seguir per a aconseguir la incapacitat.\"}},{\"@type\":\"Question\",\"name\":\"Si tens una incapacitat laboral permanent, l'empresa t'ha de guardar el lloc de treball?\",\"acceptedAnswer\":{\"@type\":\"Answer\",\"text\":\"Dep\u00e8n del cas i del conveni. En termes generals, per una incapacitat permanent la relaci\u00f3 laboral amb l\u2019empresa pot quedar en suspens durant dos anys, tenint el treballador dret a reserva del lloc de treball.\"}},{\"@type\":\"Question\",\"name\":\"Quant \u00e9s el m\u00e0xim que es pot estar de baixa laboral per incapacitat?\",\"acceptedAnswer\":{\"@type\":\"Answer\",\"text\":\"El temps m\u00e0xim de durada de la baixa laboral \u00e9s de 365 dies, amb la possibilitat de prorrogar-los 180 dies m\u00e9s quan durant aquest temps no es preveu la curaci\u00f3 del treballador.\"}},{\"@type\":\"Question\",\"name\":\"Quan un empleat t\u00e9 la baixa laboral per incapacitat cobra el sou \u00edntegre?\",\"acceptedAnswer\":{\"@type\":\"Answer\",\"text\":\"En el cas que la baixa laboral per incapacitat sigui causada per un accident de treball es cobra el sou \u00edntegre per\u00f2 si la causa \u00e9s una malaltia comuna dependr\u00e0 del conveni que se li aplica al treballador.\"}},{\"@type\":\"Question\",\"name\":\"Es considera accident laboral una malaltia generada pel treball realitzat?\",\"acceptedAnswer\":{\"@type\":\"Answer\",\"text\":\"Si, sempre que la malaltia generada pel treball realitzat es confirmi mitjan\u00e7ant informes certificats de la sanitat p\u00fablica.\"}},{\"@type\":\"Question\",\"name\":\"Es pot perdre en algun cas el dret a la prestaci\u00f3 per incapacitat laboral?\",\"acceptedAnswer\":{\"@type\":\"Answer\",\"text\":\"Si, si s\u2019incompleixen els requisits establerts com treballar en el mateix que va motivar la incapacitat laboral.\"}}]}<\/script><\/div><\/div><\/div><\/div><\/p>\n","protected":false},"excerpt":{"rendered":"","protected":false},"author":1,"featured_media":0,"parent":0,"menu_order":0,"comment_status":"closed","ping_status":"closed","template":"100-width.php","meta":{"footnotes":""},"class_list":["post-7078","page","type-page","status-publish","hentry"],"yoast_head":"<!-- This site is optimized with the Yoast SEO plugin v27.4 - https:\/\/yoast.com\/product\/yoast-seo-wordpress\/ -->\n<title>\u2705 Baixa per Incapacitat Laboral Temporal i Permanent | Onandia<\/title>\n<meta name=\"description\" content=\"A Onandia Barcelona, som advocats experts en Baixes per Incapacitat laboral o Invalidesa per accident o malaltia Consulta&#039;ns gratis i sense comprom\u00eds!\" \/>\n<meta name=\"robots\" content=\"index, follow, max-snippet:-1, max-image-preview:large, max-video-preview:-1\" \/>\n<link rel=\"canonical\" href=\"https:\/\/onandia-abogados.com\/ca\/incapacitat-laboral\/\" \/>\n<meta property=\"og:locale\" content=\"ca_ES\" \/>\n<meta property=\"og:type\" content=\"article\" \/>\n<meta property=\"og:title\" content=\"\u2705 Baixa per Incapacitat Laboral Temporal i Permanent | Onandia\" \/>\n<meta property=\"og:description\" content=\"A Onandia Barcelona, som advocats experts en Baixes per Incapacitat laboral o Invalidesa per accident o malaltia Consulta&#039;ns gratis i sense comprom\u00eds!\" \/>\n<meta property=\"og:url\" content=\"https:\/\/onandia-abogados.com\/ca\/incapacitat-laboral\/\" \/>\n<meta property=\"og:site_name\" content=\"\u2705 Abogados especialistas en Accidentes Barcelona | Onandia\" \/>\n<meta property=\"og:image\" content=\"https:\/\/onandia-abogados.com\/wp-content\/uploads\/2023\/05\/picto-mano.png\" \/>\n<script type=\"application\/ld+json\" class=\"yoast-schema-graph\">{\"@context\":\"https:\\\/\\\/schema.org\",\"@graph\":[{\"@type\":\"WebPage\",\"@id\":\"https:\\\/\\\/onandia-abogados.com\\\/ca\\\/incapacitat-laboral\\\/\",\"url\":\"https:\\\/\\\/onandia-abogados.com\\\/ca\\\/incapacitat-laboral\\\/\",\"name\":\"\u2705 Baixa per Incapacitat Laboral Temporal i Permanent | Onandia\",\"isPartOf\":{\"@id\":\"https:\\\/\\\/onandia-abogados.com\\\/ca\\\/#website\"},\"primaryImageOfPage\":{\"@id\":\"https:\\\/\\\/onandia-abogados.com\\\/ca\\\/incapacitat-laboral\\\/#primaryimage\"},\"image\":{\"@id\":\"https:\\\/\\\/onandia-abogados.com\\\/ca\\\/incapacitat-laboral\\\/#primaryimage\"},\"thumbnailUrl\":\"https:\\\/\\\/onandia-abogados.com\\\/wp-content\\\/uploads\\\/2023\\\/05\\\/picto-mano.png\",\"description\":\"A Onandia Barcelona, som advocats experts en Baixes per Incapacitat laboral o Invalidesa per accident o malaltia Consulta'ns gratis i sense comprom\u00eds!\",\"breadcrumb\":{\"@id\":\"https:\\\/\\\/onandia-abogados.com\\\/ca\\\/incapacitat-laboral\\\/#breadcrumb\"},\"inLanguage\":\"ca\",\"potentialAction\":[{\"@type\":\"ReadAction\",\"target\":[\"https:\\\/\\\/onandia-abogados.com\\\/ca\\\/incapacitat-laboral\\\/\"]}]},{\"@type\":\"ImageObject\",\"inLanguage\":\"ca\",\"@id\":\"https:\\\/\\\/onandia-abogados.com\\\/ca\\\/incapacitat-laboral\\\/#primaryimage\",\"url\":\"https:\\\/\\\/onandia-abogados.com\\\/wp-content\\\/uploads\\\/2023\\\/05\\\/picto-mano.png\",\"contentUrl\":\"https:\\\/\\\/onandia-abogados.com\\\/wp-content\\\/uploads\\\/2023\\\/05\\\/picto-mano.png\"},{\"@type\":\"BreadcrumbList\",\"@id\":\"https:\\\/\\\/onandia-abogados.com\\\/ca\\\/incapacitat-laboral\\\/#breadcrumb\",\"itemListElement\":[{\"@type\":\"ListItem\",\"position\":1,\"name\":\"Portada\",\"item\":\"https:\\\/\\\/onandia-abogados.com\\\/ca\\\/\"},{\"@type\":\"ListItem\",\"position\":2,\"name\":\"Incapacitats Laborals\"}]},{\"@type\":\"WebSite\",\"@id\":\"https:\\\/\\\/onandia-abogados.com\\\/ca\\\/#website\",\"url\":\"https:\\\/\\\/onandia-abogados.com\\\/ca\\\/\",\"name\":\"Abogados Onandia Barcelona\",\"description\":\"Advocats especialistes en accidents de tr\u00e0nsit\",\"publisher\":{\"@id\":\"https:\\\/\\\/onandia-abogados.com\\\/ca\\\/#organization\"},\"potentialAction\":[{\"@type\":\"SearchAction\",\"target\":{\"@type\":\"EntryPoint\",\"urlTemplate\":\"https:\\\/\\\/onandia-abogados.com\\\/ca\\\/?s={search_term_string}\"},\"query-input\":{\"@type\":\"PropertyValueSpecification\",\"valueRequired\":true,\"valueName\":\"search_term_string\"}}],\"inLanguage\":\"ca\"},{\"@type\":\"Organization\",\"@id\":\"https:\\\/\\\/onandia-abogados.com\\\/ca\\\/#organization\",\"name\":\"Onandia Abogados\",\"url\":\"https:\\\/\\\/onandia-abogados.com\\\/ca\\\/\",\"logo\":{\"@type\":\"ImageObject\",\"inLanguage\":\"ca\",\"@id\":\"https:\\\/\\\/onandia-abogados.com\\\/ca\\\/#\\\/schema\\\/logo\\\/image\\\/\",\"url\":\"https:\\\/\\\/onandia-abogados.com\\\/wp-content\\\/uploads\\\/2023\\\/05\\\/abogados-onandia.svg\",\"contentUrl\":\"https:\\\/\\\/onandia-abogados.com\\\/wp-content\\\/uploads\\\/2023\\\/05\\\/abogados-onandia.svg\",\"width\":751,\"height\":262,\"caption\":\"Onandia Abogados\"},\"image\":{\"@id\":\"https:\\\/\\\/onandia-abogados.com\\\/ca\\\/#\\\/schema\\\/logo\\\/image\\\/\"}}]}<\/script>\n<!-- \/ Yoast SEO plugin. -->","yoast_head_json":{"title":"\u2705 Baixa per Incapacitat Laboral Temporal i Permanent | Onandia","description":"A Onandia Barcelona, som advocats experts en Baixes per Incapacitat laboral o Invalidesa per accident o malaltia Consulta'ns gratis i sense comprom\u00eds!","robots":{"index":"index","follow":"follow","max-snippet":"max-snippet:-1","max-image-preview":"max-image-preview:large","max-video-preview":"max-video-preview:-1"},"canonical":"https:\/\/onandia-abogados.com\/ca\/incapacitat-laboral\/","og_locale":"ca_ES","og_type":"article","og_title":"\u2705 Baixa per Incapacitat Laboral Temporal i Permanent | Onandia","og_description":"A Onandia Barcelona, som advocats experts en Baixes per Incapacitat laboral o Invalidesa per accident o malaltia Consulta'ns gratis i sense comprom\u00eds!","og_url":"https:\/\/onandia-abogados.com\/ca\/incapacitat-laboral\/","og_site_name":"\u2705 Abogados especialistas en Accidentes Barcelona | Onandia","og_image":[{"url":"https:\/\/onandia-abogados.com\/wp-content\/uploads\/2023\/05\/picto-mano.png","type":"","width":"","height":""}],"schema":{"@context":"https:\/\/schema.org","@graph":[{"@type":"WebPage","@id":"https:\/\/onandia-abogados.com\/ca\/incapacitat-laboral\/","url":"https:\/\/onandia-abogados.com\/ca\/incapacitat-laboral\/","name":"\u2705 Baixa per Incapacitat Laboral Temporal i Permanent | Onandia","isPartOf":{"@id":"https:\/\/onandia-abogados.com\/ca\/#website"},"primaryImageOfPage":{"@id":"https:\/\/onandia-abogados.com\/ca\/incapacitat-laboral\/#primaryimage"},"image":{"@id":"https:\/\/onandia-abogados.com\/ca\/incapacitat-laboral\/#primaryimage"},"thumbnailUrl":"https:\/\/onandia-abogados.com\/wp-content\/uploads\/2023\/05\/picto-mano.png","description":"A Onandia Barcelona, som advocats experts en Baixes per Incapacitat laboral o Invalidesa per accident o malaltia Consulta'ns gratis i sense comprom\u00eds!","breadcrumb":{"@id":"https:\/\/onandia-abogados.com\/ca\/incapacitat-laboral\/#breadcrumb"},"inLanguage":"ca","potentialAction":[{"@type":"ReadAction","target":["https:\/\/onandia-abogados.com\/ca\/incapacitat-laboral\/"]}]},{"@type":"ImageObject","inLanguage":"ca","@id":"https:\/\/onandia-abogados.com\/ca\/incapacitat-laboral\/#primaryimage","url":"https:\/\/onandia-abogados.com\/wp-content\/uploads\/2023\/05\/picto-mano.png","contentUrl":"https:\/\/onandia-abogados.com\/wp-content\/uploads\/2023\/05\/picto-mano.png"},{"@type":"BreadcrumbList","@id":"https:\/\/onandia-abogados.com\/ca\/incapacitat-laboral\/#breadcrumb","itemListElement":[{"@type":"ListItem","position":1,"name":"Portada","item":"https:\/\/onandia-abogados.com\/ca\/"},{"@type":"ListItem","position":2,"name":"Incapacitats Laborals"}]},{"@type":"WebSite","@id":"https:\/\/onandia-abogados.com\/ca\/#website","url":"https:\/\/onandia-abogados.com\/ca\/","name":"Abogados Onandia Barcelona","description":"Advocats especialistes en accidents de tr\u00e0nsit","publisher":{"@id":"https:\/\/onandia-abogados.com\/ca\/#organization"},"potentialAction":[{"@type":"SearchAction","target":{"@type":"EntryPoint","urlTemplate":"https:\/\/onandia-abogados.com\/ca\/?s={search_term_string}"},"query-input":{"@type":"PropertyValueSpecification","valueRequired":true,"valueName":"search_term_string"}}],"inLanguage":"ca"},{"@type":"Organization","@id":"https:\/\/onandia-abogados.com\/ca\/#organization","name":"Onandia Abogados","url":"https:\/\/onandia-abogados.com\/ca\/","logo":{"@type":"ImageObject","inLanguage":"ca","@id":"https:\/\/onandia-abogados.com\/ca\/#\/schema\/logo\/image\/","url":"https:\/\/onandia-abogados.com\/wp-content\/uploads\/2023\/05\/abogados-onandia.svg","contentUrl":"https:\/\/onandia-abogados.com\/wp-content\/uploads\/2023\/05\/abogados-onandia.svg","width":751,"height":262,"caption":"Onandia Abogados"},"image":{"@id":"https:\/\/onandia-abogados.com\/ca\/#\/schema\/logo\/image\/"}}]}},"_links":{"self":[{"href":"https:\/\/onandia-abogados.com\/ca\/wp-json\/wp\/v2\/pages\/7078","targetHints":{"allow":["GET"]}}],"collection":[{"href":"https:\/\/onandia-abogados.com\/ca\/wp-json\/wp\/v2\/pages"}],"about":[{"href":"https:\/\/onandia-abogados.com\/ca\/wp-json\/wp\/v2\/types\/page"}],"author":[{"embeddable":true,"href":"https:\/\/onandia-abogados.com\/ca\/wp-json\/wp\/v2\/users\/1"}],"replies":[{"embeddable":true,"href":"https:\/\/onandia-abogados.com\/ca\/wp-json\/wp\/v2\/comments?post=7078"}],"version-history":[{"count":0,"href":"https:\/\/onandia-abogados.com\/ca\/wp-json\/wp\/v2\/pages\/7078\/revisions"}],"wp:attachment":[{"href":"https:\/\/onandia-abogados.com\/ca\/wp-json\/wp\/v2\/media?parent=7078"}],"curies":[{"name":"wp","href":"https:\/\/api.w.org\/{rel}","templated":true}]}}