{"id":7081,"date":"2015-12-09T08:39:21","date_gmt":"2015-12-09T08:39:21","guid":{"rendered":"https:\/\/onandia-abogados.com\/baremo-de-indemnizacion-por-accidentes-de-trafico\/"},"modified":"2026-01-27T15:53:46","modified_gmt":"2026-01-27T15:53:46","slug":"barem-indemnitzacio-per-accidents-de-transit","status":"publish","type":"page","link":"https:\/\/onandia-abogados.com\/ca\/barem-indemnitzacio-per-accidents-de-transit\/","title":{"rendered":"Barems d&#8217;Indemnitzaci\u00f3"},"content":{"rendered":"<p><div class=\"fusion-fullwidth fullwidth-box fusion-builder-row-1 fusion-flex-container has-pattern-background has-mask-background hundred-percent-fullwidth non-hundred-percent-height-scrolling\" style=\"--awb-border-radius-top-left:0px;--awb-border-radius-top-right:0px;--awb-border-radius-bottom-right:0px;--awb-border-radius-bottom-left:0px;--awb-padding-top:0px;--awb-padding-right:0px;--awb-padding-bottom:0px;--awb-padding-left:0px;--awb-margin-top:0px;--awb-margin-bottom:0px;--awb-flex-wrap:wrap;\" ><div class=\"fusion-builder-row fusion-row fusion-flex-align-items-flex-start fusion-flex-content-wrap\" style=\"width:104% !important;max-width:104% !important;margin-left: calc(-4% \/ 2 );margin-right: calc(-4% \/ 2 );\"><div class=\"fusion-layout-column fusion_builder_column fusion-builder-column-0 fusion_builder_column_1_1 1_1 fusion-flex-column\" style=\"--awb-padding-top:0px;--awb-padding-right:0px;--awb-padding-bottom:0px;--awb-padding-left:0px;--awb-bg-size:cover;--awb-width-large:100%;--awb-margin-top-large:0px;--awb-spacing-right-large:1.92%;--awb-margin-bottom-large:0px;--awb-spacing-left-large:1.92%;--awb-width-medium:100%;--awb-order-medium:0;--awb-spacing-right-medium:1.92%;--awb-spacing-left-medium:1.92%;--awb-width-small:100%;--awb-order-small:0;--awb-spacing-right-small:1.92%;--awb-spacing-left-small:1.92%;\" data-scroll-devices=\"small-visibility,medium-visibility,large-visibility\"><div class=\"fusion-column-wrapper fusion-column-has-shadow fusion-flex-justify-content-flex-start fusion-content-layout-column\"><div class=\"fusion-image-element \" style=\"text-align:center;--awb-margin-top:0px;--awb-margin-right:0px;--awb-margin-bottom:0px;--awb-margin-left:0px;--awb-max-width:2560px;--awb-caption-title-font-family:var(--h2_typography-font-family);--awb-caption-title-font-weight:var(--h2_typography-font-weight);--awb-caption-title-font-style:var(--h2_typography-font-style);--awb-caption-title-size:var(--h2_typography-font-size);--awb-caption-title-transform:var(--h2_typography-text-transform);--awb-caption-title-line-height:var(--h2_typography-line-height);--awb-caption-title-letter-spacing:var(--h2_typography-letter-spacing);\"><span class=\" fusion-imageframe imageframe-none imageframe-1 hover-type-none\"><img decoding=\"async\" width=\"2560\" height=\"607\" alt=\"Imatge de diners per a introduir el post: Estic obligat a acceptar la proposta d&#039;indemnitzaci\u00f3 per accident de l&#039;asseguran\u00e7a?\" title=\"Imatge de diners per a introduir el post estic obligat a acceptar la proposta d&#8217;indemnitzaci\u00f3 per accident de l&#8217;asseguran\u00e7a\" src=\"https:\/\/onandia-abogados.com\/wp-content\/uploads\/2024\/07\/onandia-advocats-de-barcelona-slide-barems-indemnizacio.jpg\" data-orig-src=\"https:\/\/onandia-abogados.com\/wp-content\/uploads\/2024\/07\/onandia-advocats-de-barcelona-slide-barems-indemnizacio.jpg\" class=\"lazyload img-responsive wp-image-8981\" srcset=\"data:image\/svg+xml,%3Csvg%20xmlns%3D%27http%3A%2F%2Fwww.w3.org%2F2000%2Fsvg%27%20width%3D%272560%27%20height%3D%27607%27%20viewBox%3D%270%200%202560%20607%27%3E%3Crect%20width%3D%272560%27%20height%3D%27607%27%20fill-opacity%3D%220%22%2F%3E%3C%2Fsvg%3E\" data-srcset=\"https:\/\/onandia-abogados.com\/wp-content\/uploads\/2024\/07\/onandia-advocats-de-barcelona-slide-barems-indemnizacio-200x47.jpg 200w, https:\/\/onandia-abogados.com\/wp-content\/uploads\/2024\/07\/onandia-advocats-de-barcelona-slide-barems-indemnizacio-400x95.jpg 400w, https:\/\/onandia-abogados.com\/wp-content\/uploads\/2024\/07\/onandia-advocats-de-barcelona-slide-barems-indemnizacio-600x142.jpg 600w, https:\/\/onandia-abogados.com\/wp-content\/uploads\/2024\/07\/onandia-advocats-de-barcelona-slide-barems-indemnizacio-800x190.jpg 800w, https:\/\/onandia-abogados.com\/wp-content\/uploads\/2024\/07\/onandia-advocats-de-barcelona-slide-barems-indemnizacio-1200x285.jpg 1200w, https:\/\/onandia-abogados.com\/wp-content\/uploads\/2024\/07\/onandia-advocats-de-barcelona-slide-barems-indemnizacio.jpg 2560w\" data-sizes=\"auto\" data-orig-sizes=\"(max-width: 1024px) 100vw, (max-width: 640px) 100vw, 2560px\" \/><\/span><\/div><\/div><\/div><\/div><\/div><div class=\"fusion-fullwidth fullwidth-box fusion-builder-row-2 fusion-flex-container has-pattern-background has-mask-background nonhundred-percent-fullwidth non-hundred-percent-height-scrolling\" style=\"--awb-border-radius-top-left:0px;--awb-border-radius-top-right:0px;--awb-border-radius-bottom-right:0px;--awb-border-radius-bottom-left:0px;--awb-margin-bottom:60px;--awb-background-color:#314f69;--awb-flex-wrap:wrap;\" ><div class=\"fusion-builder-row fusion-row fusion-flex-align-items-flex-start fusion-flex-content-wrap\" style=\"max-width:1352px;margin-left: calc(-4% \/ 2 );margin-right: calc(-4% \/ 2 );\"><div class=\"fusion-layout-column fusion_builder_column fusion-builder-column-1 fusion_builder_column_1_1 1_1 fusion-flex-column\" style=\"--awb-padding-top:20px;--awb-bg-size:cover;--awb-width-large:100%;--awb-margin-top-large:0px;--awb-spacing-right-large:0px;--awb-margin-bottom-large:0px;--awb-spacing-left-large:0px;--awb-width-medium:100%;--awb-order-medium:0;--awb-spacing-right-medium:1.92%;--awb-spacing-left-medium:1.92%;--awb-width-small:100%;--awb-order-small:0;--awb-spacing-right-small:1.92%;--awb-spacing-left-small:1.92%;\" data-scroll-devices=\"small-visibility,medium-visibility,large-visibility\"><div class=\"fusion-column-wrapper fusion-column-has-shadow fusion-flex-justify-content-flex-start fusion-content-layout-column\"><div class=\"fusion-title title fusion-title-1 fusion-sep-none fusion-title-center fusion-title-text fusion-title-size-one\" style=\"--awb-text-color:var(--awb-color1);--awb-margin-top-small:10px;--awb-margin-right-small:0px;--awb-margin-bottom-small:10px;--awb-margin-left-small:0px;--awb-font-size:23px;\"><h1 class=\"fusion-title-heading title-heading-center\" style=\"margin:0;font-size:1em;\"><span style=\"color: #ffffff;\">Barem d&#8217;Indemnitzaci\u00f3 Accidents de Tr\u00e0nsit i Circulaci\u00f3<\/span><\/h1><\/div><\/div><\/div><\/div><\/div><div class=\"fusion-fullwidth fullwidth-box fusion-builder-row-3 fusion-flex-container nonhundred-percent-fullwidth non-hundred-percent-height-scrolling\" style=\"--awb-border-radius-top-left:0px;--awb-border-radius-top-right:0px;--awb-border-radius-bottom-right:0px;--awb-border-radius-bottom-left:0px;--awb-flex-wrap:wrap;\" ><div class=\"fusion-builder-row fusion-row fusion-flex-align-items-flex-start fusion-flex-content-wrap\" style=\"max-width:1352px;margin-left: calc(-4% \/ 2 );margin-right: calc(-4% \/ 2 );\"><div class=\"fusion-layout-column fusion_builder_column fusion-builder-column-2 fusion_builder_column_2_3 2_3 fusion-flex-column\" style=\"--awb-bg-size:cover;--awb-width-large:66.666666666667%;--awb-margin-top-large:0px;--awb-spacing-right-large:2.88%;--awb-margin-bottom-large:20px;--awb-spacing-left-large:2.88%;--awb-width-medium:100%;--awb-spacing-right-medium:1.92%;--awb-spacing-left-medium:1.92%;--awb-width-small:100%;--awb-spacing-right-small:1.92%;--awb-spacing-left-small:1.92%;\"><div class=\"fusion-column-wrapper fusion-flex-justify-content-flex-start fusion-content-layout-column\"><div class=\"fusion-title title fusion-title-2 fusion-sep-none fusion-title-text fusion-title-size-two\" style=\"--awb-margin-bottom:40px;--awb-margin-top-small:10px;--awb-margin-right-small:0px;--awb-margin-bottom-small:10px;--awb-margin-left-small:0px;\"><h2 class=\"fusion-title-heading title-heading-left\" style=\"margin:0;\">Al 100% dels casos millorem la indemnitzaci\u00f3 per accident que t&#8217;ofereix l&#8217;asseguradora<\/h2><\/div><div class=\"fusion-text fusion-text-1\"><p class=\"p1\">Si ho desitges pots consultar les quanties d&#8217;indemnitzaci\u00f3 fixades per la Llei 35\/2015 de reforma del sistema per a la valoraci\u00f3 dels danys i perjudicis causats a les persones.<\/p>\n<p>No obstant aix\u00f2, tenint en compte que el <strong>barem d&#8217;indemnitzaci\u00f3 per accident<\/strong> inclou variats casos, el millor \u00e9s que contactis amb Onandia Advocats perqu\u00e8 analitzem les possibilitats del teu cas en particular i realitzem al moment una primera valoraci\u00f3 del c\u00e0lcul d&#8217;indemnitzaci\u00f3 que et correspon per l&#8217;accident i la incapacitat laboral si proced\u00eds.<\/p>\n<\/div><div style=\"text-align:left;\"><a class=\"fusion-button button-flat button-xlarge button-default fusion-button-default button-1 fusion-button-default-span fusion-button-default-type boton-negrita\" style=\"--awb-margin-top:20px;\" target=\"_blank\" rel=\"noopener noreferrer\" href=\"https:\/\/onandia-abogados.com\/wp-content\/uploads\/2025\/07\/taules-indemnitzatories-barem-accidents-2025.pdf\"><span class=\"fusion-button-text awb-button__text awb-button__text--default\">Consulta els Barems d&#8217;Indemnitzaci\u00f3 2026*<\/span><i class=\"fa-chevron-right fas awb-button__icon awb-button__icon--default button-icon-right\" aria-hidden=\"true\"><\/i><\/a><\/div><div class=\"fusion-separator fusion-full-width-sep\" style=\"align-self: center;margin-left: auto;margin-right: auto;margin-top:40px;width:100%;\"><\/div><div class=\"fusion-text fusion-text-2\"><p><em>* Fins que es publiqui el barem oficial 2026, la consulta remet a les taules de 2025. Per a estimacions en 2026, l&#8217;usuari ha d&#8217;aplicar un increment del 2,7% (IPC) sobre les quanties indicades.<\/em><\/p>\n<\/div><div class=\"fusion-separator fusion-full-width-sep\" style=\"align-self: center;margin-left: auto;margin-right: auto;margin-top:40px;width:100%;\"><\/div><div class=\"fusion-text fusion-text-3\"><h2>Coneix tot sobre el barem d&#8217;indemnitzaci\u00f3 per accidents de tr\u00e0nsit<\/h2>\n<\/div><div class=\"accordian fusion-accordian\" style=\"--awb-border-size:1px;--awb-icon-size:16px;--awb-content-font-size:16px;--awb-icon-alignment:left;--awb-hover-color:#f9f9f9;--awb-border-color:#cccccc;--awb-background-color:#ffffff;--awb-divider-color:#ffffff;--awb-divider-hover-color:#ffffff;--awb-icon-color:#ffffff;--awb-title-color:#314f69;--awb-content-color:#314f69;--awb-icon-box-color:var(--awb-custom_color_2);--awb-toggle-hover-accent-color:var(--awb-custom_color_1);--awb-title-font-family:&quot;Open Sans&quot;;--awb-title-font-weight:600;--awb-title-font-style:normal;--awb-title-font-size:13px;--awb-content-font-family:&quot;Open Sans&quot;;--awb-content-font-style:normal;--awb-content-font-weight:400;\"><div class=\"panel-group fusion-toggle-icon-boxed\" id=\"accordion-7081-1\"><div class=\"fusion-panel panel-default panel-1251565f955b1ec19 fusion-toggle-has-divider\"><div class=\"panel-heading\"><h4 class=\"panel-title toggle\" id=\"toggle_1251565f955b1ec19\"><a aria-expanded=\"false\" aria-controls=\"1251565f955b1ec19\" role=\"button\" data-toggle=\"collapse\" data-parent=\"#accordion-7081-1\" data-target=\"#1251565f955b1ec19\" href=\"#1251565f955b1ec19\"><span class=\"fusion-toggle-icon-wrapper\" aria-hidden=\"true\"><i class=\"fa-fusion-box active-icon awb-icon-minus\" aria-hidden=\"true\"><\/i><i class=\"fa-fusion-box inactive-icon awb-icon-plus\" aria-hidden=\"true\"><\/i><\/span><span class=\"fusion-toggle-heading\">Quant puja el barem d'indemnitzaci\u00f3 per accidents de tr\u00e0nsit en 2026?<\/span><\/a><\/h4><\/div><div id=\"1251565f955b1ec19\" class=\"panel-collapse collapse \" aria-labelledby=\"toggle_1251565f955b1ec19\"><div class=\"panel-body toggle-content fusion-clearfix\">\n<p>El <strong>Barem d&#8217;Accidents de tr\u00e0nsit 2026 puja un 2,7%<\/strong> respecte a l&#8217;any anterior. Aquesta actualitzaci\u00f3 es calcula en funci\u00f3 de<strong> l&#8217;IPC mig interanual<\/strong>, perqu\u00e8 la indemnitzaci\u00f3 no perdi valor enfront del cost de la vida.<\/p>\n<\/div><\/div><\/div><div class=\"fusion-panel panel-default panel-b42250ff29d200cdc fusion-toggle-has-divider\"><div class=\"panel-heading\"><h4 class=\"panel-title toggle\" id=\"toggle_b42250ff29d200cdc\"><a aria-expanded=\"false\" aria-controls=\"b42250ff29d200cdc\" role=\"button\" data-toggle=\"collapse\" data-parent=\"#accordion-7081-1\" data-target=\"#b42250ff29d200cdc\" href=\"#b42250ff29d200cdc\"><span class=\"fusion-toggle-icon-wrapper\" aria-hidden=\"true\"><i class=\"fa-fusion-box active-icon awb-icon-minus\" aria-hidden=\"true\"><\/i><i class=\"fa-fusion-box inactive-icon awb-icon-plus\" aria-hidden=\"true\"><\/i><\/span><span class=\"fusion-toggle-heading\">Per qu\u00e8 puja el barem d'accidents de tr\u00e0nsit en 2026?<\/span><\/a><\/h4><\/div><div id=\"b42250ff29d200cdc\" class=\"panel-collapse collapse \" aria-labelledby=\"toggle_b42250ff29d200cdc\"><div class=\"panel-body toggle-content fusion-clearfix\">\n<p>El barem de 2026 <strong>s&#8217;actualitza directament segons l&#8217;IPC<\/strong>, i deixa de vincular-se a les decisions pol\u00edtiques sobre les pensions. L&#8217;objectiu \u00e9s que la indemnitzaci\u00f3 de la v\u00edctima mantingui el seu valor real.<\/p>\n<\/div><\/div><\/div><div class=\"fusion-panel panel-default panel-344ce5d87ba99c1fa fusion-toggle-has-divider\"><div class=\"panel-heading\"><h4 class=\"panel-title toggle\" id=\"toggle_344ce5d87ba99c1fa\"><a aria-expanded=\"false\" aria-controls=\"344ce5d87ba99c1fa\" role=\"button\" data-toggle=\"collapse\" data-parent=\"#accordion-7081-1\" data-target=\"#344ce5d87ba99c1fa\" href=\"#344ce5d87ba99c1fa\"><span class=\"fusion-toggle-icon-wrapper\" aria-hidden=\"true\"><i class=\"fa-fusion-box active-icon awb-icon-minus\" aria-hidden=\"true\"><\/i><i class=\"fa-fusion-box inactive-icon awb-icon-plus\" aria-hidden=\"true\"><\/i><\/span><span class=\"fusion-toggle-heading\">A quines indemnitzacions s'aplica la pujada del 2,7%?<\/span><\/a><\/h4><\/div><div id=\"344ce5d87ba99c1fa\" class=\"panel-collapse collapse \" aria-labelledby=\"toggle_344ce5d87ba99c1fa\"><div class=\"panel-body toggle-content fusion-clearfix\">\n<p>La pujada del <strong>2,7%<\/strong> s&#8217;aplica a <strong>totes les taules del barem<\/strong>, incloent-hi indemnitzacions per <strong>defunci\u00f3, seq\u00fceles i lesions temporals<\/strong> (dies de curaci\u00f3).<\/p>\n<\/div><\/div><\/div><div class=\"fusion-panel panel-default panel-3a13ad1db35cb9312 fusion-toggle-has-divider\"><div class=\"panel-heading\"><h4 class=\"panel-title toggle\" id=\"toggle_3a13ad1db35cb9312\"><a aria-expanded=\"false\" aria-controls=\"3a13ad1db35cb9312\" role=\"button\" data-toggle=\"collapse\" data-parent=\"#accordion-7081-1\" data-target=\"#3a13ad1db35cb9312\" href=\"#3a13ad1db35cb9312\"><span class=\"fusion-toggle-icon-wrapper\" aria-hidden=\"true\"><i class=\"fa-fusion-box active-icon awb-icon-minus\" aria-hidden=\"true\"><\/i><i class=\"fa-fusion-box inactive-icon awb-icon-plus\" aria-hidden=\"true\"><\/i><\/span><span class=\"fusion-toggle-heading\">Quin barem d'indemnitzaci\u00f3 s'aplica segons la data de l'accident?<\/span><\/a><\/h4><\/div><div id=\"3a13ad1db35cb9312\" class=\"panel-collapse collapse \" aria-labelledby=\"toggle_3a13ad1db35cb9312\"><div class=\"panel-body toggle-content fusion-clearfix\">\n<p>S&#8217;aplica <strong>el barem vigent en la data de l&#8217;accident<\/strong>, no el del moment de la reclamaci\u00f3 ni el de la resoluci\u00f3 judicial. Si l&#8217;accident va oc\u00f3rrer en 2026, s&#8217;aplicar\u00e0 el Barem d&#8217;Accidents de tr\u00e0nsit 2026; si va oc\u00f3rrer en anys anteriors, el corresponent a aquest any.<\/p>\n<\/div><\/div><\/div><div class=\"fusion-panel panel-default panel-06e44ed63defb96fb fusion-toggle-has-divider\"><div class=\"panel-heading\"><h4 class=\"panel-title toggle\" id=\"toggle_06e44ed63defb96fb\"><a aria-expanded=\"false\" aria-controls=\"06e44ed63defb96fb\" role=\"button\" data-toggle=\"collapse\" data-parent=\"#accordion-7081-1\" data-target=\"#06e44ed63defb96fb\" href=\"#06e44ed63defb96fb\"><span class=\"fusion-toggle-icon-wrapper\" aria-hidden=\"true\"><i class=\"fa-fusion-box active-icon awb-icon-minus\" aria-hidden=\"true\"><\/i><i class=\"fa-fusion-box inactive-icon awb-icon-plus\" aria-hidden=\"true\"><\/i><\/span><span class=\"fusion-toggle-heading\">Com afecta el barem 2026 a la meva indemnitzaci\u00f3 per accident?<\/span><\/a><\/h4><\/div><div id=\"06e44ed63defb96fb\" class=\"panel-collapse collapse \" aria-labelledby=\"toggle_06e44ed63defb96fb\"><div class=\"panel-body toggle-content fusion-clearfix\">\n<p>El barem 2026 suposa <strong>indemnitzacions m\u00e9s altes<\/strong>. Per a beneficiar-se correctament d&#8217;aquesta pujada \u00e9s fonamental <strong>aplicar el barem actualitzat<\/strong> i valorar de forma adequada les lesions i seq\u00fceles.<\/p>\n<\/div><\/div><\/div><div class=\"fusion-panel panel-default panel-78909a82554138014 fusion-toggle-has-divider\"><div class=\"panel-heading\"><h4 class=\"panel-title toggle\" id=\"toggle_78909a82554138014\"><a aria-expanded=\"false\" aria-controls=\"78909a82554138014\" role=\"button\" data-toggle=\"collapse\" data-parent=\"#accordion-7081-1\" data-target=\"#78909a82554138014\" href=\"#78909a82554138014\"><span class=\"fusion-toggle-icon-wrapper\" aria-hidden=\"true\"><i class=\"fa-fusion-box active-icon awb-icon-minus\" aria-hidden=\"true\"><\/i><i class=\"fa-fusion-box inactive-icon awb-icon-plus\" aria-hidden=\"true\"><\/i><\/span><span class=\"fusion-toggle-heading\">Quines indemnitzacions s'inclouen en el Barem d'indemnitzaci\u00f3 per accident de tr\u00e0nsit?<\/span><\/a><\/h4><\/div><div id=\"78909a82554138014\" class=\"panel-collapse collapse \" aria-labelledby=\"toggle_78909a82554138014\"><div class=\"panel-body toggle-content fusion-clearfix\">La Llei 35\/2015 contempla la indemnitzaci\u00f3 dels perjudicats en accidents de tr\u00e0nsit mitjan\u00e7ant un sistema legal de valoraci\u00f3 de danys i perjudicis que permet delimitar l&#8217;import de les indemnitzacions: el Barem d&#8217;indemnitzaci\u00f3.<\/p>\n<p>Aquest barem, que s&#8217;actualitza cada any, inclou taules amb cadascun dels conceptes indemnitzables entorn de tres sup\u00f2sits principals: mort, seq\u00fceles o lesions temporals.<\/p>\n<p>Per\u00f2, quin tipus de perjudicis es poden reclamar?:<\/p>\n<p>Podem reclamar 3 tipus de perjudicis o danys: b\u00e0sics, particulars i patrimonials:<\/p>\n<p><strong>PERJUDICI PERSONAL B\u00c0SIC<\/strong><\/p>\n<p>El <strong>perjudici personal b\u00e0sic<\/strong> \u00e9s la valoraci\u00f3 de la lesi\u00f3 personal, \u00e9s a dir, danys m\u00ednims propis d&#8217;un accident, que inclouen:<\/p>\n<ul>\n<li>Les <strong>lesions temporals<\/strong> (dies hospitalaris, amb baixa laboral, en rehabilitaci\u00f3 o curaci\u00f3) i les seq\u00fceles que poden quedar despr\u00e9s d&#8217;un accident. Aquest perjudici s&#8217;estima sobre la base d&#8217;unes quanties fixes segons Llei.<\/li>\n<li>En cas de <strong>defunci\u00f3<\/strong>, existeixen 5 categories aut\u00f2nomes de perjudicats: el c\u00f2njuge vidu, els ascendents, els descendents, els germans i els afins, que tenen dret a uns imports indemnitzatoris fixos segons par\u00e0metres legals.<\/li>\n<\/ul>\n<p><strong>PERJUDICI PERSONAL PARTICULAR<\/strong><\/p>\n<p>Qu\u00e8 s&#8217;indemnitza amb el perjudici personal particular? En tractar-se d&#8217;un perjudici personal, s&#8217;indemnitzen danys no patrimonials: impediments o limitacions a l&#8217;autonomia o el desenvolupament personal que impliquin p\u00e8rdues temporals moderades, greus o molt greus.<\/p>\n<p>S&#8217;indemnitzen els impediments o limitacions a l&#8217;autonomia o el desenvolupament personal que impliquin p\u00e8rdues temporals moderades, greus o molt greus.<\/p>\n<p>Un exemple seria el cas d&#8217;un obrer de la construcci\u00f3 que resulta amb una greu afectaci\u00f3 del seu bra\u00e7 dominant que li impedeix treballar, enfront d&#8217;un administratiu que amb la mateixa lesi\u00f3 podria continuar treballant; es tracta d&#8217;un perjudici personal particular greu que cal valorar expressament. Igual que un aficionat a la bicicleta que ha de deixar d&#8217;anar e bici per les seq\u00fceles derivades d&#8217;un accident, per a ell, l&#8217;accident li ha suposat un perjudici particular greu, que caldr\u00e0 indemnitzar.<\/p>\n<p>\u2022 S&#8217;ent\u00e9n per p\u00e8rdua el menyscapte f\u00edsic, intel\u00b7lectual, sensorial o org\u00e0nic per a realitzar activitats com a individu o membre de la comunitat, o les limitacions en activitats essencials de la vida ordin\u00e0ria.<br \/>\n\u2022 El rescabalament consisteix en increments de la indemnitzaci\u00f3 b\u00e0sica mitjan\u00e7ant criteris espec\u00edfics.<br \/>\n\u2022 S&#8217;inclou el mal moral complementari per perjudici psicof\u00edsic, org\u00e0nic i sensorial i s&#8217;indemnitza mitjan\u00e7ant un interval que estableix quantia m\u00ednima i m\u00e0xima.<br \/>\n\u2022 <strong>Els perjudicis particulars s\u00f3n acumulables<\/strong> en cas de conc\u00f3rrer en el mateix perjudicat i no s\u00f3n excloents entre si.<br \/>\n\u2022 En cas de <strong>defunci\u00f3<\/strong>, aquesta indemnitzaci\u00f3 tracta de compensar l&#8217;alteraci\u00f3 que provoca la defunci\u00f3 en familiars i afins.<\/p>\n<p><strong>PERJUDICI PATRIMONIAL<\/strong><\/p>\n<p>El barem recull tamb\u00e9 les indemnitzacions per <strong>perjudici patrimonial<\/strong>, reconeixent les despeses originades per l&#8217;accident o mal emergent i els perjudicis econ\u00f2mics futurs o el lucre cessant.<\/p>\n<p>Totes les despeses (metges, despla\u00e7aments, manutenci\u00f3, sepeli..) i en general totes les despeses que les lesions produeixen en la vida del lesionat i \/o familiars, s\u00f3n objecte de reclamaci\u00f3.<\/p>\n<p>A m\u00e9s, tamb\u00e9 cal reclamar el lucre cessant (guany que es deixar\u00e0 d&#8217;obtenir o perduda o disminuci\u00f3 d&#8217;ingressos) del lesionat o mort per a familiars i\/o afins.<\/div><\/div><\/div><div class=\"fusion-panel panel-default panel-b3ac7c24f02ca7b12 fusion-toggle-has-divider\"><div class=\"panel-heading\"><h4 class=\"panel-title toggle\" id=\"toggle_b3ac7c24f02ca7b12\"><a aria-expanded=\"false\" aria-controls=\"b3ac7c24f02ca7b12\" role=\"button\" data-toggle=\"collapse\" data-parent=\"#accordion-7081-1\" data-target=\"#b3ac7c24f02ca7b12\" href=\"#b3ac7c24f02ca7b12\"><span class=\"fusion-toggle-icon-wrapper\" aria-hidden=\"true\"><i class=\"fa-fusion-box active-icon awb-icon-minus\" aria-hidden=\"true\"><\/i><i class=\"fa-fusion-box inactive-icon awb-icon-plus\" aria-hidden=\"true\"><\/i><\/span><span class=\"fusion-toggle-heading\">Novetats en el barem d\u2019indemnitzaci\u00f3 per accidents de tr\u00e0nsit<\/span><\/a><\/h4><\/div><div id=\"b3ac7c24f02ca7b12\" class=\"panel-collapse collapse \" aria-labelledby=\"toggle_b3ac7c24f02ca7b12\"><div class=\"panel-body toggle-content fusion-clearfix\">\n<ul>\n<li>Augment de la protecci\u00f3 de les v\u00edctimes: s\u2019incrementa la protecci\u00f3 als perjudicats, especialment als menors d\u2019edat, i s\u2019estableix un tractament d\u2019indemnitzaci\u00f3 i un sistema d\u2019indemnitzaci\u00f3 actualitzat i adaptat a la realitat.<\/li>\n<li>Casos de defunci\u00f3: es millora la percepci\u00f3 de les indemnitzacions mitjan\u00e7ant la seva individualitzaci\u00f3, tenint en compte les noves estructures familiars incrementant-se notablement les indemnitzacions. Es classifiquen als perjudicats en cinc categories aut\u00f2nomes: c\u00f2njuge, ascendents, descendents, germans i propers. Considera que aquests sofreixen sempre un perjudici compensatori i de la mateixa quantia, amb independ\u00e8ncia que concorrin o no en altres categories de perjudicats.<\/li>\n<li>Casos de seq\u00fceles o lesions permanents: es refor\u00e7a especialment la reparaci\u00f3 del gran lesionat que quedi amb discapacitats que requereixin de suports intensos per a la seva autonomia personal, indemnitzant en tot cas el lucre cessant i danys emergents. A m\u00e9s es revisa el barem m\u00e8dic de seq\u00fceles per adaptar-ho a l\u2019estat actual de la ci\u00e8ncia.<\/li>\n<li>Casos de lesions temporals: s\u2019indemnitzen en funci\u00f3 del tipus d\u2019impediment que ocasionin incloent a m\u00e9s el perjudici econ\u00f2mic que s\u2019acrediti i es reconeix la possibilitat de seq\u00fceles temporals i la seva indemnitzaci\u00f3. A m\u00e9s s\u2019indemnitzen totes les despeses que generi les lesions com per exemple, l\u2019increment de costos de mobilitat del lesionat, els despla\u00e7aments de familiars per atendre-li, despeses per atendre als familiars menors o especialment vulnerables dels quals s\u2019ocupava el lesionat, etc.<\/li>\n<li>Increment de les\u00a0<strong>indemnitzacions per accident<\/strong>:\n<ul>\n<li>Les indemnitzacions per mort s\u2019incrementen un 50% de mitjana.<\/li>\n<li>Les indemnitzacions per seq\u00fceles s\u2019incrementen un 35% de mitjana.<\/li>\n<li>Les indemnitzacions per lesions s\u2019incrementen un 12,8 % de mitjana.<\/li>\n<\/ul>\n<\/li>\n<\/ul>\n<\/div><\/div><\/div><div class=\"fusion-panel panel-default panel-376103aa5c308b8f9 fusion-toggle-has-divider\"><div class=\"panel-heading\"><h4 class=\"panel-title toggle\" id=\"toggle_376103aa5c308b8f9\"><a aria-expanded=\"false\" aria-controls=\"376103aa5c308b8f9\" role=\"button\" data-toggle=\"collapse\" data-parent=\"#accordion-7081-1\" data-target=\"#376103aa5c308b8f9\" href=\"#376103aa5c308b8f9\"><span class=\"fusion-toggle-icon-wrapper\" aria-hidden=\"true\"><i class=\"fa-fusion-box active-icon awb-icon-minus\" aria-hidden=\"true\"><\/i><i class=\"fa-fusion-box inactive-icon awb-icon-plus\" aria-hidden=\"true\"><\/i><\/span><span class=\"fusion-toggle-heading\">El Barem d'indemnitzaci\u00f3 \u00e9s aplicable en tots els accidents de circulaci\u00f3 per igual?<\/span><\/a><\/h4><\/div><div id=\"376103aa5c308b8f9\" class=\"panel-collapse collapse \" aria-labelledby=\"toggle_376103aa5c308b8f9\"><div class=\"panel-body toggle-content fusion-clearfix\">\n<p>La llei 35\/2015, de 22 de setembre, va venir a reformar el sistema per a la valoraci\u00f3 dels danys i perjudicis causats a persones en accidents de circulaci\u00f3 i est\u00e0 en vigor per a accidents produ\u00efts a partir de l&#8217;1 de gener de 2016.<\/p>\n<p>Les quanties establertes en el seu Barem d&#8217;indemnitzacions es van actualitzant any a any i s\u00f3n <strong>aplicable en tota mena d&#8217;accidents de circulaci\u00f3<\/strong> (fins i tot s&#8217;apliquen en sectors diferents al de la circulaci\u00f3), sempre amb car\u00e0cter no vinculant.<\/p>\n<p>Per\u00f2 <strong>qui t\u00e9 reconegut el dret a rebre una indemnitzaci\u00f3<\/strong>?:<\/p>\n<p>\u2022 El conductor del vehicle no culpable de l&#8217;accident.<br \/>\n\u2022 Tots els ocupants, independentment del cotxe en el qual viatgin.<br \/>\n\u2022 Els vianants, menys quan siguin els culpables de l&#8217;accident.<br \/>\n\u2022 Els menors de 14 anys sempre, fins i tot si tenen la culpa del sinistre.<\/p>\n<p>En quins sup\u00f2sits es t\u00e9 dret?:<\/p>\n<p>\u2022 <strong>Es t\u00e9 dret a indemnitzaci\u00f3<\/strong> <strong>en tots els sup\u00f2sits<\/strong>, fins i tot si el cotxe culpable no t\u00e9 segur, el culpable o la v\u00edctima no tenen carnet o si existeix alcohol\u00e8mia. Aix\u00ed mateix, tamb\u00e9 quan el causant es dona a la fugida o el culpable porta un cotxe robat.<\/p>\n<\/div><\/div><\/div><div class=\"fusion-panel panel-default panel-1ec7e52a9e793cd78 fusion-toggle-has-divider\"><div class=\"panel-heading\"><h4 class=\"panel-title toggle\" id=\"toggle_1ec7e52a9e793cd78\"><a aria-expanded=\"false\" aria-controls=\"1ec7e52a9e793cd78\" role=\"button\" data-toggle=\"collapse\" data-parent=\"#accordion-7081-1\" data-target=\"#1ec7e52a9e793cd78\" href=\"#1ec7e52a9e793cd78\"><span class=\"fusion-toggle-icon-wrapper\" aria-hidden=\"true\"><i class=\"fa-fusion-box active-icon awb-icon-minus\" aria-hidden=\"true\"><\/i><i class=\"fa-fusion-box inactive-icon awb-icon-plus\" aria-hidden=\"true\"><\/i><\/span><span class=\"fusion-toggle-heading\">Despr\u00e9s d'un accident de tr\u00e0nsit quins s\u00f3n els passos a seguir per a comen\u00e7ar a tramitar la reclamaci\u00f3?<\/span><\/a><\/h4><\/div><div id=\"1ec7e52a9e793cd78\" class=\"panel-collapse collapse \" aria-labelledby=\"toggle_1ec7e52a9e793cd78\"><div class=\"panel-body toggle-content fusion-clearfix\">\n<p>\u2022 RECULL PROVES: <strong>fotografies i testimonis<\/strong> poden ser de vital import\u00e0ncia.<br \/>\n\u2022 ACUDEIX A UN HOSPITAL PR\u00d2XIM: si no <strong>acudeixes al metge en les 72 hores<\/strong> posteriors a l&#8217;accident, no tindr\u00e0s dret a reclamar indemnitzaci\u00f3.<br \/>\n\u2022 NOTIFICA L&#8217;ACCIDENT A LA TEVA ASSEGURADORA: has d&#8217;informar del sinistre en un<strong> termini m\u00e0xim d&#8217;una setmana.<\/strong><br \/>\n\u2022 VALORACI\u00d3 DE DANYS: seran els <strong>perits especialitzats<\/strong> de la companyia d&#8217;assegurances els que determinin els danys materials, d&#8217;igual forma que els metges de cada conductor faran la seva valoraci\u00f3 corresponent.<br \/>\n\u2022 C\u00c0LCUL DE LA INDEMNITZACI\u00d3<\/p>\n<\/div><\/div><\/div><div class=\"fusion-panel panel-default panel-17cbfdee15fe16b62 fusion-toggle-has-divider\"><div class=\"panel-heading\"><h4 class=\"panel-title toggle\" id=\"toggle_17cbfdee15fe16b62\"><a aria-expanded=\"false\" aria-controls=\"17cbfdee15fe16b62\" role=\"button\" data-toggle=\"collapse\" data-parent=\"#accordion-7081-1\" data-target=\"#17cbfdee15fe16b62\" href=\"#17cbfdee15fe16b62\"><span class=\"fusion-toggle-icon-wrapper\" aria-hidden=\"true\"><i class=\"fa-fusion-box active-icon awb-icon-minus\" aria-hidden=\"true\"><\/i><i class=\"fa-fusion-box inactive-icon awb-icon-plus\" aria-hidden=\"true\"><\/i><\/span><span class=\"fusion-toggle-heading\">Com calcular la indemnitzaci\u00f3 amb el Barem per accident tr\u00e0nsit?<\/span><\/a><\/h4><\/div><div id=\"17cbfdee15fe16b62\" class=\"panel-collapse collapse \" aria-labelledby=\"toggle_17cbfdee15fe16b62\"><div class=\"panel-body toggle-content fusion-clearfix\">\n<p>La indemnitzaci\u00f3 ser\u00e0 el resultat de sumar diversos perjudicis que es donen despr\u00e9s d&#8217;un accident: perjudicis b\u00e0sics, particulars i patrimonials.<\/p>\n<\/div><\/div><\/div><\/div><\/div><div class=\"fusion-alert alert error alert-danger fusion-alert-center awb-alert-native-link-color alert-dismissable awb-alert-close-boxed\" style=\"--awb-margin-top:40px;\" role=\"alert\"><div class=\"fusion-alert-content-wrapper\"><span class=\"alert-icon\"><i class=\"awb-icon-exclamation-triangle\" aria-hidden=\"true\"><\/i><\/span><span class=\"fusion-alert-content\">No sempre el proc\u00e9s \u00e9s senzill ni s&#8217;arriba a un acord, igual que tampoc \u00e9s f\u00e0cil interpretar el barem ni es fa sempre de manera adequada. Comptar amb un advocat especialitzat en accidents pot suposar la gran difer\u00e8ncia en la negociaci\u00f3 de la millor indemnitzaci\u00f3 possible.<\/span><\/div><button type=\"button\" class=\"close toggle-alert\" data-dismiss=\"alert\" aria-label=\"Close\">&times;<\/button><\/div><div class=\"fusion-separator fusion-full-width-sep\" style=\"align-self: center;margin-left: auto;margin-right: auto;margin-top:20px;width:100%;\"><div class=\"fusion-separator-border sep-single sep-dashed\" style=\"--awb-height:20px;--awb-amount:20px;--awb-sep-color:#00a6d7;border-color:#00a6d7;border-top-width:1px;\"><\/div><\/div><div class=\"fusion-text fusion-text-4\" style=\"--awb-margin-top:20px;\"><p><img decoding=\"async\" class=\"lazyload wp-image-5295 aligncenter\" src=\"https:\/\/onandia-abogados.com\/wp-content\/uploads\/2023\/05\/picto-calculadora-1-1.png\" data-orig-src=\"https:\/\/onandia-abogados.com\/wp-content\/uploads\/2023\/05\/picto-calculadora-1-1.png\" alt=\"En Onandia Abogados Barcelona calculamos la indemnizaci\u00f3n por accidente sin compromiso.\" width=\"129\" height=\"130\" srcset=\"data:image\/svg+xml,%3Csvg%20xmlns%3D%27http%3A%2F%2Fwww.w3.org%2F2000%2Fsvg%27%20width%3D%27129%27%20height%3D%27130%27%20viewBox%3D%270%200%20129%20130%27%3E%3Crect%20width%3D%27129%27%20height%3D%27130%27%20fill-opacity%3D%220%22%2F%3E%3C%2Fsvg%3E\" data-srcset=\"https:\/\/onandia-abogados.com\/wp-content\/uploads\/2023\/05\/picto-calculadora-1-1-66x66.png 66w, https:\/\/onandia-abogados.com\/wp-content\/uploads\/2023\/05\/picto-calculadora-1-1.png 150w\" data-sizes=\"auto\" data-orig-sizes=\"(max-width: 129px) 100vw, 129px\" \/><\/p>\n<\/div><div class=\"fusion-text fusion-text-5\"><p><img decoding=\"async\" class=\"lazyload size-full wp-image-5400 aligncenter\" src=\"data:image\/svg+xml,%3Csvg%20xmlns%3D%27http%3A%2F%2Fwww.w3.org%2F2000%2Fsvg%27%20width%3D%2741%27%20height%3D%2731%27%20viewBox%3D%270%200%2041%2031%27%3E%3Crect%20width%3D%2741%27%20height%3D%2731%27%20fill-opacity%3D%220%22%2F%3E%3C%2Fsvg%3E\" data-orig-src=\"https:\/\/onandia-abogados.com\/wp-content\/uploads\/2023\/05\/flechita-down.png\" alt=\"\" width=\"41\" height=\"31\" \/><\/p>\n<\/div><div class=\"fusion-text fusion-text-6\" style=\"--awb-font-size:30px;--awb-line-height:40px;--awb-text-font-family:&quot;Open Sans&quot;;--awb-text-font-style:normal;--awb-text-font-weight:400;\"><p style=\"text-align: center;\"><strong>CALCULEM <\/strong>la teva indemnitzaci\u00f3<br \/>\n<strong>R\u00c0PID<\/strong> i sense <strong>COMPROM\u00cdS<\/strong><\/p>\n<\/div><div class=\"fusion-text fusion-text-7\"><p><img decoding=\"async\" class=\"lazyload size-full wp-image-5400 aligncenter\" src=\"data:image\/svg+xml,%3Csvg%20xmlns%3D%27http%3A%2F%2Fwww.w3.org%2F2000%2Fsvg%27%20width%3D%2741%27%20height%3D%2731%27%20viewBox%3D%270%200%2041%2031%27%3E%3Crect%20width%3D%2741%27%20height%3D%2731%27%20fill-opacity%3D%220%22%2F%3E%3C%2Fsvg%3E\" data-orig-src=\"https:\/\/onandia-abogados.com\/wp-content\/uploads\/2023\/05\/flechita-down.png\" alt=\"\" width=\"41\" height=\"31\" \/><\/p>\n<\/div><div class=\"fusion-text fusion-text-8\"><p><img decoding=\"async\" class=\"lazyload wp-image-7687 aligncenter\" src=\"https:\/\/onandia-abogados.com\/wp-content\/uploads\/2024\/06\/truca-ara-1024x534-1.png\" data-orig-src=\"https:\/\/onandia-abogados.com\/wp-content\/uploads\/2024\/06\/truca-ara-1024x534-1.png\" alt=\"Contacte Onandia Advocats Accidents Barcelona\" width=\"669\" height=\"349\" srcset=\"data:image\/svg+xml,%3Csvg%20xmlns%3D%27http%3A%2F%2Fwww.w3.org%2F2000%2Fsvg%27%20width%3D%27669%27%20height%3D%27349%27%20viewBox%3D%270%200%20669%20349%27%3E%3Crect%20width%3D%27669%27%20height%3D%27349%27%20fill-opacity%3D%220%22%2F%3E%3C%2Fsvg%3E\" data-srcset=\"https:\/\/onandia-abogados.com\/wp-content\/uploads\/2024\/06\/truca-ara-1024x534-1-200x104.png 200w, https:\/\/onandia-abogados.com\/wp-content\/uploads\/2024\/06\/truca-ara-1024x534-1-300x156.png 300w, https:\/\/onandia-abogados.com\/wp-content\/uploads\/2024\/06\/truca-ara-1024x534-1-400x209.png 400w, https:\/\/onandia-abogados.com\/wp-content\/uploads\/2024\/06\/truca-ara-1024x534-1-600x313.png 600w, https:\/\/onandia-abogados.com\/wp-content\/uploads\/2024\/06\/truca-ara-1024x534-1-768x401.png 768w, https:\/\/onandia-abogados.com\/wp-content\/uploads\/2024\/06\/truca-ara-1024x534-1-800x417.png 800w, https:\/\/onandia-abogados.com\/wp-content\/uploads\/2024\/06\/truca-ara-1024x534-1.png 1024w\" data-sizes=\"auto\" data-orig-sizes=\"(max-width: 669px) 100vw, 669px\" \/><\/p>\n<\/div><div class=\"fusion-separator fusion-full-width-sep\" style=\"align-self: center;margin-left: auto;margin-right: auto;margin-top:20px;width:100%;\"><div class=\"fusion-separator-border sep-single sep-dashed\" style=\"--awb-height:20px;--awb-amount:20px;--awb-sep-color:#00a6d7;border-color:#00a6d7;border-top-width:1px;\"><\/div><\/div><\/div><\/div><div class=\"fusion-layout-column fusion_builder_column fusion-builder-column-3 fusion_builder_column_1_3 1_3 fusion-flex-column nueva-columna-derecha\" style=\"--awb-bg-size:cover;--awb-width-large:33.333333333333%;--awb-margin-top-large:0px;--awb-spacing-right-large:5.76%;--awb-margin-bottom-large:20px;--awb-spacing-left-large:5.76%;--awb-width-medium:100%;--awb-order-medium:0;--awb-spacing-right-medium:1.92%;--awb-spacing-left-medium:1.92%;--awb-width-small:100%;--awb-order-small:0;--awb-spacing-right-small:1.92%;--awb-spacing-left-small:1.92%;\" data-scroll-devices=\"small-visibility,medium-visibility,large-visibility\"><div class=\"fusion-column-wrapper fusion-column-has-shadow fusion-flex-justify-content-flex-start fusion-content-layout-column\"><div class=\"fusion-image-element \" style=\"text-align:center;--awb-margin-bottom:20px;--awb-max-width:250px;--awb-caption-title-font-family:var(--h2_typography-font-family);--awb-caption-title-font-weight:var(--h2_typography-font-weight);--awb-caption-title-font-style:var(--h2_typography-font-style);--awb-caption-title-size:var(--h2_typography-font-size);--awb-caption-title-transform:var(--h2_typography-text-transform);--awb-caption-title-line-height:var(--h2_typography-line-height);--awb-caption-title-letter-spacing:var(--h2_typography-letter-spacing);\"><span class=\" fusion-imageframe imageframe-none imageframe-2 hover-type-none\"><img decoding=\"async\" width=\"600\" height=\"600\" title=\"CTA-solo-cobramos-si-tu-cobras_CAT\" src=\"https:\/\/onandia-abogados.com\/wp-content\/uploads\/2025\/12\/CTA-solo-cobramos-si-tu-cobras_CAT.png\" data-orig-src=\"https:\/\/onandia-abogados.com\/wp-content\/uploads\/2025\/12\/CTA-solo-cobramos-si-tu-cobras_CAT.png\" alt class=\"lazyload img-responsive wp-image-109715\" srcset=\"data:image\/svg+xml,%3Csvg%20xmlns%3D%27http%3A%2F%2Fwww.w3.org%2F2000%2Fsvg%27%20width%3D%27600%27%20height%3D%27600%27%20viewBox%3D%270%200%20600%20600%27%3E%3Crect%20width%3D%27600%27%20height%3D%27600%27%20fill-opacity%3D%220%22%2F%3E%3C%2Fsvg%3E\" data-srcset=\"https:\/\/onandia-abogados.com\/wp-content\/uploads\/2025\/12\/CTA-solo-cobramos-si-tu-cobras_CAT-200x200.png 200w, https:\/\/onandia-abogados.com\/wp-content\/uploads\/2025\/12\/CTA-solo-cobramos-si-tu-cobras_CAT-400x400.png 400w, https:\/\/onandia-abogados.com\/wp-content\/uploads\/2025\/12\/CTA-solo-cobramos-si-tu-cobras_CAT.png 600w\" data-sizes=\"auto\" data-orig-sizes=\"(max-width: 1024px) 100vw, (max-width: 640px) 100vw, 400px\" \/><\/span><\/div><div class=\"fusion-builder-row fusion-builder-row-inner fusion-row fusion-flex-align-items-flex-start fusion-flex-content-wrap\" style=\"--awb-flex-grow:0;--awb-flex-grow-medium:0;--awb-flex-grow-small:0;--awb-flex-shrink:0;--awb-flex-shrink-medium:0;--awb-flex-shrink-small:0;width:104% !important;max-width:104% !important;margin-left: calc(-4% \/ 2 );margin-right: calc(-4% \/ 2 );\"><div class=\"fusion-layout-column fusion_builder_column_inner fusion-builder-nested-column-0 fusion_builder_column_inner_2_3 2_3 fusion-flex-column\" style=\"--awb-bg-size:cover;--awb-width-large:66.666666666667%;--awb-margin-top-large:0px;--awb-spacing-right-large:2.88%;--awb-margin-bottom-large:20px;--awb-spacing-left-large:2.88%;--awb-width-medium:100%;--awb-order-medium:0;--awb-spacing-right-medium:1.92%;--awb-spacing-left-medium:1.92%;--awb-width-small:100%;--awb-order-small:0;--awb-spacing-right-small:1.92%;--awb-spacing-left-small:1.92%;\" data-scroll-devices=\"small-visibility,medium-visibility,large-visibility\"><div class=\"fusion-column-wrapper fusion-column-has-shadow fusion-flex-justify-content-flex-start fusion-content-layout-column\"><div class=\"fusion-text fusion-text-9\" style=\"--awb-font-size:30px;--awb-text-color:#ffffff;--awb-margin-left:15px;--awb-text-font-family:&quot;Open Sans&quot;;--awb-text-font-style:normal;--awb-text-font-weight:700;\"><p style=\"text-align: right;\">Et truquem<\/p>\n<\/div><\/div><\/div><div class=\"fusion-layout-column fusion_builder_column_inner fusion-builder-nested-column-1 fusion_builder_column_inner_1_3 1_3 fusion-flex-column\" style=\"--awb-bg-size:cover;--awb-width-large:33.333333333333%;--awb-margin-top-large:0px;--awb-spacing-right-large:5.76%;--awb-margin-bottom-large:20px;--awb-spacing-left-large:5.76%;--awb-width-medium:100%;--awb-order-medium:0;--awb-spacing-right-medium:1.92%;--awb-spacing-left-medium:1.92%;--awb-width-small:100%;--awb-order-small:0;--awb-spacing-right-small:1.92%;--awb-spacing-left-small:1.92%;\"><div class=\"fusion-column-wrapper fusion-column-has-shadow fusion-flex-justify-content-flex-start fusion-content-layout-column\"><div class=\"fusion-image-element \" style=\"text-align:right;--awb-caption-title-font-family:var(--h2_typography-font-family);--awb-caption-title-font-weight:var(--h2_typography-font-weight);--awb-caption-title-font-style:var(--h2_typography-font-style);--awb-caption-title-size:var(--h2_typography-font-size);--awb-caption-title-transform:var(--h2_typography-text-transform);--awb-caption-title-line-height:var(--h2_typography-line-height);--awb-caption-title-letter-spacing:var(--h2_typography-letter-spacing);\"><span class=\" fusion-imageframe imageframe-none imageframe-3 hover-type-none\"><img decoding=\"async\" width=\"133\" height=\"119\" alt=\"Truca ara\" title=\"Truca ara\" src=\"data:image\/svg+xml,%3Csvg%20xmlns%3D%27http%3A%2F%2Fwww.w3.org%2F2000%2Fsvg%27%20width%3D%27133%27%20height%3D%27119%27%20viewBox%3D%270%200%20133%20119%27%3E%3Crect%20width%3D%27133%27%20height%3D%27119%27%20fill-opacity%3D%220%22%2F%3E%3C%2Fsvg%3E\" data-orig-src=\"https:\/\/onandia-abogados.com\/wp-content\/uploads\/2024\/06\/truca.png\" class=\"lazyload img-responsive wp-image-7676\"\/><\/span><\/div><\/div><\/div><div class=\"fusion-layout-column fusion_builder_column_inner fusion-builder-nested-column-2 fusion_builder_column_inner_1_1 1_1 fusion-flex-column\" style=\"--awb-bg-size:cover;--awb-width-large:100%;--awb-margin-top-large:0px;--awb-spacing-right-large:1.92%;--awb-margin-bottom-large:20px;--awb-spacing-left-large:1.92%;--awb-width-medium:100%;--awb-order-medium:0;--awb-spacing-right-medium:1.92%;--awb-spacing-left-medium:1.92%;--awb-width-small:100%;--awb-order-small:0;--awb-spacing-right-small:1.92%;--awb-spacing-left-small:1.92%;\"><div class=\"fusion-column-wrapper fusion-column-has-shadow fusion-flex-justify-content-flex-start fusion-content-layout-column\">\n<div class=\"wpcf7 no-js\" id=\"wpcf7-f7877-o1\" lang=\"es-ES\" dir=\"ltr\" data-wpcf7-id=\"7877\">\n<div class=\"screen-reader-response\"><p role=\"status\" aria-live=\"polite\" aria-atomic=\"true\"><\/p> <ul><\/ul><\/div>\n<form action=\"\/ca\/wp-json\/wp\/v2\/pages\/7081#wpcf7-f7877-o1\" method=\"post\" class=\"wpcf7-form init\" aria-label=\"Formulario de contacto\" novalidate=\"novalidate\" data-status=\"init\">\n<fieldset class=\"hidden-fields-container\"><input type=\"hidden\" name=\"_wpcf7\" value=\"7877\" \/><input type=\"hidden\" name=\"_wpcf7_version\" value=\"6.1.5\" \/><input type=\"hidden\" name=\"_wpcf7_locale\" value=\"es_ES\" \/><input type=\"hidden\" name=\"_wpcf7_unit_tag\" value=\"wpcf7-f7877-o1\" \/><input type=\"hidden\" name=\"_wpcf7_container_post\" value=\"0\" \/><input type=\"hidden\" name=\"_wpcf7_posted_data_hash\" value=\"\" \/><input type=\"hidden\" name=\"_wpcf7_recaptcha_response\" value=\"\" \/>\n<\/fieldset>\n<div class=\"col-md-12\" class=\"fondo-form-2-home\">\n\t<p><span class=\"wpcf7-form-control-wrap\" data-name=\"your-name\"><input size=\"40\" maxlength=\"400\" class=\"wpcf7-form-control wpcf7-text wpcf7-validates-as-required\" aria-required=\"true\" aria-invalid=\"false\" placeholder=\"Nom*\" value=\"\" type=\"text\" name=\"your-name\" \/><\/span>\n\t<\/p>\n<\/div>\n<div class=\"col-md-12\" class=\"fondo-form-2-home\">\n\t<p><span class=\"wpcf7-form-control-wrap\" data-name=\"telefono\"><input size=\"40\" maxlength=\"400\" class=\"wpcf7-form-control wpcf7-tel wpcf7-validates-as-required wpcf7-text wpcf7-validates-as-tel\" aria-required=\"true\" aria-invalid=\"false\" placeholder=\"Tel\u00e8fon*\" value=\"\" type=\"tel\" name=\"telefono\" \/><\/span>\n\t<\/p>\n<\/div>\n<div class=\"col-md-12\" class=\"fondo-form-2-home\">\n\t<p><span class=\"wpcf7-form-control-wrap\" data-name=\"your-email\"><input size=\"40\" maxlength=\"400\" class=\"wpcf7-form-control wpcf7-email wpcf7-validates-as-required wpcf7-text wpcf7-validates-as-email\" aria-required=\"true\" aria-invalid=\"false\" placeholder=\"Email*\" value=\"\" type=\"email\" name=\"your-email\" \/><\/span>\n\t<\/p>\n<\/div>\n<div class=\"col-md-12\" style=\"margin:auto auto; text-align:left;\">\n\t<div class=\"col-md-12\" style=\"font-size: 9px; line-height: 110%; color:#fff; text-align:justify; padding: 0px; height: 60px; overflow: scroll; overflow-x:hidden; border:1px solid white; padding: 5px;\">\n\t\t<p>En compliment de la normativa vigent de Protecci\u00f3 de Dades de Car\u00e0cter Personal, li comuniquem que les dades recollides en el present formulari quedaran incorporats i seran tractats en el fitxer denominat Usuaris Web sota la responsabilitat de RAM\u00d3N ONANDIA ALSIUS amb la finalitat de poder prestar els seus serveis, aix\u00ed com per a mantenir-me informat sobre q\u00fcestions relatives a l'activitat de l'empresa.<br \/>\nL'informem que les dades que ens faciliti seran tractats de forma lleial, transparent, adequada, pertinent, limitada, exacta i actualitzada i no es comunicaran o cediran a tercers, exceptuant que aquesta comunicaci\u00f3 sigui necess\u00e0ria o pugui suposar una millora per a la finalitat d'aquests, sempre concorde a la normativa vigent en mat\u00e8ria de protecci\u00f3 de dades, Reglament General de Protecci\u00f3 de Dades.<br \/>\nEn el cas que es produeixin canvis en algunes de les dades facilitades, amb la finalitat de mantenir el nostre fitxer actualitzat, li preguem, ens el comuniqui per escrit.<br \/>\nL'informem de la possibilitat que t\u00e9 d'exercir els drets d'acc\u00e9s, rectificaci\u00f3, supressi\u00f3, oposici\u00f3, limitaci\u00f3 del tractament i portabilitat de les seves dades de car\u00e0cter personal de forma presencial en les oficines de RAM\u00d3N ONANDIA ALSIUS, acompanyant c\u00f2pia de DNI, o b\u00e9 mitjan\u00e7ant correu postal a RAMBLA CATALUNYA 87 2n D de BARCELONA, 08008 BARCELONA, o correu electr\u00f2nic roa@onandia.com.\n\t\t<\/p>\n\t<\/div>\n<\/div>\n<div class=\"col-md-12 politicas\" style=\"margin-bottom:0px;padding-bottom: 3px; padding-top: 3px; font-size: 12px;color:white;\">\n\t<p><span class=\"wpcf7-form-control-wrap\" data-name=\"politicas\"><span class=\"wpcf7-form-control wpcf7-acceptance\"><span class=\"wpcf7-list-item\"><input type=\"checkbox\" name=\"politicas\" value=\"1\" aria-invalid=\"false\" \/><\/span><\/span><\/span>He llegit i accepto la <a href=\"\/ca\/politica-de-privacitat\/\" target=\"_blank\" style=\"color:#FFF;\">pol\u00edtica de privacitat<\/a>\n\t<\/p>\n<\/div>\n<div class=\"col-md-12\" class=\"fondo-form-2-home\" style=\"padding-top: 15px; text-align: right;\">\n\t<p><input class=\"wpcf7-form-control wpcf7-submit has-spinner form_2_enviar\" type=\"submit\" value=\"Enviar\" \/>\n\t<\/p>\n<\/div><div class=\"fusion-alert alert custom alert-custom fusion-alert-center wpcf7-response-output awb-alert-native-link-color alert-dismissable awb-alert-close-boxed\" style=\"--awb-border-size:1px;--awb-border-top-left-radius:0px;--awb-border-top-right-radius:0px;--awb-border-bottom-left-radius:0px;--awb-border-bottom-right-radius:0px;\" role=\"alert\"><div class=\"fusion-alert-content-wrapper\"><span class=\"fusion-alert-content\"><\/span><\/div><button type=\"button\" class=\"close toggle-alert\" data-dismiss=\"alert\" aria-label=\"Close\">&times;<\/button><\/div>\n<\/form>\n<\/div>\n<\/div><\/div><\/div><div class=\"fusion-builder-row fusion-builder-row-inner fusion-row fusion-flex-align-items-flex-start fusion-flex-content-wrap\" style=\"--awb-flex-grow:0;--awb-flex-grow-medium:0;--awb-flex-grow-small:0;--awb-flex-shrink:0;--awb-flex-shrink-medium:0;--awb-flex-shrink-small:0;width:104% !important;max-width:104% !important;margin-left: calc(-4% \/ 2 );margin-right: calc(-4% \/ 2 );\"><div class=\"fusion-layout-column fusion_builder_column_inner fusion-builder-nested-column-3 fusion_builder_column_inner_2_3 2_3 fusion-flex-column\" style=\"--awb-bg-size:cover;--awb-width-large:66.666666666667%;--awb-margin-top-large:0px;--awb-spacing-right-large:2.88%;--awb-margin-bottom-large:20px;--awb-spacing-left-large:2.88%;--awb-width-medium:100%;--awb-order-medium:0;--awb-spacing-right-medium:1.92%;--awb-spacing-left-medium:1.92%;--awb-width-small:100%;--awb-order-small:0;--awb-spacing-right-small:1.92%;--awb-spacing-left-small:1.92%;\"><div class=\"fusion-column-wrapper fusion-column-has-shadow fusion-flex-justify-content-flex-start fusion-content-layout-column\"><div class=\"fusion-text fusion-text-10\" style=\"--awb-font-size:30px;--awb-text-color:#fff5f5;--awb-margin-left:15px;--awb-text-font-family:&quot;Open Sans&quot;;--awb-text-font-style:normal;--awb-text-font-weight:400;\"><p style=\"text-align: right;\">Has tingut<br \/>\nun accident de tr\u00e0nsit o laboral?<\/p>\n<\/div><\/div><\/div><div class=\"fusion-layout-column fusion_builder_column_inner fusion-builder-nested-column-4 fusion_builder_column_inner_1_3 1_3 fusion-flex-column\" style=\"--awb-bg-size:cover;--awb-width-large:33.333333333333%;--awb-margin-top-large:0px;--awb-spacing-right-large:5.76%;--awb-margin-bottom-large:20px;--awb-spacing-left-large:5.76%;--awb-width-medium:100%;--awb-order-medium:0;--awb-spacing-right-medium:1.92%;--awb-spacing-left-medium:1.92%;--awb-width-small:100%;--awb-order-small:0;--awb-spacing-right-small:1.92%;--awb-spacing-left-small:1.92%;\"><div class=\"fusion-column-wrapper fusion-column-has-shadow fusion-flex-justify-content-flex-start fusion-content-layout-column\"><div class=\"fusion-image-element \" style=\"--awb-caption-title-font-family:var(--h2_typography-font-family);--awb-caption-title-font-weight:var(--h2_typography-font-weight);--awb-caption-title-font-style:var(--h2_typography-font-style);--awb-caption-title-size:var(--h2_typography-font-size);--awb-caption-title-transform:var(--h2_typography-text-transform);--awb-caption-title-line-height:var(--h2_typography-line-height);--awb-caption-title-letter-spacing:var(--h2_typography-letter-spacing);\"><span class=\" fusion-imageframe imageframe-none imageframe-4 hover-type-none\"><img decoding=\"async\" width=\"133\" height=\"119\" alt=\"Picto informaci\u00f3\" title=\"Picto informaci\u00f3\" src=\"data:image\/svg+xml,%3Csvg%20xmlns%3D%27http%3A%2F%2Fwww.w3.org%2F2000%2Fsvg%27%20width%3D%27133%27%20height%3D%27119%27%20viewBox%3D%270%200%20133%20119%27%3E%3Crect%20width%3D%27133%27%20height%3D%27119%27%20fill-opacity%3D%220%22%2F%3E%3C%2Fsvg%3E\" data-orig-src=\"https:\/\/onandia-abogados.com\/wp-content\/uploads\/2024\/06\/informacio.png\" class=\"lazyload img-responsive wp-image-7679\"\/><\/span><\/div><\/div><\/div><div class=\"fusion-layout-column fusion_builder_column_inner fusion-builder-nested-column-5 fusion_builder_column_inner_1_1 1_1 fusion-flex-column\" style=\"--awb-bg-size:cover;--awb-width-large:100%;--awb-margin-top-large:0px;--awb-spacing-right-large:1.92%;--awb-margin-bottom-large:20px;--awb-spacing-left-large:1.92%;--awb-width-medium:100%;--awb-order-medium:0;--awb-spacing-right-medium:1.92%;--awb-spacing-left-medium:1.92%;--awb-width-small:100%;--awb-order-small:0;--awb-spacing-right-small:1.92%;--awb-spacing-left-small:1.92%;\"><div class=\"fusion-column-wrapper fusion-column-has-shadow fusion-flex-justify-content-flex-start fusion-content-layout-column\"><div class=\"fusion-text fusion-text-11\" style=\"--awb-text-color:#ffffff;\"><p style=\"text-align: center; font-weight: 600; font-size: 28px;\">T\u2019informem GRATIS<\/p>\n<p style=\"text-align: center; font-weight: 600; font-size: 50px;\"><span style=\"color: #ffffff;\"><a id=\"link-columna-derecha-segundo-bloque\" style=\"color: #ffffff;\" href=\"tel:+34934881125\">934 881 125<\/a><\/span><\/p>\n<p style=\"text-align: center; font-size: 20px;\">De 9 a 20h de dilluns a divendres<\/p>\n<\/div><\/div><\/div><\/div><div class=\"fusion-builder-row fusion-builder-row-inner fusion-row fusion-flex-align-items-flex-start fusion-flex-content-wrap\" style=\"--awb-flex-grow:0;--awb-flex-grow-medium:0;--awb-flex-grow-small:0;--awb-flex-shrink:0;--awb-flex-shrink-medium:0;--awb-flex-shrink-small:0;width:104% !important;max-width:104% !important;margin-left: calc(-4% \/ 2 );margin-right: calc(-4% \/ 2 );\"><div class=\"fusion-layout-column fusion_builder_column_inner fusion-builder-nested-column-6 fusion_builder_column_inner_2_3 2_3 fusion-flex-column\" style=\"--awb-bg-size:cover;--awb-width-large:66.666666666667%;--awb-margin-top-large:0px;--awb-spacing-right-large:2.88%;--awb-margin-bottom-large:20px;--awb-spacing-left-large:2.88%;--awb-width-medium:100%;--awb-order-medium:0;--awb-spacing-right-medium:1.92%;--awb-spacing-left-medium:1.92%;--awb-width-small:100%;--awb-order-small:0;--awb-spacing-right-small:1.92%;--awb-spacing-left-small:1.92%;\"><div class=\"fusion-column-wrapper fusion-column-has-shadow fusion-flex-justify-content-flex-start fusion-content-layout-column\"><div class=\"fusion-text fusion-text-12\" style=\"--awb-font-size:30px;--awb-line-height:30px;--awb-text-color:#ffffff;--awb-margin-left:15px;--awb-text-font-family:&quot;Open Sans&quot;;--awb-text-font-style:normal;--awb-text-font-weight:700;\"><p style=\"text-align: right;\">Fes la teva<br \/>\nreclamaci\u00f3<br \/>\nd\u2019accident<br \/>\nGRATIS<\/p>\n<\/div><\/div><\/div><div class=\"fusion-layout-column fusion_builder_column_inner fusion-builder-nested-column-7 fusion_builder_column_inner_1_3 1_3 fusion-flex-column\" style=\"--awb-bg-size:cover;--awb-width-large:33.333333333333%;--awb-margin-top-large:0px;--awb-spacing-right-large:5.76%;--awb-margin-bottom-large:20px;--awb-spacing-left-large:5.76%;--awb-width-medium:100%;--awb-order-medium:0;--awb-spacing-right-medium:1.92%;--awb-spacing-left-medium:1.92%;--awb-width-small:100%;--awb-order-small:0;--awb-spacing-right-small:1.92%;--awb-spacing-left-small:1.92%;\"><div class=\"fusion-column-wrapper fusion-column-has-shadow fusion-flex-justify-content-flex-start fusion-content-layout-column\"><div class=\"fusion-image-element \" style=\"--awb-caption-title-font-family:var(--h2_typography-font-family);--awb-caption-title-font-weight:var(--h2_typography-font-weight);--awb-caption-title-font-style:var(--h2_typography-font-style);--awb-caption-title-size:var(--h2_typography-font-size);--awb-caption-title-transform:var(--h2_typography-text-transform);--awb-caption-title-line-height:var(--h2_typography-line-height);--awb-caption-title-letter-spacing:var(--h2_typography-letter-spacing);\"><span class=\" fusion-imageframe imageframe-none imageframe-5 hover-type-none\"><img decoding=\"async\" width=\"150\" height=\"150\" title=\"24h\" src=\"data:image\/svg+xml,%3Csvg%20xmlns%3D%27http%3A%2F%2Fwww.w3.org%2F2000%2Fsvg%27%20width%3D%27150%27%20height%3D%27150%27%20viewBox%3D%270%200%20150%20150%27%3E%3Crect%20width%3D%27150%27%20height%3D%27150%27%20fill-opacity%3D%220%22%2F%3E%3C%2Fsvg%3E\" data-orig-src=\"https:\/\/onandia-abogados.com\/wp-content\/uploads\/2024\/06\/24h.png\" alt class=\"lazyload img-responsive wp-image-7684\"\/><\/span><\/div><\/div><\/div><div class=\"fusion-layout-column fusion_builder_column_inner fusion-builder-nested-column-8 fusion_builder_column_inner_1_1 1_1 fusion-flex-column\" style=\"--awb-bg-size:cover;--awb-width-large:100%;--awb-margin-top-large:0px;--awb-spacing-right-large:1.92%;--awb-margin-bottom-large:20px;--awb-spacing-left-large:1.92%;--awb-width-medium:100%;--awb-order-medium:0;--awb-spacing-right-medium:1.92%;--awb-spacing-left-medium:1.92%;--awb-width-small:100%;--awb-order-small:0;--awb-spacing-right-small:1.92%;--awb-spacing-left-small:1.92%;\"><div class=\"fusion-column-wrapper fusion-column-has-shadow fusion-flex-justify-content-flex-start fusion-content-layout-column\"><div class=\"fusion-text fusion-text-13\" style=\"--awb-font-size:30px;--awb-line-height:30px;--awb-text-color:#ffffff;--awb-margin-left:15px;--awb-text-font-family:&quot;Open Sans&quot;;--awb-text-font-style:normal;--awb-text-font-weight:400;\"><p>Resposta r\u00e0pida en 24h<\/p>\n<\/div><\/div><\/div><div class=\"fusion-layout-column fusion_builder_column_inner fusion-builder-nested-column-9 fusion_builder_column_inner_1_1 1_1 fusion-flex-column\" style=\"--awb-bg-size:cover;--awb-width-large:100%;--awb-margin-top-large:0px;--awb-spacing-right-large:1.92%;--awb-margin-bottom-large:20px;--awb-spacing-left-large:1.92%;--awb-width-medium:100%;--awb-order-medium:0;--awb-spacing-right-medium:1.92%;--awb-spacing-left-medium:1.92%;--awb-width-small:100%;--awb-order-small:0;--awb-spacing-right-small:1.92%;--awb-spacing-left-small:1.92%;\"><div class=\"fusion-column-wrapper fusion-column-has-shadow fusion-flex-justify-content-flex-start fusion-content-layout-column\">\n<div class=\"wpcf7 no-js\" id=\"wpcf7-f7874-o2\" lang=\"es-ES\" dir=\"ltr\" data-wpcf7-id=\"7874\">\n<div class=\"screen-reader-response\"><p role=\"status\" aria-live=\"polite\" aria-atomic=\"true\"><\/p> <ul><\/ul><\/div>\n<form action=\"\/ca\/wp-json\/wp\/v2\/pages\/7081#wpcf7-f7874-o2\" method=\"post\" class=\"wpcf7-form init\" aria-label=\"Formulario de contacto\" novalidate=\"novalidate\" data-status=\"init\">\n<fieldset class=\"hidden-fields-container\"><input type=\"hidden\" name=\"_wpcf7\" value=\"7874\" \/><input type=\"hidden\" name=\"_wpcf7_version\" value=\"6.1.5\" \/><input type=\"hidden\" name=\"_wpcf7_locale\" value=\"es_ES\" \/><input type=\"hidden\" name=\"_wpcf7_unit_tag\" value=\"wpcf7-f7874-o2\" \/><input type=\"hidden\" name=\"_wpcf7_container_post\" value=\"0\" \/><input type=\"hidden\" name=\"_wpcf7_posted_data_hash\" value=\"\" \/><input type=\"hidden\" name=\"_wpcf7_recaptcha_response\" value=\"\" \/>\n<\/fieldset>\n<div class=\"col-md-12\">\n\t<p><span class=\"wpcf7-form-control-wrap\" data-name=\"your-name\"><input size=\"40\" maxlength=\"400\" class=\"wpcf7-form-control wpcf7-text wpcf7-validates-as-required\" aria-required=\"true\" aria-invalid=\"false\" placeholder=\"Nom*\" value=\"\" type=\"text\" name=\"your-name\" \/><\/span>\n\t<\/p>\n<\/div>\n<div class=\"col-md-12\">\n\t<p><span class=\"wpcf7-form-control-wrap\" data-name=\"telefono\"><input size=\"40\" maxlength=\"400\" class=\"wpcf7-form-control wpcf7-tel wpcf7-validates-as-required wpcf7-text wpcf7-validates-as-tel\" aria-required=\"true\" aria-invalid=\"false\" placeholder=\"Tel\u00e8fon*\" value=\"\" type=\"tel\" name=\"telefono\" \/><\/span>\n\t<\/p>\n<\/div>\n<div class=\"col-md-12\">\n\t<p><span class=\"wpcf7-form-control-wrap\" data-name=\"your-email\"><input size=\"40\" maxlength=\"400\" class=\"wpcf7-form-control wpcf7-email wpcf7-validates-as-required wpcf7-text wpcf7-validates-as-email\" aria-required=\"true\" aria-invalid=\"false\" placeholder=\"E-mail*\" value=\"\" type=\"email\" name=\"your-email\" \/><\/span>\n\t<\/p>\n<\/div>\n<div class=\"col-md-12\">\n\t<p><span class=\"wpcf7-form-control-wrap\" data-name=\"consultas\"><textarea cols=\"40\" rows=\"10\" maxlength=\"2000\" class=\"wpcf7-form-control wpcf7-textarea\" aria-invalid=\"false\" placeholder=\"Quina \u00e9s la teva consulta?\" name=\"consultas\"><\/textarea><\/span>\n\t<\/p>\n<\/div>\n<div class=\"col-md-12\" style=\"margin:10px 0px; text-align:left;\">\n\t<div class=\"col-md-12\" style=\"font-size: 9px; line-height: 110%; color:#fff; text-align:justify; padding: 0px; height: 60px; overflow: scroll; overflow-x:hidden; border:1px solid #314F69; padding: 5px;\">\n\t\t<p>En compliment de la normativa vigent de Protecci\u00f3 de Dades de Car\u00e0cter Personal, li comuniquem que les dades recollides en el present formulari quedaran incorporats i seran tractats en el fitxer denominat Usuaris Web sota la responsabilitat de RAM\u00d3N ONANDIA ALSIUS amb la finalitat de poder prestar els seus serveis, aix\u00ed com per a mantenir-me informat sobre q\u00fcestions relatives a l'activitat de l'empresa.<br \/>\nL'informem que les dades que ens faciliti seran tractats de forma lleial, transparent, adequada, pertinent, limitada, exacta i actualitzada i no es comunicaran o cediran a tercers, exceptuant que aquesta comunicaci\u00f3 sigui necess\u00e0ria o pugui suposar una millora per a la finalitat d'aquests, sempre concorde a la normativa vigent en mat\u00e8ria de protecci\u00f3 de dades, Reglament General de Protecci\u00f3 de Dades.<br \/>\nEn el cas que es produeixin canvis en algunes de les dades facilitades, amb la finalitat de mantenir el nostre fitxer actualitzat, li preguem, ens el comuniqui per escrit.<br \/>\nL'informem de la possibilitat que t\u00e9 d'exercir els drets d'acc\u00e9s, rectificaci\u00f3, supressi\u00f3, oposici\u00f3, limitaci\u00f3 del tractament i portabilitat de les seves dades de car\u00e0cter personal de forma presencial en les oficines de RAM\u00d3N ONANDIA ALSIUS, acompanyant c\u00f2pia de DNI, o b\u00e9 mitjan\u00e7ant correu postal a RAMBLA CATALUNYA 87 2n D de BARCELONA, 08008 BARCELONA, o correu electr\u00f2nic roa@onandia.com.\n\t\t<\/p>\n\t<\/div>\n<\/div>\n<div class=\"col-md-12 politicas\">\n\t<p><span class=\"wpcf7-form-control-wrap\" data-name=\"politicas\"><span class=\"wpcf7-form-control wpcf7-acceptance\"><span class=\"wpcf7-list-item\"><input type=\"checkbox\" name=\"politicas\" value=\"1\" aria-invalid=\"false\" \/><\/span><\/span><\/span> He llegit i accepto <a href=\"\/ca\/politica-de-privacitat\/\" target=\"_blank\" style=\"color:#FFF;\">pol\u00edtica de privacitat<\/a>\n\t<\/p>\n<\/div>\n<div class=\"col-md-12\" style=\"text-align:center;\">\n\n<\/div>\n<div class=\"col-md-12\" style=\"text-align:center; padding-top: 15px; text-align: right;\">\n\t<p><input class=\"wpcf7-form-control wpcf7-submit has-spinner btn-enviar-form\" type=\"submit\" value=\"ENVIAR\" \/>\n\t<\/p>\n<\/div><div class=\"fusion-alert alert custom alert-custom fusion-alert-center wpcf7-response-output awb-alert-native-link-color alert-dismissable awb-alert-close-boxed\" style=\"--awb-border-size:1px;--awb-border-top-left-radius:0px;--awb-border-top-right-radius:0px;--awb-border-bottom-left-radius:0px;--awb-border-bottom-right-radius:0px;\" role=\"alert\"><div class=\"fusion-alert-content-wrapper\"><span class=\"fusion-alert-content\"><\/span><\/div><button type=\"button\" class=\"close toggle-alert\" data-dismiss=\"alert\" aria-label=\"Close\">&times;<\/button><\/div>\n<\/form>\n<\/div>\n\n\n\n\n\n\n\n<\/div><\/div><\/div><\/div><\/div>\n<\/div><\/div><div class=\"fusion-fullwidth fullwidth-box fusion-builder-row-4 fusion-flex-container has-pattern-background has-mask-background nonhundred-percent-fullwidth non-hundred-percent-height-scrolling\" style=\"--awb-background-position:left top;--awb-border-sizes-top:0px;--awb-border-sizes-bottom:0px;--awb-border-sizes-left:0px;--awb-border-sizes-right:0px;--awb-border-radius-top-left:0px;--awb-border-radius-top-right:0px;--awb-border-radius-bottom-right:0px;--awb-border-radius-bottom-left:0px;--awb-padding-top:50px;--awb-padding-bottom:20px;--awb-background-color:#f5f3ef;--awb-flex-wrap:wrap;\" ><div class=\"fusion-builder-row fusion-row fusion-flex-align-items-flex-start fusion-flex-content-wrap\" style=\"max-width:1352px;margin-left: calc(-4% \/ 2 );margin-right: calc(-4% \/ 2 );\"><div class=\"fusion-layout-column fusion_builder_column fusion-builder-column-4 fusion_builder_column_1_1 1_1 fusion-flex-column fusion-flex-align-self-flex-start fusion-column-no-min-height\" style=\"--awb-bg-size:cover;--awb-width-large:100%;--awb-margin-top-large:0px;--awb-spacing-right-large:1.92%;--awb-margin-bottom-large:0px;--awb-spacing-left-large:1.92%;--awb-width-medium:100%;--awb-spacing-right-medium:1.92%;--awb-spacing-left-medium:1.92%;--awb-width-small:100%;--awb-spacing-right-small:1.92%;--awb-spacing-left-small:1.92%;\"><div class=\"fusion-column-wrapper fusion-flex-justify-content-flex-start fusion-content-layout-column\"><div class=\"fusion-title title fusion-title-3 fusion-sep-none fusion-title-center fusion-title-text fusion-title-size-two\" style=\"--awb-margin-bottom:45px;--awb-margin-top-small:10px;--awb-margin-right-small:0px;--awb-margin-bottom-small:10px;--awb-margin-left-small:0px;\"><h2 class=\"fusion-title-heading title-heading-center\" style=\"margin:0;\">Calculem la indemnitzaci\u00f3 que et correspon en:<\/h2><\/div><\/div><\/div><div class=\"fusion-layout-column fusion_builder_column fusion-builder-column-5 fusion_builder_column_1_1 1_1 fusion-flex-column fusion-flex-align-self-flex-start fusion-column-no-min-height\" style=\"--awb-bg-size:cover;--awb-width-large:100%;--awb-margin-top-large:0px;--awb-spacing-right-large:1.92%;--awb-margin-bottom-large:0px;--awb-spacing-left-large:1.92%;--awb-width-medium:100%;--awb-spacing-right-medium:1.92%;--awb-spacing-left-medium:1.92%;--awb-width-small:100%;--awb-spacing-right-small:1.92%;--awb-spacing-left-small:1.92%;\"><div class=\"fusion-column-wrapper fusion-flex-justify-content-flex-start fusion-content-layout-column\"><div class=\"fusion-builder-row fusion-builder-row-inner fusion-row fusion-flex-align-items-flex-start fusion-flex-content-wrap\" style=\"--awb-flex-grow:0;--awb-flex-grow-medium:0;--awb-flex-grow-small:0;--awb-flex-shrink:0;--awb-flex-shrink-medium:0;--awb-flex-shrink-small:0;width:104% !important;max-width:104% !important;margin-left: calc(-4% \/ 2 );margin-right: calc(-4% \/ 2 );\"><div class=\"fusion-layout-column fusion_builder_column_inner fusion-builder-nested-column-10 fusion_builder_column_inner_1_3 1_3 fusion-flex-column\" style=\"--awb-bg-size:cover;--awb-width-large:33.333333333333%;--awb-margin-top-large:30px;--awb-spacing-right-large:5.76%;--awb-margin-bottom-large:30px;--awb-spacing-left-large:5.76%;--awb-width-medium:100%;--awb-order-medium:0;--awb-spacing-right-medium:1.92%;--awb-spacing-left-medium:1.92%;--awb-width-small:100%;--awb-order-small:0;--awb-spacing-right-small:1.92%;--awb-spacing-left-small:1.92%;\" data-scroll-devices=\"small-visibility,medium-visibility,large-visibility\"><div class=\"fusion-column-wrapper fusion-column-has-shadow fusion-flex-justify-content-flex-start fusion-content-layout-column\"><div class=\"fusion-image-element \" style=\"text-align:center;--awb-margin-bottom:20px;--awb-max-width:100px;--awb-caption-title-font-family:var(--h2_typography-font-family);--awb-caption-title-font-weight:var(--h2_typography-font-weight);--awb-caption-title-font-style:var(--h2_typography-font-style);--awb-caption-title-size:var(--h2_typography-font-size);--awb-caption-title-transform:var(--h2_typography-text-transform);--awb-caption-title-line-height:var(--h2_typography-line-height);--awb-caption-title-letter-spacing:var(--h2_typography-letter-spacing);\"><span class=\" fusion-imageframe imageframe-none imageframe-6 hover-type-none\"><a class=\"fusion-no-lightbox\" href=\"https:\/\/onandia-abogados.com\/ca\/accidents-de-transit\/\" target=\"_self\" aria-label=\"Reclamaci\u00f3 d&#8217;indemnitzacions per danys i perjudicis derivats d&#8217;accidents de tr\u00e0nsit\"><img decoding=\"async\" width=\"103\" height=\"105\" alt=\"Reclamaci\u00f3 d&#039;indemnitzacions per danys i perjudicis derivats d&#039;accidents de tr\u00e0nsit\" src=\"data:image\/svg+xml,%3Csvg%20xmlns%3D%27http%3A%2F%2Fwww.w3.org%2F2000%2Fsvg%27%20width%3D%27103%27%20height%3D%27105%27%20viewBox%3D%270%200%20103%20105%27%3E%3Crect%20width%3D%27103%27%20height%3D%27105%27%20fill-opacity%3D%220%22%2F%3E%3C%2Fsvg%3E\" data-orig-src=\"https:\/\/onandia-abogados.com\/wp-content\/uploads\/2024\/07\/picto-accidents.png\" class=\"lazyload img-responsive wp-image-7943\"\/><\/a><\/span><\/div><div class=\"fusion-title title fusion-title-4 fusion-sep-none fusion-title-center fusion-title-text fusion-title-size-two\" style=\"--awb-text-color:var(--awb-custom_color_2);--awb-margin-top-small:10px;--awb-margin-right-small:0px;--awb-margin-bottom-small:10px;--awb-margin-left-small:0px;--awb-font-size:23px;\"><h2 class=\"fusion-title-heading title-heading-center\" style=\"margin:0;font-size:1em;\"><a href=\"https:\/\/onandia-abogados.com\/ca\/accidents-de-transit\/\"><span style=\"color: #00a7d8;\">ACCIDENTS DE TR\u00c0NSIT<\/span><\/a><\/h2><\/div><\/div><\/div><div class=\"fusion-layout-column fusion_builder_column_inner fusion-builder-nested-column-11 fusion_builder_column_inner_1_3 1_3 fusion-flex-column\" style=\"--awb-bg-size:cover;--awb-width-large:33.333333333333%;--awb-margin-top-large:30px;--awb-spacing-right-large:5.76%;--awb-margin-bottom-large:30px;--awb-spacing-left-large:5.76%;--awb-width-medium:100%;--awb-order-medium:0;--awb-spacing-right-medium:1.92%;--awb-spacing-left-medium:1.92%;--awb-width-small:100%;--awb-order-small:0;--awb-spacing-right-small:1.92%;--awb-spacing-left-small:1.92%;\" data-scroll-devices=\"small-visibility,medium-visibility,large-visibility\"><div class=\"fusion-column-wrapper fusion-column-has-shadow fusion-flex-justify-content-flex-start fusion-content-layout-column\"><div class=\"fusion-image-element \" style=\"text-align:center;--awb-margin-bottom:20px;--awb-max-width:100px;--awb-caption-title-font-family:var(--h2_typography-font-family);--awb-caption-title-font-weight:var(--h2_typography-font-weight);--awb-caption-title-font-style:var(--h2_typography-font-style);--awb-caption-title-size:var(--h2_typography-font-size);--awb-caption-title-transform:var(--h2_typography-text-transform);--awb-caption-title-line-height:var(--h2_typography-line-height);--awb-caption-title-letter-spacing:var(--h2_typography-letter-spacing);\"><span class=\" fusion-imageframe imageframe-none imageframe-7 hover-type-none\"><a class=\"fusion-no-lightbox\" href=\"https:\/\/onandia-abogados.com\/ca\/accidents-de-transit\/fuetada-cervical-cervicalgia\/\" target=\"_self\" aria-label=\"picto fuetada cervical\"><img decoding=\"async\" width=\"103\" height=\"105\" alt=\"picto fuetada cervical\" src=\"data:image\/svg+xml,%3Csvg%20xmlns%3D%27http%3A%2F%2Fwww.w3.org%2F2000%2Fsvg%27%20width%3D%27103%27%20height%3D%27105%27%20viewBox%3D%270%200%20103%20105%27%3E%3Crect%20width%3D%27103%27%20height%3D%27105%27%20fill-opacity%3D%220%22%2F%3E%3C%2Fsvg%3E\" data-orig-src=\"https:\/\/onandia-abogados.com\/wp-content\/uploads\/2024\/07\/picto-fuetada-cervical.png\" class=\"lazyload img-responsive wp-image-7857\"\/><\/a><\/span><\/div><div class=\"fusion-title title fusion-title-5 fusion-sep-none fusion-title-center fusion-title-text fusion-title-size-two\" style=\"--awb-text-color:var(--awb-custom_color_2);--awb-margin-top-small:10px;--awb-margin-right-small:0px;--awb-margin-bottom-small:10px;--awb-margin-left-small:0px;--awb-font-size:23px;\"><h2 class=\"fusion-title-heading title-heading-center\" style=\"margin:0;font-size:1em;\"><a href=\"https:\/\/onandia-abogados.com\/ca\/accidents-de-transit\/fuetada-cervical-cervicalgia\/\"><span style=\"color: #00a7d8;\">FUETADA CERVICAL<\/span><\/a><\/h2><\/div><\/div><\/div><div class=\"fusion-layout-column fusion_builder_column_inner fusion-builder-nested-column-12 fusion_builder_column_inner_1_3 1_3 fusion-flex-column\" style=\"--awb-bg-size:cover;--awb-width-large:33.333333333333%;--awb-margin-top-large:30px;--awb-spacing-right-large:5.76%;--awb-margin-bottom-large:30px;--awb-spacing-left-large:5.76%;--awb-width-medium:100%;--awb-order-medium:0;--awb-spacing-right-medium:1.92%;--awb-spacing-left-medium:1.92%;--awb-width-small:100%;--awb-order-small:0;--awb-spacing-right-small:1.92%;--awb-spacing-left-small:1.92%;\" data-scroll-devices=\"small-visibility,medium-visibility,large-visibility\"><div class=\"fusion-column-wrapper fusion-column-has-shadow fusion-flex-justify-content-flex-start fusion-content-layout-column\"><div class=\"fusion-image-element \" style=\"text-align:center;--awb-margin-bottom:20px;--awb-max-width:100px;--awb-caption-title-font-family:var(--h2_typography-font-family);--awb-caption-title-font-weight:var(--h2_typography-font-weight);--awb-caption-title-font-style:var(--h2_typography-font-style);--awb-caption-title-size:var(--h2_typography-font-size);--awb-caption-title-transform:var(--h2_typography-text-transform);--awb-caption-title-line-height:var(--h2_typography-line-height);--awb-caption-title-letter-spacing:var(--h2_typography-letter-spacing);\"><span class=\" fusion-imageframe imageframe-none imageframe-8 hover-type-none\"><a class=\"fusion-no-lightbox\" href=\"https:\/\/onandia-abogados.com\/ca\/accident-de-treball-laboral\/\" target=\"_self\" aria-label=\"Reclamaci\u00f3 d&#8217;indemnitzacions per danys i perjudicis derivats d&#8217;accidents laborals\"><img decoding=\"async\" width=\"103\" height=\"105\" alt=\"Reclamaci\u00f3 d&#039;indemnitzacions per danys i perjudicis derivats d&#039;accidents laborals\" src=\"data:image\/svg+xml,%3Csvg%20xmlns%3D%27http%3A%2F%2Fwww.w3.org%2F2000%2Fsvg%27%20width%3D%27103%27%20height%3D%27105%27%20viewBox%3D%270%200%20103%20105%27%3E%3Crect%20width%3D%27103%27%20height%3D%27105%27%20fill-opacity%3D%220%22%2F%3E%3C%2Fsvg%3E\" data-orig-src=\"https:\/\/onandia-abogados.com\/wp-content\/uploads\/2024\/07\/picto-laborals.png\" class=\"lazyload img-responsive wp-image-7958\"\/><\/a><\/span><\/div><div class=\"fusion-title title fusion-title-6 fusion-sep-none fusion-title-center fusion-title-text fusion-title-size-two\" style=\"--awb-text-color:var(--awb-custom_color_2);--awb-margin-top-small:10px;--awb-margin-right-small:0px;--awb-margin-bottom-small:10px;--awb-margin-left-small:0px;--awb-font-size:23px;\"><h2 class=\"fusion-title-heading title-heading-center\" style=\"margin:0;font-size:1em;\"><a href=\"https:\/\/onandia-abogados.com\/ca\/accident-de-treball-laboral\/\"><span style=\"color: #00a7d8;\">ACCIDENTS LABORALS<\/span><\/a><\/h2><\/div><\/div><\/div><div class=\"fusion-layout-column fusion_builder_column_inner fusion-builder-nested-column-13 fusion_builder_column_inner_1_3 1_3 fusion-flex-column\" style=\"--awb-bg-size:cover;--awb-width-large:33.333333333333%;--awb-margin-top-large:30px;--awb-spacing-right-large:5.76%;--awb-margin-bottom-large:30px;--awb-spacing-left-large:5.76%;--awb-width-medium:100%;--awb-order-medium:0;--awb-spacing-right-medium:1.92%;--awb-spacing-left-medium:1.92%;--awb-width-small:100%;--awb-order-small:0;--awb-spacing-right-small:1.92%;--awb-spacing-left-small:1.92%;\" data-scroll-devices=\"small-visibility,medium-visibility,large-visibility\"><div class=\"fusion-column-wrapper fusion-column-has-shadow fusion-flex-justify-content-flex-start fusion-content-layout-column\"><div class=\"fusion-image-element \" style=\"text-align:center;--awb-margin-bottom:20px;--awb-max-width:100px;--awb-caption-title-font-family:var(--h2_typography-font-family);--awb-caption-title-font-weight:var(--h2_typography-font-weight);--awb-caption-title-font-style:var(--h2_typography-font-style);--awb-caption-title-size:var(--h2_typography-font-size);--awb-caption-title-transform:var(--h2_typography-text-transform);--awb-caption-title-line-height:var(--h2_typography-line-height);--awb-caption-title-letter-spacing:var(--h2_typography-letter-spacing);\"><span class=\" fusion-imageframe imageframe-none imageframe-9 hover-type-none\"><a class=\"fusion-no-lightbox\" href=\"https:\/\/onandia-abogados.com\/ca\/atropellament\/atropellament-vianant\/\" target=\"_self\" aria-label=\"A Onandia Advocats Barcelona som experts en reclamacions de indemnitzaci\u00f3 per atropellament en pas de vianants i atropellament per bicicleta o Bicing\"><img decoding=\"async\" width=\"103\" height=\"105\" alt=\"A Onandia Advocats Barcelona som experts en reclamacions de indemnitzaci\u00f3 per atropellament en pas de vianants i atropellament per bicicleta o Bicing\" src=\"data:image\/svg+xml,%3Csvg%20xmlns%3D%27http%3A%2F%2Fwww.w3.org%2F2000%2Fsvg%27%20width%3D%27103%27%20height%3D%27105%27%20viewBox%3D%270%200%20103%20105%27%3E%3Crect%20width%3D%27103%27%20height%3D%27105%27%20fill-opacity%3D%220%22%2F%3E%3C%2Fsvg%3E\" data-orig-src=\"https:\/\/onandia-abogados.com\/wp-content\/uploads\/2024\/07\/picto-atropellament-peatons.png\" class=\"lazyload img-responsive wp-image-7946\"\/><\/a><\/span><\/div><div class=\"fusion-title title fusion-title-7 fusion-sep-none fusion-title-center fusion-title-text fusion-title-size-two\" style=\"--awb-text-color:var(--awb-custom_color_2);--awb-margin-top-small:10px;--awb-margin-right-small:0px;--awb-margin-bottom-small:10px;--awb-margin-left-small:0px;--awb-font-size:23px;\"><h2 class=\"fusion-title-heading title-heading-center\" style=\"margin:0;font-size:1em;\"><a href=\"https:\/\/onandia-abogados.com\/ca\/atropellament\/atropellament-vianant\/\"><span style=\"color: #00a7d8;\">ATROPELLAMENTS VIANANTS<\/span><\/a><\/h2><\/div><\/div><\/div><div class=\"fusion-layout-column fusion_builder_column_inner fusion-builder-nested-column-14 fusion_builder_column_inner_1_3 1_3 fusion-flex-column\" style=\"--awb-bg-size:cover;--awb-width-large:33.333333333333%;--awb-margin-top-large:30px;--awb-spacing-right-large:5.76%;--awb-margin-bottom-large:30px;--awb-spacing-left-large:5.76%;--awb-width-medium:100%;--awb-order-medium:0;--awb-spacing-right-medium:1.92%;--awb-spacing-left-medium:1.92%;--awb-width-small:100%;--awb-order-small:0;--awb-spacing-right-small:1.92%;--awb-spacing-left-small:1.92%;\" data-scroll-devices=\"small-visibility,medium-visibility,large-visibility\"><div class=\"fusion-column-wrapper fusion-column-has-shadow fusion-flex-justify-content-flex-start fusion-content-layout-column\"><div class=\"fusion-image-element \" style=\"text-align:center;--awb-margin-bottom:20px;--awb-max-width:100px;--awb-caption-title-font-family:var(--h2_typography-font-family);--awb-caption-title-font-weight:var(--h2_typography-font-weight);--awb-caption-title-font-style:var(--h2_typography-font-style);--awb-caption-title-size:var(--h2_typography-font-size);--awb-caption-title-transform:var(--h2_typography-text-transform);--awb-caption-title-line-height:var(--h2_typography-line-height);--awb-caption-title-letter-spacing:var(--h2_typography-letter-spacing);\"><span class=\" fusion-imageframe imageframe-none imageframe-10 hover-type-none\"><a class=\"fusion-no-lightbox\" href=\"https:\/\/onandia-abogados.com\/ca\/indemnizacio-accident-via-publica-i-locals\/\" target=\"_self\" aria-label=\"Picto atropellament ciclista i bicicleta\"><img decoding=\"async\" width=\"107\" height=\"107\" alt=\"Picto atropellament ciclista i bicicleta\" src=\"data:image\/svg+xml,%3Csvg%20xmlns%3D%27http%3A%2F%2Fwww.w3.org%2F2000%2Fsvg%27%20width%3D%27107%27%20height%3D%27107%27%20viewBox%3D%270%200%20107%20107%27%3E%3Crect%20width%3D%27107%27%20height%3D%27107%27%20fill-opacity%3D%220%22%2F%3E%3C%2Fsvg%3E\" data-orig-src=\"https:\/\/onandia-abogados.com\/wp-content\/uploads\/2024\/07\/picto-atropellament-ciclista.png\" class=\"lazyload img-responsive wp-image-7980\"\/><\/a><\/span><\/div><div class=\"fusion-title title fusion-title-8 fusion-sep-none fusion-title-center fusion-title-text fusion-title-size-two\" style=\"--awb-text-color:var(--awb-custom_color_2);--awb-margin-top-small:10px;--awb-margin-right-small:0px;--awb-margin-bottom-small:10px;--awb-margin-left-small:0px;--awb-font-size:23px;\"><h2 class=\"fusion-title-heading title-heading-center\" style=\"margin:0;font-size:1em;\"><a href=\"https:\/\/onandia-abogados.com\/ca\/indemnizacio-accident-via-publica-i-locals\/\"><span style=\"color: #00a7d8;\">ALTRES ACCIDENTS<\/span><\/a><\/h2><\/div><\/div><\/div><div class=\"fusion-layout-column fusion_builder_column_inner fusion-builder-nested-column-15 fusion_builder_column_inner_1_3 1_3 fusion-flex-column\" style=\"--awb-bg-size:cover;--awb-width-large:33.333333333333%;--awb-margin-top-large:30px;--awb-spacing-right-large:5.76%;--awb-margin-bottom-large:30px;--awb-spacing-left-large:5.76%;--awb-width-medium:100%;--awb-order-medium:0;--awb-spacing-right-medium:1.92%;--awb-spacing-left-medium:1.92%;--awb-width-small:100%;--awb-order-small:0;--awb-spacing-right-small:1.92%;--awb-spacing-left-small:1.92%;\" data-scroll-devices=\"small-visibility,medium-visibility,large-visibility\"><div class=\"fusion-column-wrapper fusion-column-has-shadow fusion-flex-justify-content-flex-start fusion-content-layout-column\"><div class=\"fusion-image-element \" style=\"text-align:center;--awb-margin-bottom:20px;--awb-max-width:100px;--awb-caption-title-font-family:var(--h2_typography-font-family);--awb-caption-title-font-weight:var(--h2_typography-font-weight);--awb-caption-title-font-style:var(--h2_typography-font-style);--awb-caption-title-size:var(--h2_typography-font-size);--awb-caption-title-transform:var(--h2_typography-text-transform);--awb-caption-title-line-height:var(--h2_typography-line-height);--awb-caption-title-letter-spacing:var(--h2_typography-letter-spacing);\"><span class=\" fusion-imageframe imageframe-none imageframe-11 hover-type-none\"><a class=\"fusion-no-lightbox\" href=\"https:\/\/onandia-abogados.com\/ca\/incapacitat-laboral\/\" target=\"_self\" aria-label=\"Reclamaci\u00f3 d&#8217;incapacitats laborals davant la Seguretat Social i M\u00fatues derivades d&#8217;accidents o malalties\"><img decoding=\"async\" width=\"103\" height=\"105\" alt=\"Reclamaci\u00f3 d&#039;incapacitats laborals davant la Seguretat Social i M\u00fatues derivades d&#039;accidents o malalties\" src=\"data:image\/svg+xml,%3Csvg%20xmlns%3D%27http%3A%2F%2Fwww.w3.org%2F2000%2Fsvg%27%20width%3D%27103%27%20height%3D%27105%27%20viewBox%3D%270%200%20103%20105%27%3E%3Crect%20width%3D%27103%27%20height%3D%27105%27%20fill-opacity%3D%220%22%2F%3E%3C%2Fsvg%3E\" data-orig-src=\"https:\/\/onandia-abogados.com\/wp-content\/uploads\/2024\/07\/picto-incapacitats.png\" class=\"lazyload img-responsive wp-image-7955\"\/><\/a><\/span><\/div><div class=\"fusion-title title fusion-title-9 fusion-sep-none fusion-title-center fusion-title-text fusion-title-size-two\" style=\"--awb-text-color:var(--awb-custom_color_2);--awb-margin-top-small:10px;--awb-margin-right-small:0px;--awb-margin-bottom-small:10px;--awb-margin-left-small:0px;--awb-font-size:23px;\"><h2 class=\"fusion-title-heading title-heading-center\" style=\"margin:0;font-size:1em;\"><a href=\"https:\/\/onandia-abogados.com\/ca\/incapacitat-laboral\/\"><span style=\"color: #00a7d8;\">INCAPACITAT LABORALS<\/span><\/a><\/h2><\/div><\/div><\/div><div class=\"fusion-layout-column fusion_builder_column_inner fusion-builder-nested-column-16 fusion_builder_column_inner_1_3 1_3 fusion-flex-column\" style=\"--awb-bg-size:cover;--awb-width-large:33.333333333333%;--awb-margin-top-large:30px;--awb-spacing-right-large:5.76%;--awb-margin-bottom-large:30px;--awb-spacing-left-large:5.76%;--awb-width-medium:100%;--awb-order-medium:0;--awb-spacing-right-medium:1.92%;--awb-spacing-left-medium:1.92%;--awb-width-small:100%;--awb-order-small:0;--awb-spacing-right-small:1.92%;--awb-spacing-left-small:1.92%;\" data-scroll-devices=\"small-visibility,medium-visibility,large-visibility\"><div class=\"fusion-column-wrapper fusion-column-has-shadow fusion-flex-justify-content-flex-start fusion-content-layout-column\"><div class=\"fusion-image-element \" style=\"text-align:center;--awb-margin-bottom:20px;--awb-max-width:100px;--awb-caption-title-font-family:var(--h2_typography-font-family);--awb-caption-title-font-weight:var(--h2_typography-font-weight);--awb-caption-title-font-style:var(--h2_typography-font-style);--awb-caption-title-size:var(--h2_typography-font-size);--awb-caption-title-transform:var(--h2_typography-text-transform);--awb-caption-title-line-height:var(--h2_typography-line-height);--awb-caption-title-letter-spacing:var(--h2_typography-letter-spacing);\"><span class=\" fusion-imageframe imageframe-none imageframe-12 hover-type-none\"><a class=\"fusion-no-lightbox\" href=\"https:\/\/onandia-abogados.com\/ca\/negligencies-mediques\/\" target=\"_self\" aria-label=\"Reclamaci\u00f3 d&#8217;indemnitzacions per danys i perjudicis derivats de neglig\u00e8ncies m\u00e8diques\"><img decoding=\"async\" width=\"103\" height=\"105\" alt=\"Reclamaci\u00f3 d&#039;indemnitzacions per danys i perjudicis derivats de neglig\u00e8ncies m\u00e8diques\" src=\"data:image\/svg+xml,%3Csvg%20xmlns%3D%27http%3A%2F%2Fwww.w3.org%2F2000%2Fsvg%27%20width%3D%27103%27%20height%3D%27105%27%20viewBox%3D%270%200%20103%20105%27%3E%3Crect%20width%3D%27103%27%20height%3D%27105%27%20fill-opacity%3D%220%22%2F%3E%3C%2Fsvg%3E\" data-orig-src=\"https:\/\/onandia-abogados.com\/wp-content\/uploads\/2024\/07\/picto-negligencies.png\" class=\"lazyload img-responsive wp-image-7961\"\/><\/a><\/span><\/div><div class=\"fusion-title title fusion-title-10 fusion-sep-none fusion-title-center fusion-title-text fusion-title-size-two\" style=\"--awb-text-color:var(--awb-custom_color_2);--awb-margin-top-small:10px;--awb-margin-right-small:0px;--awb-margin-bottom-small:10px;--awb-margin-left-small:0px;--awb-font-size:23px;\"><h2 class=\"fusion-title-heading title-heading-center\" style=\"margin:0;font-size:1em;\"><a href=\"https:\/\/onandia-abogados.com\/ca\/negligencies-mediques\/\"><span style=\"color: #00a7d8;\">NEGLIG\u00c8NCIES M\u00c8DIQUES<\/span><\/a><\/h2><\/div><\/div><\/div><div class=\"fusion-layout-column fusion_builder_column_inner fusion-builder-nested-column-17 fusion_builder_column_inner_1_3 1_3 fusion-flex-column\" style=\"--awb-bg-size:cover;--awb-width-large:33.333333333333%;--awb-margin-top-large:30px;--awb-spacing-right-large:5.76%;--awb-margin-bottom-large:30px;--awb-spacing-left-large:5.76%;--awb-width-medium:100%;--awb-order-medium:0;--awb-spacing-right-medium:1.92%;--awb-spacing-left-medium:1.92%;--awb-width-small:100%;--awb-order-small:0;--awb-spacing-right-small:1.92%;--awb-spacing-left-small:1.92%;\" data-scroll-devices=\"small-visibility,medium-visibility,large-visibility\"><div class=\"fusion-column-wrapper fusion-column-has-shadow fusion-flex-justify-content-flex-start fusion-content-layout-column\"><div class=\"fusion-image-element \" style=\"text-align:center;--awb-margin-bottom:20px;--awb-max-width:100px;--awb-caption-title-font-family:var(--h2_typography-font-family);--awb-caption-title-font-weight:var(--h2_typography-font-weight);--awb-caption-title-font-style:var(--h2_typography-font-style);--awb-caption-title-size:var(--h2_typography-font-size);--awb-caption-title-transform:var(--h2_typography-text-transform);--awb-caption-title-line-height:var(--h2_typography-line-height);--awb-caption-title-letter-spacing:var(--h2_typography-letter-spacing);\"><span class=\" fusion-imageframe imageframe-none imageframe-13 hover-type-none\"><a class=\"fusion-no-lightbox\" href=\"https:\/\/onandia-abogados.com\/ca\/accidents-de-transit\/lesions-greus-defuncio\/\" target=\"_self\" aria-label=\"Advocats especialistes a reclamar indemnitzaci\u00f3 per accidents de tr\u00e0nsit greus i defuncions. Disposem d&#8217;un equip qualificat de perits especialistes\"><img decoding=\"async\" width=\"103\" height=\"105\" alt=\"Advocats especialistes a reclamar indemnitzaci\u00f3 per accidents de tr\u00e0nsit greus i defuncions. Disposem d&#039;un equip qualificat de perits especialistes\" src=\"data:image\/svg+xml,%3Csvg%20xmlns%3D%27http%3A%2F%2Fwww.w3.org%2F2000%2Fsvg%27%20width%3D%27103%27%20height%3D%27105%27%20viewBox%3D%270%200%20103%20105%27%3E%3Crect%20width%3D%27103%27%20height%3D%27105%27%20fill-opacity%3D%220%22%2F%3E%3C%2Fsvg%3E\" data-orig-src=\"https:\/\/onandia-abogados.com\/wp-content\/uploads\/2024\/07\/onandia-advocats-barcelona-picto-accidents-lesions-greus-1.png\" class=\"lazyload img-responsive wp-image-7937\"\/><\/a><\/span><\/div><div class=\"fusion-title title fusion-title-11 fusion-sep-none fusion-title-center fusion-title-text fusion-title-size-two\" style=\"--awb-text-color:var(--awb-custom_color_2);--awb-margin-top-small:10px;--awb-margin-right-small:0px;--awb-margin-bottom-small:10px;--awb-margin-left-small:0px;--awb-font-size:23px;\"><h2 class=\"fusion-title-heading title-heading-center\" style=\"margin:0;font-size:1em;\"><a href=\"https:\/\/onandia-abogados.com\/ca\/accidents-de-transit\/lesions-greus-defuncio\/\"><span style=\"color: #00a7d8;\">ACCIDENTS AMB LESIONS GREUS<\/span><\/a><\/h2><\/div><\/div><\/div><\/div><\/div><\/div><\/div><\/div><div class=\"fusion-fullwidth fullwidth-box fusion-builder-row-5 fusion-flex-container has-pattern-background has-mask-background nonhundred-percent-fullwidth non-hundred-percent-height-scrolling\" style=\"--awb-background-position:left top;--awb-border-sizes-top:0px;--awb-border-sizes-bottom:0px;--awb-border-sizes-left:0px;--awb-border-sizes-right:0px;--awb-border-radius-top-left:0px;--awb-border-radius-top-right:0px;--awb-border-radius-bottom-right:0px;--awb-border-radius-bottom-left:0px;--awb-padding-top:40px;--awb-padding-bottom:20px;--awb-flex-wrap:wrap;\" ><div class=\"fusion-builder-row fusion-row fusion-flex-align-items-flex-start fusion-flex-content-wrap\" style=\"max-width:1352px;margin-left: calc(-4% \/ 2 );margin-right: calc(-4% \/ 2 );\"><div class=\"fusion-layout-column fusion_builder_column fusion-builder-column-6 fusion_builder_column_1_6 1_6 fusion-flex-column\" style=\"--awb-bg-size:cover;--awb-width-large:16.666666666667%;--awb-margin-top-large:0px;--awb-spacing-right-large:0px;--awb-margin-bottom-large:20px;--awb-spacing-left-large:11.52%;--awb-width-medium:100%;--awb-spacing-right-medium:1.92%;--awb-spacing-left-medium:1.92%;--awb-width-small:100%;--awb-spacing-right-small:1.92%;--awb-spacing-left-small:1.92%;\"><div class=\"fusion-column-wrapper fusion-flex-justify-content-flex-start fusion-content-layout-column\"><div class=\"fusion-text fusion-text-14\"><p><img decoding=\"async\" class=\"lazyload alignnone wp-image-7897 size-full\" src=\"data:image\/svg+xml,%3Csvg%20xmlns%3D%27http%3A%2F%2Fwww.w3.org%2F2000%2Fsvg%27%20width%3D%2748%27%20height%3D%2768%27%20viewBox%3D%270%200%2048%2068%27%3E%3Crect%20width%3D%2748%27%20height%3D%2768%27%20fill-opacity%3D%220%22%2F%3E%3C%2Fsvg%3E\" data-orig-src=\"https:\/\/onandia-abogados.com\/wp-content\/uploads\/2024\/07\/picto-home.png\" alt=\"Picto Homenet\" width=\"48\" height=\"68\" \/><\/p>\n<\/div><\/div><\/div><div class=\"fusion-layout-column fusion_builder_column fusion-builder-column-7 fusion_builder_column_5_6 5_6 fusion-flex-column\" style=\"--awb-bg-size:cover;--awb-width-large:83.333333333333%;--awb-margin-top-large:0px;--awb-spacing-right-large:2.304%;--awb-margin-bottom-large:20px;--awb-spacing-left-large:0px;--awb-width-medium:100%;--awb-spacing-right-medium:1.92%;--awb-spacing-left-medium:1.92%;--awb-width-small:100%;--awb-spacing-right-small:1.92%;--awb-spacing-left-small:1.92%;\"><div class=\"fusion-column-wrapper fusion-flex-justify-content-flex-start fusion-content-layout-column\"><div class=\"fusion-text fusion-text-15\" style=\"--awb-font-size:21px;--awb-text-color:#00a7d8;--awb-text-font-family:&quot;Open Sans&quot;;--awb-text-font-style:normal;--awb-text-font-weight:600;\"><p>Nom\u00e9s cobrem si reps indemnitzaci\u00f3<\/p>\n<\/div><div class=\"fusion-text fusion-text-16\"><p><span class=\"s1\">Els importants resultats obtinguts al llarg dels anys s\u00f3n la nostra garantia de solv\u00e8ncia i treball ben fet. Sens dubte, amb nosaltres trobar\u00e0s el millor suport per defensar els teus interessos.<\/span><\/p>\n<\/div><\/div><\/div><div class=\"fusion-layout-column fusion_builder_column fusion-builder-column-8 fusion_builder_column_1_6 1_6 fusion-flex-column\" style=\"--awb-bg-size:cover;--awb-width-large:16.666666666667%;--awb-margin-top-large:0px;--awb-spacing-right-large:0px;--awb-margin-bottom-large:20px;--awb-spacing-left-large:11.52%;--awb-width-medium:100%;--awb-spacing-right-medium:1.92%;--awb-spacing-left-medium:1.92%;--awb-width-small:100%;--awb-spacing-right-small:1.92%;--awb-spacing-left-small:1.92%;\"><div class=\"fusion-column-wrapper fusion-flex-justify-content-flex-start fusion-content-layout-column\"><div class=\"fusion-text fusion-text-17\"><p><img decoding=\"async\" class=\"lazyload alignnone wp-image-7909 size-full\" src=\"data:image\/svg+xml,%3Csvg%20xmlns%3D%27http%3A%2F%2Fwww.w3.org%2F2000%2Fsvg%27%20width%3D%2741%27%20height%3D%2745%27%20viewBox%3D%270%200%2041%2045%27%3E%3Crect%20width%3D%2741%27%20height%3D%2745%27%20fill-opacity%3D%220%22%2F%3E%3C%2Fsvg%3E\" data-orig-src=\"https:\/\/onandia-abogados.com\/wp-content\/uploads\/2024\/07\/picto-ma.png\" alt=\"picto m\u00e0\" width=\"41\" height=\"45\" \/><\/p>\n<\/div><\/div><\/div><div class=\"fusion-layout-column fusion_builder_column fusion-builder-column-9 fusion_builder_column_5_6 5_6 fusion-flex-column\" style=\"--awb-bg-size:cover;--awb-width-large:83.333333333333%;--awb-margin-top-large:0px;--awb-spacing-right-large:2.304%;--awb-margin-bottom-large:20px;--awb-spacing-left-large:0px;--awb-width-medium:100%;--awb-spacing-right-medium:1.92%;--awb-spacing-left-medium:1.92%;--awb-width-small:100%;--awb-spacing-right-small:1.92%;--awb-spacing-left-small:1.92%;\"><div class=\"fusion-column-wrapper fusion-flex-justify-content-flex-start fusion-content-layout-column\"><div class=\"fusion-text fusion-text-18\" style=\"--awb-font-size:21px;--awb-text-color:#00a7d8;--awb-text-font-family:&quot;Open Sans&quot;;--awb-text-font-style:normal;--awb-text-font-weight:600;\"><p>Et recomanem<\/p>\n<\/div><div class=\"fusion-text fusion-text-19\"><p><span class=\"s1\">Que abans d\u2019acceptar qualsevol tipus d\u2019indemnitzaci\u00f3 per accident que t\u2019ofereixin les companyies d\u2019assegurances o la part contr\u00e0ria:<br \/>\n<\/span><br class=\"vacio\" \/><strong class=\"tit-amarillo\">1.\u00a0<\/strong><span class=\"s1\">No signis cap document.<br \/>\n<\/span><strong class=\"tit-amarillo\">2.\u00a0<\/strong><span class=\"s1\">Consultis amb el teu advocat, ja que la quantitat molt possiblement sigui inferior a la que podries rebre.<\/span><\/p>\n<\/div><\/div><\/div><\/div><\/div><\/p>\n","protected":false},"excerpt":{"rendered":"","protected":false},"author":1,"featured_media":0,"parent":0,"menu_order":0,"comment_status":"closed","ping_status":"closed","template":"100-width.php","meta":{"footnotes":""},"class_list":["post-7081","page","type-page","status-publish","hentry"],"yoast_head":"<!-- This site is optimized with the Yoast SEO plugin v27.4 - https:\/\/yoast.com\/product\/yoast-seo-wordpress\/ -->\n<title>Barem d&#039;indemnitzaci\u00f3 per accidents de tr\u00e0nsit<\/title>\n<meta name=\"description\" content=\"Coneix el barem d&#039;indemnitzaci\u00f3 per accident de tr\u00e0nsit 2026. Contacta&#039;ns per al c\u00e0lcul d&#039;indemnitzaci\u00f3 per accident de tr\u00e0nsit totalment gratis.\" \/>\n<meta name=\"robots\" content=\"index, follow, max-snippet:-1, max-image-preview:large, max-video-preview:-1\" \/>\n<link rel=\"canonical\" href=\"https:\/\/onandia-abogados.com\/ca\/barem-indemnitzacio-per-accidents-de-transit\/\" \/>\n<meta property=\"og:locale\" content=\"ca_ES\" \/>\n<meta property=\"og:type\" content=\"article\" \/>\n<meta property=\"og:title\" content=\"Barem d&#039;indemnitzaci\u00f3 per accidents de tr\u00e0nsit\" \/>\n<meta property=\"og:description\" content=\"Coneix el barem d&#039;indemnitzaci\u00f3 per accident de tr\u00e0nsit 2026. Contacta&#039;ns per al c\u00e0lcul d&#039;indemnitzaci\u00f3 per accident de tr\u00e0nsit totalment gratis.\" \/>\n<meta property=\"og:url\" content=\"https:\/\/onandia-abogados.com\/ca\/barem-indemnitzacio-per-accidents-de-transit\/\" \/>\n<meta property=\"og:site_name\" content=\"\u2705 Abogados especialistas en Accidentes Barcelona | Onandia\" \/>\n<meta property=\"og:image\" content=\"https:\/\/onandia-abogados.com\/wp-content\/uploads\/2023\/05\/picto-calculadora-1-1.png\" \/>\n<script type=\"application\/ld+json\" class=\"yoast-schema-graph\">{\"@context\":\"https:\\\/\\\/schema.org\",\"@graph\":[{\"@type\":\"WebPage\",\"@id\":\"https:\\\/\\\/onandia-abogados.com\\\/ca\\\/barem-indemnitzacio-per-accidents-de-transit\\\/\",\"url\":\"https:\\\/\\\/onandia-abogados.com\\\/ca\\\/barem-indemnitzacio-per-accidents-de-transit\\\/\",\"name\":\"Barem d'indemnitzaci\u00f3 per accidents de tr\u00e0nsit\",\"isPartOf\":{\"@id\":\"https:\\\/\\\/onandia-abogados.com\\\/ca\\\/#website\"},\"primaryImageOfPage\":{\"@id\":\"https:\\\/\\\/onandia-abogados.com\\\/ca\\\/barem-indemnitzacio-per-accidents-de-transit\\\/#primaryimage\"},\"image\":{\"@id\":\"https:\\\/\\\/onandia-abogados.com\\\/ca\\\/barem-indemnitzacio-per-accidents-de-transit\\\/#primaryimage\"},\"thumbnailUrl\":\"https:\\\/\\\/onandia-abogados.com\\\/wp-content\\\/uploads\\\/2023\\\/05\\\/picto-calculadora-1-1.png\",\"description\":\"Coneix el barem d'indemnitzaci\u00f3 per accident de tr\u00e0nsit 2026. Contacta'ns per al c\u00e0lcul d'indemnitzaci\u00f3 per accident de tr\u00e0nsit totalment gratis.\",\"breadcrumb\":{\"@id\":\"https:\\\/\\\/onandia-abogados.com\\\/ca\\\/barem-indemnitzacio-per-accidents-de-transit\\\/#breadcrumb\"},\"inLanguage\":\"ca\",\"potentialAction\":[{\"@type\":\"ReadAction\",\"target\":[\"https:\\\/\\\/onandia-abogados.com\\\/ca\\\/barem-indemnitzacio-per-accidents-de-transit\\\/\"]}]},{\"@type\":\"ImageObject\",\"inLanguage\":\"ca\",\"@id\":\"https:\\\/\\\/onandia-abogados.com\\\/ca\\\/barem-indemnitzacio-per-accidents-de-transit\\\/#primaryimage\",\"url\":\"https:\\\/\\\/onandia-abogados.com\\\/wp-content\\\/uploads\\\/2023\\\/05\\\/picto-calculadora-1-1.png\",\"contentUrl\":\"https:\\\/\\\/onandia-abogados.com\\\/wp-content\\\/uploads\\\/2023\\\/05\\\/picto-calculadora-1-1.png\"},{\"@type\":\"BreadcrumbList\",\"@id\":\"https:\\\/\\\/onandia-abogados.com\\\/ca\\\/barem-indemnitzacio-per-accidents-de-transit\\\/#breadcrumb\",\"itemListElement\":[{\"@type\":\"ListItem\",\"position\":1,\"name\":\"Portada\",\"item\":\"https:\\\/\\\/onandia-abogados.com\\\/ca\\\/\"},{\"@type\":\"ListItem\",\"position\":2,\"name\":\"Barems d&#8217;Indemnitzaci\u00f3\"}]},{\"@type\":\"WebSite\",\"@id\":\"https:\\\/\\\/onandia-abogados.com\\\/ca\\\/#website\",\"url\":\"https:\\\/\\\/onandia-abogados.com\\\/ca\\\/\",\"name\":\"Abogados Onandia Barcelona\",\"description\":\"Advocats especialistes en accidents de tr\u00e0nsit\",\"publisher\":{\"@id\":\"https:\\\/\\\/onandia-abogados.com\\\/ca\\\/#organization\"},\"potentialAction\":[{\"@type\":\"SearchAction\",\"target\":{\"@type\":\"EntryPoint\",\"urlTemplate\":\"https:\\\/\\\/onandia-abogados.com\\\/ca\\\/?s={search_term_string}\"},\"query-input\":{\"@type\":\"PropertyValueSpecification\",\"valueRequired\":true,\"valueName\":\"search_term_string\"}}],\"inLanguage\":\"ca\"},{\"@type\":\"Organization\",\"@id\":\"https:\\\/\\\/onandia-abogados.com\\\/ca\\\/#organization\",\"name\":\"Onandia Abogados\",\"url\":\"https:\\\/\\\/onandia-abogados.com\\\/ca\\\/\",\"logo\":{\"@type\":\"ImageObject\",\"inLanguage\":\"ca\",\"@id\":\"https:\\\/\\\/onandia-abogados.com\\\/ca\\\/#\\\/schema\\\/logo\\\/image\\\/\",\"url\":\"https:\\\/\\\/onandia-abogados.com\\\/wp-content\\\/uploads\\\/2023\\\/05\\\/abogados-onandia.svg\",\"contentUrl\":\"https:\\\/\\\/onandia-abogados.com\\\/wp-content\\\/uploads\\\/2023\\\/05\\\/abogados-onandia.svg\",\"width\":751,\"height\":262,\"caption\":\"Onandia Abogados\"},\"image\":{\"@id\":\"https:\\\/\\\/onandia-abogados.com\\\/ca\\\/#\\\/schema\\\/logo\\\/image\\\/\"}}]}<\/script>\n<!-- \/ Yoast SEO plugin. -->","yoast_head_json":{"title":"Barem d'indemnitzaci\u00f3 per accidents de tr\u00e0nsit","description":"Coneix el barem d'indemnitzaci\u00f3 per accident de tr\u00e0nsit 2026. Contacta'ns per al c\u00e0lcul d'indemnitzaci\u00f3 per accident de tr\u00e0nsit totalment gratis.","robots":{"index":"index","follow":"follow","max-snippet":"max-snippet:-1","max-image-preview":"max-image-preview:large","max-video-preview":"max-video-preview:-1"},"canonical":"https:\/\/onandia-abogados.com\/ca\/barem-indemnitzacio-per-accidents-de-transit\/","og_locale":"ca_ES","og_type":"article","og_title":"Barem d'indemnitzaci\u00f3 per accidents de tr\u00e0nsit","og_description":"Coneix el barem d'indemnitzaci\u00f3 per accident de tr\u00e0nsit 2026. Contacta'ns per al c\u00e0lcul d'indemnitzaci\u00f3 per accident de tr\u00e0nsit totalment gratis.","og_url":"https:\/\/onandia-abogados.com\/ca\/barem-indemnitzacio-per-accidents-de-transit\/","og_site_name":"\u2705 Abogados especialistas en Accidentes Barcelona | Onandia","og_image":[{"url":"https:\/\/onandia-abogados.com\/wp-content\/uploads\/2023\/05\/picto-calculadora-1-1.png","type":"","width":"","height":""}],"schema":{"@context":"https:\/\/schema.org","@graph":[{"@type":"WebPage","@id":"https:\/\/onandia-abogados.com\/ca\/barem-indemnitzacio-per-accidents-de-transit\/","url":"https:\/\/onandia-abogados.com\/ca\/barem-indemnitzacio-per-accidents-de-transit\/","name":"Barem d'indemnitzaci\u00f3 per accidents de tr\u00e0nsit","isPartOf":{"@id":"https:\/\/onandia-abogados.com\/ca\/#website"},"primaryImageOfPage":{"@id":"https:\/\/onandia-abogados.com\/ca\/barem-indemnitzacio-per-accidents-de-transit\/#primaryimage"},"image":{"@id":"https:\/\/onandia-abogados.com\/ca\/barem-indemnitzacio-per-accidents-de-transit\/#primaryimage"},"thumbnailUrl":"https:\/\/onandia-abogados.com\/wp-content\/uploads\/2023\/05\/picto-calculadora-1-1.png","description":"Coneix el barem d'indemnitzaci\u00f3 per accident de tr\u00e0nsit 2026. Contacta'ns per al c\u00e0lcul d'indemnitzaci\u00f3 per accident de tr\u00e0nsit totalment gratis.","breadcrumb":{"@id":"https:\/\/onandia-abogados.com\/ca\/barem-indemnitzacio-per-accidents-de-transit\/#breadcrumb"},"inLanguage":"ca","potentialAction":[{"@type":"ReadAction","target":["https:\/\/onandia-abogados.com\/ca\/barem-indemnitzacio-per-accidents-de-transit\/"]}]},{"@type":"ImageObject","inLanguage":"ca","@id":"https:\/\/onandia-abogados.com\/ca\/barem-indemnitzacio-per-accidents-de-transit\/#primaryimage","url":"https:\/\/onandia-abogados.com\/wp-content\/uploads\/2023\/05\/picto-calculadora-1-1.png","contentUrl":"https:\/\/onandia-abogados.com\/wp-content\/uploads\/2023\/05\/picto-calculadora-1-1.png"},{"@type":"BreadcrumbList","@id":"https:\/\/onandia-abogados.com\/ca\/barem-indemnitzacio-per-accidents-de-transit\/#breadcrumb","itemListElement":[{"@type":"ListItem","position":1,"name":"Portada","item":"https:\/\/onandia-abogados.com\/ca\/"},{"@type":"ListItem","position":2,"name":"Barems d&#8217;Indemnitzaci\u00f3"}]},{"@type":"WebSite","@id":"https:\/\/onandia-abogados.com\/ca\/#website","url":"https:\/\/onandia-abogados.com\/ca\/","name":"Abogados Onandia Barcelona","description":"Advocats especialistes en accidents de tr\u00e0nsit","publisher":{"@id":"https:\/\/onandia-abogados.com\/ca\/#organization"},"potentialAction":[{"@type":"SearchAction","target":{"@type":"EntryPoint","urlTemplate":"https:\/\/onandia-abogados.com\/ca\/?s={search_term_string}"},"query-input":{"@type":"PropertyValueSpecification","valueRequired":true,"valueName":"search_term_string"}}],"inLanguage":"ca"},{"@type":"Organization","@id":"https:\/\/onandia-abogados.com\/ca\/#organization","name":"Onandia Abogados","url":"https:\/\/onandia-abogados.com\/ca\/","logo":{"@type":"ImageObject","inLanguage":"ca","@id":"https:\/\/onandia-abogados.com\/ca\/#\/schema\/logo\/image\/","url":"https:\/\/onandia-abogados.com\/wp-content\/uploads\/2023\/05\/abogados-onandia.svg","contentUrl":"https:\/\/onandia-abogados.com\/wp-content\/uploads\/2023\/05\/abogados-onandia.svg","width":751,"height":262,"caption":"Onandia Abogados"},"image":{"@id":"https:\/\/onandia-abogados.com\/ca\/#\/schema\/logo\/image\/"}}]}},"_links":{"self":[{"href":"https:\/\/onandia-abogados.com\/ca\/wp-json\/wp\/v2\/pages\/7081","targetHints":{"allow":["GET"]}}],"collection":[{"href":"https:\/\/onandia-abogados.com\/ca\/wp-json\/wp\/v2\/pages"}],"about":[{"href":"https:\/\/onandia-abogados.com\/ca\/wp-json\/wp\/v2\/types\/page"}],"author":[{"embeddable":true,"href":"https:\/\/onandia-abogados.com\/ca\/wp-json\/wp\/v2\/users\/1"}],"replies":[{"embeddable":true,"href":"https:\/\/onandia-abogados.com\/ca\/wp-json\/wp\/v2\/comments?post=7081"}],"version-history":[{"count":8,"href":"https:\/\/onandia-abogados.com\/ca\/wp-json\/wp\/v2\/pages\/7081\/revisions"}],"predecessor-version":[{"id":110247,"href":"https:\/\/onandia-abogados.com\/ca\/wp-json\/wp\/v2\/pages\/7081\/revisions\/110247"}],"wp:attachment":[{"href":"https:\/\/onandia-abogados.com\/ca\/wp-json\/wp\/v2\/media?parent=7081"}],"curies":[{"name":"wp","href":"https:\/\/api.w.org\/{rel}","templated":true}]}}