{"id":7089,"date":"2015-12-09T08:39:21","date_gmt":"2015-12-09T08:39:21","guid":{"rendered":"https:\/\/onandia-abogados.com\/blog\/"},"modified":"2024-07-24T09:09:33","modified_gmt":"2024-07-24T09:09:33","slug":"blog","status":"publish","type":"page","link":"https:\/\/onandia-abogados.com\/ca\/blog\/","title":{"rendered":"Blog"},"content":{"rendered":"<p><div class=\"fusion-fullwidth fullwidth-box fusion-builder-row-1 fusion-flex-container nonhundred-percent-fullwidth non-hundred-percent-height-scrolling\" style=\"--awb-border-radius-top-left:0px;--awb-border-radius-top-right:0px;--awb-border-radius-bottom-right:0px;--awb-border-radius-bottom-left:0px;--awb-flex-wrap:wrap;\" ><div class=\"fusion-builder-row fusion-row fusion-flex-align-items-flex-start fusion-flex-content-wrap\" style=\"max-width:1352px;margin-left: calc(-4% \/ 2 );margin-right: calc(-4% \/ 2 );\"><div class=\"fusion-layout-column fusion_builder_column fusion-builder-column-0 fusion_builder_column_1_1 1_1 fusion-flex-column\" style=\"--awb-bg-size:cover;--awb-width-large:100%;--awb-margin-top-large:0px;--awb-spacing-right-large:1.92%;--awb-margin-bottom-large:20px;--awb-spacing-left-large:1.92%;--awb-width-medium:100%;--awb-spacing-right-medium:1.92%;--awb-spacing-left-medium:1.92%;--awb-width-small:100%;--awb-spacing-right-small:1.92%;--awb-spacing-left-small:1.92%;\"><div class=\"fusion-column-wrapper fusion-flex-justify-content-flex-start fusion-content-layout-column\"><div class=\"fusion-title title fusion-title-1 fusion-sep-none fusion-title-text fusion-title-size-one\" style=\"--awb-text-color:#314f69;--awb-margin-top-small:10px;--awb-margin-right-small:0px;--awb-margin-bottom-small:10px;--awb-margin-left-small:0px;\"><h1 class=\"fusion-title-heading title-heading-left\" style=\"margin:0;\"><p style=\"text-align: center;\">Actualitat sobre indemnitzacions per accidents de tr\u00e0nsit, laborals i neglig\u00e8ncies m\u00e8diques<\/p><\/h1><\/div><\/div><\/div><\/div><\/div><div class=\"fusion-fullwidth fullwidth-box fusion-builder-row-2 fusion-flex-container nonhundred-percent-fullwidth non-hundred-percent-height-scrolling\" style=\"--awb-border-radius-top-left:0px;--awb-border-radius-top-right:0px;--awb-border-radius-bottom-right:0px;--awb-border-radius-bottom-left:0px;--awb-flex-wrap:wrap;\" ><div class=\"fusion-builder-row fusion-row fusion-flex-align-items-flex-start fusion-flex-content-wrap\" style=\"max-width:1352px;margin-left: calc(-4% \/ 2 );margin-right: calc(-4% \/ 2 );\"><div class=\"fusion-layout-column fusion_builder_column fusion-builder-column-1 fusion_builder_column_1_1 1_1 fusion-flex-column\" style=\"--awb-bg-size:cover;--awb-width-large:100%;--awb-margin-top-large:0px;--awb-spacing-right-large:1.92%;--awb-margin-bottom-large:20px;--awb-spacing-left-large:1.92%;--awb-width-medium:100%;--awb-spacing-right-medium:1.92%;--awb-spacing-left-medium:1.92%;--awb-width-small:100%;--awb-spacing-right-small:1.92%;--awb-spacing-left-small:1.92%;\"><div class=\"fusion-column-wrapper fusion-flex-justify-content-flex-start fusion-content-layout-column\"><div class=\"fusion-blog-shortcode fusion-blog-shortcode-1 fusion-blog-archive fusion-blog-layout-grid-wrapper fusion-blog-pagination\" style=\"--grid_separator_color:#00a6d7;\"><style type=\"text\/css\">.fusion-blog-shortcode-1 .fusion-blog-layout-grid .fusion-post-grid{padding:20px;}.fusion-blog-shortcode-1 .fusion-posts-container{margin-left: -20px !important; margin-right:-20px !important;}<\/style><div class=\"fusion-posts-container fusion-posts-container-pagination fusion-no-meta-info fusion-blog-layout-grid fusion-blog-layout-grid-2 isotope\" data-pages=\"6\" data-grid-col-space=\"40\" style=\"margin: -20px -20px 0;min-height:500px;\"><article id=\"blog-1-post-7334\" class=\"fusion-post-grid post-7334 post type-post status-publish format-standard has-post-thumbnail hentry category-accidents-de-transit category-casos-exit\">\n<div class=\"fusion-post-wrapper\" style=\"background-color:rgba(255,255,255,0);border:1px solid #ebeaea;border-bottom-width:3px;\">\n\n\t\t\t<div class=\"fusion-flexslider flexslider fusion-flexslider-loading fusion-post-slideshow\" style=\"border-color:#ebeaea;\">\n\t\t<ul class=\"slides\">\n\t\t\t\n\t\t\t\t\t\t\t\t\t\t\t\t\t\t<li><div  class=\"fusion-image-wrapper\" aria-haspopup=\"true\">\n\t\t\t\t\t\t\t<a href=\"https:\/\/onandia-abogados.com\/ca\/blog\/accident-de-transit-lleu-amb-danys-personals-en-el-qual-lasseguradora-allegava-falta-de-nexe-causal-2\/\" aria-label=\"Accident de tr\u00e0nsit lleu amb danys personals en el qual l&#8217;asseguradora al\u00b7legava falta de nexe causal\">\n\t\t\t\t\t\t\t<img decoding=\"async\" width=\"644\" height=\"429\" src=\"https:\/\/onandia-abogados.com\/wp-content\/uploads\/2021\/03\/indeminitzacio-accident-semafor.jpg\" class=\"attachment-full size-full lazyload wp-post-image\" alt=\"Indemnitzaci\u00f3 d\u00e1ccident de transit en un semafor\" srcset=\"data:image\/svg+xml,%3Csvg%20xmlns%3D%27http%3A%2F%2Fwww.w3.org%2F2000%2Fsvg%27%20width%3D%27644%27%20height%3D%27429%27%20viewBox%3D%270%200%20644%20429%27%3E%3Crect%20width%3D%27644%27%20height%3D%27429%27%20fill-opacity%3D%220%22%2F%3E%3C%2Fsvg%3E\" data-orig-src=\"https:\/\/onandia-abogados.com\/wp-content\/uploads\/2021\/03\/indeminitzacio-accident-semafor.jpg\" data-srcset=\"https:\/\/onandia-abogados.com\/wp-content\/uploads\/2021\/03\/indeminitzacio-accident-semafor-200x133.jpg 200w, https:\/\/onandia-abogados.com\/wp-content\/uploads\/2021\/03\/indeminitzacio-accident-semafor-400x266.jpg 400w, https:\/\/onandia-abogados.com\/wp-content\/uploads\/2021\/03\/indeminitzacio-accident-semafor-600x400.jpg 600w, https:\/\/onandia-abogados.com\/wp-content\/uploads\/2021\/03\/indeminitzacio-accident-semafor.jpg 644w\" data-sizes=\"auto\" \/>\t\t\t<\/a>\n\t\t\t\t\t\t\t<\/div>\n<\/li>\n\t\t\t\n\t\t\t\n\t\t\t\t\t\t\t\t\t\t\t\t\t\t\t\t\t\t\t\t\t\t\t\t\t\t\t\t\t\t\t\t\t\t\t\t\t\t\t\t\t\t\t\t\t\t\t\t\t\t\t\t\t\t\t\t\t\t\t\t\t\t\t\t\t\t\t\t<\/ul>\n\t<\/div>\n\t<div class=\"fusion-post-content-wrapper\" style=\"padding:30px 25px 25px 25px;\"><div class=\"fusion-post-content post-content\"><h2 class=\"blog-shortcode-post-title entry-title\"><a href=\"https:\/\/onandia-abogados.com\/ca\/blog\/accident-de-transit-lleu-amb-danys-personals-en-el-qual-lasseguradora-allegava-falta-de-nexe-causal-2\/\">Accident de tr\u00e0nsit lleu amb danys personals en el qual l&#8217;asseguradora al\u00b7legava falta de nexe causal<\/a><\/h2><div class=\"fusion-post-content-container\"><p> Un matrimoni i els seus dos fills van sofrir un accident de tr\u00e0nsit lleu estant parats en un sem\u00e0for de la Gran Via de Barcelona. Un vehicle els va envestir per darrere mentre el [...]<\/p><\/div><\/div><\/div><div class=\"fusion-clearfix\"><\/div><\/div>\n<\/article>\n<article id=\"blog-1-post-7178\" class=\"fusion-post-grid post-7178 post type-post status-publish format-standard has-post-thumbnail hentry category-accidents-de-transit\">\n<div class=\"fusion-post-wrapper\" style=\"background-color:rgba(255,255,255,0);border:1px solid #ebeaea;border-bottom-width:3px;\">\n\n\t\t\t<div class=\"fusion-flexslider flexslider fusion-flexslider-loading fusion-post-slideshow\" style=\"border-color:#ebeaea;\">\n\t\t<ul class=\"slides\">\n\t\t\t\n\t\t\t\t\t\t\t\t\t\t\t\t\t\t<li><div  class=\"fusion-image-wrapper\" aria-haspopup=\"true\">\n\t\t\t\t\t\t\t<a href=\"https:\/\/onandia-abogados.com\/ca\/blog\/barem-accidents-de-transit\/\" aria-label=\"Qu\u00e8 \u00e9s el barem d&#8217;indemnitzaci\u00f3 per accident de tr\u00e0nsit?\">\n\t\t\t\t\t\t\t<img decoding=\"async\" width=\"670\" height=\"447\" src=\"https:\/\/onandia-abogados.com\/wp-content\/uploads\/2024\/03\/barem-accidents-de-transit.jpg\" class=\"attachment-full size-full lazyload wp-post-image\" alt=\"Barem indemnitzaci\u00f3 accident tr\u00e0nsit 2024\" srcset=\"data:image\/svg+xml,%3Csvg%20xmlns%3D%27http%3A%2F%2Fwww.w3.org%2F2000%2Fsvg%27%20width%3D%27670%27%20height%3D%27447%27%20viewBox%3D%270%200%20670%20447%27%3E%3Crect%20width%3D%27670%27%20height%3D%27447%27%20fill-opacity%3D%220%22%2F%3E%3C%2Fsvg%3E\" data-orig-src=\"https:\/\/onandia-abogados.com\/wp-content\/uploads\/2024\/03\/barem-accidents-de-transit.jpg\" data-srcset=\"https:\/\/onandia-abogados.com\/wp-content\/uploads\/2024\/03\/barem-accidents-de-transit-200x133.jpg 200w, https:\/\/onandia-abogados.com\/wp-content\/uploads\/2024\/03\/barem-accidents-de-transit-400x267.jpg 400w, https:\/\/onandia-abogados.com\/wp-content\/uploads\/2024\/03\/barem-accidents-de-transit-600x400.jpg 600w, https:\/\/onandia-abogados.com\/wp-content\/uploads\/2024\/03\/barem-accidents-de-transit.jpg 670w\" data-sizes=\"auto\" \/>\t\t\t<\/a>\n\t\t\t\t\t\t\t<\/div>\n<\/li>\n\t\t\t\n\t\t\t\n\t\t\t\t\t\t\t\t\t\t\t\t\t\t\t\t\t\t\t\t\t\t\t\t\t\t\t\t\t\t\t\t\t\t\t\t\t\t\t\t\t\t\t\t\t\t\t\t\t\t\t\t\t\t\t\t\t\t\t\t\t\t\t\t\t\t\t\t<\/ul>\n\t<\/div>\n\t<div class=\"fusion-post-content-wrapper\" style=\"padding:30px 25px 25px 25px;\"><div class=\"fusion-post-content post-content\"><h2 class=\"blog-shortcode-post-title entry-title\"><a href=\"https:\/\/onandia-abogados.com\/ca\/blog\/barem-accidents-de-transit\/\">Qu\u00e8 \u00e9s el barem d&#8217;indemnitzaci\u00f3 per accident de tr\u00e0nsit?<\/a><\/h2><div class=\"fusion-post-content-container\"><p>     El barem indemnitzatori per accidents de tr\u00e0nsit \u00e9s la taula de refer\u00e8ncia que regula la quantia de les indemnitzacions corresponents als danys i perjudicis ocasionats a persones en accidents de [...]<\/p><\/div><\/div><\/div><div class=\"fusion-clearfix\"><\/div><\/div>\n<\/article>\n<article id=\"blog-1-post-7206\" class=\"fusion-post-grid post-7206 post type-post status-publish format-standard has-post-thumbnail hentry category-accidents-laborals\">\n<div class=\"fusion-post-wrapper\" style=\"background-color:rgba(255,255,255,0);border:1px solid #ebeaea;border-bottom-width:3px;\">\n\n\t\t\t<div class=\"fusion-flexslider flexslider fusion-flexslider-loading fusion-post-slideshow\" style=\"border-color:#ebeaea;\">\n\t\t<ul class=\"slides\">\n\t\t\t\n\t\t\t\t\t\t\t\t\t\t\t\t\t\t<li><div  class=\"fusion-image-wrapper\" aria-haspopup=\"true\">\n\t\t\t\t\t\t\t<a href=\"https:\/\/onandia-abogados.com\/ca\/blog\/accident-laboral-en-la-pausa-del-entrepa\/\" aria-label=\"Es considera accident laboral el que succeeix en la pausa de l\u2019entrep\u00e0?\">\n\t\t\t\t\t\t\t<img decoding=\"async\" width=\"800\" height=\"533\" src=\"https:\/\/onandia-abogados.com\/wp-content\/uploads\/2023\/01\/accident-laboral-en-la-pausa.jpg\" class=\"attachment-full size-full lazyload wp-post-image\" alt=\"Imatge d&#039;una noia signant la baixa per accident laboral en la pausa de l&#039;entrep\u00e0.\" srcset=\"data:image\/svg+xml,%3Csvg%20xmlns%3D%27http%3A%2F%2Fwww.w3.org%2F2000%2Fsvg%27%20width%3D%27800%27%20height%3D%27533%27%20viewBox%3D%270%200%20800%20533%27%3E%3Crect%20width%3D%27800%27%20height%3D%27533%27%20fill-opacity%3D%220%22%2F%3E%3C%2Fsvg%3E\" data-orig-src=\"https:\/\/onandia-abogados.com\/wp-content\/uploads\/2023\/01\/accident-laboral-en-la-pausa.jpg\" data-srcset=\"https:\/\/onandia-abogados.com\/wp-content\/uploads\/2023\/01\/accident-laboral-en-la-pausa-200x133.jpg 200w, https:\/\/onandia-abogados.com\/wp-content\/uploads\/2023\/01\/accident-laboral-en-la-pausa-400x267.jpg 400w, https:\/\/onandia-abogados.com\/wp-content\/uploads\/2023\/01\/accident-laboral-en-la-pausa-600x400.jpg 600w, https:\/\/onandia-abogados.com\/wp-content\/uploads\/2023\/01\/accident-laboral-en-la-pausa.jpg 800w\" data-sizes=\"auto\" \/>\t\t\t<\/a>\n\t\t\t\t\t\t\t<\/div>\n<\/li>\n\t\t\t\n\t\t\t\n\t\t\t\t\t\t\t\t\t\t\t\t\t\t\t\t\t\t\t\t\t\t\t\t\t\t\t\t\t\t\t\t\t\t\t\t\t\t\t\t\t\t\t\t\t\t\t\t\t\t\t\t\t\t\t\t\t\t\t\t\t\t\t\t\t\t\t\t<\/ul>\n\t<\/div>\n\t<div class=\"fusion-post-content-wrapper\" style=\"padding:30px 25px 25px 25px;\"><div class=\"fusion-post-content post-content\"><h2 class=\"blog-shortcode-post-title entry-title\"><a href=\"https:\/\/onandia-abogados.com\/ca\/blog\/accident-laboral-en-la-pausa-del-entrepa\/\">Es considera accident laboral el que succeeix en la pausa de l\u2019entrep\u00e0?<\/a><\/h2><div class=\"fusion-post-content-container\"><p> La veritat \u00e9s que la pausa de l\u2019entrep\u00e0 o descans de mitjana dem\u00e0 \u00e9s una pr\u00e0ctica habitual en el dia a dia de molts llocs de treball, per\u00f2 el fet que sigui una cosa [...]<\/p><\/div><\/div><\/div><div class=\"fusion-clearfix\"><\/div><\/div>\n<\/article>\n<article id=\"blog-1-post-7216\" class=\"fusion-post-grid post-7216 post type-post status-publish format-standard has-post-thumbnail hentry category-accidents-de-transit category-atropellament\">\n<div class=\"fusion-post-wrapper\" style=\"background-color:rgba(255,255,255,0);border:1px solid #ebeaea;border-bottom-width:3px;\">\n\n\t\t\t<div class=\"fusion-flexslider flexslider fusion-flexslider-loading fusion-post-slideshow\" style=\"border-color:#ebeaea;\">\n\t\t<ul class=\"slides\">\n\t\t\t\n\t\t\t\t\t\t\t\t\t\t\t\t\t\t<li><div  class=\"fusion-image-wrapper\" aria-haspopup=\"true\">\n\t\t\t\t\t\t\t<a href=\"https:\/\/onandia-abogados.com\/ca\/blog\/com-actuar-si-patim-un-accident-per-atropellament\/\" aria-label=\"Qu\u00e8 fer si sofrim un atropellament? Passos a seguir\">\n\t\t\t\t\t\t\t<img decoding=\"async\" width=\"353\" height=\"244\" src=\"https:\/\/onandia-abogados.com\/wp-content\/uploads\/2022\/12\/onandia-advovats-atropellaments-barcelona.jpg\" class=\"attachment-full size-full lazyload wp-post-image\" alt=\"Indemnitzaci\u00f3 per atropellament\" srcset=\"data:image\/svg+xml,%3Csvg%20xmlns%3D%27http%3A%2F%2Fwww.w3.org%2F2000%2Fsvg%27%20width%3D%27353%27%20height%3D%27244%27%20viewBox%3D%270%200%20353%20244%27%3E%3Crect%20width%3D%27353%27%20height%3D%27244%27%20fill-opacity%3D%220%22%2F%3E%3C%2Fsvg%3E\" data-orig-src=\"https:\/\/onandia-abogados.com\/wp-content\/uploads\/2022\/12\/onandia-advovats-atropellaments-barcelona.jpg\" data-srcset=\"https:\/\/onandia-abogados.com\/wp-content\/uploads\/2022\/12\/onandia-advovats-atropellaments-barcelona-200x138.jpg 200w, https:\/\/onandia-abogados.com\/wp-content\/uploads\/2022\/12\/onandia-advovats-atropellaments-barcelona.jpg 353w\" data-sizes=\"auto\" \/>\t\t\t<\/a>\n\t\t\t\t\t\t\t<\/div>\n<\/li>\n\t\t\t\n\t\t\t\n\t\t\t\t\t\t\t\t\t\t\t\t\t\t\t\t\t\t\t\t\t\t\t\t\t\t\t\t\t\t\t\t\t\t\t\t\t\t\t\t\t\t\t\t\t\t\t\t\t\t\t\t\t\t\t\t\t\t\t\t\t\t\t\t\t\t\t\t<\/ul>\n\t<\/div>\n\t<div class=\"fusion-post-content-wrapper\" style=\"padding:30px 25px 25px 25px;\"><div class=\"fusion-post-content post-content\"><h2 class=\"blog-shortcode-post-title entry-title\"><a href=\"https:\/\/onandia-abogados.com\/ca\/blog\/com-actuar-si-patim-un-accident-per-atropellament\/\">Qu\u00e8 fer si sofrim un atropellament? Passos a seguir<\/a><\/h2><div class=\"fusion-post-content-container\"><p><\/p><p>      Quan parlem d\u2019accidents de tr\u00e0nsit pensem en col\u00b7lisions entre vehicles de motor, per\u00f2, els atropellaments a vianants tamb\u00e9 formen part d\u2019aquest tipus de sinistre que tant ha preocupat i [...]<\/p><\/div><\/div><\/div><div class=\"fusion-clearfix\"><\/div><\/div>\n<\/article>\n<article id=\"blog-1-post-7222\" class=\"fusion-post-grid post-7222 post type-post status-publish format-standard has-post-thumbnail hentry category-accidents-de-transit\">\n<div class=\"fusion-post-wrapper\" style=\"background-color:rgba(255,255,255,0);border:1px solid #ebeaea;border-bottom-width:3px;\">\n\n\t\t\t<div class=\"fusion-flexslider flexslider fusion-flexslider-loading fusion-post-slideshow\" style=\"border-color:#ebeaea;\">\n\t\t<ul class=\"slides\">\n\t\t\t\n\t\t\t\t\t\t\t\t\t\t\t\t\t\t<li><div  class=\"fusion-image-wrapper\" aria-haspopup=\"true\">\n\t\t\t\t\t\t\t<a href=\"https:\/\/onandia-abogados.com\/ca\/blog\/qui-te-la-culpa-en-cas-de-accident-en-una-rotonda\/\" aria-label=\"En cas d\u2019accident en una rotonda, qui t\u00e9 la culpa?\">\n\t\t\t\t\t\t\t<img decoding=\"async\" width=\"800\" height=\"533\" src=\"https:\/\/onandia-abogados.com\/wp-content\/uploads\/2022\/11\/accident-transit-en-una-rotonda.jpg\" class=\"attachment-full size-full lazyload wp-post-image\" alt=\"Imatge d&#039; una rotonda amb acc\u00e9s a diversos cotxes\" srcset=\"data:image\/svg+xml,%3Csvg%20xmlns%3D%27http%3A%2F%2Fwww.w3.org%2F2000%2Fsvg%27%20width%3D%27800%27%20height%3D%27533%27%20viewBox%3D%270%200%20800%20533%27%3E%3Crect%20width%3D%27800%27%20height%3D%27533%27%20fill-opacity%3D%220%22%2F%3E%3C%2Fsvg%3E\" data-orig-src=\"https:\/\/onandia-abogados.com\/wp-content\/uploads\/2022\/11\/accident-transit-en-una-rotonda.jpg\" data-srcset=\"https:\/\/onandia-abogados.com\/wp-content\/uploads\/2022\/11\/accident-transit-en-una-rotonda-200x133.jpg 200w, https:\/\/onandia-abogados.com\/wp-content\/uploads\/2022\/11\/accident-transit-en-una-rotonda-400x267.jpg 400w, https:\/\/onandia-abogados.com\/wp-content\/uploads\/2022\/11\/accident-transit-en-una-rotonda-600x400.jpg 600w, https:\/\/onandia-abogados.com\/wp-content\/uploads\/2022\/11\/accident-transit-en-una-rotonda.jpg 800w\" data-sizes=\"auto\" \/>\t\t\t<\/a>\n\t\t\t\t\t\t\t<\/div>\n<\/li>\n\t\t\t\n\t\t\t\n\t\t\t\t\t\t\t\t\t\t\t\t\t\t\t\t\t\t\t\t\t\t\t\t\t\t\t\t\t\t\t\t\t\t\t\t\t\t\t\t\t\t\t\t\t\t\t\t\t\t\t\t\t\t\t\t\t\t\t\t\t\t\t\t\t\t\t\t<\/ul>\n\t<\/div>\n\t<div class=\"fusion-post-content-wrapper\" style=\"padding:30px 25px 25px 25px;\"><div class=\"fusion-post-content post-content\"><h2 class=\"blog-shortcode-post-title entry-title\"><a href=\"https:\/\/onandia-abogados.com\/ca\/blog\/qui-te-la-culpa-en-cas-de-accident-en-una-rotonda\/\">En cas d\u2019accident en una rotonda, qui t\u00e9 la culpa?<\/a><\/h2><div class=\"fusion-post-content-container\"><p> Si tenim en compte que la primera rotonda es va construir a Espanya l'any 1976, resulta encara m\u00e9s incre\u00efble que a hores d'ara no sapiguem utilitzar-les. Per\u00f2 \u00e9s aix\u00ed, les xifres parlen per si [...]<\/p><\/div><\/div><\/div><div class=\"fusion-clearfix\"><\/div><\/div>\n<\/article>\n<article id=\"blog-1-post-7228\" class=\"fusion-post-grid post-7228 post type-post status-publish format-standard has-post-thumbnail hentry category-accidents-de-transit\">\n<div class=\"fusion-post-wrapper\" style=\"background-color:rgba(255,255,255,0);border:1px solid #ebeaea;border-bottom-width:3px;\">\n\n\t\t\t<div class=\"fusion-flexslider flexslider fusion-flexslider-loading fusion-post-slideshow\" style=\"border-color:#ebeaea;\">\n\t\t<ul class=\"slides\">\n\t\t\t\n\t\t\t\t\t\t\t\t\t\t\t\t\t\t<li><div  class=\"fusion-image-wrapper\" aria-haspopup=\"true\">\n\t\t\t\t\t\t\t<a href=\"https:\/\/onandia-abogados.com\/ca\/blog\/accidents-de-transit-en-cadena\/\" aria-label=\"Qu\u00e8 fer quan et veus involucrat en un accident de tr\u00e0nsit amb xoc en cadena?\">\n\t\t\t\t\t\t\t<img decoding=\"async\" width=\"800\" height=\"533\" src=\"https:\/\/onandia-abogados.com\/wp-content\/uploads\/2022\/10\/accident-transit-xoc-multiple.jpg\" class=\"attachment-full size-full lazyload wp-post-image\" alt=\"Imatge accident de transit\" srcset=\"data:image\/svg+xml,%3Csvg%20xmlns%3D%27http%3A%2F%2Fwww.w3.org%2F2000%2Fsvg%27%20width%3D%27800%27%20height%3D%27533%27%20viewBox%3D%270%200%20800%20533%27%3E%3Crect%20width%3D%27800%27%20height%3D%27533%27%20fill-opacity%3D%220%22%2F%3E%3C%2Fsvg%3E\" data-orig-src=\"https:\/\/onandia-abogados.com\/wp-content\/uploads\/2022\/10\/accident-transit-xoc-multiple.jpg\" data-srcset=\"https:\/\/onandia-abogados.com\/wp-content\/uploads\/2022\/10\/accident-transit-xoc-multiple-200x133.jpg 200w, https:\/\/onandia-abogados.com\/wp-content\/uploads\/2022\/10\/accident-transit-xoc-multiple-400x267.jpg 400w, https:\/\/onandia-abogados.com\/wp-content\/uploads\/2022\/10\/accident-transit-xoc-multiple-600x400.jpg 600w, https:\/\/onandia-abogados.com\/wp-content\/uploads\/2022\/10\/accident-transit-xoc-multiple.jpg 800w\" data-sizes=\"auto\" \/>\t\t\t<\/a>\n\t\t\t\t\t\t\t<\/div>\n<\/li>\n\t\t\t\n\t\t\t\n\t\t\t\t\t\t\t\t\t\t\t\t\t\t\t\t\t\t\t\t\t\t\t\t\t\t\t\t\t\t\t\t\t\t\t\t\t\t\t\t\t\t\t\t\t\t\t\t\t\t\t\t\t\t\t\t\t\t\t\t\t\t\t\t\t\t\t\t<\/ul>\n\t<\/div>\n\t<div class=\"fusion-post-content-wrapper\" style=\"padding:30px 25px 25px 25px;\"><div class=\"fusion-post-content post-content\"><h2 class=\"blog-shortcode-post-title entry-title\"><a href=\"https:\/\/onandia-abogados.com\/ca\/blog\/accidents-de-transit-en-cadena\/\">Qu\u00e8 fer quan et veus involucrat en un accident de tr\u00e0nsit amb xoc en cadena?<\/a><\/h2><div class=\"fusion-post-content-container\"><p> Un accident m\u00faltiple! Potser no ho has sofert mai, per\u00f2 \u00e9s molt possible que ho hagis presenciat. Una col\u00b7lisi\u00f3 m\u00faltiple o xoc en cadena \u00e9s un accident bastant com\u00fa en zones urbanes amb sem\u00e0fors [...]<\/p><\/div><\/div><\/div><div class=\"fusion-clearfix\"><\/div><\/div>\n<\/article>\n<article id=\"blog-1-post-7235\" class=\"fusion-post-grid post-7235 post type-post status-publish format-standard has-post-thumbnail hentry category-accidents-de-transit\">\n<div class=\"fusion-post-wrapper\" style=\"background-color:rgba(255,255,255,0);border:1px solid #ebeaea;border-bottom-width:3px;\">\n\n\t\t\t<div class=\"fusion-flexslider flexslider fusion-flexslider-loading fusion-post-slideshow\" style=\"border-color:#ebeaea;\">\n\t\t<ul class=\"slides\">\n\t\t\t\n\t\t\t\t\t\t\t\t\t\t\t\t\t\t<li><div  class=\"fusion-image-wrapper\" aria-haspopup=\"true\">\n\t\t\t\t\t\t\t<a href=\"https:\/\/onandia-abogados.com\/ca\/blog\/per-que-contractar-un-advocat-en-cas-daccident-de-transit\/\" aria-label=\"Per qu\u00e8 contractar un advocat en cas d&#8217;accident de tr\u00e0nsit?\">\n\t\t\t\t\t\t\t<img decoding=\"async\" width=\"670\" height=\"447\" src=\"https:\/\/onandia-abogados.com\/wp-content\/uploads\/2022\/05\/diners-indemnizacion-accident.jpg\" class=\"attachment-full size-full lazyload wp-post-image\" alt=\"Imatge de diners per a introduir el post:Estic obligat a acceptar la proposta d&#039;indemnitzaci\u00f3 per accident de l&#039;asseguran\u00e7a?\" srcset=\"data:image\/svg+xml,%3Csvg%20xmlns%3D%27http%3A%2F%2Fwww.w3.org%2F2000%2Fsvg%27%20width%3D%27670%27%20height%3D%27447%27%20viewBox%3D%270%200%20670%20447%27%3E%3Crect%20width%3D%27670%27%20height%3D%27447%27%20fill-opacity%3D%220%22%2F%3E%3C%2Fsvg%3E\" data-orig-src=\"https:\/\/onandia-abogados.com\/wp-content\/uploads\/2022\/05\/diners-indemnizacion-accident.jpg\" data-srcset=\"https:\/\/onandia-abogados.com\/wp-content\/uploads\/2022\/05\/diners-indemnizacion-accident-200x133.jpg 200w, https:\/\/onandia-abogados.com\/wp-content\/uploads\/2022\/05\/diners-indemnizacion-accident-400x267.jpg 400w, https:\/\/onandia-abogados.com\/wp-content\/uploads\/2022\/05\/diners-indemnizacion-accident-600x400.jpg 600w, https:\/\/onandia-abogados.com\/wp-content\/uploads\/2022\/05\/diners-indemnizacion-accident.jpg 670w\" data-sizes=\"auto\" \/>\t\t\t<\/a>\n\t\t\t\t\t\t\t<\/div>\n<\/li>\n\t\t\t\n\t\t\t\n\t\t\t\t\t\t\t\t\t\t\t\t\t\t\t\t\t\t\t\t\t\t\t\t\t\t\t\t\t\t\t\t\t\t\t\t\t\t\t\t\t\t\t\t\t\t\t\t\t\t\t\t\t\t\t\t\t\t\t\t\t\t\t\t\t\t\t\t<\/ul>\n\t<\/div>\n\t<div class=\"fusion-post-content-wrapper\" style=\"padding:30px 25px 25px 25px;\"><div class=\"fusion-post-content post-content\"><h2 class=\"blog-shortcode-post-title entry-title\"><a href=\"https:\/\/onandia-abogados.com\/ca\/blog\/per-que-contractar-un-advocat-en-cas-daccident-de-transit\/\">Per qu\u00e8 contractar un advocat en cas d&#8217;accident de tr\u00e0nsit?<\/a><\/h2><div class=\"fusion-post-content-container\"><p> Com a despatx d'advocats experts en accidents de tr\u00e0nsit, arriben a les nostres oficines di\u00e0riament consultes com aquesta. I \u00e9s que, els qui han estat v\u00edctimes d'un accident de circulaci\u00f3 i pateixen lesions o [...]<\/p><\/div><\/div><\/div><div class=\"fusion-clearfix\"><\/div><\/div>\n<\/article>\n<article id=\"blog-1-post-7245\" class=\"fusion-post-grid post-7245 post type-post status-publish format-standard has-post-thumbnail hentry category-accidents-laborals\">\n<div class=\"fusion-post-wrapper\" style=\"background-color:rgba(255,255,255,0);border:1px solid #ebeaea;border-bottom-width:3px;\">\n\n\t\t\t<div class=\"fusion-flexslider flexslider fusion-flexslider-loading fusion-post-slideshow\" style=\"border-color:#ebeaea;\">\n\t\t<ul class=\"slides\">\n\t\t\t\n\t\t\t\t\t\t\t\t\t\t\t\t\t\t<li><div  class=\"fusion-image-wrapper\" aria-haspopup=\"true\">\n\t\t\t\t\t\t\t<a href=\"https:\/\/onandia-abogados.com\/ca\/blog\/indemnitzacio-defuncio-accident-laboral\/\" aria-label=\"Indemnitzaci\u00f3 per defunci\u00f3 en accident laboral: qui paga, quant i a qui\">\n\t\t\t\t\t\t\t<img decoding=\"async\" width=\"353\" height=\"212\" src=\"https:\/\/onandia-abogados.com\/wp-content\/uploads\/2022\/03\/treballador-accidentat.jpg\" class=\"attachment-full size-full lazyload wp-post-image\" alt=\"Imatge de treballador accidentat\" srcset=\"data:image\/svg+xml,%3Csvg%20xmlns%3D%27http%3A%2F%2Fwww.w3.org%2F2000%2Fsvg%27%20width%3D%27353%27%20height%3D%27212%27%20viewBox%3D%270%200%20353%20212%27%3E%3Crect%20width%3D%27353%27%20height%3D%27212%27%20fill-opacity%3D%220%22%2F%3E%3C%2Fsvg%3E\" data-orig-src=\"https:\/\/onandia-abogados.com\/wp-content\/uploads\/2022\/03\/treballador-accidentat.jpg\" data-srcset=\"https:\/\/onandia-abogados.com\/wp-content\/uploads\/2022\/03\/treballador-accidentat-200x120.jpg 200w, https:\/\/onandia-abogados.com\/wp-content\/uploads\/2022\/03\/treballador-accidentat.jpg 353w\" data-sizes=\"auto\" \/>\t\t\t<\/a>\n\t\t\t\t\t\t\t<\/div>\n<\/li>\n\t\t\t\n\t\t\t\n\t\t\t\t\t\t\t\t\t\t\t\t\t\t\t\t\t\t\t\t\t\t\t\t\t\t\t\t\t\t\t\t\t\t\t\t\t\t\t\t\t\t\t\t\t\t\t\t\t\t\t\t\t\t\t\t\t\t\t\t\t\t\t\t\t\t\t\t<\/ul>\n\t<\/div>\n\t<div class=\"fusion-post-content-wrapper\" style=\"padding:30px 25px 25px 25px;\"><div class=\"fusion-post-content post-content\"><h2 class=\"blog-shortcode-post-title entry-title\"><a href=\"https:\/\/onandia-abogados.com\/ca\/blog\/indemnitzacio-defuncio-accident-laboral\/\">Indemnitzaci\u00f3 per defunci\u00f3 en accident laboral: qui paga, quant i a qui<\/a><\/h2><div class=\"fusion-post-content-container\"><p> Com ja hem comentat en altres articles d\u2019aquest blog, perqu\u00e8 un accident es consideri de treball, ha de produir-se com a conseq\u00fc\u00e8ncia directa o indirecta de l\u2019activitat laboral. En aquest sentit, si l\u2019accident t\u00e9 [...]<\/p><\/div><\/div><\/div><div class=\"fusion-clearfix\"><\/div><\/div>\n<\/article>\n<article id=\"blog-1-post-7256\" class=\"fusion-post-grid post-7256 post type-post status-publish format-standard has-post-thumbnail hentry category-accidents-de-transit\">\n<div class=\"fusion-post-wrapper\" style=\"background-color:rgba(255,255,255,0);border:1px solid #ebeaea;border-bottom-width:3px;\">\n\n\t\t\t<div class=\"fusion-flexslider flexslider fusion-flexslider-loading fusion-post-slideshow\" style=\"border-color:#ebeaea;\">\n\t\t<ul class=\"slides\">\n\t\t\t\n\t\t\t\t\t\t\t\t\t\t\t\t\t\t<li><div  class=\"fusion-image-wrapper\" aria-haspopup=\"true\">\n\t\t\t\t\t\t\t<a href=\"https:\/\/onandia-abogados.com\/ca\/blog\/perjudici-excepcional-per-accident-de-transit\/\" aria-label=\"Quan es pot sol\u00b7licitar perjudici excepcional en un accident de tr\u00e0nsit?\">\n\t\t\t\t\t\t\t<img decoding=\"async\" width=\"353\" height=\"212\" src=\"https:\/\/onandia-abogados.com\/wp-content\/uploads\/2022\/03\/lesionat-amb-sequeles-accident-transit.jpg\" class=\"attachment-full size-full lazyload wp-post-image\" alt=\"Imagen de lesionado con secuelas por accidente de tr\u00e1fico\" srcset=\"data:image\/svg+xml,%3Csvg%20xmlns%3D%27http%3A%2F%2Fwww.w3.org%2F2000%2Fsvg%27%20width%3D%27353%27%20height%3D%27212%27%20viewBox%3D%270%200%20353%20212%27%3E%3Crect%20width%3D%27353%27%20height%3D%27212%27%20fill-opacity%3D%220%22%2F%3E%3C%2Fsvg%3E\" data-orig-src=\"https:\/\/onandia-abogados.com\/wp-content\/uploads\/2022\/03\/lesionat-amb-sequeles-accident-transit.jpg\" data-srcset=\"https:\/\/onandia-abogados.com\/wp-content\/uploads\/2022\/03\/lesionat-amb-sequeles-accident-transit-200x120.jpg 200w, https:\/\/onandia-abogados.com\/wp-content\/uploads\/2022\/03\/lesionat-amb-sequeles-accident-transit.jpg 353w\" data-sizes=\"auto\" \/>\t\t\t<\/a>\n\t\t\t\t\t\t\t<\/div>\n<\/li>\n\t\t\t\n\t\t\t\n\t\t\t\t\t\t\t\t\t\t\t\t\t\t\t\t\t\t\t\t\t\t\t\t\t\t\t\t\t\t\t\t\t\t\t\t\t\t\t\t\t\t\t\t\t\t\t\t\t\t\t\t\t\t\t\t\t\t\t\t\t\t\t\t\t\t\t\t<\/ul>\n\t<\/div>\n\t<div class=\"fusion-post-content-wrapper\" style=\"padding:30px 25px 25px 25px;\"><div class=\"fusion-post-content post-content\"><h2 class=\"blog-shortcode-post-title entry-title\"><a href=\"https:\/\/onandia-abogados.com\/ca\/blog\/perjudici-excepcional-per-accident-de-transit\/\">Quan es pot sol\u00b7licitar perjudici excepcional en un accident de tr\u00e0nsit?<\/a><\/h2><div class=\"fusion-post-content-container\"><p> Si per desgr\u00e0cia has sofert un accident de tr\u00e0nsit i t'han quedat seq\u00fceles greus que et repercuteixen especialment en la teva vida quotidiana i\/o treball, en determinats casos la Llei contempla que es poden [...]<\/p><\/div><\/div><\/div><div class=\"fusion-clearfix\"><\/div><\/div>\n<\/article>\n<article id=\"blog-1-post-7263\" class=\"fusion-post-grid post-7263 post type-post status-publish format-standard has-post-thumbnail hentry category-accidents-laborals\">\n<div class=\"fusion-post-wrapper\" style=\"background-color:rgba(255,255,255,0);border:1px solid #ebeaea;border-bottom-width:3px;\">\n\n\t\t\t<div class=\"fusion-flexslider flexslider fusion-flexslider-loading fusion-post-slideshow\" style=\"border-color:#ebeaea;\">\n\t\t<ul class=\"slides\">\n\t\t\t\n\t\t\t\t\t\t\t\t\t\t\t\t\t\t<li><div  class=\"fusion-image-wrapper\" aria-haspopup=\"true\">\n\t\t\t\t\t\t\t<a href=\"https:\/\/onandia-abogados.com\/ca\/blog\/suicidi-pot-considerar-se-accident-laboral\/\" aria-label=\"Quan es pot considerar un su\u00efcidi accidenti laboral?\">\n\t\t\t\t\t\t\t<img decoding=\"async\" width=\"353\" height=\"212\" src=\"https:\/\/onandia-abogados.com\/wp-content\/uploads\/2022\/01\/home-trist.jpg\" class=\"attachment-full size-full lazyload wp-post-image\" alt=\"Imatge d&#039;un home trist i deprimit\" srcset=\"data:image\/svg+xml,%3Csvg%20xmlns%3D%27http%3A%2F%2Fwww.w3.org%2F2000%2Fsvg%27%20width%3D%27353%27%20height%3D%27212%27%20viewBox%3D%270%200%20353%20212%27%3E%3Crect%20width%3D%27353%27%20height%3D%27212%27%20fill-opacity%3D%220%22%2F%3E%3C%2Fsvg%3E\" data-orig-src=\"https:\/\/onandia-abogados.com\/wp-content\/uploads\/2022\/01\/home-trist.jpg\" data-srcset=\"https:\/\/onandia-abogados.com\/wp-content\/uploads\/2022\/01\/home-trist-200x120.jpg 200w, https:\/\/onandia-abogados.com\/wp-content\/uploads\/2022\/01\/home-trist.jpg 353w\" data-sizes=\"auto\" \/>\t\t\t<\/a>\n\t\t\t\t\t\t\t<\/div>\n<\/li>\n\t\t\t\n\t\t\t\n\t\t\t\t\t\t\t\t\t\t\t\t\t\t\t\t\t\t\t\t\t\t\t\t\t\t\t\t\t\t\t\t\t\t\t\t\t\t\t\t\t\t\t\t\t\t\t\t\t\t\t\t\t\t\t\t\t\t\t\t\t\t\t\t\t\t\t\t<\/ul>\n\t<\/div>\n\t<div class=\"fusion-post-content-wrapper\" style=\"padding:30px 25px 25px 25px;\"><div class=\"fusion-post-content post-content\"><h2 class=\"blog-shortcode-post-title entry-title\"><a href=\"https:\/\/onandia-abogados.com\/ca\/blog\/suicidi-pot-considerar-se-accident-laboral\/\">Quan es pot considerar un su\u00efcidi accidenti laboral?<\/a><\/h2><div class=\"fusion-post-content-container\"><p> Existeixen nombrosos problemes psicosocials que es desenvolupen en l'acompliment del treball, que poden desembocar en una situaci\u00f3 tan l\u00edmit i irreparable com \u00e9s el su\u00efcidi. Entre altres, trobem l'estr\u00e8s laboral, l'assetjament psicol\u00f2gic o assetjament [...]<\/p><\/div><\/div><\/div><div class=\"fusion-clearfix\"><\/div><\/div>\n<\/article>\n<div class=\"fusion-clearfix\"><\/div><\/div><div class=\"pagination clearfix\"><span class=\"current\">1<\/span><a href=\"https:\/\/onandia-abogados.com\/ca\/wp-json\/wp\/v2\/pages\/7089\/page\/2\/\" class=\"inactive\">2<\/a><a class=\"pagination-next\" rel=\"next\" href=\"https:\/\/onandia-abogados.com\/ca\/wp-json\/wp\/v2\/pages\/7089\/page\/2\/\"><span class=\"page-text\">Next<\/span><span class=\"page-next\"><\/span><\/a><\/div><div class=\"fusion-clearfix\"><\/div><\/div><\/div><\/div><\/div><\/div><\/p>\n\n\n<div class=\"kk-star-ratings kksr-auto kksr-align-left kksr-valign-bottom\"\n    data-payload='{&quot;align&quot;:&quot;left&quot;,&quot;id&quot;:&quot;7263&quot;,&quot;slug&quot;:&quot;default&quot;,&quot;valign&quot;:&quot;bottom&quot;,&quot;ignore&quot;:&quot;&quot;,&quot;reference&quot;:&quot;auto&quot;,&quot;class&quot;:&quot;&quot;,&quot;count&quot;:&quot;1&quot;,&quot;legendonly&quot;:&quot;&quot;,&quot;readonly&quot;:&quot;&quot;,&quot;score&quot;:&quot;5&quot;,&quot;starsonly&quot;:&quot;&quot;,&quot;best&quot;:&quot;5&quot;,&quot;gap&quot;:&quot;0&quot;,&quot;greet&quot;:&quot;&quot;,&quot;legend&quot;:&quot;5\\\/5 - (1 vote)&quot;,&quot;size&quot;:&quot;24&quot;,&quot;title&quot;:&quot;Quan es pot considerar un su\u00efcidi accidenti laboral?&quot;,&quot;width&quot;:&quot;120&quot;,&quot;_legend&quot;:&quot;{score}\\\/{best} - ({count} {votes})&quot;,&quot;font_factor&quot;:&quot;1.25&quot;}'>\n            \n<div class=\"kksr-stars\">\n    \n<div class=\"kksr-stars-inactive\">\n            <div class=\"kksr-star\" data-star=\"1\" style=\"padding-right: 0px\">\n            \n\n<div class=\"kksr-icon\" style=\"width: 24px; height: 24px;\"><\/div>\n        <\/div>\n            <div class=\"kksr-star\" data-star=\"2\" style=\"padding-right: 0px\">\n            \n\n<div class=\"kksr-icon\" style=\"width: 24px; height: 24px;\"><\/div>\n        <\/div>\n            <div class=\"kksr-star\" data-star=\"3\" style=\"padding-right: 0px\">\n            \n\n<div class=\"kksr-icon\" style=\"width: 24px; height: 24px;\"><\/div>\n        <\/div>\n            <div class=\"kksr-star\" data-star=\"4\" style=\"padding-right: 0px\">\n            \n\n<div class=\"kksr-icon\" style=\"width: 24px; height: 24px;\"><\/div>\n        <\/div>\n            <div class=\"kksr-star\" data-star=\"5\" style=\"padding-right: 0px\">\n            \n\n<div class=\"kksr-icon\" style=\"width: 24px; height: 24px;\"><\/div>\n        <\/div>\n    <\/div>\n    \n<div class=\"kksr-stars-active\" style=\"width: 120px;\">\n            <div class=\"kksr-star\" style=\"padding-right: 0px\">\n            \n\n<div class=\"kksr-icon\" style=\"width: 24px; height: 24px;\"><\/div>\n        <\/div>\n            <div class=\"kksr-star\" style=\"padding-right: 0px\">\n            \n\n<div class=\"kksr-icon\" style=\"width: 24px; height: 24px;\"><\/div>\n        <\/div>\n            <div class=\"kksr-star\" style=\"padding-right: 0px\">\n            \n\n<div class=\"kksr-icon\" style=\"width: 24px; height: 24px;\"><\/div>\n        <\/div>\n            <div class=\"kksr-star\" style=\"padding-right: 0px\">\n            \n\n<div class=\"kksr-icon\" style=\"width: 24px; height: 24px;\"><\/div>\n        <\/div>\n            <div class=\"kksr-star\" style=\"padding-right: 0px\">\n            \n\n<div class=\"kksr-icon\" style=\"width: 24px; height: 24px;\"><\/div>\n        <\/div>\n    <\/div>\n<\/div>\n                \n\n<div class=\"kksr-legend\" style=\"font-size: 19.2px;\">\n            5\/5 - (1 vote)    <\/div>\n    <\/div>\n","protected":false},"excerpt":{"rendered":"","protected":false},"author":1,"featured_media":0,"parent":0,"menu_order":0,"comment_status":"closed","ping_status":"closed","template":"","meta":{"footnotes":""},"class_list":["post-7089","page","type-page","status-publish","hentry"],"yoast_head":"<!-- This site is optimized with the Yoast SEO plugin v27.4 - https:\/\/yoast.com\/product\/yoast-seo-wordpress\/ -->\n<title>Actualitat sobre indemnitzacions per accidents<\/title>\n<meta name=\"description\" content=\"Al Blog per Accidents d&#039;Onandia Abogados t&#039;informem de l&#039;actualitat sobre indemnitzacions per accidents de tr\u00e0nsit, laborals i neglig\u00e8ncies m\u00e8diques\" \/>\n<meta name=\"robots\" content=\"index, follow, max-snippet:-1, max-image-preview:large, max-video-preview:-1\" \/>\n<link rel=\"canonical\" href=\"https:\/\/onandia-abogados.com\/ca\/blog\/\" \/>\n<meta property=\"og:locale\" content=\"ca_ES\" \/>\n<meta property=\"og:type\" content=\"article\" \/>\n<meta property=\"og:title\" content=\"Actualitat sobre indemnitzacions per accidents\" \/>\n<meta property=\"og:description\" content=\"Al Blog per Accidents d&#039;Onandia Abogados t&#039;informem de l&#039;actualitat sobre indemnitzacions per accidents de tr\u00e0nsit, laborals i neglig\u00e8ncies m\u00e8diques\" \/>\n<meta property=\"og:url\" content=\"https:\/\/onandia-abogados.com\/ca\/blog\/\" \/>\n<meta property=\"og:site_name\" content=\"\u2705 Abogados especialistas en Accidentes Barcelona | Onandia\" \/>\n<meta property=\"article:modified_time\" content=\"2024-07-24T09:09:33+00:00\" \/>\n<meta property=\"og:image\" content=\"https:\/\/onandia-abogados.com\/wp-content\/uploads\/2023\/02\/onandia-abogados-accidentes-barcelona.jpg\" \/>\n\t<meta property=\"og:image:width\" content=\"1200\" \/>\n\t<meta property=\"og:image:height\" content=\"630\" \/>\n\t<meta property=\"og:image:type\" content=\"image\/jpeg\" \/>\n<script type=\"application\/ld+json\" class=\"yoast-schema-graph\">{\"@context\":\"https:\\\/\\\/schema.org\",\"@graph\":[{\"@type\":\"WebPage\",\"@id\":\"https:\\\/\\\/onandia-abogados.com\\\/ca\\\/blog\\\/\",\"url\":\"https:\\\/\\\/onandia-abogados.com\\\/ca\\\/blog\\\/\",\"name\":\"Actualitat sobre indemnitzacions per accidents\",\"isPartOf\":{\"@id\":\"https:\\\/\\\/onandia-abogados.com\\\/ca\\\/#website\"},\"datePublished\":\"2015-12-09T08:39:21+00:00\",\"dateModified\":\"2024-07-24T09:09:33+00:00\",\"description\":\"Al Blog per Accidents d'Onandia Abogados t'informem de l'actualitat sobre indemnitzacions per accidents de tr\u00e0nsit, laborals i neglig\u00e8ncies m\u00e8diques\",\"breadcrumb\":{\"@id\":\"https:\\\/\\\/onandia-abogados.com\\\/ca\\\/blog\\\/#breadcrumb\"},\"inLanguage\":\"ca\",\"potentialAction\":[{\"@type\":\"ReadAction\",\"target\":[\"https:\\\/\\\/onandia-abogados.com\\\/ca\\\/blog\\\/\"]}]},{\"@type\":\"BreadcrumbList\",\"@id\":\"https:\\\/\\\/onandia-abogados.com\\\/ca\\\/blog\\\/#breadcrumb\",\"itemListElement\":[{\"@type\":\"ListItem\",\"position\":1,\"name\":\"Portada\",\"item\":\"https:\\\/\\\/onandia-abogados.com\\\/ca\\\/\"},{\"@type\":\"ListItem\",\"position\":2,\"name\":\"Blog\"}]},{\"@type\":\"WebSite\",\"@id\":\"https:\\\/\\\/onandia-abogados.com\\\/ca\\\/#website\",\"url\":\"https:\\\/\\\/onandia-abogados.com\\\/ca\\\/\",\"name\":\"Abogados Onandia Barcelona\",\"description\":\"Advocats especialistes en accidents de tr\u00e0nsit\",\"publisher\":{\"@id\":\"https:\\\/\\\/onandia-abogados.com\\\/ca\\\/#organization\"},\"potentialAction\":[{\"@type\":\"SearchAction\",\"target\":{\"@type\":\"EntryPoint\",\"urlTemplate\":\"https:\\\/\\\/onandia-abogados.com\\\/ca\\\/?s={search_term_string}\"},\"query-input\":{\"@type\":\"PropertyValueSpecification\",\"valueRequired\":true,\"valueName\":\"search_term_string\"}}],\"inLanguage\":\"ca\"},{\"@type\":\"Organization\",\"@id\":\"https:\\\/\\\/onandia-abogados.com\\\/ca\\\/#organization\",\"name\":\"Onandia Abogados\",\"url\":\"https:\\\/\\\/onandia-abogados.com\\\/ca\\\/\",\"logo\":{\"@type\":\"ImageObject\",\"inLanguage\":\"ca\",\"@id\":\"https:\\\/\\\/onandia-abogados.com\\\/ca\\\/#\\\/schema\\\/logo\\\/image\\\/\",\"url\":\"https:\\\/\\\/onandia-abogados.com\\\/wp-content\\\/uploads\\\/2023\\\/05\\\/abogados-onandia.svg\",\"contentUrl\":\"https:\\\/\\\/onandia-abogados.com\\\/wp-content\\\/uploads\\\/2023\\\/05\\\/abogados-onandia.svg\",\"width\":751,\"height\":262,\"caption\":\"Onandia Abogados\"},\"image\":{\"@id\":\"https:\\\/\\\/onandia-abogados.com\\\/ca\\\/#\\\/schema\\\/logo\\\/image\\\/\"}}]}<\/script>\n<!-- \/ Yoast SEO plugin. -->","yoast_head_json":{"title":"Actualitat sobre indemnitzacions per accidents","description":"Al Blog per Accidents d'Onandia Abogados t'informem de l'actualitat sobre indemnitzacions per accidents de tr\u00e0nsit, laborals i neglig\u00e8ncies m\u00e8diques","robots":{"index":"index","follow":"follow","max-snippet":"max-snippet:-1","max-image-preview":"max-image-preview:large","max-video-preview":"max-video-preview:-1"},"canonical":"https:\/\/onandia-abogados.com\/ca\/blog\/","og_locale":"ca_ES","og_type":"article","og_title":"Actualitat sobre indemnitzacions per accidents","og_description":"Al Blog per Accidents d'Onandia Abogados t'informem de l'actualitat sobre indemnitzacions per accidents de tr\u00e0nsit, laborals i neglig\u00e8ncies m\u00e8diques","og_url":"https:\/\/onandia-abogados.com\/ca\/blog\/","og_site_name":"\u2705 Abogados especialistas en Accidentes Barcelona | Onandia","article_modified_time":"2024-07-24T09:09:33+00:00","og_image":[{"width":1200,"height":630,"url":"https:\/\/onandia-abogados.com\/wp-content\/uploads\/2023\/02\/onandia-abogados-accidentes-barcelona.jpg","type":"image\/jpeg"}],"schema":{"@context":"https:\/\/schema.org","@graph":[{"@type":"WebPage","@id":"https:\/\/onandia-abogados.com\/ca\/blog\/","url":"https:\/\/onandia-abogados.com\/ca\/blog\/","name":"Actualitat sobre indemnitzacions per accidents","isPartOf":{"@id":"https:\/\/onandia-abogados.com\/ca\/#website"},"datePublished":"2015-12-09T08:39:21+00:00","dateModified":"2024-07-24T09:09:33+00:00","description":"Al Blog per Accidents d'Onandia Abogados t'informem de l'actualitat sobre indemnitzacions per accidents de tr\u00e0nsit, laborals i neglig\u00e8ncies m\u00e8diques","breadcrumb":{"@id":"https:\/\/onandia-abogados.com\/ca\/blog\/#breadcrumb"},"inLanguage":"ca","potentialAction":[{"@type":"ReadAction","target":["https:\/\/onandia-abogados.com\/ca\/blog\/"]}]},{"@type":"BreadcrumbList","@id":"https:\/\/onandia-abogados.com\/ca\/blog\/#breadcrumb","itemListElement":[{"@type":"ListItem","position":1,"name":"Portada","item":"https:\/\/onandia-abogados.com\/ca\/"},{"@type":"ListItem","position":2,"name":"Blog"}]},{"@type":"WebSite","@id":"https:\/\/onandia-abogados.com\/ca\/#website","url":"https:\/\/onandia-abogados.com\/ca\/","name":"Abogados Onandia Barcelona","description":"Advocats especialistes en accidents de tr\u00e0nsit","publisher":{"@id":"https:\/\/onandia-abogados.com\/ca\/#organization"},"potentialAction":[{"@type":"SearchAction","target":{"@type":"EntryPoint","urlTemplate":"https:\/\/onandia-abogados.com\/ca\/?s={search_term_string}"},"query-input":{"@type":"PropertyValueSpecification","valueRequired":true,"valueName":"search_term_string"}}],"inLanguage":"ca"},{"@type":"Organization","@id":"https:\/\/onandia-abogados.com\/ca\/#organization","name":"Onandia Abogados","url":"https:\/\/onandia-abogados.com\/ca\/","logo":{"@type":"ImageObject","inLanguage":"ca","@id":"https:\/\/onandia-abogados.com\/ca\/#\/schema\/logo\/image\/","url":"https:\/\/onandia-abogados.com\/wp-content\/uploads\/2023\/05\/abogados-onandia.svg","contentUrl":"https:\/\/onandia-abogados.com\/wp-content\/uploads\/2023\/05\/abogados-onandia.svg","width":751,"height":262,"caption":"Onandia Abogados"},"image":{"@id":"https:\/\/onandia-abogados.com\/ca\/#\/schema\/logo\/image\/"}}]}},"_links":{"self":[{"href":"https:\/\/onandia-abogados.com\/ca\/wp-json\/wp\/v2\/pages\/7089","targetHints":{"allow":["GET"]}}],"collection":[{"href":"https:\/\/onandia-abogados.com\/ca\/wp-json\/wp\/v2\/pages"}],"about":[{"href":"https:\/\/onandia-abogados.com\/ca\/wp-json\/wp\/v2\/types\/page"}],"author":[{"embeddable":true,"href":"https:\/\/onandia-abogados.com\/ca\/wp-json\/wp\/v2\/users\/1"}],"replies":[{"embeddable":true,"href":"https:\/\/onandia-abogados.com\/ca\/wp-json\/wp\/v2\/comments?post=7089"}],"version-history":[{"count":0,"href":"https:\/\/onandia-abogados.com\/ca\/wp-json\/wp\/v2\/pages\/7089\/revisions"}],"wp:attachment":[{"href":"https:\/\/onandia-abogados.com\/ca\/wp-json\/wp\/v2\/media?parent=7089"}],"curies":[{"name":"wp","href":"https:\/\/api.w.org\/{rel}","templated":true}]}}