{"id":6002,"date":"2015-12-11T11:48:53","date_gmt":"2015-12-11T11:48:53","guid":{"rendered":"https:\/\/onandia-abogados.com\/incapacidad-laboral\/"},"modified":"2024-07-25T11:53:10","modified_gmt":"2024-07-25T11:53:10","slug":"temporary-and-permanent-work-incapacity-leave-lawyers-barcelona","status":"publish","type":"page","link":"https:\/\/onandia-abogados.com\/en\/temporary-and-permanent-work-incapacity-leave-lawyers-barcelona\/","title":{"rendered":"Work Incapacity"},"content":{"rendered":"<p><div class=\"fusion-fullwidth fullwidth-box fusion-builder-row-1 fusion-flex-container has-pattern-background has-mask-background hundred-percent-fullwidth non-hundred-percent-height-scrolling\" style=\"--awb-border-radius-top-left:0px;--awb-border-radius-top-right:0px;--awb-border-radius-bottom-right:0px;--awb-border-radius-bottom-left:0px;--awb-padding-top:0px;--awb-padding-right:0px;--awb-padding-bottom:0px;--awb-padding-left:0px;--awb-margin-top:0px;--awb-margin-bottom:0px;--awb-flex-wrap:wrap;\" ><div class=\"fusion-builder-row fusion-row fusion-flex-align-items-flex-start fusion-flex-content-wrap\" style=\"width:104% !important;max-width:104% !important;margin-left: calc(-4% \/ 2 );margin-right: calc(-4% \/ 2 );\"><div class=\"fusion-layout-column fusion_builder_column fusion-builder-column-0 fusion_builder_column_1_1 1_1 fusion-flex-column\" style=\"--awb-padding-top:0px;--awb-padding-right:0px;--awb-padding-bottom:0px;--awb-padding-left:0px;--awb-bg-size:cover;--awb-width-large:100%;--awb-margin-top-large:0px;--awb-spacing-right-large:1.92%;--awb-margin-bottom-large:0px;--awb-spacing-left-large:1.92%;--awb-width-medium:100%;--awb-order-medium:0;--awb-spacing-right-medium:1.92%;--awb-spacing-left-medium:1.92%;--awb-width-small:100%;--awb-order-small:0;--awb-spacing-right-small:1.92%;--awb-spacing-left-small:1.92%;\" data-scroll-devices=\"small-visibility,medium-visibility,large-visibility\"><div class=\"fusion-column-wrapper fusion-column-has-shadow fusion-flex-justify-content-flex-start fusion-content-layout-column\"><div class=\"fusion-image-element \" style=\"text-align:center;--awb-margin-top:0px;--awb-margin-right:0px;--awb-margin-bottom:0px;--awb-margin-left:0px;--awb-max-width:2560px;--awb-caption-title-font-family:var(--h2_typography-font-family);--awb-caption-title-font-weight:var(--h2_typography-font-weight);--awb-caption-title-font-style:var(--h2_typography-font-style);--awb-caption-title-size:var(--h2_typography-font-size);--awb-caption-title-transform:var(--h2_typography-text-transform);--awb-caption-title-line-height:var(--h2_typography-line-height);--awb-caption-title-letter-spacing:var(--h2_typography-letter-spacing);\"><span class=\" fusion-imageframe imageframe-none imageframe-1 hover-type-none\"><img decoding=\"async\" width=\"2560\" height=\"607\" alt=\"Work-related accident lawyers in Barcelona.\" title=\"Work-related accident lawyers in Barcelona.\" src=\"https:\/\/onandia-abogados.com\/wp-content\/uploads\/2024\/07\/incapacity-lawyer.jpg\" data-orig-src=\"https:\/\/onandia-abogados.com\/wp-content\/uploads\/2024\/07\/incapacity-lawyer.jpg\" class=\"lazyload img-responsive wp-image-8725\" srcset=\"data:image\/svg+xml,%3Csvg%20xmlns%3D%27http%3A%2F%2Fwww.w3.org%2F2000%2Fsvg%27%20width%3D%272560%27%20height%3D%27607%27%20viewBox%3D%270%200%202560%20607%27%3E%3Crect%20width%3D%272560%27%20height%3D%27607%27%20fill-opacity%3D%220%22%2F%3E%3C%2Fsvg%3E\" data-srcset=\"https:\/\/onandia-abogados.com\/wp-content\/uploads\/2024\/07\/incapacity-lawyer-200x47.jpg 200w, https:\/\/onandia-abogados.com\/wp-content\/uploads\/2024\/07\/incapacity-lawyer-400x95.jpg 400w, https:\/\/onandia-abogados.com\/wp-content\/uploads\/2024\/07\/incapacity-lawyer-600x142.jpg 600w, https:\/\/onandia-abogados.com\/wp-content\/uploads\/2024\/07\/incapacity-lawyer-800x190.jpg 800w, https:\/\/onandia-abogados.com\/wp-content\/uploads\/2024\/07\/incapacity-lawyer-1200x285.jpg 1200w, https:\/\/onandia-abogados.com\/wp-content\/uploads\/2024\/07\/incapacity-lawyer.jpg 2560w\" data-sizes=\"auto\" data-orig-sizes=\"(max-width: 1024px) 100vw, (max-width: 640px) 100vw, 2560px\" \/><\/span><\/div><\/div><\/div><\/div><\/div><div class=\"fusion-fullwidth fullwidth-box fusion-builder-row-2 fusion-flex-container has-pattern-background has-mask-background nonhundred-percent-fullwidth non-hundred-percent-height-scrolling\" style=\"--awb-border-radius-top-left:0px;--awb-border-radius-top-right:0px;--awb-border-radius-bottom-right:0px;--awb-border-radius-bottom-left:0px;--awb-margin-bottom:60px;--awb-background-color:#314f69;--awb-flex-wrap:wrap;\" ><div class=\"fusion-builder-row fusion-row fusion-flex-align-items-flex-start fusion-flex-content-wrap\" style=\"max-width:1352px;margin-left: calc(-4% \/ 2 );margin-right: calc(-4% \/ 2 );\"><div class=\"fusion-layout-column fusion_builder_column fusion-builder-column-1 fusion_builder_column_1_1 1_1 fusion-flex-column\" style=\"--awb-padding-top:20px;--awb-bg-size:cover;--awb-width-large:100%;--awb-margin-top-large:0px;--awb-spacing-right-large:0px;--awb-margin-bottom-large:0px;--awb-spacing-left-large:0px;--awb-width-medium:100%;--awb-order-medium:0;--awb-spacing-right-medium:1.92%;--awb-spacing-left-medium:1.92%;--awb-width-small:100%;--awb-order-small:0;--awb-spacing-right-small:1.92%;--awb-spacing-left-small:1.92%;\" data-scroll-devices=\"small-visibility,medium-visibility,large-visibility\"><div class=\"fusion-column-wrapper fusion-column-has-shadow fusion-flex-justify-content-flex-start fusion-content-layout-column\"><div class=\"fusion-title title fusion-title-1 fusion-sep-none fusion-title-center fusion-title-text fusion-title-size-one\" style=\"--awb-text-color:var(--awb-color1);--awb-margin-top-small:10px;--awb-margin-right-small:0px;--awb-margin-bottom-small:10px;--awb-margin-left-small:0px;--awb-font-size:23px;\"><h1 class=\"fusion-title-heading title-heading-center\" style=\"margin:0;font-size:1em;\"><span style=\"color: #ffffff;\">Lawyers specialising in temporary and permanent incapacity<\/span><\/h1><\/div><\/div><\/div><\/div><\/div><div class=\"fusion-fullwidth fullwidth-box fusion-builder-row-3 fusion-flex-container nonhundred-percent-fullwidth non-hundred-percent-height-scrolling\" style=\"--awb-background-position:center top;--awb-background-repeat:repeat-y;--awb-border-sizes-top:0px;--awb-border-sizes-bottom:0px;--awb-border-sizes-left:0px;--awb-border-sizes-right:0px;--awb-border-radius-top-left:0px;--awb-border-radius-top-right:0px;--awb-border-radius-bottom-right:0px;--awb-border-radius-bottom-left:0px;--awb-padding-top:20px;--awb-padding-bottom:20px;--awb-flex-wrap:wrap;\" ><div class=\"fusion-builder-row fusion-row fusion-flex-align-items-flex-start fusion-flex-content-wrap\" style=\"max-width:1352px;margin-left: calc(-4% \/ 2 );margin-right: calc(-4% \/ 2 );\"><div class=\"fusion-layout-column fusion_builder_column fusion-builder-column-2 fusion_builder_column_2_3 2_3 fusion-flex-column\" style=\"--awb-bg-size:cover;--awb-width-large:66.666666666667%;--awb-margin-top-large:0px;--awb-spacing-right-large:2.88%;--awb-margin-bottom-large:20px;--awb-spacing-left-large:2.88%;--awb-width-medium:100%;--awb-spacing-right-medium:1.92%;--awb-spacing-left-medium:1.92%;--awb-width-small:100%;--awb-spacing-right-small:1.92%;--awb-spacing-left-small:1.92%;\"><div class=\"fusion-column-wrapper fusion-flex-justify-content-flex-start fusion-content-layout-column\"><div class=\"fusion-text fusion-text-1\"><h2>We process your incapacity, leave from work or disability<\/h2>\n<p>Our firm has extensive experience in dealing with Social Security or mutual insurance, leave due to <strong>temporary or permanent work incapacity<\/strong>, as well as partial, <strong>total or absolute permanent disability<\/strong> derived from accidents or illness. In this sense, we take care of assessing the <strong>degree of disability, incapacity, handicap or dependency<\/strong> and, as the case may be, preparing all the necessary documentation to process the corresponding disability.<\/p>\n<h2>We study each case of medical leave or work incapacity exhaustively<\/h2>\n<p>We study each case in detail <strong>from a legal and medical point<\/strong> of view to make the <strong>relevant legal claims<\/strong> with the maximum guarantees of success. We strive to get our clients the <strong>incapacity<\/strong> they are due, with the certainty and peace of mind that comes from having the best legal counsel.<\/p>\n<p>According to Ram\u00f3n Onandia, \u201ccounselling workers who have suffered an accident at work requires very personable service, even more so in cases that have resulted in a disability or incapacity. With us you will feel well cared for at all times and, of course, we will help you get the best compensation.\u201d<\/p>\n<h2>Team specialising in processing incapacity leave<\/h2>\n<p>To ensure the best outcome in each case, we have all the necessary professionals to assess the <strong>physical and mental injuries<\/strong> caused by the work-related accident or illness suffered by our client: medical experts to assess the injuries suffered, occupational risk prevention specialists, etc.<\/p>\n<p>Trust <strong>expert lawyers in work incapacity<\/strong> who deal with everything from the processing and review of the degree of work incapacity to the analysis of contingencies, illnesses and improper discharges.<\/p>\n<\/div><div class=\"fusion-text fusion-text-2 awb-text-cols fusion-text-columns-2\" style=\"--awb-columns:2;--awb-column-spacing:2em;--awb-column-min-width:100px;\"><div id=\"pointer\" class=\"col-md-6 col-xs-12\">\n<div class=\"cnt\">We guarantee you<\/div>\n<div class=\"cnt groc\">maximum compensation<\/div>\n<\/div>\n<div id=\"pointer\" class=\"col-md-6 col-xs-12\">\n<div class=\"cnt\">Contact us<\/div>\n<div class=\"cnt groc\">for free<\/div>\n<\/div>\n<div id=\"pointer\" class=\"col-md-6 col-xs-12\">\n<div class=\"cnt\">Only pay<\/div>\n<div class=\"cnt groc\">if you receive compensation<\/div>\n<\/div>\n<div id=\"pointer\" class=\"col-md-6 col-xs-12\">\n<div class=\"cnt\">Personal<\/div>\n<div class=\"cnt groc\">service<\/div>\n<\/div>\n<div class=\"pb-50\"><\/div>\n<\/div><div class=\"fusion-text fusion-text-3 sombra-pie-interno\"><div class=\"fusion-one-sixth fusion-layout-column fusion-spacing-yes\" style=\"margin-top: 0px; margin-bottom: 20px;\">\n<div class=\"fusion-column-wrapper\">\n<p><img decoding=\"async\" class=\"lazyload size-full wp-image-6219 aligncenter\" src=\"data:image\/svg+xml,%3Csvg%20xmlns%3D%27http%3A%2F%2Fwww.w3.org%2F2000%2Fsvg%27%20width%3D%2741%27%20height%3D%2745%27%20viewBox%3D%270%200%2041%2045%27%3E%3Crect%20width%3D%2741%27%20height%3D%2745%27%20fill-opacity%3D%220%22%2F%3E%3C%2Fsvg%3E\" data-orig-src=\"https:\/\/onandia-abogados.com\/wp-content\/uploads\/2023\/05\/ok-icon.png\" alt=\"OK icon.\" width=\"41\" height=\"45\" \/><\/p>\n<\/div>\n<\/div>\n<div class=\"fusion-five-sixth fusion-layout-column fusion-column-last fusion-spacing-yes\" style=\"margin-top: 20px; margin-bottom: 20px;\">\n<div class=\"fusion-column-wrapper\">\n<p class=\"tit-amarillo\">We recommend:<\/p>\n<p>Before accepting any type of accident compensation offered by your insurance company(ies) or the other party:<br class=\"vacio\" \/><br class=\"vacio\" \/><strong class=\"tit-amarillo\">1.<\/strong> Do not sign any documents.<br \/>\n<strong class=\"tit-amarillo\">2.<\/strong> Consult with your lawyer, as the amount is very likely to be less than what you could receive.<\/p>\n<div class=\"fusion-clearfix\"><\/div>\n<\/div>\n<\/div>\n<\/div><\/div><\/div><div class=\"fusion-layout-column fusion_builder_column fusion-builder-column-3 fusion_builder_column_1_3 1_3 fusion-flex-column nueva-columna-derecha\" style=\"--awb-bg-size:cover;--awb-width-large:33.333333333333%;--awb-margin-top-large:0px;--awb-spacing-right-large:5.76%;--awb-margin-bottom-large:20px;--awb-spacing-left-large:5.76%;--awb-width-medium:100%;--awb-order-medium:0;--awb-spacing-right-medium:1.92%;--awb-spacing-left-medium:1.92%;--awb-width-small:100%;--awb-order-small:0;--awb-spacing-right-small:1.92%;--awb-spacing-left-small:1.92%;\" data-scroll-devices=\"small-visibility,medium-visibility,large-visibility\"><div class=\"fusion-column-wrapper fusion-column-has-shadow fusion-flex-justify-content-flex-start fusion-content-layout-column\"><div class=\"fusion-image-element \" style=\"text-align:center;--awb-margin-bottom:20px;--awb-max-width:250px;--awb-caption-title-font-family:var(--h2_typography-font-family);--awb-caption-title-font-weight:var(--h2_typography-font-weight);--awb-caption-title-font-style:var(--h2_typography-font-style);--awb-caption-title-size:var(--h2_typography-font-size);--awb-caption-title-transform:var(--h2_typography-text-transform);--awb-caption-title-line-height:var(--h2_typography-line-height);--awb-caption-title-letter-spacing:var(--h2_typography-letter-spacing);\"><span class=\" fusion-imageframe imageframe-none imageframe-2 hover-type-none\"><img decoding=\"async\" width=\"600\" height=\"600\" title=\"CTA-solo-cobramos-si-tu-cobras-ENG\" src=\"https:\/\/onandia-abogados.com\/wp-content\/uploads\/2025\/12\/CTA-solo-cobramos-si-tu-cobras-ENG.png\" data-orig-src=\"https:\/\/onandia-abogados.com\/wp-content\/uploads\/2025\/12\/CTA-solo-cobramos-si-tu-cobras-ENG.png\" alt class=\"lazyload img-responsive wp-image-109717\" srcset=\"data:image\/svg+xml,%3Csvg%20xmlns%3D%27http%3A%2F%2Fwww.w3.org%2F2000%2Fsvg%27%20width%3D%27600%27%20height%3D%27600%27%20viewBox%3D%270%200%20600%20600%27%3E%3Crect%20width%3D%27600%27%20height%3D%27600%27%20fill-opacity%3D%220%22%2F%3E%3C%2Fsvg%3E\" data-srcset=\"https:\/\/onandia-abogados.com\/wp-content\/uploads\/2025\/12\/CTA-solo-cobramos-si-tu-cobras-ENG-200x200.png 200w, https:\/\/onandia-abogados.com\/wp-content\/uploads\/2025\/12\/CTA-solo-cobramos-si-tu-cobras-ENG-400x400.png 400w, https:\/\/onandia-abogados.com\/wp-content\/uploads\/2025\/12\/CTA-solo-cobramos-si-tu-cobras-ENG.png 600w\" data-sizes=\"auto\" data-orig-sizes=\"(max-width: 1024px) 100vw, (max-width: 640px) 100vw, 400px\" \/><\/span><\/div><div class=\"fusion-builder-row fusion-builder-row-inner fusion-row fusion-flex-align-items-flex-start fusion-flex-content-wrap\" style=\"--awb-flex-grow:0;--awb-flex-grow-medium:0;--awb-flex-grow-small:0;--awb-flex-shrink:0;--awb-flex-shrink-medium:0;--awb-flex-shrink-small:0;width:104% !important;max-width:104% !important;margin-left: calc(-4% \/ 2 );margin-right: calc(-4% \/ 2 );\"><div class=\"fusion-layout-column fusion_builder_column_inner fusion-builder-nested-column-0 fusion_builder_column_inner_2_3 2_3 fusion-flex-column\" style=\"--awb-bg-size:cover;--awb-width-large:66.666666666667%;--awb-margin-top-large:0px;--awb-spacing-right-large:2.88%;--awb-margin-bottom-large:20px;--awb-spacing-left-large:2.88%;--awb-width-medium:100%;--awb-order-medium:0;--awb-spacing-right-medium:1.92%;--awb-spacing-left-medium:1.92%;--awb-width-small:100%;--awb-order-small:0;--awb-spacing-right-small:1.92%;--awb-spacing-left-small:1.92%;\"><div class=\"fusion-column-wrapper fusion-column-has-shadow fusion-flex-justify-content-flex-start fusion-content-layout-column\"><div class=\"fusion-text fusion-text-4\" style=\"--awb-font-size:30px;--awb-text-color:#ffffff;--awb-text-font-family:&quot;Open Sans&quot;;--awb-text-font-style:normal;--awb-text-font-weight:700;\"><p style=\"text-align: right;\">We call you<\/p>\n<\/div><\/div><\/div><div class=\"fusion-layout-column fusion_builder_column_inner fusion-builder-nested-column-1 fusion_builder_column_inner_1_3 1_3 fusion-flex-column\" style=\"--awb-bg-size:cover;--awb-width-large:33.333333333333%;--awb-margin-top-large:0px;--awb-spacing-right-large:5.76%;--awb-margin-bottom-large:20px;--awb-spacing-left-large:5.76%;--awb-width-medium:100%;--awb-order-medium:0;--awb-spacing-right-medium:1.92%;--awb-spacing-left-medium:1.92%;--awb-width-small:100%;--awb-order-small:0;--awb-spacing-right-small:1.92%;--awb-spacing-left-small:1.92%;\"><div class=\"fusion-column-wrapper fusion-column-has-shadow fusion-flex-justify-content-flex-start fusion-content-layout-column\"><div class=\"fusion-image-element \" style=\"text-align:right;--awb-caption-title-font-family:var(--h2_typography-font-family);--awb-caption-title-font-weight:var(--h2_typography-font-weight);--awb-caption-title-font-style:var(--h2_typography-font-style);--awb-caption-title-size:var(--h2_typography-font-size);--awb-caption-title-transform:var(--h2_typography-text-transform);--awb-caption-title-line-height:var(--h2_typography-line-height);--awb-caption-title-letter-spacing:var(--h2_typography-letter-spacing);\"><span class=\" fusion-imageframe imageframe-none imageframe-3 hover-type-none\"><img decoding=\"async\" width=\"133\" height=\"119\" alt=\"Ramon Onandia lawyer&#039;s office telephone: +34 934 881 125.\" title=\"Ramon Onandia lawyer&#8217;s office telephone: +34 934 881 125.\" src=\"data:image\/svg+xml,%3Csvg%20xmlns%3D%27http%3A%2F%2Fwww.w3.org%2F2000%2Fsvg%27%20width%3D%27133%27%20height%3D%27119%27%20viewBox%3D%270%200%20133%20119%27%3E%3Crect%20width%3D%27133%27%20height%3D%27119%27%20fill-opacity%3D%220%22%2F%3E%3C%2Fsvg%3E\" data-orig-src=\"https:\/\/onandia-abogados.com\/wp-content\/uploads\/2023\/05\/telephone-icon.png\" class=\"lazyload img-responsive wp-image-6191\"\/><\/span><\/div><\/div><\/div><div class=\"fusion-layout-column fusion_builder_column_inner fusion-builder-nested-column-2 fusion_builder_column_inner_1_1 1_1 fusion-flex-column\" style=\"--awb-bg-size:cover;--awb-width-large:100%;--awb-margin-top-large:0px;--awb-spacing-right-large:1.92%;--awb-margin-bottom-large:20px;--awb-spacing-left-large:1.92%;--awb-width-medium:100%;--awb-order-medium:0;--awb-spacing-right-medium:1.92%;--awb-spacing-left-medium:1.92%;--awb-width-small:100%;--awb-order-small:0;--awb-spacing-right-small:1.92%;--awb-spacing-left-small:1.92%;\"><div class=\"fusion-column-wrapper fusion-column-has-shadow fusion-flex-justify-content-flex-start fusion-content-layout-column\">\n<div class=\"wpcf7 no-js\" id=\"wpcf7-f6095-o1\" lang=\"es-ES\" dir=\"ltr\" data-wpcf7-id=\"6095\">\n<div class=\"screen-reader-response\"><p role=\"status\" aria-live=\"polite\" aria-atomic=\"true\"><\/p> <ul><\/ul><\/div>\n<form action=\"\/en\/wp-json\/wp\/v2\/pages\/6002#wpcf7-f6095-o1\" method=\"post\" class=\"wpcf7-form init\" aria-label=\"Formulario de contacto\" novalidate=\"novalidate\" data-status=\"init\">\n<fieldset class=\"hidden-fields-container\"><input type=\"hidden\" name=\"_wpcf7\" value=\"6095\" \/><input type=\"hidden\" name=\"_wpcf7_version\" value=\"6.1.5\" \/><input type=\"hidden\" name=\"_wpcf7_locale\" value=\"es_ES\" \/><input type=\"hidden\" name=\"_wpcf7_unit_tag\" value=\"wpcf7-f6095-o1\" \/><input type=\"hidden\" name=\"_wpcf7_container_post\" value=\"0\" \/><input type=\"hidden\" name=\"_wpcf7_posted_data_hash\" value=\"\" \/><input type=\"hidden\" name=\"_wpcf7_recaptcha_response\" value=\"\" \/>\n<\/fieldset>\n<div class=\"col-md-12\" class=\"fondo-form-2-home\">\n\t<p><span class=\"wpcf7-form-control-wrap\" data-name=\"your-name\"><input size=\"40\" maxlength=\"400\" class=\"wpcf7-form-control wpcf7-text wpcf7-validates-as-required\" aria-required=\"true\" aria-invalid=\"false\" placeholder=\"Name*\" value=\"\" type=\"text\" name=\"your-name\" \/><\/span>\n\t<\/p>\n<\/div>\n<div class=\"col-md-12\" class=\"fondo-form-2-home\">\n\t<p><span class=\"wpcf7-form-control-wrap\" data-name=\"telefono\"><input size=\"40\" maxlength=\"400\" class=\"wpcf7-form-control wpcf7-tel wpcf7-validates-as-required wpcf7-text wpcf7-validates-as-tel\" aria-required=\"true\" aria-invalid=\"false\" placeholder=\"Phone*\" value=\"\" type=\"tel\" name=\"telefono\" \/><\/span>\n\t<\/p>\n<\/div>\n<div class=\"col-md-12\" class=\"fondo-form-2-home\">\n\t<p><span class=\"wpcf7-form-control-wrap\" data-name=\"your-email\"><input size=\"40\" maxlength=\"400\" class=\"wpcf7-form-control wpcf7-email wpcf7-validates-as-required wpcf7-text wpcf7-validates-as-email\" aria-required=\"true\" aria-invalid=\"false\" placeholder=\"Email*\" value=\"\" type=\"email\" name=\"your-email\" \/><\/span>\n\t<\/p>\n<\/div>\n<div class=\"col-md-12\" style=\"margin:auto auto; text-align:left;\">\n\t<div class=\"col-md-12\" style=\"font-size: 9px; line-height: 110%; color:#fff; text-align:justify; padding: 0px; height: 60px; overflow: scroll; overflow-x:hidden; border:1px solid white; padding: 5px;\">\n\t\t<p>In compliance with the provisions of current regulations on the Protection of Personal Data, we hereby inform you that the data collected in this form will be incorporated and processed in the file called Web Users under the responsibility of RAM\u00d3N ONANDIA ALSIUS in order to be able to provide its services, as well as to keep you informed about issues related to the activity of the company.<br \/>\nWe hereby inform you that the data you provide will be processed in a fair, transparent, adequate, relevant, limited, accurate and updated manner and will not be communicated or transferred to third parties, except when necessary or may involve an improvement for the purpose of the same, always in accordance with the current regulations on data protection, General Data Protection Regulation.<br \/>\nIf there are changes in any of the data provided, please inform us in writing so that we can keep our file updated.<br \/>\nWe hereby inform you that you can exercise your rights of access, rectification, deletion, opposition, limitation of the processing and portability of your personal data in person at the offices of RAM\u00d3N ONANDIA ALSIUS, accompanied by a copy of your ID, or by postal mail to RAMBLA CATALUNYA 87. 2\u00ba D de BARCELONA, 08008 BARCELONA, or email <a href=\"mailto:roa@onandia.com\" style=\"color:#ffffff;\">ROA@ONANDIA.COM<\/a>\n\t\t<\/p>\n\t<\/div>\n<\/div>\n<div class=\"col-md-12 politicas\" style=\"margin-bottom:0px;padding-bottom: 3px; padding-top: 3px; font-size: 12px;color:white;\">\n\t<p><span class=\"wpcf7-form-control-wrap\" data-name=\"politicas\"><span class=\"wpcf7-form-control wpcf7-acceptance\"><span class=\"wpcf7-list-item\"><input type=\"checkbox\" name=\"politicas\" value=\"1\" aria-invalid=\"false\" \/><\/span><\/span><\/span> I have read and agree to the <a href=\"\/politica-de-privacidad\/\" target=\"_blank\" style=\"color:#FFF;\">Privacy Policy<\/a>\n\t<\/p>\n<\/div>\n<div class=\"col-md-12\" class=\"fondo-form-2-home\" style=\"padding-top: 15px; text-align: right;\">\n\t<p><input class=\"wpcf7-form-control wpcf7-submit has-spinner form_2_enviar\" type=\"submit\" value=\"Send\" \/>\n\t<\/p>\n<\/div><div class=\"fusion-alert alert custom alert-custom fusion-alert-center wpcf7-response-output awb-alert-native-link-color alert-dismissable awb-alert-close-boxed\" style=\"--awb-border-size:1px;--awb-border-top-left-radius:0px;--awb-border-top-right-radius:0px;--awb-border-bottom-left-radius:0px;--awb-border-bottom-right-radius:0px;\" role=\"alert\"><div class=\"fusion-alert-content-wrapper\"><span class=\"fusion-alert-content\"><\/span><\/div><button type=\"button\" class=\"close toggle-alert\" data-dismiss=\"alert\" aria-label=\"Close\">&times;<\/button><\/div>\n<\/form>\n<\/div>\n<\/div><\/div><\/div><div class=\"fusion-builder-row fusion-builder-row-inner fusion-row fusion-flex-align-items-flex-start fusion-flex-content-wrap\" style=\"--awb-flex-grow:0;--awb-flex-grow-medium:0;--awb-flex-grow-small:0;--awb-flex-shrink:0;--awb-flex-shrink-medium:0;--awb-flex-shrink-small:0;width:104% !important;max-width:104% !important;margin-left: calc(-4% \/ 2 );margin-right: calc(-4% \/ 2 );\"><div class=\"fusion-layout-column fusion_builder_column_inner fusion-builder-nested-column-3 fusion_builder_column_inner_2_3 2_3 fusion-flex-column\" style=\"--awb-bg-size:cover;--awb-width-large:66.666666666667%;--awb-margin-top-large:0px;--awb-spacing-right-large:2.88%;--awb-margin-bottom-large:20px;--awb-spacing-left-large:2.88%;--awb-width-medium:100%;--awb-order-medium:0;--awb-spacing-right-medium:1.92%;--awb-spacing-left-medium:1.92%;--awb-width-small:100%;--awb-order-small:0;--awb-spacing-right-small:1.92%;--awb-spacing-left-small:1.92%;\"><div class=\"fusion-column-wrapper fusion-column-has-shadow fusion-flex-justify-content-flex-start fusion-content-layout-column\"><div class=\"fusion-text fusion-text-5\" style=\"--awb-font-size:30px;--awb-text-color:#fff5f5;--awb-margin-left:15px;--awb-text-font-family:&quot;Open Sans&quot;;--awb-text-font-style:normal;--awb-text-font-weight:400;\"><p style=\"text-align: right;\">Have you been<br \/>\nin an accident?<\/p>\n<\/div><\/div><\/div><div class=\"fusion-layout-column fusion_builder_column_inner fusion-builder-nested-column-4 fusion_builder_column_inner_1_3 1_3 fusion-flex-column\" style=\"--awb-bg-size:cover;--awb-width-large:33.333333333333%;--awb-margin-top-large:0px;--awb-spacing-right-large:5.76%;--awb-margin-bottom-large:20px;--awb-spacing-left-large:5.76%;--awb-width-medium:100%;--awb-order-medium:0;--awb-spacing-right-medium:1.92%;--awb-spacing-left-medium:1.92%;--awb-width-small:100%;--awb-order-small:0;--awb-spacing-right-small:1.92%;--awb-spacing-left-small:1.92%;\"><div class=\"fusion-column-wrapper fusion-column-has-shadow fusion-flex-justify-content-flex-start fusion-content-layout-column\"><div class=\"fusion-image-element \" style=\"text-align:right;--awb-caption-title-font-family:var(--h2_typography-font-family);--awb-caption-title-font-weight:var(--h2_typography-font-weight);--awb-caption-title-font-style:var(--h2_typography-font-style);--awb-caption-title-size:var(--h2_typography-font-size);--awb-caption-title-transform:var(--h2_typography-text-transform);--awb-caption-title-line-height:var(--h2_typography-line-height);--awb-caption-title-letter-spacing:var(--h2_typography-letter-spacing);\"><span class=\" fusion-imageframe imageframe-none imageframe-4 hover-type-none\"><img decoding=\"async\" width=\"133\" height=\"119\" alt=\"Ramon Onandia lawyer&#039;s office information: +34 934 881 125.\" title=\"Ramon Onandia lawyer&#8217;s office information: +34 934 881 125.\" src=\"data:image\/svg+xml,%3Csvg%20xmlns%3D%27http%3A%2F%2Fwww.w3.org%2F2000%2Fsvg%27%20width%3D%27133%27%20height%3D%27119%27%20viewBox%3D%270%200%20133%20119%27%3E%3Crect%20width%3D%27133%27%20height%3D%27119%27%20fill-opacity%3D%220%22%2F%3E%3C%2Fsvg%3E\" data-orig-src=\"https:\/\/onandia-abogados.com\/wp-content\/uploads\/2023\/05\/information.png\" class=\"lazyload img-responsive wp-image-6193\"\/><\/span><\/div><\/div><\/div><div class=\"fusion-layout-column fusion_builder_column_inner fusion-builder-nested-column-5 fusion_builder_column_inner_1_1 1_1 fusion-flex-column\" style=\"--awb-bg-size:cover;--awb-width-large:100%;--awb-margin-top-large:0px;--awb-spacing-right-large:1.92%;--awb-margin-bottom-large:20px;--awb-spacing-left-large:1.92%;--awb-width-medium:100%;--awb-order-medium:0;--awb-spacing-right-medium:1.92%;--awb-spacing-left-medium:1.92%;--awb-width-small:100%;--awb-order-small:0;--awb-spacing-right-small:1.92%;--awb-spacing-left-small:1.92%;\"><div class=\"fusion-column-wrapper fusion-column-has-shadow fusion-flex-justify-content-flex-start fusion-content-layout-column\"><div class=\"fusion-text fusion-text-6\" style=\"--awb-text-color:#ffffff;\"><p style=\"text-align: center; font-weight: 600; font-size: 28px;\">We give you FREE ADVICE<\/p>\n<p style=\"text-align: center; font-weight: 600; font-size: 50px;\"><span style=\"color: #ffffff;\"><a id=\"link-columna-derecha-segundo-bloque\" style=\"color: #ffffff;\" href=\"tel:+34934881125\">934 881 125<\/a><\/span><\/p>\n<p style=\"text-align: center; font-size: 20px;\">From 9am to 8pm Monday to Friday<\/p>\n<\/div><\/div><\/div><\/div><div class=\"fusion-builder-row fusion-builder-row-inner fusion-row fusion-flex-align-items-flex-start fusion-flex-content-wrap\" style=\"--awb-flex-grow:0;--awb-flex-grow-medium:0;--awb-flex-grow-small:0;--awb-flex-shrink:0;--awb-flex-shrink-medium:0;--awb-flex-shrink-small:0;width:104% !important;max-width:104% !important;margin-left: calc(-4% \/ 2 );margin-right: calc(-4% \/ 2 );\"><div class=\"fusion-layout-column fusion_builder_column_inner fusion-builder-nested-column-6 fusion_builder_column_inner_2_3 2_3 fusion-flex-column\" style=\"--awb-bg-size:cover;--awb-width-large:66.666666666667%;--awb-margin-top-large:0px;--awb-spacing-right-large:2.88%;--awb-margin-bottom-large:20px;--awb-spacing-left-large:2.88%;--awb-width-medium:100%;--awb-order-medium:0;--awb-spacing-right-medium:1.92%;--awb-spacing-left-medium:1.92%;--awb-width-small:100%;--awb-order-small:0;--awb-spacing-right-small:1.92%;--awb-spacing-left-small:1.92%;\"><div class=\"fusion-column-wrapper fusion-column-has-shadow fusion-flex-justify-content-flex-start fusion-content-layout-column\"><div class=\"fusion-text fusion-text-7\" style=\"--awb-font-size:30px;--awb-line-height:30px;--awb-text-color:#ffffff;--awb-margin-left:15px;--awb-text-font-family:&quot;Open Sans&quot;;--awb-text-font-style:normal;--awb-text-font-weight:700;\"><p style=\"text-align: right;\">Claim<br \/>\nfor your<br \/>\naccident for<br \/>\nFREE<\/p>\n<\/div><\/div><\/div><div class=\"fusion-layout-column fusion_builder_column_inner fusion-builder-nested-column-7 fusion_builder_column_inner_1_3 1_3 fusion-flex-column\" style=\"--awb-bg-size:cover;--awb-width-large:33.333333333333%;--awb-margin-top-large:0px;--awb-spacing-right-large:5.76%;--awb-margin-bottom-large:20px;--awb-spacing-left-large:5.76%;--awb-width-medium:100%;--awb-order-medium:0;--awb-spacing-right-medium:1.92%;--awb-spacing-left-medium:1.92%;--awb-width-small:100%;--awb-order-small:0;--awb-spacing-right-small:1.92%;--awb-spacing-left-small:1.92%;\"><div class=\"fusion-column-wrapper fusion-column-has-shadow fusion-flex-justify-content-flex-start fusion-content-layout-column\"><div class=\"fusion-image-element \" style=\"text-align:right;--awb-caption-title-font-family:var(--h2_typography-font-family);--awb-caption-title-font-weight:var(--h2_typography-font-weight);--awb-caption-title-font-style:var(--h2_typography-font-style);--awb-caption-title-size:var(--h2_typography-font-size);--awb-caption-title-transform:var(--h2_typography-text-transform);--awb-caption-title-line-height:var(--h2_typography-line-height);--awb-caption-title-letter-spacing:var(--h2_typography-letter-spacing);\"><span class=\" fusion-imageframe imageframe-none imageframe-5 hover-type-none\"><img decoding=\"async\" width=\"473\" height=\"426\" alt=\"Quick consultation.\" title=\"Quick consultation.\" src=\"https:\/\/onandia-abogados.com\/wp-content\/uploads\/2023\/05\/quick-consultation-icon.png\" data-orig-src=\"https:\/\/onandia-abogados.com\/wp-content\/uploads\/2023\/05\/quick-consultation-icon.png\" class=\"lazyload img-responsive wp-image-6195\" srcset=\"data:image\/svg+xml,%3Csvg%20xmlns%3D%27http%3A%2F%2Fwww.w3.org%2F2000%2Fsvg%27%20width%3D%27473%27%20height%3D%27426%27%20viewBox%3D%270%200%20473%20426%27%3E%3Crect%20width%3D%27473%27%20height%3D%27426%27%20fill-opacity%3D%220%22%2F%3E%3C%2Fsvg%3E\" data-srcset=\"https:\/\/onandia-abogados.com\/wp-content\/uploads\/2023\/05\/quick-consultation-icon-200x180.png 200w, https:\/\/onandia-abogados.com\/wp-content\/uploads\/2023\/05\/quick-consultation-icon-400x360.png 400w, https:\/\/onandia-abogados.com\/wp-content\/uploads\/2023\/05\/quick-consultation-icon.png 473w\" data-sizes=\"auto\" data-orig-sizes=\"(max-width: 1024px) 100vw, (max-width: 640px) 100vw, 400px\" \/><\/span><\/div><\/div><\/div><div class=\"fusion-layout-column fusion_builder_column_inner fusion-builder-nested-column-8 fusion_builder_column_inner_1_1 1_1 fusion-flex-column\" style=\"--awb-bg-size:cover;--awb-width-large:100%;--awb-margin-top-large:0px;--awb-spacing-right-large:1.92%;--awb-margin-bottom-large:20px;--awb-spacing-left-large:1.92%;--awb-width-medium:100%;--awb-order-medium:0;--awb-spacing-right-medium:1.92%;--awb-spacing-left-medium:1.92%;--awb-width-small:100%;--awb-order-small:0;--awb-spacing-right-small:1.92%;--awb-spacing-left-small:1.92%;\"><div class=\"fusion-column-wrapper fusion-column-has-shadow fusion-flex-justify-content-flex-start fusion-content-layout-column\"><div class=\"fusion-text fusion-text-8\" style=\"--awb-font-size:30px;--awb-line-height:30px;--awb-text-color:#ffffff;--awb-margin-left:15px;--awb-text-font-family:&quot;Open Sans&quot;;--awb-text-font-style:normal;--awb-text-font-weight:400;\"><p>Fast 24-hour response<\/p>\n<\/div><\/div><\/div><div class=\"fusion-layout-column fusion_builder_column_inner fusion-builder-nested-column-9 fusion_builder_column_inner_1_1 1_1 fusion-flex-column\" style=\"--awb-bg-size:cover;--awb-width-large:100%;--awb-margin-top-large:0px;--awb-spacing-right-large:1.92%;--awb-margin-bottom-large:20px;--awb-spacing-left-large:1.92%;--awb-width-medium:100%;--awb-order-medium:0;--awb-spacing-right-medium:1.92%;--awb-spacing-left-medium:1.92%;--awb-width-small:100%;--awb-order-small:0;--awb-spacing-right-small:1.92%;--awb-spacing-left-small:1.92%;\"><div class=\"fusion-column-wrapper fusion-column-has-shadow fusion-flex-justify-content-flex-start fusion-content-layout-column\">\n<div class=\"wpcf7 no-js\" id=\"wpcf7-f6101-o2\" lang=\"es-ES\" dir=\"ltr\" data-wpcf7-id=\"6101\">\n<div class=\"screen-reader-response\"><p role=\"status\" aria-live=\"polite\" aria-atomic=\"true\"><\/p> <ul><\/ul><\/div>\n<form action=\"\/en\/wp-json\/wp\/v2\/pages\/6002#wpcf7-f6101-o2\" method=\"post\" class=\"wpcf7-form init\" aria-label=\"Formulario de contacto\" novalidate=\"novalidate\" data-status=\"init\">\n<fieldset class=\"hidden-fields-container\"><input type=\"hidden\" name=\"_wpcf7\" value=\"6101\" \/><input type=\"hidden\" name=\"_wpcf7_version\" value=\"6.1.5\" \/><input type=\"hidden\" name=\"_wpcf7_locale\" value=\"es_ES\" \/><input type=\"hidden\" name=\"_wpcf7_unit_tag\" value=\"wpcf7-f6101-o2\" \/><input type=\"hidden\" name=\"_wpcf7_container_post\" value=\"0\" \/><input type=\"hidden\" name=\"_wpcf7_posted_data_hash\" value=\"\" \/><input type=\"hidden\" name=\"_wpcf7_recaptcha_response\" value=\"\" \/>\n<\/fieldset>\n<div class=\"col-md-12\">\n\t<p><span class=\"wpcf7-form-control-wrap\" data-name=\"your-name\"><input size=\"40\" maxlength=\"400\" class=\"wpcf7-form-control wpcf7-text wpcf7-validates-as-required\" aria-required=\"true\" aria-invalid=\"false\" placeholder=\"Name and last name*\" value=\"\" type=\"text\" name=\"your-name\" \/><\/span>\n\t<\/p>\n<\/div>\n<div class=\"col-md-12\">\n\t<p><span class=\"wpcf7-form-control-wrap\" data-name=\"telefono\"><input size=\"40\" maxlength=\"400\" class=\"wpcf7-form-control wpcf7-tel wpcf7-validates-as-required wpcf7-text wpcf7-validates-as-tel\" aria-required=\"true\" aria-invalid=\"false\" placeholder=\"Phone*\" value=\"\" type=\"tel\" name=\"telefono\" \/><\/span>\n\t<\/p>\n<\/div>\n<div class=\"col-md-12\">\n\t<p><span class=\"wpcf7-form-control-wrap\" data-name=\"your-email\"><input size=\"40\" maxlength=\"400\" class=\"wpcf7-form-control wpcf7-email wpcf7-validates-as-required wpcf7-text wpcf7-validates-as-email\" aria-required=\"true\" aria-invalid=\"false\" placeholder=\"E-mail*\" value=\"\" type=\"email\" name=\"your-email\" \/><\/span>\n\t<\/p>\n<\/div>\n<div class=\"col-md-12\">\n\t<p><span class=\"wpcf7-form-control-wrap\" data-name=\"consultas\"><textarea cols=\"40\" rows=\"10\" maxlength=\"2000\" class=\"wpcf7-form-control wpcf7-textarea\" aria-invalid=\"false\" placeholder=\"What is your question?\" name=\"consultas\"><\/textarea><\/span>\n\t<\/p>\n<\/div>\n<div class=\"col-md-12\" style=\"margin:10px 0px; text-align:left;\">\n\t<div class=\"col-md-12\" style=\"font-size: 9px; line-height: 110%; color:#fff; text-align:justify; padding: 0px; height: 60px; overflow: scroll; overflow-x:hidden; border:1px solid #314F69; padding: 5px;\">\n\t\t<p>In compliance with the provisions of current regulations on the Protection of Personal Data, we hereby inform you that the data collected in this form will be incorporated and processed in the file called Web Users under the responsibility of RAM\u00d3N ONANDIA ALSIUS in order to be able to provide its services, as well as to keep you informed about issues related to the activity of the company.<br \/>\nWe hereby inform you that the data you provide will be processed in a fair, transparent, adequate, relevant, limited, accurate and updated manner and will not be communicated or transferred to third parties, except when necessary or may involve an improvement for the purpose of the same, always in accordance with the current regulations on data protection, General Data Protection Regulation.<br \/>\nIf there are changes in any of the data provided, please inform us in writing so that we can keep our file updated.<br \/>\nWe hereby inform you that you can exercise your rights of access, rectification, deletion, opposition, limitation of the processing and portability of your personal data in person at the offices of RAM\u00d3N ONANDIA ALSIUS, accompanied by a copy of your ID, or by postal mail to RAMBLA CATALUNYA 87. 2\u00ba D de BARCELONA, 08008 BARCELONA, or email <a href=\"mailto:roa@onandia.com\" style=\"color:#ffffff;\">ROA@ONANDIA.COM<\/a>\n\t\t<\/p>\n\t<\/div>\n<\/div>\n<div class=\"col-md-12 politicas\">\n\t<p><span class=\"wpcf7-form-control-wrap\" data-name=\"politicas\"><span class=\"wpcf7-form-control wpcf7-acceptance\"><span class=\"wpcf7-list-item\"><input type=\"checkbox\" name=\"politicas\" value=\"1\" aria-invalid=\"false\" \/><\/span><\/span><\/span> I have read and agree to the <a href=\"\/politica-de-privacidad\/\" target=\"_blank\" style=\"color:#FFF;\">Privacy Policy<\/a>\n\t<\/p>\n<\/div>\n<div class=\"col-md-12\" style=\"text-align:center;\">\n\n<\/div>\n<div class=\"col-md-12\" style=\"text-align:center; padding-top: 15px; text-align: right;\">\n\t<p><input class=\"wpcf7-form-control wpcf7-submit has-spinner btn-enviar-form\" type=\"submit\" value=\"SEND\" \/>\n\t<\/p>\n<\/div><div class=\"fusion-alert alert custom alert-custom fusion-alert-center wpcf7-response-output awb-alert-native-link-color alert-dismissable awb-alert-close-boxed\" style=\"--awb-border-size:1px;--awb-border-top-left-radius:0px;--awb-border-top-right-radius:0px;--awb-border-bottom-left-radius:0px;--awb-border-bottom-right-radius:0px;\" role=\"alert\"><div class=\"fusion-alert-content-wrapper\"><span class=\"fusion-alert-content\"><\/span><\/div><button type=\"button\" class=\"close toggle-alert\" data-dismiss=\"alert\" aria-label=\"Close\">&times;<\/button><\/div>\n<\/form>\n<\/div>\n<\/div><\/div><\/div><\/div><\/div>\n<\/div><\/div><div class=\"fusion-fullwidth fullwidth-box fusion-builder-row-4 fusion-flex-container has-pattern-background has-mask-background nonhundred-percent-fullwidth non-hundred-percent-height-scrolling\" style=\"--awb-border-color:#f4f4f4;--awb-border-radius-top-left:0px;--awb-border-radius-top-right:0px;--awb-border-radius-bottom-right:0px;--awb-border-radius-bottom-left:0px;--awb-padding-left:20px;--awb-background-color:#00a7d8;--awb-flex-wrap:wrap;\" ><div class=\"fusion-builder-row fusion-row fusion-flex-align-items-flex-start fusion-flex-content-wrap\" style=\"max-width:1352px;margin-left: calc(-4% \/ 2 );margin-right: calc(-4% \/ 2 );\"><div class=\"fusion-layout-column fusion_builder_column fusion-builder-column-4 fusion_builder_column_1_1 1_1 fusion-flex-column\" style=\"--awb-padding-top:20px;--awb-bg-size:cover;--awb-width-large:100%;--awb-margin-top-large:20px;--awb-spacing-right-large:1.92%;--awb-margin-bottom-large:20px;--awb-spacing-left-large:1.92%;--awb-width-medium:100%;--awb-order-medium:0;--awb-spacing-right-medium:1.92%;--awb-spacing-left-medium:1.92%;--awb-width-small:100%;--awb-order-small:0;--awb-spacing-right-small:1.92%;--awb-spacing-left-small:1.92%;\" data-scroll-devices=\"small-visibility,medium-visibility,large-visibility\"><div class=\"fusion-column-wrapper fusion-column-has-shadow fusion-flex-justify-content-flex-start fusion-content-layout-column\"><div class=\"fusion-title title fusion-title-2 fusion-sep-none fusion-title-center fusion-title-text fusion-title-size-two\" style=\"--awb-margin-top-small:10px;--awb-margin-right-small:0px;--awb-margin-bottom-small:10px;--awb-margin-left-small:0px;\"><h2 class=\"fusion-title-heading title-heading-center\" style=\"margin:0;\"><h2 style=\"color: #413e3b; text-align: center;\"><span style=\"color: #ffffff;\">Frequently asked questions<\/span><\/h2><\/h2><\/div><\/div><\/div><div class=\"fusion-layout-column fusion_builder_column fusion-builder-column-5 fusion_builder_column_1_2 1_2 fusion-flex-column\" style=\"--awb-bg-size:cover;--awb-width-large:50%;--awb-margin-top-large:0px;--awb-spacing-right-large:3.84%;--awb-margin-bottom-large:20px;--awb-spacing-left-large:3.84%;--awb-width-medium:100%;--awb-spacing-right-medium:1.92%;--awb-spacing-left-medium:1.92%;--awb-width-small:100%;--awb-spacing-right-small:1.92%;--awb-spacing-left-small:1.92%;\"><div class=\"fusion-column-wrapper fusion-column-has-shadow fusion-flex-justify-content-flex-start fusion-content-layout-column\"><div class=\"accordian fusion-accordian\" style=\"--awb-border-size:1px;--awb-icon-size:16px;--awb-content-font-size:16px;--awb-icon-alignment:left;--awb-hover-color:#f9f9f9;--awb-border-color:#cccccc;--awb-background-color:#ffffff;--awb-divider-color:#ffffff;--awb-divider-hover-color:#ffffff;--awb-icon-color:#ffffff;--awb-title-color:#585149;--awb-content-color:#585149;--awb-icon-box-color:#faca1f;--awb-toggle-hover-accent-color:#faca1f;--awb-title-font-family:&quot;Open Sans&quot;;--awb-title-font-weight:600;--awb-title-font-style:normal;--awb-title-font-size:13px;--awb-content-font-family:&quot;Open Sans&quot;;--awb-content-font-style:normal;--awb-content-font-weight:400;\"><div class=\"panel-group fusion-toggle-icon-boxed\" id=\"accordion-6002-1\"><div class=\"fusion-panel panel-default panel-de045d6ba0fc86705 fusion-toggle-has-divider\" style=\"--awb-title-color:#585149;--awb-content-color:#585149;\"><div class=\"panel-heading\"><h4 class=\"panel-title toggle\" id=\"toggle_de045d6ba0fc86705\"><a aria-expanded=\"false\" aria-controls=\"de045d6ba0fc86705\" role=\"button\" data-toggle=\"collapse\" data-parent=\"#accordion-6002-1\" data-target=\"#de045d6ba0fc86705\" href=\"#de045d6ba0fc86705\"><span class=\"fusion-toggle-icon-wrapper\" aria-hidden=\"true\"><i class=\"fa-fusion-box active-icon awb-icon-minus\" aria-hidden=\"true\"><\/i><i class=\"fa-fusion-box inactive-icon awb-icon-plus\" aria-hidden=\"true\"><\/i><\/span><span class=\"fusion-toggle-heading\">How many types or degrees of work incapacity are there?<\/span><\/a><\/h4><\/div><div id=\"de045d6ba0fc86705\" class=\"panel-collapse collapse \" aria-labelledby=\"toggle_de045d6ba0fc86705\"><div class=\"panel-body toggle-content fusion-clearfix\">\n<p>Depending on the limitations suffered by the affected person, there are different degrees of work incapacity:<\/p>\n<ul>\n<li><strong>Partial incapacity:<\/strong> decrease in performance of not less than 33% for their usual profession.<\/li>\n<li><strong>Total incapacity:<\/strong> decrease in performance of more than 33% for their usual profession and inability to perform their profession.<\/li>\n<li><strong>Absolute incapacity:<\/strong> when the worker is completely unable to perform any work or profession.<\/li>\n<li><strong>Major invalidity:<\/strong> for exceptional cases of major invalids who also need third-person help.<\/li>\n<\/ul>\n<\/div><\/div><\/div><div class=\"fusion-panel panel-default panel-cc70808d9136f6fb0 fusion-toggle-has-divider\" style=\"--awb-title-color:#585149;--awb-content-color:#585149;\"><div class=\"panel-heading\"><h4 class=\"panel-title toggle\" id=\"toggle_cc70808d9136f6fb0\"><a aria-expanded=\"false\" aria-controls=\"cc70808d9136f6fb0\" role=\"button\" data-toggle=\"collapse\" data-parent=\"#accordion-6002-1\" data-target=\"#cc70808d9136f6fb0\" href=\"#cc70808d9136f6fb0\"><span class=\"fusion-toggle-icon-wrapper\" aria-hidden=\"true\"><i class=\"fa-fusion-box active-icon awb-icon-minus\" aria-hidden=\"true\"><\/i><i class=\"fa-fusion-box inactive-icon awb-icon-plus\" aria-hidden=\"true\"><\/i><\/span><span class=\"fusion-toggle-heading\">What requirements must be met to access work incapacity benefits?<\/span><\/a><\/h4><\/div><div id=\"cc70808d9136f6fb0\" class=\"panel-collapse collapse \" aria-labelledby=\"toggle_cc70808d9136f6fb0\"><div class=\"panel-body toggle-content fusion-clearfix\">\n<p>The requirements are to be registered with Social Security and have contributed the minimum legally required.<\/p>\n<\/div><\/div><\/div><div class=\"fusion-panel panel-default panel-398ac0c06dbb6f0dc fusion-toggle-has-divider\" style=\"--awb-title-color:#585149;--awb-content-color:#585149;\"><div class=\"panel-heading\"><h4 class=\"panel-title toggle\" id=\"toggle_398ac0c06dbb6f0dc\"><a aria-expanded=\"false\" aria-controls=\"398ac0c06dbb6f0dc\" role=\"button\" data-toggle=\"collapse\" data-parent=\"#accordion-6002-1\" data-target=\"#398ac0c06dbb6f0dc\" href=\"#398ac0c06dbb6f0dc\"><span class=\"fusion-toggle-icon-wrapper\" aria-hidden=\"true\"><i class=\"fa-fusion-box active-icon awb-icon-minus\" aria-hidden=\"true\"><\/i><i class=\"fa-fusion-box inactive-icon awb-icon-plus\" aria-hidden=\"true\"><\/i><\/span><span class=\"fusion-toggle-heading\">Is it better to take an incapacity leave of absence with a lawyer? Why?<\/span><\/a><\/h4><\/div><div id=\"398ac0c06dbb6f0dc\" class=\"panel-collapse collapse \" aria-labelledby=\"toggle_398ac0c06dbb6f0dc\"><div class=\"panel-body toggle-content fusion-clearfix\">\n<p>It is essential to be counselled by a specialised lawyer since they understand the area and can advise you on the steps to follow to get the incapacity benefit.<\/p>\n<\/div><\/div><\/div><div class=\"fusion-panel panel-default panel-2546ac5d6a255fd75 fusion-toggle-has-divider\" style=\"--awb-title-color:#585149;--awb-content-color:#585149;\"><div class=\"panel-heading\"><h4 class=\"panel-title toggle\" id=\"toggle_2546ac5d6a255fd75\"><a aria-expanded=\"false\" aria-controls=\"2546ac5d6a255fd75\" role=\"button\" data-toggle=\"collapse\" data-parent=\"#accordion-6002-1\" data-target=\"#2546ac5d6a255fd75\" href=\"#2546ac5d6a255fd75\"><span class=\"fusion-toggle-icon-wrapper\" aria-hidden=\"true\"><i class=\"fa-fusion-box active-icon awb-icon-minus\" aria-hidden=\"true\"><\/i><i class=\"fa-fusion-box inactive-icon awb-icon-plus\" aria-hidden=\"true\"><\/i><\/span><span class=\"fusion-toggle-heading\">If you have permanent work incapacity, should the company keep your job for you?<\/span><\/a><\/h4><\/div><div id=\"2546ac5d6a255fd75\" class=\"panel-collapse collapse \" aria-labelledby=\"toggle_2546ac5d6a255fd75\"><div class=\"panel-body toggle-content fusion-clearfix\">\n<p>It depends on the case and the agreement. In general, for permanent incapacity, the employment relationship with the company can be suspended for two years, with the worker having the right to reserve the job.<\/p>\n<\/div><\/div><\/div><\/div><\/div><\/div><\/div><div class=\"fusion-layout-column fusion_builder_column fusion-builder-column-6 fusion_builder_column_1_2 1_2 fusion-flex-column\" style=\"--awb-bg-size:cover;--awb-width-large:50%;--awb-margin-top-large:0px;--awb-spacing-right-large:3.84%;--awb-margin-bottom-large:20px;--awb-spacing-left-large:3.84%;--awb-width-medium:100%;--awb-spacing-right-medium:1.92%;--awb-spacing-left-medium:1.92%;--awb-width-small:100%;--awb-spacing-right-small:1.92%;--awb-spacing-left-small:1.92%;\"><div class=\"fusion-column-wrapper fusion-column-has-shadow fusion-flex-justify-content-flex-start fusion-content-layout-column\"><div class=\"accordian fusion-accordian\" style=\"--awb-border-size:1px;--awb-icon-size:16px;--awb-content-font-size:16px;--awb-icon-alignment:left;--awb-hover-color:#f9f9f9;--awb-border-color:#cccccc;--awb-background-color:#ffffff;--awb-divider-color:#ffffff;--awb-divider-hover-color:#ffffff;--awb-icon-color:#ffffff;--awb-title-color:#585149;--awb-content-color:#585149;--awb-icon-box-color:#faca1f;--awb-toggle-hover-accent-color:#faca1f;--awb-title-font-family:&quot;Open Sans&quot;;--awb-title-font-weight:600;--awb-title-font-style:normal;--awb-title-font-size:13px;--awb-content-font-family:&quot;Open Sans&quot;;--awb-content-font-style:normal;--awb-content-font-weight:400;\"><div class=\"panel-group fusion-toggle-icon-boxed\" id=\"accordion-6002-2\"><div class=\"fusion-panel panel-default panel-039fbf97e3e7ec032 fusion-toggle-has-divider\" style=\"--awb-title-color:#585149;--awb-content-color:#585149;\"><div class=\"panel-heading\"><h4 class=\"panel-title toggle\" id=\"toggle_039fbf97e3e7ec032\"><a aria-expanded=\"false\" aria-controls=\"039fbf97e3e7ec032\" role=\"button\" data-toggle=\"collapse\" data-parent=\"#accordion-6002-2\" data-target=\"#039fbf97e3e7ec032\" href=\"#039fbf97e3e7ec032\"><span class=\"fusion-toggle-icon-wrapper\" aria-hidden=\"true\"><i class=\"fa-fusion-box active-icon awb-icon-minus\" aria-hidden=\"true\"><\/i><i class=\"fa-fusion-box inactive-icon awb-icon-plus\" aria-hidden=\"true\"><\/i><\/span><span class=\"fusion-toggle-heading\">What is the maximum time you can be on incapacity leave?<\/span><\/a><\/h4><\/div><div id=\"039fbf97e3e7ec032\" class=\"panel-collapse collapse \" aria-labelledby=\"toggle_039fbf97e3e7ec032\"><div class=\"panel-body toggle-content fusion-clearfix\">\n<p>The maximum duration of the leave of absence is 365 days, with the possibility of extending this by 180 days when the worker is not expected to get better during that time.<\/p>\n<\/div><\/div><\/div><div class=\"fusion-panel panel-default panel-da2317cf9d978fdff fusion-toggle-has-divider\" style=\"--awb-title-color:#585149;--awb-content-color:#585149;\"><div class=\"panel-heading\"><h4 class=\"panel-title toggle\" id=\"toggle_da2317cf9d978fdff\"><a aria-expanded=\"false\" aria-controls=\"da2317cf9d978fdff\" role=\"button\" data-toggle=\"collapse\" data-parent=\"#accordion-6002-2\" data-target=\"#da2317cf9d978fdff\" href=\"#da2317cf9d978fdff\"><span class=\"fusion-toggle-icon-wrapper\" aria-hidden=\"true\"><i class=\"fa-fusion-box active-icon awb-icon-minus\" aria-hidden=\"true\"><\/i><i class=\"fa-fusion-box inactive-icon awb-icon-plus\" aria-hidden=\"true\"><\/i><\/span><span class=\"fusion-toggle-heading\">When an employee is on incapacity leave, do they get paid in full?<\/span><\/a><\/h4><\/div><div id=\"da2317cf9d978fdff\" class=\"panel-collapse collapse \" aria-labelledby=\"toggle_da2317cf9d978fdff\"><div class=\"panel-body toggle-content fusion-clearfix\">\n<p>If the incapacity leave is caused by an accident at work, you will be paid in full, but if the cause is a common illness, it will depend on the worker&#8217;s agreement.<\/p>\n<\/div><\/div><\/div><div class=\"fusion-panel panel-default panel-dfb6786b675c69471 fusion-toggle-has-divider\" style=\"--awb-title-color:#585149;--awb-content-color:#585149;\"><div class=\"panel-heading\"><h4 class=\"panel-title toggle\" id=\"toggle_dfb6786b675c69471\"><a aria-expanded=\"false\" aria-controls=\"dfb6786b675c69471\" role=\"button\" data-toggle=\"collapse\" data-parent=\"#accordion-6002-2\" data-target=\"#dfb6786b675c69471\" href=\"#dfb6786b675c69471\"><span class=\"fusion-toggle-icon-wrapper\" aria-hidden=\"true\"><i class=\"fa-fusion-box active-icon awb-icon-minus\" aria-hidden=\"true\"><\/i><i class=\"fa-fusion-box inactive-icon awb-icon-plus\" aria-hidden=\"true\"><\/i><\/span><span class=\"fusion-toggle-heading\">Is a work-related illness considered an occupational accident?<\/span><\/a><\/h4><\/div><div id=\"dfb6786b675c69471\" class=\"panel-collapse collapse \" aria-labelledby=\"toggle_dfb6786b675c69471\"><div class=\"panel-body toggle-content fusion-clearfix\">\n<p>Yes, provided that the illness generated by the work carried out is confirmed by certified public health reports.<\/p>\n<\/div><\/div><\/div><div class=\"fusion-panel panel-default panel-48a6a29c2169de801 fusion-toggle-has-divider\" style=\"--awb-title-color:#585149;--awb-content-color:#585149;\"><div class=\"panel-heading\"><h4 class=\"panel-title toggle\" id=\"toggle_48a6a29c2169de801\"><a aria-expanded=\"false\" aria-controls=\"48a6a29c2169de801\" role=\"button\" data-toggle=\"collapse\" data-parent=\"#accordion-6002-2\" data-target=\"#48a6a29c2169de801\" href=\"#48a6a29c2169de801\"><span class=\"fusion-toggle-icon-wrapper\" aria-hidden=\"true\"><i class=\"fa-fusion-box active-icon awb-icon-minus\" aria-hidden=\"true\"><\/i><i class=\"fa-fusion-box inactive-icon awb-icon-plus\" aria-hidden=\"true\"><\/i><\/span><span class=\"fusion-toggle-heading\">Can the right to work incapacity benefits be lost in any case?<\/span><\/a><\/h4><\/div><div id=\"48a6a29c2169de801\" class=\"panel-collapse collapse \" aria-labelledby=\"toggle_48a6a29c2169de801\"><div class=\"panel-body toggle-content fusion-clearfix\">\n<p>Yes, if the established requirements such as working in the same thing that caused the work incapacity are not met.<\/p>\n<\/div><\/div><\/div><\/div><\/div><\/div><\/div><div class=\"fusion-layout-column fusion_builder_column fusion-builder-column-7 fusion_builder_column_1_1 1_1 fusion-flex-column\" style=\"--awb-bg-size:cover;--awb-width-large:100%;--awb-margin-top-large:0px;--awb-spacing-right-large:1.92%;--awb-margin-bottom-large:40px;--awb-spacing-left-large:1.92%;--awb-width-medium:100%;--awb-order-medium:0;--awb-spacing-right-medium:1.92%;--awb-spacing-left-medium:1.92%;--awb-width-small:100%;--awb-order-small:0;--awb-spacing-right-small:1.92%;--awb-spacing-left-small:1.92%;\" data-scroll-devices=\"small-visibility,medium-visibility,large-visibility\"><div class=\"fusion-column-wrapper fusion-column-has-shadow fusion-flex-justify-content-flex-start fusion-content-layout-column\">     <script type=\"application\/ld+json\">\n{\n  \"@context\": \"https:\/\/schema.org\",\n  \"@type\": \"FAQPage\",\n  \"mainEntity\": [{\n    \"@type\": \"Question\",\n    \"name\": \"\u00bfCu\u00e1ntos tipos o grados de incapacidad laboral existen?\",\n    \"acceptedAnswer\": {\n      \"@type\": \"Answer\",\n      \"text\": \"Dependiendo de las limitaciones que padezca el afectado, existen diferentes grados de incapacidad laboral:\n\n- Incapacidad parcial: disminuci\u00f3n del rendimiento no inferior al 33% para su profesi\u00f3n habitual.\n- Incapacidad total: disminuci\u00f3n del rendimiento superior al 33% para su profesi\u00f3n habitual e imposibilidad para realizar su profesi\u00f3n.\n- Incapacidad absoluta: cuando el trabajador est\u00e1 imposibilitado por completo para realizar cualquier trabajo o profesi\u00f3n.\n- Gran invalidez: para supuestos excepcionales de grandes invalidados que, adem\u00e1s, necesitan ayuda de tercera persona.\"\n    }\n  },{\n    \"@type\": \"Question\",\n    \"name\": \"\u00bfQu\u00e9 requisitos se deben cumplir para acceder a las prestaciones por incapacidad laboral?\",\n    \"acceptedAnswer\": {\n      \"@type\": \"Answer\",\n      \"text\": \"Los requisitos ser\u00edan estar dado de alta en la Seguridad Social y haber cotizado lo m\u00ednimo previsto legalmente.\"\n    }\n  },{\n    \"@type\": \"Question\",\n    \"name\": \"\u00bfEs mejor tramitar una baja laboral con incapacidad con un abogado? \u00bfpor qu\u00e9?\",\n    \"acceptedAnswer\": {\n      \"@type\": \"Answer\",\n      \"text\": \"Es fundamental estar asesorado por un abogado especializado ya que es quien conoce el tema y puede asesorarte de los pasos a seguir para conseguir la incapacidad.\"\n    }\n  },{\n    \"@type\": \"Question\",\n    \"name\": \"\u00bfSi tienes una incapacidad laboral permanente, la empresa te debe guardar el puesto de trabajo?\",\n    \"acceptedAnswer\": {\n      \"@type\": \"Answer\",\n      \"text\": \"Depende del caso y del convenio. En t\u00e9rminos generales, por una incapacidad permanente la relaci\u00f3n laboral con la empresa puede quedar en suspenso durante dos a\u00f1os, teniendo el trabajador derecho a reserva del puesto de trabajo.\"\n    }\n  },{\n    \"@type\": \"Question\",\n    \"name\": \"\u00bfCu\u00e1nto es lo m\u00e1ximo que se puede estar de baja laboral por incapacidad?\",\n    \"acceptedAnswer\": {\n      \"@type\": \"Answer\",\n      \"text\": \"El tiempo m\u00e1ximo de duraci\u00f3n de la baja laboral es de 365 d\u00edas, con la posibilidad de prorrogarlos 180 d\u00edas m\u00e1s cuando durante ese tiempo no se prev\u00e9 la curaci\u00f3n del trabajador.\"\n    }\n  },{\n    \"@type\": \"Question\",\n    \"name\": \"\u00bfCuando un empleado tiene la baja laboral por incapacidad cobra el sueldo \u00edntegro?\",\n    \"acceptedAnswer\": {\n      \"@type\": \"Answer\",\n      \"text\": \"En el caso de que la baja laboral por incapacidad sea causada por un accidente de trabajo se cobra el sueldo \u00edntegro pero si la causa es una enfermedad com\u00fan depender\u00e1 del convenio que se le aplica al trabajador.\"\n    }\n  },{\n    \"@type\": \"Question\",\n    \"name\": \"\u00bfSe considera accidente laboral una enfermedad generada por el trabajo realizado?\",\n    \"acceptedAnswer\": {\n      \"@type\": \"Answer\",\n      \"text\": \"Si, siempre que la enfermedad generada por el trabajo realizado se confirme mediante informes certificados de la sanidad p\u00fablica.\"\n    }\n  },{\n    \"@type\": \"Question\",\n    \"name\": \"\u00bfSe puede perder en alg\u00fan caso el derecho a la prestaci\u00f3n por incapacidad laboral?\",\n    \"acceptedAnswer\": {\n      \"@type\": \"Answer\",\n      \"text\": \"Si, si se incumplen los requisitos establecidos como trabajar en lo mismo que motiv\u00f3 la incapacidad laboral.\"\n    }\n  }]\n}\n<\/script><\/div><\/div><\/div><\/div><\/p>\n","protected":false},"excerpt":{"rendered":"","protected":false},"author":1,"featured_media":0,"parent":0,"menu_order":0,"comment_status":"closed","ping_status":"closed","template":"100-width.php","meta":{"footnotes":""},"class_list":["post-6002","page","type-page","status-publish","hentry"],"yoast_head":"<!-- This site is optimized with the Yoast SEO plugin v27.4 - https:\/\/yoast.com\/product\/yoast-seo-wordpress\/ -->\n<title>\u2705 Temporary and Permanent Work Incapacity Leave | Onandia<\/title>\n<meta name=\"description\" content=\"At Onandia Barcelona, our expert lawyers specialise in leave for work incapacity or disability due to accident or illness. Get your free, no-obligation consultation!\" \/>\n<meta name=\"robots\" content=\"index, follow, max-snippet:-1, max-image-preview:large, max-video-preview:-1\" \/>\n<link rel=\"canonical\" href=\"https:\/\/onandia-abogados.com\/en\/temporary-and-permanent-work-incapacity-leave-lawyers-barcelona\/\" \/>\n<meta property=\"og:locale\" content=\"en_GB\" \/>\n<meta property=\"og:type\" content=\"article\" \/>\n<meta property=\"og:title\" content=\"\u2705 Temporary and Permanent Work Incapacity Leave | Onandia\" \/>\n<meta property=\"og:description\" content=\"At Onandia Barcelona, our expert lawyers specialise in leave for work incapacity or disability due to accident or illness. Get your free, no-obligation consultation!\" \/>\n<meta property=\"og:url\" content=\"https:\/\/onandia-abogados.com\/en\/temporary-and-permanent-work-incapacity-leave-lawyers-barcelona\/\" \/>\n<meta property=\"og:site_name\" content=\"Lawyers specialised in Accidents Barcelona | Onandia\" \/>\n<meta property=\"og:image\" content=\"https:\/\/onandia-abogados.com\/wp-content\/uploads\/2023\/05\/ok-icon.png\" \/>\n<script type=\"application\/ld+json\" class=\"yoast-schema-graph\">{\"@context\":\"https:\\\/\\\/schema.org\",\"@graph\":[{\"@type\":\"WebPage\",\"@id\":\"https:\\\/\\\/onandia-abogados.com\\\/en\\\/temporary-and-permanent-work-incapacity-leave-lawyers-barcelona\\\/\",\"url\":\"https:\\\/\\\/onandia-abogados.com\\\/en\\\/temporary-and-permanent-work-incapacity-leave-lawyers-barcelona\\\/\",\"name\":\"\u2705 Temporary and Permanent Work Incapacity Leave | Onandia\",\"isPartOf\":{\"@id\":\"https:\\\/\\\/onandia-abogados.com\\\/en\\\/#website\"},\"primaryImageOfPage\":{\"@id\":\"https:\\\/\\\/onandia-abogados.com\\\/en\\\/temporary-and-permanent-work-incapacity-leave-lawyers-barcelona\\\/#primaryimage\"},\"image\":{\"@id\":\"https:\\\/\\\/onandia-abogados.com\\\/en\\\/temporary-and-permanent-work-incapacity-leave-lawyers-barcelona\\\/#primaryimage\"},\"thumbnailUrl\":\"https:\\\/\\\/onandia-abogados.com\\\/wp-content\\\/uploads\\\/2023\\\/05\\\/ok-icon.png\",\"description\":\"At Onandia Barcelona, our expert lawyers specialise in leave for work incapacity or disability due to accident or illness. Get your free, no-obligation consultation!\",\"breadcrumb\":{\"@id\":\"https:\\\/\\\/onandia-abogados.com\\\/en\\\/temporary-and-permanent-work-incapacity-leave-lawyers-barcelona\\\/#breadcrumb\"},\"inLanguage\":\"en-GB\",\"potentialAction\":[{\"@type\":\"ReadAction\",\"target\":[\"https:\\\/\\\/onandia-abogados.com\\\/en\\\/temporary-and-permanent-work-incapacity-leave-lawyers-barcelona\\\/\"]}]},{\"@type\":\"ImageObject\",\"inLanguage\":\"en-GB\",\"@id\":\"https:\\\/\\\/onandia-abogados.com\\\/en\\\/temporary-and-permanent-work-incapacity-leave-lawyers-barcelona\\\/#primaryimage\",\"url\":\"https:\\\/\\\/onandia-abogados.com\\\/wp-content\\\/uploads\\\/2023\\\/05\\\/ok-icon.png\",\"contentUrl\":\"https:\\\/\\\/onandia-abogados.com\\\/wp-content\\\/uploads\\\/2023\\\/05\\\/ok-icon.png\"},{\"@type\":\"BreadcrumbList\",\"@id\":\"https:\\\/\\\/onandia-abogados.com\\\/en\\\/temporary-and-permanent-work-incapacity-leave-lawyers-barcelona\\\/#breadcrumb\",\"itemListElement\":[{\"@type\":\"ListItem\",\"position\":1,\"name\":\"Portada\",\"item\":\"https:\\\/\\\/onandia-abogados.com\\\/en\\\/\"},{\"@type\":\"ListItem\",\"position\":2,\"name\":\"Work Incapacity\"}]},{\"@type\":\"WebSite\",\"@id\":\"https:\\\/\\\/onandia-abogados.com\\\/en\\\/#website\",\"url\":\"https:\\\/\\\/onandia-abogados.com\\\/en\\\/\",\"name\":\"Abogados Onandia Barcelona\",\"description\":\"Lawyers specializing in traffic accidents\",\"publisher\":{\"@id\":\"https:\\\/\\\/onandia-abogados.com\\\/en\\\/#organization\"},\"potentialAction\":[{\"@type\":\"SearchAction\",\"target\":{\"@type\":\"EntryPoint\",\"urlTemplate\":\"https:\\\/\\\/onandia-abogados.com\\\/en\\\/?s={search_term_string}\"},\"query-input\":{\"@type\":\"PropertyValueSpecification\",\"valueRequired\":true,\"valueName\":\"search_term_string\"}}],\"inLanguage\":\"en-GB\"},{\"@type\":\"Organization\",\"@id\":\"https:\\\/\\\/onandia-abogados.com\\\/en\\\/#organization\",\"name\":\"Onandia Abogados\",\"url\":\"https:\\\/\\\/onandia-abogados.com\\\/en\\\/\",\"logo\":{\"@type\":\"ImageObject\",\"inLanguage\":\"en-GB\",\"@id\":\"https:\\\/\\\/onandia-abogados.com\\\/en\\\/#\\\/schema\\\/logo\\\/image\\\/\",\"url\":\"https:\\\/\\\/onandia-abogados.com\\\/wp-content\\\/uploads\\\/2023\\\/05\\\/abogados-onandia.svg\",\"contentUrl\":\"https:\\\/\\\/onandia-abogados.com\\\/wp-content\\\/uploads\\\/2023\\\/05\\\/abogados-onandia.svg\",\"width\":751,\"height\":262,\"caption\":\"Onandia Abogados\"},\"image\":{\"@id\":\"https:\\\/\\\/onandia-abogados.com\\\/en\\\/#\\\/schema\\\/logo\\\/image\\\/\"}}]}<\/script>\n<!-- \/ Yoast SEO plugin. -->","yoast_head_json":{"title":"\u2705 Temporary and Permanent Work Incapacity Leave | Onandia","description":"At Onandia Barcelona, our expert lawyers specialise in leave for work incapacity or disability due to accident or illness. Get your free, no-obligation consultation!","robots":{"index":"index","follow":"follow","max-snippet":"max-snippet:-1","max-image-preview":"max-image-preview:large","max-video-preview":"max-video-preview:-1"},"canonical":"https:\/\/onandia-abogados.com\/en\/temporary-and-permanent-work-incapacity-leave-lawyers-barcelona\/","og_locale":"en_GB","og_type":"article","og_title":"\u2705 Temporary and Permanent Work Incapacity Leave | Onandia","og_description":"At Onandia Barcelona, our expert lawyers specialise in leave for work incapacity or disability due to accident or illness. Get your free, no-obligation consultation!","og_url":"https:\/\/onandia-abogados.com\/en\/temporary-and-permanent-work-incapacity-leave-lawyers-barcelona\/","og_site_name":"Lawyers specialised in Accidents Barcelona | Onandia","og_image":[{"url":"https:\/\/onandia-abogados.com\/wp-content\/uploads\/2023\/05\/ok-icon.png","type":"","width":"","height":""}],"schema":{"@context":"https:\/\/schema.org","@graph":[{"@type":"WebPage","@id":"https:\/\/onandia-abogados.com\/en\/temporary-and-permanent-work-incapacity-leave-lawyers-barcelona\/","url":"https:\/\/onandia-abogados.com\/en\/temporary-and-permanent-work-incapacity-leave-lawyers-barcelona\/","name":"\u2705 Temporary and Permanent Work Incapacity Leave | Onandia","isPartOf":{"@id":"https:\/\/onandia-abogados.com\/en\/#website"},"primaryImageOfPage":{"@id":"https:\/\/onandia-abogados.com\/en\/temporary-and-permanent-work-incapacity-leave-lawyers-barcelona\/#primaryimage"},"image":{"@id":"https:\/\/onandia-abogados.com\/en\/temporary-and-permanent-work-incapacity-leave-lawyers-barcelona\/#primaryimage"},"thumbnailUrl":"https:\/\/onandia-abogados.com\/wp-content\/uploads\/2023\/05\/ok-icon.png","description":"At Onandia Barcelona, our expert lawyers specialise in leave for work incapacity or disability due to accident or illness. Get your free, no-obligation consultation!","breadcrumb":{"@id":"https:\/\/onandia-abogados.com\/en\/temporary-and-permanent-work-incapacity-leave-lawyers-barcelona\/#breadcrumb"},"inLanguage":"en-GB","potentialAction":[{"@type":"ReadAction","target":["https:\/\/onandia-abogados.com\/en\/temporary-and-permanent-work-incapacity-leave-lawyers-barcelona\/"]}]},{"@type":"ImageObject","inLanguage":"en-GB","@id":"https:\/\/onandia-abogados.com\/en\/temporary-and-permanent-work-incapacity-leave-lawyers-barcelona\/#primaryimage","url":"https:\/\/onandia-abogados.com\/wp-content\/uploads\/2023\/05\/ok-icon.png","contentUrl":"https:\/\/onandia-abogados.com\/wp-content\/uploads\/2023\/05\/ok-icon.png"},{"@type":"BreadcrumbList","@id":"https:\/\/onandia-abogados.com\/en\/temporary-and-permanent-work-incapacity-leave-lawyers-barcelona\/#breadcrumb","itemListElement":[{"@type":"ListItem","position":1,"name":"Portada","item":"https:\/\/onandia-abogados.com\/en\/"},{"@type":"ListItem","position":2,"name":"Work Incapacity"}]},{"@type":"WebSite","@id":"https:\/\/onandia-abogados.com\/en\/#website","url":"https:\/\/onandia-abogados.com\/en\/","name":"Abogados Onandia Barcelona","description":"Lawyers specializing in traffic accidents","publisher":{"@id":"https:\/\/onandia-abogados.com\/en\/#organization"},"potentialAction":[{"@type":"SearchAction","target":{"@type":"EntryPoint","urlTemplate":"https:\/\/onandia-abogados.com\/en\/?s={search_term_string}"},"query-input":{"@type":"PropertyValueSpecification","valueRequired":true,"valueName":"search_term_string"}}],"inLanguage":"en-GB"},{"@type":"Organization","@id":"https:\/\/onandia-abogados.com\/en\/#organization","name":"Onandia Abogados","url":"https:\/\/onandia-abogados.com\/en\/","logo":{"@type":"ImageObject","inLanguage":"en-GB","@id":"https:\/\/onandia-abogados.com\/en\/#\/schema\/logo\/image\/","url":"https:\/\/onandia-abogados.com\/wp-content\/uploads\/2023\/05\/abogados-onandia.svg","contentUrl":"https:\/\/onandia-abogados.com\/wp-content\/uploads\/2023\/05\/abogados-onandia.svg","width":751,"height":262,"caption":"Onandia Abogados"},"image":{"@id":"https:\/\/onandia-abogados.com\/en\/#\/schema\/logo\/image\/"}}]}},"_links":{"self":[{"href":"https:\/\/onandia-abogados.com\/en\/wp-json\/wp\/v2\/pages\/6002","targetHints":{"allow":["GET"]}}],"collection":[{"href":"https:\/\/onandia-abogados.com\/en\/wp-json\/wp\/v2\/pages"}],"about":[{"href":"https:\/\/onandia-abogados.com\/en\/wp-json\/wp\/v2\/types\/page"}],"author":[{"embeddable":true,"href":"https:\/\/onandia-abogados.com\/en\/wp-json\/wp\/v2\/users\/1"}],"replies":[{"embeddable":true,"href":"https:\/\/onandia-abogados.com\/en\/wp-json\/wp\/v2\/comments?post=6002"}],"version-history":[{"count":0,"href":"https:\/\/onandia-abogados.com\/en\/wp-json\/wp\/v2\/pages\/6002\/revisions"}],"wp:attachment":[{"href":"https:\/\/onandia-abogados.com\/en\/wp-json\/wp\/v2\/media?parent=6002"}],"curies":[{"name":"wp","href":"https:\/\/api.w.org\/{rel}","templated":true}]}}